{"id":8736,"date":"2023-08-31T15:41:56","date_gmt":"2023-08-31T13:41:56","guid":{"rendered":"https:\/\/metalica.lu\/fassadesystemer\/"},"modified":"2026-03-12T11:29:35","modified_gmt":"2026-03-12T10:29:35","slug":"fassadesystemer","status":"publish","type":"page","link":"https:\/\/metalica.lu\/lb\/fassadesystemer\/","title":{"rendered":"Fassadesystemer"},"content":{"rendered":"<section class=\"hero_banner product_main\" id=\"block_7db1e5653fea796f6274000a93f1450b\">\n        <div class=\"container\">\n            <div class=\"hero_banner_content\">\n                <h1 class=\"white_color mb-24\">Metalica baut Fassadesystemer, d\u00e9i zu 100% upassungsf\u00e4eg an nohalteg sinn\r\n<\/h1>\n                <p class=\"font-18 white_color mb-24\">D&#8217;Fassad ass e wichtege Bestanddeel vun \u00c4rem Gebai &#8211; si best\u00ebmmt s\u00e4in Erscheinungsbild. METALICA h\u00eblleft Iech, \u00c4r Dreem an d&#8217;Realit\u00e9it \u00ebmzesetzen. Entdeckt all eis L\u00e9isunge fir Fassadesystemer, disponibel zu L\u00ebtzebuerg!\r\n<\/p>\n<!--                 <a href=\"https:\/\/metalica.lu\/lb\/kontakt\/\" class=\"primary_btn_fill\">Individuell Planungs-Offer ufroen <span><i class=\"fa-solid fa-arrow-right\"><\/i><\/span><\/a> -->\n\t\t\t\t            <a href=\"https:\/\/metalica.lu\/lb\/kontakt\/\" class=\"primary_btn_fill\">Individuell Planungs-Offer ufroen <span><i class=\"fa-solid fa-arrow-right\"><\/i><\/span><\/a>            <\/div>\n        <\/div>\n<\/section>\n<style>\n #block_7db1e5653fea796f6274000a93f1450b.product_main{\n    background-image:linear-gradient(0deg, rgba(0, 0, 0, 0.4), rgba(0, 0, 0, 0.4)),url(\"https:\/\/metalica.lu\/wp-content\/uploads\/2023\/08\/bg_image_metalica_07.jpg\");\n    height: 100%;\n    padding: 145px 0;\n}\n@media (max-width:767px) {\n    #block_7db1e5653fea796f6274000a93f1450b.product_main{\n        padding: 70px 0;\n    }\n}\n<\/style>\n\n  \n     <section class=\"fullbody_content\" id=\"block_09a20ec76c663f42efa1de1a81db75f6\">\n        <div class=\"container\">\n            <div class=\"content_wrapper\">\n                <div class=\"content_wrapper_inner\" style=\"color: ; text-align: left\">\n                <h2 class=\"mb-20\">Entscheet Iech fir en eenzegaartege Fassadesystem\r\n<\/h2>\n                <p>D&#8217;Fassad ass e wichtege Bestanddeel vun all Gebailechkeet.<\/p>\n<p>\u00c9ischtens, well et dat \u00c9ischt ass, wat ee vum Gebai ges\u00e4it. Esou spillt d&#8217;Fassad eng wichteg Roll vun der Gesamt\u00e4stheetik: Si ass et, d\u00e9i der Konstruktioun de best\u00ebmmten Touch verleet (M\u00e9iglechkeet fir eng duebels\u00e4iteg Glasfassad mat Aluminiumsverkleedung a ville Faarwen a Formen). D&#8217;Fassad g\u00ebtt sou ze soen zu der \u00cbnnerschr\u00ebft vun der Architektur, d\u00e9i mat de Faarwen a Forme spille kann, fir engem Gebai eng gew\u00ebss Identit\u00e9it ze verleeden.<\/p>\n<p>Zweetens, well se eng decisiv Roll bei der thermescher an akustescher Isolatioun spillt. De Choix fir e g\u00ebeegent Material fir \u00c4r Fassad ass kritesch, fir d&#8217;Energieleeschtung an d&#8217;Loftdichtheet ze maximis\u00e9ieren. Durabilit\u00e9it, Wiederbest\u00e4nnegkeet a Robustheet: D\u00e9i benotzte Materialer musse villen Erausfuerderunge gerecht ginn.<\/p>\n<p>A schliisslech spillt eng Fassad och eng Roll fir d&#8217;Afl\u00e9isse vum Dagesliicht an d&#8217;Raimlechkeete vun engem Gebai &#8211; ganz egal, ob et sech \u00ebm e residentiellen oder kommerziellen Objet handelt. D&#8217;Ausriichtung an d&#8217;Gestaltung vun der Fassad ass heib\u00e4i vu grousser Wichtegkeet.<\/p>\n<p>Nach \u00e9ier Dir also mat engem Architekteprojet uf\u00e4nkt, recommand\u00e9iere mir Iech dee Fassadesystem auszewielen, d\u00e9i der Struktur vum Gebai den h\u00e9chste Confort bitt; an dat op allen Niveauen.<\/p>\n<p>METALICA konzip\u00e9iert, produz\u00e9iert a mont\u00e9iert Fassaden aus Stol an Aluminium zanter 1956. Tats\u00e4chlech hu b\u00e9id Materialer eng Hellewull un Avantagen. Si si widderstandsf\u00e4eg, handlech a liicht an erm\u00e9iglechen eng komplett individuell Gestaltung vun dem baussechten Erscheinungsbild vun \u00c4rem Gebai.<\/p>\n<p>Eng Metallstruktur ass an \u00c4rem Fall net m\u00e9iglech? Mir bidden och de Montage vu Glasfassadesystemer, z. B. vum Typ Strukturverglasung oder Spiderglass\u00ae.<\/p>\n                                    <a href=\"https:\/\/metalica.lu\/lb\/kontakt\/\"  class=\"gray_btn_fill width-md-100\">Eis Partneren <span><i class=\"fa-solid fa-arrow-right primary_color\"><\/i><\/span><\/a>\n                                <\/div>\n            <\/div> \n        <\/div>\n    <\/section> \n    <style>\n    \n    #block_09a20ec76c663f42efa1de1a81db75f6 .gray_btn_fill{  \n        color: #ffffff;\n        background-color: #171C28;        \n    }\n\n    <\/style>\n    \n\n<section class=\"certification_main\" id=\"block_14ce022ef613a567617433b5505832db\" >\n    <div class=\"container\">\n        <div class=\"certification_main_inner\">\n            <h2 class=\"mb-20\">Eis Partneren<\/h2>\n            <p>&nbsp;<\/p>\n                                                <div class=\"certification_main_content\">\n                        <div class=\"certification_img\">\n                            <a href=\"https:\/\/www.schueco.com\/fr\/particuliers\" target=\"_blank\" >\n                                                                    <img decoding=\"async\" src=\"https:\/\/metalica.lu\/wp-content\/uploads\/2023\/07\/schueco-partner-logo-Small.png\">\n                                                            <\/a>\n                        <\/div>\n                        <div class=\"certification_discription\">\n                            <p>Mir sinn \u00c4re Spezialist zu L\u00ebtzebuerg fir de Montage vu Metall- a Glassfassaden an d\u00ebst aus guddem Grond: Mir w\u00ebssen, datt en optimale Choix vun eise Profilhiersteller iwwer d\u00e9i bescht technesch L\u00e9isung fir \u00c4re Projet decisiv ass.<\/p>\n<p>Aus d\u00ebsem Grond schaffe mir mat Sch\u00fcco a Reynaers Aluminium zesummen. B\u00e9id Betriber sinn Experte fir Fassadesystemer aus Aluminium. Duerch d\u00ebs Partnerschafte f\u00e4erdegt METALICA innovativ L\u00e9isungen am ganze Grand-Duch\u00e9 un.<\/p>\n                                                    <\/div>\n                        \n                    <\/div>\n                                    <div class=\"certification_main_content\">\n                        <div class=\"certification_img\">\n                            <a href=\"https:\/\/www.reynaers.lu\/\" target=\"_blank\" >\n                                                                    <img decoding=\"async\" src=\"https:\/\/metalica.lu\/wp-content\/uploads\/2023\/08\/reynaers-logo.png\">\n                                                            <\/a>\n                        <\/div>\n                        <div class=\"certification_discription\">\n                                                                                <\/div>\n                        \n                    <\/div>\n                                    <\/div>\n    <\/div>\n\n    \n<\/section>\n\n<style>\n    #block_14ce022ef613a567617433b5505832db{\n        background-color: #ffffff;\n        padding-top : px;\n        padding-bottom : px;\n        padding-left : px;\n        padding-right : px;\n    }\n<\/style>\n\n<script>\n    $(document).ready(function(){\n        var modal2 = document.querySelector(\".certification_main .video_modal\");\n        var closeButton2 = document.querySelector(\".certification_main .close-button\");\n\n        function toggleModal2() {\n            modal2.classList.toggle(\"show-modal\");\n            $(\"body\").toggleClass(\"overflow-hidden\");\n        }\n\n        function windowOnClick(event) {\n            if (event.target === modal2) {\n                toggleModal2();\n            }\n        }\n        $('.trigger2').click(function(event) {\n            event.preventDefault();\n            toggleModal2();\n        });\n        \/\/ ====== STOP VIDEO WHEN MODAL IS CLOSE ========= \n        $(closeButton2).click(function() {\n            toggleModal2();\n            $('video').trigger('pause');\n            $('iframe').each(function(index) {\n                $(this).attr('src', $(this).attr('src'));\n                return false;\n            });\n        });\n\n    });\n<\/script>\n\n<section class=\"cta_main\" id=\"block_7d50f33f7d11b90dfd9d85178783fbfd\">\n    <div class=\"container\">\n        <h2 class=\"text-center mb-24 pb-4\">Kombin\u00e9iert Design a Leeschtung mat engem innovative Fassadesystem!\r\n<\/h2>\n        <div class=\"text-center\">\n                    <a href=\"https:\/\/metalica.lu\/lb\/kontakt\/\"  class=\"gray_btn_fill width-md-100\">Individuell Planungs-Offer ufroen <span class=\"primary_color\"><i class=\"fa-solid fa-arrow-right pl-10\"><\/i><\/span><\/a>\n                <\/div>\n    <\/div>\n<\/section>\n\n<style>\n    #block_7d50f33f7d11b90dfd9d85178783fbfd {\n                background: #fbba00; \n        }\n<\/style>\n\n  \n    <section class=\"discover_product\" id=\"block_d5c66a7759f159af78857afbdffe3cc9\">\n        <div class=\"container\">\n            <div class=\"discover_product_wrapper\">\n                <div class=\"discover_product_inner\">\n                    <h2 class=\"mb-20\">Entdeckt eis aner Produkter\r\n<\/h2>\n                                            <ul class=\"discover_product_lists\">\n                                                            <li>\n                                    <a href=\"\/portes\" style=\"text-decoration:none;\">\n                                        <img decoding=\"async\" src=\"https:\/\/metalica.lu\/wp-content\/uploads\/2023\/06\/reshot-icon-door.png\" alt=\"Hausdieren\">\n                                        <h4>Hausdieren<\/h4>\n                                    <\/a>\n                                <\/li>\n                                                            <li>\n                                    <a href=\"\/fenetres\" style=\"text-decoration:none;\">\n                                        <img decoding=\"async\" src=\"https:\/\/metalica.lu\/wp-content\/uploads\/2023\/06\/reshot-icon-window.png\" alt=\"F\u00ebnsteren\">\n                                        <h4>F\u00ebnsteren<\/h4>\n                                    <\/a>\n                                <\/li>\n                                                            <li>\n                                    <a href=\"\/pergolas-et-verandas\" style=\"text-decoration:none;\">\n                                        <img decoding=\"async\" src=\"https:\/\/metalica.lu\/wp-content\/uploads\/2023\/06\/ic_round-balcony.png\" alt=\"Pergolaen a Verandaen\">\n                                        <h4>Pergolaen a Verandaen<\/h4>\n                                    <\/a>\n                                <\/li>\n                                                            <li>\n                                    <a href=\"\/protections-solaires\" style=\"text-decoration:none;\">\n                                        <img decoding=\"async\" src=\"https:\/\/metalica.lu\/wp-content\/uploads\/2023\/06\/mdi_sun-angle-outline.png\" alt=\"Sonneschutz\">\n                                        <h4>Sonneschutz<\/h4>\n                                    <\/a>\n                                <\/li>\n                                                            <li>\n                                    <a href=\"\/facades-architecturales\" style=\"text-decoration:none;\">\n                                        <img decoding=\"async\" src=\"https:\/\/metalica.lu\/wp-content\/uploads\/2023\/06\/tabler_wall.png\" alt=\"Fassadesystemer\">\n                                        <h4>Fassadesystemer<\/h4>\n                                    <\/a>\n                                <\/li>\n                                                    <\/ul>\n                                    <\/div>\n            <\/div>\n        <\/div>\n    <\/section>\n    \n    <style>\n        #block_d5c66a7759f159af78857afbdffe3cc9 {\n                    background: url(\"https:\/\/metalica.lu\/wp-content\/uploads\/2023\/06\/discover-product-bg.png\"); \n\t\t\tbackground-repeat: no-repeat;\n\t\t\tbackground-size: cover;\n\t\t\tbackground-position: center;\n\t\t\tposition: relative;\n                        }\n    <\/style>\n","protected":false},"excerpt":{"rendered":"","protected":false},"author":14,"featured_media":0,"parent":0,"menu_order":0,"comment_status":"closed","ping_status":"closed","template":"","meta":{"_acf_changed":false,"footnotes":""},"class_list":["post-8736","page","type-page","status-publish","hentry"],"acf":[],"yoast_head":"<!-- This site is optimized with the Yoast SEO Premium plugin v27.2 (Yoast SEO v27.5) - https:\/\/yoast.com\/product\/yoast-seo-premium-wordpress\/ -->\n<title>Fassadesystemer - Metalica<\/title>\n<meta name=\"description\" content=\"Fassadesystemer aus Metall oder Glas. \/\/ 100 % individuell a personalis\u00e9iert L\u00e9isungen || Montage vu Fassaden a ganz L\u00ebtzebuerg || Kontakt\u00e9iert eis!\" \/>\n<meta name=\"robots\" content=\"index, follow, max-snippet:-1, max-image-preview:large, max-video-preview:-1\" \/>\n<link rel=\"canonical\" href=\"https:\/\/metalica.lu\/lb\/fassadesystemer\/\" \/>\n<meta property=\"og:locale\" content=\"en_US\" \/>\n<meta property=\"og:type\" content=\"article\" \/>\n<meta property=\"og:title\" content=\"Fassadesystemer\" \/>\n<meta property=\"og:description\" content=\"Fassadesystemer aus Metall oder Glas. \/\/ 100 % individuell a personalis\u00e9iert L\u00e9isungen || Montage vu Fassaden a ganz L\u00ebtzebuerg || Kontakt\u00e9iert eis!\" \/>\n<meta property=\"og:url\" content=\"https:\/\/metalica.lu\/lb\/fassadesystemer\/\" \/>\n<meta property=\"og:site_name\" content=\"Metalica\" \/>\n<meta property=\"article:publisher\" content=\"https:\/\/www.facebook.com\/metalicahome\/\" \/>\n<meta property=\"article:modified_time\" content=\"2026-03-12T10:29:35+00:00\" \/>\n<meta name=\"twitter:card\" content=\"summary_large_image\" \/>\n<meta name=\"twitter:label1\" content=\"Est. reading time\" \/>\n\t<meta name=\"twitter:data1\" content=\"2 minutes\" \/>\n<script type=\"application\/ld+json\" class=\"yoast-schema-graph\">{\"@context\":\"https:\\\/\\\/schema.org\",\"@graph\":[{\"@type\":\"WebPage\",\"@id\":\"https:\\\/\\\/metalica.lu\\\/lb\\\/fassadesystemer\\\/\",\"url\":\"https:\\\/\\\/metalica.lu\\\/lb\\\/fassadesystemer\\\/\",\"name\":\"Fassadesystemer - Metalica\",\"isPartOf\":{\"@id\":\"https:\\\/\\\/metalica.lu\\\/lb\\\/#website\"},\"datePublished\":\"2023-08-31T13:41:56+00:00\",\"dateModified\":\"2026-03-12T10:29:35+00:00\",\"description\":\"Fassadesystemer aus Metall oder Glas. \\\/\\\/ 100 % individuell a personalis\u00e9iert L\u00e9isungen || Montage vu Fassaden a ganz L\u00ebtzebuerg || Kontakt\u00e9iert eis!\",\"breadcrumb\":{\"@id\":\"https:\\\/\\\/metalica.lu\\\/lb\\\/fassadesystemer\\\/#breadcrumb\"},\"inLanguage\":\"lb-LU\",\"potentialAction\":[{\"@type\":\"ReadAction\",\"target\":[\"https:\\\/\\\/metalica.lu\\\/lb\\\/fassadesystemer\\\/\"]}]},{\"@type\":\"BreadcrumbList\",\"@id\":\"https:\\\/\\\/metalica.lu\\\/lb\\\/fassadesystemer\\\/#breadcrumb\",\"itemListElement\":[{\"@type\":\"ListItem\",\"position\":1,\"name\":\"Accueil\",\"item\":\"https:\\\/\\\/metalica.lu\\\/lb\\\/\"},{\"@type\":\"ListItem\",\"position\":2,\"name\":\"Fassadesystemer\"}]},{\"@type\":\"WebSite\",\"@id\":\"https:\\\/\\\/metalica.lu\\\/lb\\\/#website\",\"url\":\"https:\\\/\\\/metalica.lu\\\/lb\\\/\",\"name\":\"Metalica\",\"description\":\"\",\"publisher\":{\"@id\":\"https:\\\/\\\/metalica.lu\\\/lb\\\/#organization\"},\"potentialAction\":[{\"@type\":\"SearchAction\",\"target\":{\"@type\":\"EntryPoint\",\"urlTemplate\":\"https:\\\/\\\/metalica.lu\\\/lb\\\/?s={search_term_string}\"},\"query-input\":{\"@type\":\"PropertyValueSpecification\",\"valueRequired\":true,\"valueName\":\"search_term_string\"}}],\"inLanguage\":\"lb-LU\"},{\"@type\":\"Organization\",\"@id\":\"https:\\\/\\\/metalica.lu\\\/lb\\\/#organization\",\"name\":\"Metalica\",\"url\":\"https:\\\/\\\/metalica.lu\\\/lb\\\/\",\"logo\":{\"@type\":\"ImageObject\",\"inLanguage\":\"lb-LU\",\"@id\":\"https:\\\/\\\/metalica.lu\\\/lb\\\/#\\\/schema\\\/logo\\\/image\\\/\",\"url\":\"https:\\\/\\\/metalica.lu\\\/wp-content\\\/uploads\\\/2024\\\/05\\\/site-logo.png\",\"contentUrl\":\"https:\\\/\\\/metalica.lu\\\/wp-content\\\/uploads\\\/2024\\\/05\\\/site-logo.png\",\"width\":238,\"height\":62,\"caption\":\"Metalica\"},\"image\":{\"@id\":\"https:\\\/\\\/metalica.lu\\\/lb\\\/#\\\/schema\\\/logo\\\/image\\\/\"},\"sameAs\":[\"https:\\\/\\\/www.facebook.com\\\/metalicahome\\\/\"]}]}<\/script>\n<!-- \/ Yoast SEO Premium plugin. -->","yoast_head_json":{"title":"Fassadesystemer - Metalica","description":"Fassadesystemer aus Metall oder Glas. \/\/ 100 % individuell a personalis\u00e9iert L\u00e9isungen || Montage vu Fassaden a ganz L\u00ebtzebuerg || Kontakt\u00e9iert eis!","robots":{"index":"index","follow":"follow","max-snippet":"max-snippet:-1","max-image-preview":"max-image-preview:large","max-video-preview":"max-video-preview:-1"},"canonical":"https:\/\/metalica.lu\/lb\/fassadesystemer\/","og_locale":"en_US","og_type":"article","og_title":"Fassadesystemer","og_description":"Fassadesystemer aus Metall oder Glas. \/\/ 100 % individuell a personalis\u00e9iert L\u00e9isungen || Montage vu Fassaden a ganz L\u00ebtzebuerg || Kontakt\u00e9iert eis!","og_url":"https:\/\/metalica.lu\/lb\/fassadesystemer\/","og_site_name":"Metalica","article_publisher":"https:\/\/www.facebook.com\/metalicahome\/","article_modified_time":"2026-03-12T10:29:35+00:00","twitter_card":"summary_large_image","twitter_misc":{"Est. reading time":"2 minutes"},"schema":{"@context":"https:\/\/schema.org","@graph":[{"@type":"WebPage","@id":"https:\/\/metalica.lu\/lb\/fassadesystemer\/","url":"https:\/\/metalica.lu\/lb\/fassadesystemer\/","name":"Fassadesystemer - Metalica","isPartOf":{"@id":"https:\/\/metalica.lu\/lb\/#website"},"datePublished":"2023-08-31T13:41:56+00:00","dateModified":"2026-03-12T10:29:35+00:00","description":"Fassadesystemer aus Metall oder Glas. \/\/ 100 % individuell a personalis\u00e9iert L\u00e9isungen || Montage vu Fassaden a ganz L\u00ebtzebuerg || Kontakt\u00e9iert eis!","breadcrumb":{"@id":"https:\/\/metalica.lu\/lb\/fassadesystemer\/#breadcrumb"},"inLanguage":"lb-LU","potentialAction":[{"@type":"ReadAction","target":["https:\/\/metalica.lu\/lb\/fassadesystemer\/"]}]},{"@type":"BreadcrumbList","@id":"https:\/\/metalica.lu\/lb\/fassadesystemer\/#breadcrumb","itemListElement":[{"@type":"ListItem","position":1,"name":"Accueil","item":"https:\/\/metalica.lu\/lb\/"},{"@type":"ListItem","position":2,"name":"Fassadesystemer"}]},{"@type":"WebSite","@id":"https:\/\/metalica.lu\/lb\/#website","url":"https:\/\/metalica.lu\/lb\/","name":"Metalica","description":"","publisher":{"@id":"https:\/\/metalica.lu\/lb\/#organization"},"potentialAction":[{"@type":"SearchAction","target":{"@type":"EntryPoint","urlTemplate":"https:\/\/metalica.lu\/lb\/?s={search_term_string}"},"query-input":{"@type":"PropertyValueSpecification","valueRequired":true,"valueName":"search_term_string"}}],"inLanguage":"lb-LU"},{"@type":"Organization","@id":"https:\/\/metalica.lu\/lb\/#organization","name":"Metalica","url":"https:\/\/metalica.lu\/lb\/","logo":{"@type":"ImageObject","inLanguage":"lb-LU","@id":"https:\/\/metalica.lu\/lb\/#\/schema\/logo\/image\/","url":"https:\/\/metalica.lu\/wp-content\/uploads\/2024\/05\/site-logo.png","contentUrl":"https:\/\/metalica.lu\/wp-content\/uploads\/2024\/05\/site-logo.png","width":238,"height":62,"caption":"Metalica"},"image":{"@id":"https:\/\/metalica.lu\/lb\/#\/schema\/logo\/image\/"},"sameAs":["https:\/\/www.facebook.com\/metalicahome\/"]}]}},"_links":{"self":[{"href":"https:\/\/metalica.lu\/lb\/wp-json\/wp\/v2\/pages\/8736","targetHints":{"allow":["GET"]}}],"collection":[{"href":"https:\/\/metalica.lu\/lb\/wp-json\/wp\/v2\/pages"}],"about":[{"href":"https:\/\/metalica.lu\/lb\/wp-json\/wp\/v2\/types\/page"}],"author":[{"embeddable":true,"href":"https:\/\/metalica.lu\/lb\/wp-json\/wp\/v2\/users\/14"}],"replies":[{"embeddable":true,"href":"https:\/\/metalica.lu\/lb\/wp-json\/wp\/v2\/comments?post=8736"}],"version-history":[{"count":3,"href":"https:\/\/metalica.lu\/lb\/wp-json\/wp\/v2\/pages\/8736\/revisions"}],"predecessor-version":[{"id":8741,"href":"https:\/\/metalica.lu\/lb\/wp-json\/wp\/v2\/pages\/8736\/revisions\/8741"}],"wp:attachment":[{"href":"https:\/\/metalica.lu\/lb\/wp-json\/wp\/v2\/media?parent=8736"}],"curies":[{"name":"wp","href":"https:\/\/api.w.org\/{rel}","templated":true}]}}