{"id":8732,"date":"2023-07-18T09:08:42","date_gmt":"2023-07-18T07:08:42","guid":{"rendered":"https:\/\/metalica.lu\/sonneschutzsystemer\/markisen\/"},"modified":"2026-03-12T12:31:36","modified_gmt":"2026-03-12T11:31:36","slug":"markisen","status":"publish","type":"page","link":"https:\/\/metalica.lu\/lb\/sonneschutz\/markisen\/","title":{"rendered":"Markisen"},"content":{"rendered":"<section class=\"hero_banner product_main\" id=\"block_f15db700c19b563c18c1d29bac0d2534\">\n        <div class=\"container\">\n            <div class=\"hero_banner_content\">\n                <h1 class=\"white_color mb-24\">Installatioun vu Markisen iwwerall zu L\u00ebtzebuerg\r\n<\/h1>\n                <p class=\"font-18 white_color mb-24\">Markise sinn effikass a gl\u00e4ichz\u00e4iteg elegant Sonneschutzl\u00e9isunge fir \u00c4re Bausseber\u00e4ich. Si k\u00ebnnen iwwer enger Dier, enger Schibef\u00ebnster oder enger Terrass install\u00e9iert ginn a suergen de ganze Summer iwwer fir Schiet an angeneem Temperaturen. METALICA iwwerh\u00eblt d&#8217;Installatioun vu Markisen a ganz L\u00ebtzebuerg.\r\n<\/p>\n<!--                 <a href=\"https:\/\/metalica.lu\/lb\/kontakt\/\" class=\"primary_btn_fill\">Frot en Devis! <span><i class=\"fa-solid fa-arrow-right\"><\/i><\/span><\/a> -->\n\t\t\t\t            <a href=\"https:\/\/metalica.lu\/lb\/kontakt\/\" class=\"primary_btn_fill\">Frot en Devis! <span><i class=\"fa-solid fa-arrow-right\"><\/i><\/span><\/a>            <\/div>\n        <\/div>\n<\/section>\n<style>\n #block_f15db700c19b563c18c1d29bac0d2534.product_main{\n    background-image:linear-gradient(0deg, rgba(0, 0, 0, 0.4), rgba(0, 0, 0, 0.4)),url(\"https:\/\/metalica.lu\/wp-content\/uploads\/2023\/10\/marquises-2_20231009.jpg\");\n    height: 100%;\n    padding: 145px 0;\n}\n@media (max-width:767px) {\n    #block_f15db700c19b563c18c1d29bac0d2534.product_main{\n        padding: 70px 0;\n    }\n}\n<\/style>\n\n  \n     <section class=\"fullbody_content\" id=\"block_ad25f2906ee8f716a300649878b39e0c\">\n        <div class=\"container\">\n            <div class=\"content_wrapper\">\n                <div class=\"content_wrapper_inner\" style=\"color: ; text-align: left\">\n                <h2 class=\"mb-20\">Verbannt Wuelbefannen an Eleganz &#8211; mat enger Markis!\r\n<\/h2>\n                <p>Markise sch\u00fctzen net just \u00c4r F\u00ebnsteren an Dieren, m\u00e4 killen och den Terrassen- a Banneber\u00e4ich vun \u00c4rem Doheem.<\/p>\n<p>Et ass eng Sonneschutzl\u00e9isung, d\u00e9i direkt dr\u00e4i Funktiounen erf\u00ebllt: Eng Markis spent Schiet, wann d&#8217;Sonn dobaussen dr\u00e9ckt, si sch\u00fctzt virun Onwiederen a ronnt mat senger \u00c4stheetik den Design vun \u00c4rem Haus of.<\/p>\n<p>Dacks gi Markisen iwwer gr\u00e9issere F\u00ebnsterdieren, Balconen oder Terrasse verbaut. Well eng Markis d\u00e4itlech m\u00e9i effikass ass w\u00e9i en normale Prabbeli, w\u00e4ert Dir s\u00e9cherlech geschw\u00ebnn net m\u00e9i op \u00c4r Markis verzichte w\u00ebllen!<\/p>\n                                    <a href=\"https:\/\/metalica.lu\/lb\/kontakt\/\"  class=\"gray_btn_fill width-md-100\">Devis ufroen <span><i class=\"fa-solid fa-arrow-right primary_color\"><\/i><\/span><\/a>\n                                <\/div>\n            <\/div> \n        <\/div>\n    <\/section> \n    <style>\n    \n    #block_ad25f2906ee8f716a300649878b39e0c .gray_btn_fill{  \n        color: #ffffff;\n        background-color: #171C28;        \n    }\n\n    <\/style>\n    \n\n    <section class=\"specification_main\" id=\"block_3be4070ba4d128d6dde0d7569a8d0034\">\n        <div class=\"container\">\n            <div class=\"specification_inner\">\n                                    <div class=\"specification_single\">\n                        <p class=\"mb-24\"><img decoding=\"async\" src=\"https:\/\/metalica.lu\/wp-content\/uploads\/2023\/06\/lock-closed.png\" alt=\"\"><\/p>\n                        <h4 class=\"mb-8 pb-4\">Blendschutz<\/h4>\n                        <p class=\"small\">Schluss mat Sonnebrand an zougep\u00ebtzten Aen! D&#8217;Markis sch\u00fctzt Iech op eng effikass Man\u00e9ier g\u00e9int d&#8217;Sonn. <\/p>\n                    <\/div>\n                                    <div class=\"specification_single\">\n                        <p class=\"mb-24\"><img decoding=\"async\" src=\"https:\/\/metalica.lu\/wp-content\/uploads\/2023\/06\/clock.png\" alt=\"\"><\/p>\n                        <h4 class=\"mb-8 pb-4\">Sonneschutz<\/h4>\n                        <p class=\"small\">D&#8217;Sonnenastralung g\u00ebtt minim\u00e9iert &#8211; d&#8217;Markis suergt fir eng agreabel Ambiance am Hallefschiet. <\/p>\n                    <\/div>\n                                    <div class=\"specification_single\">\n                        <p class=\"mb-24\"><img decoding=\"async\" src=\"https:\/\/metalica.lu\/wp-content\/uploads\/2023\/06\/Adjustments.png\" alt=\"\"><\/p>\n                        <h4 class=\"mb-8 pb-4\">En \u00e4stheeteschen Design<\/h4>\n                        <p class=\"small\">Eng Markis ass vill m\u00e9i elegant w\u00e9i en einfache Prabbeli a l\u00e9isst sech un all Baustil upassen. <\/p>\n                    <\/div>\n                                    <div class=\"specification_single\">\n                        <p class=\"mb-24\"><img decoding=\"async\" src=\"https:\/\/metalica.lu\/wp-content\/uploads\/2023\/06\/Users.png\" alt=\"\"><\/p>\n                        <h4 class=\"mb-8 pb-4\">Thermesch Protektioun<\/h4>\n                        <p class=\"small\">Eng Markis suergt fir manner h\u00e9ich Temperaturen, well och manner Sonn an d&#8217;Haus eraf\u00e4lt. <\/p>\n                    <\/div>\n                  \n            <\/div>\n        <\/div>\n    <\/section>\n<style>\n    #block_3be4070ba4d128d6dde0d7569a8d0034 {\n                background: #ffffff; \n        }\n<\/style>\n\n    <section class=\"gallery_slider\" id=\"block_0a647ac63407b476123cd728af105076\" >\n        <div class=\"container\">\n            <h2>Inspiratioun fir \u00c4r Markis<\/h2>\n        <\/div>\n        <div class=\"gallery_slider_wrapper\">\n            <div class=\"swiper-container gallery-swiper-container gallery-block_0a647ac63407b476123cd728af105076\">\n                <div class=\"swiper-wrapper\">\n                                            <div class=\"swiper-slide\">\n                            <div class=\"card-image\">\n                                <a href=\"https:\/\/metalica.lu\/wp-content\/uploads\/2023\/10\/inspiration-marquise-2_20231009.jpg\" class=\"glightbox\"  data-glightbox=\"type: image\">\n                                    <img decoding=\"async\" src=\"https:\/\/metalica.lu\/wp-content\/uploads\/2023\/10\/inspiration-marquise-2_20231009.jpg\" alt=\"Image Slider\">\n                                <\/a>\n                                                            <\/div>\n                        <\/div>\n                                            <div class=\"swiper-slide\">\n                            <div class=\"card-image\">\n                                <a href=\"https:\/\/metalica.lu\/wp-content\/uploads\/2023\/10\/inspiration-marquise-3_20231009.jpg\" class=\"glightbox\"  data-glightbox=\"type: image\">\n                                    <img decoding=\"async\" src=\"https:\/\/metalica.lu\/wp-content\/uploads\/2023\/10\/inspiration-marquise-3_20231009.jpg\" alt=\"Image Slider\">\n                                <\/a>\n                                                            <\/div>\n                        <\/div>\n                                            <div class=\"swiper-slide\">\n                            <div class=\"card-image\">\n                                <a href=\"https:\/\/metalica.lu\/wp-content\/uploads\/2023\/10\/inspiration-marquise-4_20231009.jpg\" class=\"glightbox\"  data-glightbox=\"type: image\">\n                                    <img decoding=\"async\" src=\"https:\/\/metalica.lu\/wp-content\/uploads\/2023\/10\/inspiration-marquise-4_20231009.jpg\" alt=\"Image Slider\">\n                                <\/a>\n                                                            <\/div>\n                        <\/div>\n                                            <div class=\"swiper-slide\">\n                            <div class=\"card-image\">\n                                <a href=\"https:\/\/metalica.lu\/wp-content\/uploads\/2023\/10\/inspiration-marquise-1_20231009.jpg\" class=\"glightbox\"  data-glightbox=\"type: image\">\n                                    <img decoding=\"async\" src=\"https:\/\/metalica.lu\/wp-content\/uploads\/2023\/10\/inspiration-marquise-1_20231009.jpg\" alt=\"Image Slider\">\n                                <\/a>\n                                                            <\/div>\n                        <\/div>\n                                    <\/div>\n                <!-- Add Scrollbar -->\n                <div class=\"swiper-button-next\">\n                    <i class=\"fa-solid fa-chevron-right\"><\/i>\n                <\/div>\n                <div class=\"swiper-button-prev\">\n                    <i class=\"fa-solid fa-chevron-left\"><\/i>\n                <\/div>\n            <\/div>\n        <\/div>\n    <\/section>\n\n<script>\n    $(document).ready(function(){\n        \/\/ Gallery Swiper Configuration\n        var swiper = new Swiper(\".gallery-block_0a647ac63407b476123cd728af105076\", {\n            slidesPerView: 2,\n            spaceBetween: 30,\n            centeredSlides: true,\n            freeMode: true,\n            grabCursor: true,\n            loop: true,\n            autoplay: {\n                delay: 4000,\n                disableOnInteraction: false\n            },\n            navigation: {\n                nextEl: \".swiper-button-next\",\n                prevEl: \".swiper-button-prev\"\n            },\n            breakpoints: {\n                992: {\n                    slidesPerView: 1.1,\n                    centeredSlides: true,\n                },\n                767: {\n                    slidesPerView: 1,\n                    centeredSlides: false,\n                },\n            }\n        });\n        \/\/ ====== LIGHT BOX ========\n        const lightbox = GLightbox({\n            touchNavigation: true,\n            loop: true,\n            width: \"90vw\",\n            height: \"90vh\"\n        });\n    });\n<\/script>\n\n<section class=\"certification_main\" id=\"block_ccbf8e62a4314b9e91498f6907aa0be7\" >\n    <div class=\"container\">\n        <div class=\"certification_main_inner\">\n            <h2 class=\"mb-20\">Eis Partneren<\/h2>\n            <p class=\"small\">&#8220;Eis bescht Produkter fir Iech!&#8221;, dat ass schonn \u00ebmmer eise Credo gewiescht. D\u00ebst huet sech bis haut net ge\u00e4nnert mat eise Markisen &#8220;Made in Europe&#8221;.<\/p>\n                                                <div class=\"certification_main_content\">\n                        <div class=\"certification_img\">\n                            <a href=\"https:\/\/www.warema.com\/fr-fr\/\" target=\"_blank\" >\n                                                                    <img decoding=\"async\" src=\"https:\/\/metalica.lu\/wp-content\/uploads\/2023\/07\/warema-logo.png\">\n                                                            <\/a>\n                        <\/div>\n                        <div class=\"certification_discription\">\n                            <p class=\"small\">Am Dom\u00e4n Sonn &amp; Wunnraum huet sech d&#8217;Firma WAREMA als wichtegen Acteur am Ber\u00e4ich vum Sonneschutz etabl\u00e9iere k\u00ebnnen. METALICA schafft enk mat WAREMA zesummen a suergt mat der Produktgamm fir Schiet bei Iech doheem &#8211; an dat iwwerall zu L\u00ebtzebuerg.<\/p>\n                                                    <\/div>\n                        \n                    <\/div>\n                                    <\/div>\n    <\/div>\n\n    \n<\/section>\n\n<style>\n    #block_ccbf8e62a4314b9e91498f6907aa0be7{\n        background-color: #f9fafb;\n        padding-top : px;\n        padding-bottom : px;\n        padding-left : px;\n        padding-right : px;\n    }\n<\/style>\n\n<script>\n    $(document).ready(function(){\n        var modal2 = document.querySelector(\".certification_main .video_modal\");\n        var closeButton2 = document.querySelector(\".certification_main .close-button\");\n\n        function toggleModal2() {\n            modal2.classList.toggle(\"show-modal\");\n            $(\"body\").toggleClass(\"overflow-hidden\");\n        }\n\n        function windowOnClick(event) {\n            if (event.target === modal2) {\n                toggleModal2();\n            }\n        }\n        $('.trigger2').click(function(event) {\n            event.preventDefault();\n            toggleModal2();\n        });\n        \/\/ ====== STOP VIDEO WHEN MODAL IS CLOSE ========= \n        $(closeButton2).click(function() {\n            toggleModal2();\n            $('video').trigger('pause');\n            $('iframe').each(function(index) {\n                $(this).attr('src', $(this).attr('src'));\n                return false;\n            });\n        });\n\n    });\n<\/script>\n\n<section class=\"faqs_main\" id=\"block_2ceb92cbe2c6e052dfaf176fb26b1864\" >\n    <div class=\"container\">\n        <div class=\"faqs_wrapper\">\n            <!-- <h2 class=\"text-center\">Foire \u00e0 <span class=\"primary_color\">questions<\/span><\/h2> -->\n            <h2 class=\"text-center\">Meeschtgestallte Froen\r\n<\/span><\/h2>\n                            <div class=\"faqs_accordion\">\n                    <ul class=\"faqs-accordion-list\">\n                                                    <li>\n                                <h3 class=\"faqs-accordion-heading\">1. Wat sinn d&#8217;Virdeeler vun enger Markis?                                    <span class=\"faq_down_arrow\"><i class=\"fa-solid fa-angle-down\"><\/i><\/span>\n                                <\/h3>\n                                <div class=\"faqs_answer\">\n                                    <p>Markisen hunn e puer Avantagen. Si bidden en effikasse Schutz virun direkter Sonnenastralung, soudatt et bei Iech doheem manner waarm g\u00ebtt. Esou profit\u00e9iert Dir d&#8217;ganzt Joer iwwer vun agreabelen Temperaturen a musst d&#8217;Klimaanlag net esou vill uk\u00e9ieren. Donieft filtere Markisen d&#8217;Dagesliicht, wouduerch Dir manner vun der Sonn verblent gitt a gl\u00e4ichz\u00e4iteg d&#8217;Privatsph\u00e4r bei Iech doheem garant\u00e9iere k\u00ebnnt. Doriwwer eraus k\u00ebnnt Dir mat enger Markis besser vun \u00c4rem aktiv benotzbare Bausseber\u00e4ich profit\u00e9ieren &#8211; eng Markis sch\u00fctzt n\u00e4mlech souwuel vun ze h\u00e9ijer Sonnenastralung w\u00e9i och vu Reen.<\/p>\n                                <\/div>\n                            <\/li>\n                                                    <li>\n                                <h3 class=\"faqs-accordion-heading\">2. W\u00e9i wielen ech d\u00e9i passend Markis?                                    <span class=\"faq_down_arrow\"><i class=\"fa-solid fa-angle-down\"><\/i><\/span>\n                                <\/h3>\n                                <div class=\"faqs_answer\">\n                                    <p>Beim Choix vun \u00c4rer Markis sollt Dir op eng Rei vu Saachen oppassen. \u00c9ischtens ass et wichteg, d&#8217;Plaz auszemoossen, fir d\u00e9i richteg Gr\u00e9isst vun der Markis best\u00ebmmen ze k\u00ebnnen. Duerno ass et och vu Wichtegkeet, e Material auszewielen &#8211; souwuel fir d&#8217;Toile w\u00e9i och fir d&#8217;Struktur -, dat \u00c4re Besoinen entspr\u00e9cht. Kuckt, datt Dir d\u00ebs Faktoren dob\u00e4i ber\u00e9cksiichtegt: Nohaltegkeet, Wiederbest\u00e4nnegkeet an \u00c4stheetik. Ausserdeem sollt Dir Iech iwwer eng m\u00e9iglech Motoris\u00e9ierungs- a Steierungsoptioun inform\u00e9ieren, w\u00e9i z. B. Telecommanden oder Sensore fir e maximale Confort am \u00cbmgang mat \u00c4rer neier Markis.<\/p>\n                                <\/div>\n                            <\/li>\n                                                    <li>\n                                <h3 class=\"faqs-accordion-heading\">3. W\u00e9i halen ech meng Markis propper a fleegen se?                                    <span class=\"faq_down_arrow\"><i class=\"fa-solid fa-angle-down\"><\/i><\/span>\n                                <\/h3>\n                                <div class=\"faqs_answer\">\n                                    <p>Hei sinn e puer w\u00e4ertvoll Tipps fir d&#8217;Fleeg an den Entretien vun \u00c4rer Markis:<\/p>\n<p>1. Reegelm\u00e9isseg ofst\u00ebbsen: Benotzt beim Ofst\u00ebbse vun \u00c4rer Markis eng duuss Biischt fir den ugesammelten Dreck. Widderhuelt de Virgang vum Ofst\u00ebbsen a reegelm\u00e9issegen Ofst\u00e4nn &#8211; esou verh\u00ebnnert Dir, datt sech Schmotz a St\u00ebbs laangfristeg festsetzt.<\/p>\n<p>2. Stoft botzen: F\u00ebllt en Eemer mat wotlechem Waasser a gitt en duusst Botzm\u00ebttel dob\u00e4i. Elo k\u00ebnnt Dir mat engem Schwamp oder enger net ze graffer Biischt a reegelm\u00e9issege Kreesbeweegungen iwwer de Stoft vun \u00c4rer Markis fueren. Evit\u00e9iert dob\u00e4i ze aggressiivt Botzm\u00ebttel a reift och net ze staark driwwer, well d\u00ebst d&#8217;Beschichtung vum Stoft beschiedege k\u00e9int.<\/p>\n<p>3. Ausspullen net vergiessen: Nodeems Dir de Stoft vun der Markis gebotzt hutt, vergiesst net, dat Ganzt mat klorem Waasser auszespullen, fir Seefereschter z&#8217;evaku\u00e9ieren. Gitt dob\u00e4i uecht, datt Dir s\u00e4mtlech Deeler vun der Markis &#8211; souwuel de Stoft w\u00e9i och de Rescht vum Gestell &#8211; am Fong ofspullt.<\/p>\n<p>4. Dr\u00e9chne loossen: Loosst \u00c4r Markis komplett un der Loft dr\u00e9chnen, ier Dir se nees afuert. Evit\u00e9iert, d&#8217;Markis anzefueren, wann de Stoft nach net vollst\u00e4nneg gedr\u00e9chent ass. Schimmel kann sech bilden an doriwwer eraus och onangeneem Ger\u00e9cher.<\/p>\n<p>5. Gestell noschmieren: Wann \u00c4r Markis mat engem Gelenkmechanismus ekip\u00e9iert ass, da sollt Dir d\u00ebse vun Z\u00e4it zu Z\u00e4it mat engem adequate Produit w\u00e9i z. B. Silikonueleg noschmieren &#8211; esou ass e laange Fonctionnement vun \u00c4rer Markis assur\u00e9iert.<\/p>\n<p>Passt doriwwer eraus och dorop op, datt Dir d&#8217;spezifesch Consign\u00eb vum Constructeur vun \u00c4rer Markis anhaalt, wat d&#8217;Fleeg an den Entretien ugeet. D\u00ebs k\u00ebnnen n\u00e4mlech jee no Modell vari\u00e9ieren.<\/p>\n                                <\/div>\n                            <\/li>\n                                                <!-- <li>\n                            <h3 class=\"faqs-accordion-heading\">1. Comment fonctionne une pergola bioclimatique ?\n                                <span class=\"faq_down_arrow\"><i class=\"fa-solid fa-angle-down\"><\/i><\/span>\n                            <\/h3>\n                            <div class=\"faqs_answer\">\n                                <p>While we would love to be able to give a definitive, fixed price for a website, it really depends on the specific needs for each individual business. If one business needs a website comprised of five pages, while another has a substantially larger site of over 100 pages - obviously those projects are going to command different price points.<\/p>\n\n                                <p>With that being said - here are some general guidelines on what to expect from a pricing standpoint.<\/p>\n\n                                <p>If you can get by with a small website (between 3 - 10 pages) using a pre-designed template, you can expect to pay approximately $2,500.00. A mid-sized website that has anywhere from 11 - 25 pages, but still uses a pre-made template, will be between $3,000.00 - $5,000.00. If you have a lot of pages, are looking for something completely custom, or are looking for something that has special functionality such as eCommerce, custom calculators, or integrations with other services, you may be looking at anywhere from $10,000 - $20,000.<\/p>\n                            <\/div>\n                        <\/li>\n                        <li>\n                            <h3 class=\"faqs-accordion-heading\">2. Quels sont les avantages d'une pergola bioclimatique ?\n                                <span class=\"faq_down_arrow\"><i class=\"fa-solid fa-angle-down\"><\/i><\/span>\n                            <\/h3>\n                            <div class=\"faqs_answer\">\n                                <p>This will vary depending on the type of project. For logo & branding projects, fees will be one-time costs. For website projects, we will typically charge a monthly fee, depending on the level of service you choose. To view a full list of our monthly packages, click here.<\/p>\n                            <\/div>\n                        <\/li>\n                        <li>\n                            <h3 class=\"faqs-accordion-heading\">3. Les pergolas bioclimatiques sont-elles durables ?\n                                <span class=\"faq_down_arrow\"><i class=\"fa-solid fa-angle-down\"><\/i><\/span>\n                            <\/h3>\n                            <div class=\"faqs_answer\">\n                                <p>Logo projects typically cost between $3,000 - $5000.<\/p>\n                                <p>\"Why so much?\" many people ask. To answer simply - because they require a lot of work. At least, to do them properly. And of all of the investments that you will make for your business, your logo & branding is one area where you don't want to skimp.<\/p>\n\n                                <p>In business, image is everything. And while your overall brand is based on far more than just your logo, a bad logo can create a strong first impression (for better or for worse).<\/p>\n\n                            <\/div>\n                        <\/li>\n                        <li>\n                            <h3 class=\"faqs-accordion-heading\">4. Les pergolas bioclimatiques sont-elles co\u00fbteuses \u00e0 installer ?\n                                <span class=\"faq_down_arrow\"><i class=\"fa-solid fa-angle-down\"><\/i><\/span>\n                            <\/h3>\n                            <div class=\"faqs_answer\">\n                                <p>Experience, quality, and results.<\/p>\n                                <p><strong>Experience.<\/strong> We have been designing websites professional since the early days of the web - before CSS was mainstream, and people still used tables for their website layouts. In the 20+ years that we have been doing this, we have work with and learned from many of the top voices in several industries. To put it simply - there are very few people in the world, let alone the area that can top our years of experience.<\/p>\n                                <p><strong>Results<\/strong> More than anything else, our focus is, and will always be getting results for clients. We don't care how pretty something is - if it is not resulting in the growth or obtaining of goals for our clients, then it is not time or money well spent. Our mission is to turn visitors into paying customers - and every decision that we make is rooted in that mission.<\/p>\n                            <\/div>\n                        <\/li>\n                        <li>\n                            <h3 class=\"faqs-accordion-heading\">5. Les pergolas bioclimatiques sont-elles faciles \u00e0 entretenir ?\n                                <span class=\"faq_down_arrow\"><i class=\"fa-solid fa-angle-down\"><\/i><\/span>\n                            <\/h3>\n                            <div class=\"faqs_answer\">\n                                <p>We started this business from scratch, and know full-well how tight money can be when you are first starting out. We empathize with the struggles of new business owners, and therefore work diligently so that the new businesses that we work with succeed.<\/p>\n\n                                <p>The primary criteria we look for when working with new businesses is the seriousness of the business owner. While it is natural for a new business owner to be cautious with the money they spend - we do look for a commitment to growth. If you do not have a specific plan for how you intend to grow your business, then the reality is - you will probably never be in a good position to afford our services.<\/p>\n                            <\/div>\n                        <\/li> -->\n                    <\/ul>\n                <\/div>\n                    <\/div>\n    <\/div>\n<\/section>\n\n<style>\n    #block_2ceb92cbe2c6e052dfaf176fb26b1864{\n        background-color: #FFFFFF;\n    }\n<\/style>\n\n<script>\n    \/\/ ======= FAQ ACCORDION ========\n    $(document).ready(function(){\n        $('.faqs-accordion-list > li > .faqs_answer').hide();                \n        $('.faqs-accordion-list > li').click(function() {\n            if ($(this).hasClass(\"active\")) {\n            $(this).removeClass(\"active\").find(\".faqs_answer\").slideUp();\n            } else {\n            $(\".faqs-accordion-list > li.active .faqs_answer\").slideUp();\n            $(\".faqs-accordion-list > li.active\").removeClass(\"active\");\n            $(this).addClass(\"active\").find(\".faqs_answer\").slideDown();\n            }\n            return false;\n        });            \n    });\n<\/script>\n\n<section class=\"cta_main\" id=\"block_8196ac8e0d243fa0be782113ac3ecd22\">\n    <div class=\"container\">\n        <h2 class=\"text-center mb-24 pb-4\">Dir sidd es leed, fir am Summer um Iessd\u00ebsch vun der Sonn verblent ze ginn? Dann entscheet Iech fir en Openthalt am Schiet mat Design!\r\n<\/h2>\n        <div class=\"text-center\">\n                    <a href=\"https:\/\/metalica.lu\/lb\/kontakt\/\"  class=\"gray_btn_fill width-md-100\">Ech froen ech Devis <span class=\"primary_color\"><i class=\"fa-solid fa-arrow-right pl-10\"><\/i><\/span><\/a>\n                <\/div>\n    <\/div>\n<\/section>\n\n<style>\n    #block_8196ac8e0d243fa0be782113ac3ecd22 {\n                background: #fbba00; \n        }\n<\/style>\n\n\n<section class=\"imageRight_contentLeft imageRight_contentLeft_img1\" id=\"block_8657f7b4b7ad13a8a432c0afdaba0cfe\" >\n    <div class=\"container\">\n        <div class=\"imageRight_contentLeft_wrapper\">\n            <div class=\"left_content\">\n                <h2 class=\"mb-20\">Storen\r\n<\/span><\/h2>\n                <p>Sonneschutz an thermesch Protektioun d&#8217;ganzt Joer iwwer<\/p>\n                                    <a href=\"https:\/\/metalica.lu\/lb\/sonneschutz\/rolllueden\/\"  class=\"gray_btn_fill  width-md-100\">Entdecken <span class=\"primary_color pl-10\"><i class=\"fa-solid fa-arrow-right\"><\/i><\/span><\/a>\n                            <\/div>\n            <div class=\"right_content\">\n                <div class=\"right_content_img\">\n                    <img decoding=\"async\" src=\"https:\/\/metalica.lu\/wp-content\/uploads\/2025\/02\/image-protections-solaires-volets-metalica-20250211.jpg\">\n                <\/div>\n            <\/div>\n        <\/div>\n    <\/div>\n<\/section>\n\n<style>\n    #block_8657f7b4b7ad13a8a432c0afdaba0cfe{\n        background-color: #f9fafb;\n    }\n\n            #block_8657f7b4b7ad13a8a432c0afdaba0cfe.imageRight_contentLeft.imageRight_contentLeft_img1::before{\n            background-image: url(\"https:\/\/metalica.lu\/wp-content\/uploads\/2025\/02\/image-protections-solaires-volets-metalica-20250211.jpg\");\n        }\n    <\/style>\n\n\n<section class=\"imageRight_contentLeft imageRight_contentLeft_img1\" id=\"block_5239835ea9c9b44f7b09555320355f87\" >\n    <div class=\"container\">\n        <div class=\"imageRight_contentLeft_wrapper\">\n            <div class=\"left_content\">\n                <h2 class=\"mb-20\">Storen<\/span><\/h2>\n                <p class=\"small mb-24\">Fir eng besser Gestioun vun der Liichtquell<\/p>\n                                    <a href=\"https:\/\/metalica.lu\/lb\/sonneschutz\/storen\/\"  class=\"gray_btn_fill  width-md-100\">Entdecken <span class=\"primary_color pl-10\"><i class=\"fa-solid fa-arrow-right\"><\/i><\/span><\/a>\n                            <\/div>\n            <div class=\"right_content\">\n                <div class=\"right_content_img\">\n                    <img decoding=\"async\" src=\"https:\/\/metalica.lu\/wp-content\/uploads\/2023\/10\/stores-1_20231009.jpg\">\n                <\/div>\n            <\/div>\n        <\/div>\n    <\/div>\n<\/section>\n\n<style>\n    #block_5239835ea9c9b44f7b09555320355f87{\n        background-color: #ffffff;\n    }\n\n            #block_5239835ea9c9b44f7b09555320355f87.imageRight_contentLeft.imageRight_contentLeft_img1::before{\n            background-image: url(\"https:\/\/metalica.lu\/wp-content\/uploads\/2023\/10\/stores-1_20231009.jpg\");\n        }\n    <\/style>\n\n  \n    <section class=\"discover_product\" id=\"block_45ea8195f45955022513282d13f15f00\">\n        <div class=\"container\">\n            <div class=\"discover_product_wrapper\">\n                <div class=\"discover_product_inner\">\n                    <h2 class=\"mb-20\">Entdeckt eis aner Produkter<\/h2>\n                                            <ul class=\"discover_product_lists\">\n                                                            <li>\n                                    <a href=\"\/lb\/hausdieren-luxembourg\" style=\"text-decoration:none;\">\n                                        <img decoding=\"async\" src=\"https:\/\/metalica.lu\/wp-content\/uploads\/2023\/06\/reshot-icon-door.png\" alt=\"Hausdieren\">\n                                        <h4>Hausdieren<\/h4>\n                                    <\/a>\n                                <\/li>\n                                                            <li>\n                                    <a href=\"\/lb\/fensteren\/\" style=\"text-decoration:none;\">\n                                        <img decoding=\"async\" src=\"https:\/\/metalica.lu\/wp-content\/uploads\/2023\/06\/reshot-icon-window.png\" alt=\"Fen\u00eatres\">\n                                        <h4>Fen\u00eatres<\/h4>\n                                    <\/a>\n                                <\/li>\n                                                            <li>\n                                    <a href=\"\/lb\/pergolaen-a-verandaen\/\" style=\"text-decoration:none;\">\n                                        <img decoding=\"async\" src=\"https:\/\/metalica.lu\/wp-content\/uploads\/2023\/06\/ic_round-balcony.png\" alt=\"Pergolaen a Verandaen\">\n                                        <h4>Pergolaen a Verandaen<\/h4>\n                                    <\/a>\n                                <\/li>\n                                                            <li>\n                                    <a href=\"\/lb\/sonneschutz\/\" style=\"text-decoration:none;\">\n                                        <img decoding=\"async\" src=\"https:\/\/metalica.lu\/wp-content\/uploads\/2023\/06\/mdi_sun-angle-outline.png\" alt=\"Sonneschutz\">\n                                        <h4>Sonneschutz<\/h4>\n                                    <\/a>\n                                <\/li>\n                                                            <li>\n                                    <a href=\"\/lb\/fassadesystemer\/\" style=\"text-decoration:none;\">\n                                        <img decoding=\"async\" src=\"https:\/\/metalica.lu\/wp-content\/uploads\/2023\/06\/tabler_wall.png\" alt=\"Fassadesystemer\">\n                                        <h4>Fassadesystemer<\/h4>\n                                    <\/a>\n                                <\/li>\n                                                    <\/ul>\n                                    <\/div>\n            <\/div>\n        <\/div>\n    <\/section>\n    \n    <style>\n        #block_45ea8195f45955022513282d13f15f00 {\n                    background: url(\"https:\/\/metalica.lu\/wp-content\/uploads\/2023\/06\/discover-product-bg.png\"); \n\t\t\tbackground-repeat: no-repeat;\n\t\t\tbackground-size: cover;\n\t\t\tbackground-position: center;\n\t\t\tposition: relative;\n                        }\n    <\/style>\n","protected":false},"excerpt":{"rendered":"","protected":false},"author":14,"featured_media":0,"parent":8720,"menu_order":0,"comment_status":"closed","ping_status":"closed","template":"","meta":{"_acf_changed":false,"footnotes":""},"class_list":["post-8732","page","type-page","status-publish","hentry"],"acf":[],"yoast_head":"<!-- This site is optimized with the Yoast SEO Premium plugin v27.2 (Yoast SEO v27.5) - https:\/\/yoast.com\/product\/yoast-seo-premium-wordpress\/ -->\n<title>Markisen - Metalica<\/title>\n<meta name=\"description\" content=\"Markisen a Stor\u00eb fir de Bausseber\u00e4ich || En effikasse Sonneschutz || Installatioun zu L\u00ebtzebuerg || Frot e gratis Devis!\" \/>\n<meta name=\"robots\" content=\"index, follow, max-snippet:-1, max-image-preview:large, max-video-preview:-1\" \/>\n<link rel=\"canonical\" href=\"https:\/\/metalica.lu\/lb\/sonneschutz\/markisen\/\" \/>\n<meta property=\"og:locale\" content=\"en_US\" \/>\n<meta property=\"og:type\" content=\"article\" \/>\n<meta property=\"og:title\" content=\"Markisen\" \/>\n<meta property=\"og:description\" content=\"Markisen a Stor\u00eb fir de Bausseber\u00e4ich || En effikasse Sonneschutz || Installatioun zu L\u00ebtzebuerg || Frot e gratis Devis!\" \/>\n<meta property=\"og:url\" content=\"https:\/\/metalica.lu\/lb\/sonneschutz\/markisen\/\" \/>\n<meta property=\"og:site_name\" content=\"Metalica\" \/>\n<meta property=\"article:publisher\" content=\"https:\/\/www.facebook.com\/metalicahome\/\" \/>\n<meta property=\"article:modified_time\" content=\"2026-03-12T11:31:36+00:00\" \/>\n<meta name=\"twitter:card\" content=\"summary_large_image\" \/>\n<meta name=\"twitter:label1\" content=\"Est. reading time\" \/>\n\t<meta name=\"twitter:data1\" content=\"4 minutes\" \/>\n<script type=\"application\/ld+json\" class=\"yoast-schema-graph\">{\"@context\":\"https:\\\/\\\/schema.org\",\"@graph\":[{\"@type\":\"WebPage\",\"@id\":\"https:\\\/\\\/metalica.lu\\\/lb\\\/sonneschutz\\\/markisen\\\/\",\"url\":\"https:\\\/\\\/metalica.lu\\\/lb\\\/sonneschutz\\\/markisen\\\/\",\"name\":\"Markisen - Metalica\",\"isPartOf\":{\"@id\":\"https:\\\/\\\/metalica.lu\\\/lb\\\/#website\"},\"datePublished\":\"2023-07-18T07:08:42+00:00\",\"dateModified\":\"2026-03-12T11:31:36+00:00\",\"description\":\"Markisen a Stor\u00eb fir de Bausseber\u00e4ich || En effikasse Sonneschutz || Installatioun zu L\u00ebtzebuerg || Frot e gratis Devis!\",\"breadcrumb\":{\"@id\":\"https:\\\/\\\/metalica.lu\\\/lb\\\/sonneschutz\\\/markisen\\\/#breadcrumb\"},\"inLanguage\":\"lb-LU\",\"potentialAction\":[{\"@type\":\"ReadAction\",\"target\":[\"https:\\\/\\\/metalica.lu\\\/lb\\\/sonneschutz\\\/markisen\\\/\"]}]},{\"@type\":\"BreadcrumbList\",\"@id\":\"https:\\\/\\\/metalica.lu\\\/lb\\\/sonneschutz\\\/markisen\\\/#breadcrumb\",\"itemListElement\":[{\"@type\":\"ListItem\",\"position\":1,\"name\":\"Accueil\",\"item\":\"https:\\\/\\\/metalica.lu\\\/lb\\\/\"},{\"@type\":\"ListItem\",\"position\":2,\"name\":\"Sonneschutz\",\"item\":\"https:\\\/\\\/metalica.lu\\\/lb\\\/sonneschutz\\\/\"},{\"@type\":\"ListItem\",\"position\":3,\"name\":\"Markisen\"}]},{\"@type\":\"WebSite\",\"@id\":\"https:\\\/\\\/metalica.lu\\\/lb\\\/#website\",\"url\":\"https:\\\/\\\/metalica.lu\\\/lb\\\/\",\"name\":\"Metalica\",\"description\":\"\",\"publisher\":{\"@id\":\"https:\\\/\\\/metalica.lu\\\/lb\\\/#organization\"},\"potentialAction\":[{\"@type\":\"SearchAction\",\"target\":{\"@type\":\"EntryPoint\",\"urlTemplate\":\"https:\\\/\\\/metalica.lu\\\/lb\\\/?s={search_term_string}\"},\"query-input\":{\"@type\":\"PropertyValueSpecification\",\"valueRequired\":true,\"valueName\":\"search_term_string\"}}],\"inLanguage\":\"lb-LU\"},{\"@type\":\"Organization\",\"@id\":\"https:\\\/\\\/metalica.lu\\\/lb\\\/#organization\",\"name\":\"Metalica\",\"url\":\"https:\\\/\\\/metalica.lu\\\/lb\\\/\",\"logo\":{\"@type\":\"ImageObject\",\"inLanguage\":\"lb-LU\",\"@id\":\"https:\\\/\\\/metalica.lu\\\/lb\\\/#\\\/schema\\\/logo\\\/image\\\/\",\"url\":\"https:\\\/\\\/metalica.lu\\\/wp-content\\\/uploads\\\/2024\\\/05\\\/site-logo.png\",\"contentUrl\":\"https:\\\/\\\/metalica.lu\\\/wp-content\\\/uploads\\\/2024\\\/05\\\/site-logo.png\",\"width\":238,\"height\":62,\"caption\":\"Metalica\"},\"image\":{\"@id\":\"https:\\\/\\\/metalica.lu\\\/lb\\\/#\\\/schema\\\/logo\\\/image\\\/\"},\"sameAs\":[\"https:\\\/\\\/www.facebook.com\\\/metalicahome\\\/\"]}]}<\/script>\n<!-- \/ Yoast SEO Premium plugin. -->","yoast_head_json":{"title":"Markisen - Metalica","description":"Markisen a Stor\u00eb fir de Bausseber\u00e4ich || En effikasse Sonneschutz || Installatioun zu L\u00ebtzebuerg || Frot e gratis Devis!","robots":{"index":"index","follow":"follow","max-snippet":"max-snippet:-1","max-image-preview":"max-image-preview:large","max-video-preview":"max-video-preview:-1"},"canonical":"https:\/\/metalica.lu\/lb\/sonneschutz\/markisen\/","og_locale":"en_US","og_type":"article","og_title":"Markisen","og_description":"Markisen a Stor\u00eb fir de Bausseber\u00e4ich || En effikasse Sonneschutz || Installatioun zu L\u00ebtzebuerg || Frot e gratis Devis!","og_url":"https:\/\/metalica.lu\/lb\/sonneschutz\/markisen\/","og_site_name":"Metalica","article_publisher":"https:\/\/www.facebook.com\/metalicahome\/","article_modified_time":"2026-03-12T11:31:36+00:00","twitter_card":"summary_large_image","twitter_misc":{"Est. reading time":"4 minutes"},"schema":{"@context":"https:\/\/schema.org","@graph":[{"@type":"WebPage","@id":"https:\/\/metalica.lu\/lb\/sonneschutz\/markisen\/","url":"https:\/\/metalica.lu\/lb\/sonneschutz\/markisen\/","name":"Markisen - Metalica","isPartOf":{"@id":"https:\/\/metalica.lu\/lb\/#website"},"datePublished":"2023-07-18T07:08:42+00:00","dateModified":"2026-03-12T11:31:36+00:00","description":"Markisen a Stor\u00eb fir de Bausseber\u00e4ich || En effikasse Sonneschutz || Installatioun zu L\u00ebtzebuerg || Frot e gratis Devis!","breadcrumb":{"@id":"https:\/\/metalica.lu\/lb\/sonneschutz\/markisen\/#breadcrumb"},"inLanguage":"lb-LU","potentialAction":[{"@type":"ReadAction","target":["https:\/\/metalica.lu\/lb\/sonneschutz\/markisen\/"]}]},{"@type":"BreadcrumbList","@id":"https:\/\/metalica.lu\/lb\/sonneschutz\/markisen\/#breadcrumb","itemListElement":[{"@type":"ListItem","position":1,"name":"Accueil","item":"https:\/\/metalica.lu\/lb\/"},{"@type":"ListItem","position":2,"name":"Sonneschutz","item":"https:\/\/metalica.lu\/lb\/sonneschutz\/"},{"@type":"ListItem","position":3,"name":"Markisen"}]},{"@type":"WebSite","@id":"https:\/\/metalica.lu\/lb\/#website","url":"https:\/\/metalica.lu\/lb\/","name":"Metalica","description":"","publisher":{"@id":"https:\/\/metalica.lu\/lb\/#organization"},"potentialAction":[{"@type":"SearchAction","target":{"@type":"EntryPoint","urlTemplate":"https:\/\/metalica.lu\/lb\/?s={search_term_string}"},"query-input":{"@type":"PropertyValueSpecification","valueRequired":true,"valueName":"search_term_string"}}],"inLanguage":"lb-LU"},{"@type":"Organization","@id":"https:\/\/metalica.lu\/lb\/#organization","name":"Metalica","url":"https:\/\/metalica.lu\/lb\/","logo":{"@type":"ImageObject","inLanguage":"lb-LU","@id":"https:\/\/metalica.lu\/lb\/#\/schema\/logo\/image\/","url":"https:\/\/metalica.lu\/wp-content\/uploads\/2024\/05\/site-logo.png","contentUrl":"https:\/\/metalica.lu\/wp-content\/uploads\/2024\/05\/site-logo.png","width":238,"height":62,"caption":"Metalica"},"image":{"@id":"https:\/\/metalica.lu\/lb\/#\/schema\/logo\/image\/"},"sameAs":["https:\/\/www.facebook.com\/metalicahome\/"]}]}},"_links":{"self":[{"href":"https:\/\/metalica.lu\/lb\/wp-json\/wp\/v2\/pages\/8732","targetHints":{"allow":["GET"]}}],"collection":[{"href":"https:\/\/metalica.lu\/lb\/wp-json\/wp\/v2\/pages"}],"about":[{"href":"https:\/\/metalica.lu\/lb\/wp-json\/wp\/v2\/types\/page"}],"author":[{"embeddable":true,"href":"https:\/\/metalica.lu\/lb\/wp-json\/wp\/v2\/users\/14"}],"replies":[{"embeddable":true,"href":"https:\/\/metalica.lu\/lb\/wp-json\/wp\/v2\/comments?post=8732"}],"version-history":[{"count":3,"href":"https:\/\/metalica.lu\/lb\/wp-json\/wp\/v2\/pages\/8732\/revisions"}],"predecessor-version":[{"id":8782,"href":"https:\/\/metalica.lu\/lb\/wp-json\/wp\/v2\/pages\/8732\/revisions\/8782"}],"up":[{"embeddable":true,"href":"https:\/\/metalica.lu\/lb\/wp-json\/wp\/v2\/pages\/8720"}],"wp:attachment":[{"href":"https:\/\/metalica.lu\/lb\/wp-json\/wp\/v2\/media?parent=8732"}],"curies":[{"name":"wp","href":"https:\/\/api.w.org\/{rel}","templated":true}]}}