{"id":8728,"date":"2023-07-18T09:01:02","date_gmt":"2023-07-18T07:01:02","guid":{"rendered":"https:\/\/metalica.lu\/sonneschutzsystemer\/storen\/"},"modified":"2026-03-12T12:31:30","modified_gmt":"2026-03-12T11:31:30","slug":"storen","status":"publish","type":"page","link":"https:\/\/metalica.lu\/lb\/sonneschutz\/storen\/","title":{"rendered":"Storen"},"content":{"rendered":"<section class=\"hero_banner product_main\" id=\"block_b4367a32b58dc0a85c0ca712d52a6c2f\">\n        <div class=\"container\">\n            <div class=\"hero_banner_content\">\n                <h1 class=\"white_color mb-24\">Verkaf a Montage vu Storen zu L\u00ebtzebuerg\r\n<\/h1>\n                <p class=\"font-18 white_color mb-24\">W\u00e4rend Iech Rollluede virun der Sonn sch\u00fctzen, k\u00ebnne Storen op eng effikass Man\u00e9ier d&#8217;Liichtquantit\u00e9it regul\u00e9ieren, d\u00e9i an \u00c4r Wunneng eraf\u00e4lt. METALICA mont\u00e9iert a ganz L\u00ebtzebuerg verstellbar Storen aus mikroperfor\u00e9iertem Stoff direkt bei Iech doheem!\r\n<\/p>\n<!--                 <a href=\"https:\/\/metalica.lu\/lb\/kontakt\/\" class=\"primary_btn_fill\">Frot en Devis! <span><i class=\"fa-solid fa-arrow-right\"><\/i><\/span><\/a> -->\n\t\t\t\t            <a href=\"https:\/\/metalica.lu\/lb\/kontakt\/\" class=\"primary_btn_fill\">Frot en Devis! <span><i class=\"fa-solid fa-arrow-right\"><\/i><\/span><\/a>            <\/div>\n        <\/div>\n<\/section>\n<style>\n #block_b4367a32b58dc0a85c0ca712d52a6c2f.product_main{\n    background-image:linear-gradient(0deg, rgba(0, 0, 0, 0.4), rgba(0, 0, 0, 0.4)),url(\"https:\/\/metalica.lu\/wp-content\/uploads\/2023\/10\/stores-2_20231009.jpg\");\n    height: 100%;\n    padding: 145px 0;\n}\n@media (max-width:767px) {\n    #block_b4367a32b58dc0a85c0ca712d52a6c2f.product_main{\n        padding: 70px 0;\n    }\n}\n<\/style>\n\n  \n     <section class=\"fullbody_content\" id=\"block_4f1446f4eb0def14124e80839ef50807\">\n        <div class=\"container\">\n            <div class=\"content_wrapper\">\n                <div class=\"content_wrapper_inner\" style=\"color: ; text-align: left\">\n                <h2 class=\"mb-20\">Kontroll\u00e9iert d&#8217;Liicht mat Storen!\r\n<\/h2>\n                <p>D&#8217;Riddoe bei eise F\u00ebnstere sch\u00fctzen zwar den Interieur vun aggressive Sonnestralen a suerge gl\u00e4ichz\u00e4iteg fir Privatsph\u00e4r, sinn hunn awer och eng Partie Nodeeler. Beispillsweis l\u00e9isst sech d&#8217;Quantit\u00e9it vun der Sonnenastrellung relativ schlecht regul\u00e9ieren &#8211; entweeder ass et ze hell oder ze d\u00e4ischter.<\/p>\n<p>D&#8217;Storen dog\u00e9int sinn eng attraktiv Alternativ, fir d&#8217;Dagesliicht besser ze steieren. Deemno k\u00ebnnt Dir Iech net just virun der Sonnenastralung a virw\u00ebtzege Bl\u00e9cker vu bausse sch\u00fctzen, m\u00e4 och regul\u00e9ieren, w\u00e9i vill Liicht dann elo an \u00c4r Wunneng oder \u00c4ert Haus erakomme soll.<\/p>\n                                    <a href=\"https:\/\/metalica.lu\/lb\/kontakt\/\"  class=\"gray_btn_fill width-md-100\">Devis ufroen <span><i class=\"fa-solid fa-arrow-right primary_color\"><\/i><\/span><\/a>\n                                <\/div>\n            <\/div> \n        <\/div>\n    <\/section> \n    <style>\n    \n    #block_4f1446f4eb0def14124e80839ef50807 .gray_btn_fill{  \n        color: #ffffff;\n        background-color: #171C28;        \n    }\n\n    <\/style>\n    \n\n    <section class=\"specification_main\" id=\"block_7c19a87ba9fd921c694ca75b71a27638\">\n        <div class=\"container\">\n            <div class=\"specification_inner\">\n                                    <div class=\"specification_single\">\n                        <p class=\"mb-24\"><img decoding=\"async\" src=\"https:\/\/metalica.lu\/wp-content\/uploads\/2023\/06\/lock-closed.png\" alt=\"\"><\/p>\n                        <h4 class=\"mb-8 pb-4\">Intimsph\u00e4r<\/h4>\n                        <p class=\"small\">Eraus gesinn, ouni gesinn ze ginn! <\/p>\n                    <\/div>\n                                    <div class=\"specification_single\">\n                        <p class=\"mb-24\"><img decoding=\"async\" src=\"https:\/\/metalica.lu\/wp-content\/uploads\/2023\/06\/clock.png\" alt=\"\"><\/p>\n                        <h4 class=\"mb-8 pb-4\">Blendschutz<\/h4>\n                        <p class=\"small\">Dir k\u00ebnnt \u00c4r Raim esou ofd\u00e4ischteren, datt Dir net vun ze helle Sonnestrale verblent gitt. <\/p>\n                    <\/div>\n                                    <div class=\"specification_single\">\n                        <p class=\"mb-24\"><img decoding=\"async\" src=\"https:\/\/metalica.lu\/wp-content\/uploads\/2023\/06\/Adjustments.png\" alt=\"\"><\/p>\n                        <h4 class=\"mb-8 pb-4\">E gemittlechen, \u00e4stheeteschen a confortabelen Interieur<\/h4>\n                        <p class=\"small\">D&#8217;Stor\u00eb suerge fir m\u00e9i Wunnconfort a passen sech harmonesch u F\u00ebnsteren an Dieren un. <\/p>\n                    <\/div>\n                                    <div class=\"specification_single\">\n                        <p class=\"mb-24\"><img decoding=\"async\" src=\"https:\/\/metalica.lu\/wp-content\/uploads\/2023\/06\/Users.png\" alt=\"\"><\/p>\n                        <h4 class=\"mb-8 pb-4\">Thermesch Protektioun<\/h4>\n                        <p class=\"small\">Reduz\u00e9iert en Opwierme vun \u00c4re Wunnraim. <\/p>\n                    <\/div>\n                  \n            <\/div>\n        <\/div>\n    <\/section>\n<style>\n    #block_7c19a87ba9fd921c694ca75b71a27638 {\n                background: #ffffff; \n        }\n<\/style>\n\n\n<section class=\"list_with_discription list_with_discription_first\" id=\"block_687f2db69d88eec797dffbb5f9fa312b\">\n    <div class=\"container\">\n        <div class=\"list_with_discription_inner\">\n            <div class=\"list_with_discription_content\">\n                <h2 class=\"mb-20\">Verstellbar Storen <\/h2>\n                <p>W\u00e9i hell et an enger Wunneng oder engem Haus soll sinn, h\u00e4nkt ganz vun den eenzele Besoine vun de Bewunner of.<\/p>\n<p>Vill Sonn beim Iessen, cosy hallefd\u00e4ischter fir d&#8217;M\u00ebttesrascht oder fir e b\u00ebssen ze liesen \u2026 Entscheet Iech fir d\u00e9i Quantit\u00e9it un Dagesliicht, d\u00e9i Dir braucht! D&#8217;Stor\u00eb si mat verstellbare Lamellen ekip\u00e9iert: Wat den Ofstand dot\u00ebscht m\u00e9i grouss ass, wat m\u00e9i Dagesliicht an \u00c4rer Wunnber\u00e4ich fl\u00e9isst. Op d\u00ebs Man\u00e9ier g\u00ebtt dat aktiivt Steiere vun der Sonnenastralung an \u00c4ert Doheem kannerliicht!<\/p>\n<p>E weideren Avantage vun Aluminiumsstor\u00eb mat verstellbare Lamellen ass, datt d&#8217;Sonnestralen an e Raum fl\u00e9isse k\u00ebnnen, ouni datt d\u00ebsen sech awer extreem oph\u00ebtzt.<\/p>\n                                    <ul class=\"discription_list_content\">\n                                                <li class=\"discription_list_content_single mb-20\">\n                            <h4 class=\"mb-8\">Eng prezis Steierung vun der Sonnenastralung<\/h4>\n                            <p class=\"small\">Dir sidd vun der Sonnenastralung gesch\u00fctzt, gitt vun dobaussen net verblent an awer hutt Dir genuch Dagesliicht an \u00c4rem Wunnber\u00e4ich.<\/p>\n                        <\/li>\n                                                <li class=\"discription_list_content_single mb-20\">\n                            <h4 class=\"mb-8\">Eng besser Gestioun vun der Temperatur dobannen<\/h4>\n                            <p class=\"small\">D&#8217;Stor\u00eb reduz\u00e9ieren de Grad u Sonnenastralung an \u00c4r Wunneng. Wann Dir deemno d&#8217;Lamelle komplett zoumaacht, sch\u00fctzt Dir Iech am Summer viru staarker H\u00ebtzt an am Wanter virun der Keelt.<\/p>\n                        <\/li>\n                                                <li class=\"discription_list_content_single mb-20\">\n                            <h4 class=\"mb-8\">Vills\u00e4iteg asetzbar<\/h4>\n                            <p class=\"small\">D&#8217;Stor\u00eb sinn net just en n\u00ebtzlecht Element fir \u00c4ert Doheem, ma droen definitiv och zu der \u00c4stheetik b\u00e4i. Si k\u00ebnne souwuel un all Genre vu F\u00ebnster ubruecht gi w\u00e9i och u gr\u00e9isser F\u00ebnsterfronten. Doriwwer eraus hutt Dir e grousse Choix, wann d&#8217;Faarf an d&#8217;Form vun de Storen ugeet, soudatt se ganz individuell konzip\u00e9iert k\u00ebnne ginn.<\/p>\n                        <\/li>\n                                            <\/ul>\n                            <\/div>\n            <div class=\"list_with_discription_tab_main\">\n                <div class=\"list_with_discription_tab_image\">\n                    <img decoding=\"async\" src=\"https:\/\/metalica.lu\/wp-content\/uploads\/2023\/10\/stores-3_20231009.jpg\" alt=\"\">\n                <\/div>\n            <\/div>\n        <\/div>\n    <\/div>\n<\/section>\n<style>\n    #block_687f2db69d88eec797dffbb5f9fa312b {\n        background: #f9fafb; \n    }\n\n    #block_687f2db69d88eec797dffbb5f9fa312b.list_with_discription.list_with_discription_first::before{\n        background-image : url(\"https:\/\/metalica.lu\/wp-content\/uploads\/2023\/10\/stores-3_20231009.jpg\");\n    }\n<\/style>\n\n\n<section class=\"list_with_discription list_with_discription_first\" id=\"block_3f2fec7feb0e113b46be05eb6a1508ab\">\n    <div class=\"container\">\n        <div class=\"list_with_discription_inner\">\n            <div class=\"list_with_discription_content\">\n                <h2 class=\"mb-20\">Screenen aus mikroperfor\u00e9iertem Stoft<\/h2>\n                <p>Mikroperfor\u00e9iert Screene sinn eng innovativ L\u00e9isung, fir d&#8217;Sonnenastralung an -w\u00e4ermt ze steieren a gl\u00e4ichz\u00e4iteg d&#8217;Siicht no bausse fr\u00e4izehalen. Hire Stoft besteet aus strapaz\u00e9ierf\u00e4egem, mikroperfor\u00e9iertem Material, dat d&#8217;Sonnestralen erausfilteren an d&#8217;H\u00ebtzt duerch staark Sonnenastralung reduz\u00e9iere kann. Mat hirem Design bidde si engers\u00e4its effektive Sonneschutz, anerers\u00e4its bleift et an de respektive Raim natierlech hell. Ausserdeem bidde si eng effikass Diskretioun, well se dofir suergen, datt ee vu baussen net erakucke kann, w\u00e4rend Dir awer gl\u00e4ichz\u00e4iteg weiderhi fr\u00e4i Vue no baussen hutt. D\u00ebs polyvalent asetzbar an \u00e4stheetesch Installatioun eegent sech perfekt fir en agreabelt Wunngefill bei Iech doheem.<\/p>\n                                    <ul class=\"discription_list_content\">\n                                                <li class=\"discription_list_content_single mb-20\">\n                            <h4 class=\"mb-8\">Sch\u00fctzen Iech g\u00e9int d&#8217;H\u00ebtzt an UV-Stralen<\/h4>\n                            <p class=\"small\">De mikroperfor\u00e9ierte Stoft ass esou konzip\u00e9iert, datt et e Groussdeel vun de Sonnestrale filteren a gl\u00e4ichz\u00e4iteg d&#8217;H\u00ebtzt vu baussen am Interieur reduz\u00e9iere kann. Et filtert och schiedlech UV-Stralen a sch\u00fctzt esou Miwwel a Biedem virum Bleechen.<\/p>\n                        <\/li>\n                                                <li class=\"discription_list_content_single mb-20\">\n                            <h4 class=\"mb-8\">Garant\u00e9ieren \u00c4r Vue eraus a sinn eng Liichtquell<\/h4>\n                            <p class=\"small\">Seng mikroperfor\u00e9iert Struktur suergt dofir, datt Dir weiderhin de Bl\u00e9ck no bausse behaalt, w\u00e4rend et dobanne sch\u00e9i kill bleift. Et l\u00e9isst genuch Dagesliicht eran a verh\u00ebnnert deemno sou, datt et an engem Raum komplett d\u00e4ischter g\u00ebtt, wat bei aneren Zorte vu Riddoen dacks de Fall ass.<\/p>\n                        <\/li>\n                                                <li class=\"discription_list_content_single mb-20\">\n                            <h4 class=\"mb-8\">Fir eng besser Bel\u00ebftung vum Wunnraum<\/h4>\n                            <p class=\"small\">De perfor\u00e9ierte Stoft suergt fir eng konstant Loftzirkulatioun a verr\u00e9ngert sou, datt sech ze vill H\u00ebtzt a Fiichtegkeet t\u00ebscht F\u00ebnster a Screen ustaut. D&#8217;Resultat: e m\u00e9i killt an agreabelt Raumklima.<\/p>\n                        <\/li>\n                                                <li class=\"discription_list_content_single mb-20\">\n                            <h4 class=\"mb-8\">Fung\u00e9ieren als Siichtschutz<\/h4>\n                            <p class=\"small\">D\u00ebs Installatioun bitt daagsiwwer genuch Siichtschutz, well een no baussen hin de Bl\u00e9ck fr\u00e4i huet, ouni awer a sengen eegene W\u00e4nn k\u00ebnne gesinn ze ginn. Dat speziellt Material g\u00ebtt deemno dacks a m\u00e9i urbanen oder m\u00e9i liewege Ber\u00e4icher benotzt.<\/p>\n                        <\/li>\n                                            <\/ul>\n                            <\/div>\n            <div class=\"list_with_discription_tab_main\">\n                <div class=\"list_with_discription_tab_image\">\n                    <img decoding=\"async\" src=\"https:\/\/metalica.lu\/wp-content\/uploads\/2024\/07\/screens-en-toile-micro-perforee-metalica-1.jpg\" alt=\"\">\n                <\/div>\n            <\/div>\n        <\/div>\n    <\/div>\n<\/section>\n<style>\n    #block_3f2fec7feb0e113b46be05eb6a1508ab {\n        background: #f9fafb; \n    }\n\n    #block_3f2fec7feb0e113b46be05eb6a1508ab.list_with_discription.list_with_discription_first::before{\n        background-image : url(\"https:\/\/metalica.lu\/wp-content\/uploads\/2024\/07\/screens-en-toile-micro-perforee-metalica-1.jpg\");\n    }\n<\/style>\n\n    <section class=\"gallery_slider\" id=\"block_afaddc5f0b859a9d2dd6a83fa52abe67\" >\n        <div class=\"container\">\n            <h2>Inspiratioun fir \u00c4r Storen<\/h2>\n        <\/div>\n        <div class=\"gallery_slider_wrapper\">\n            <div class=\"swiper-container gallery-swiper-container gallery-block_afaddc5f0b859a9d2dd6a83fa52abe67\">\n                <div class=\"swiper-wrapper\">\n                                            <div class=\"swiper-slide\">\n                            <div class=\"card-image\">\n                                <a href=\"https:\/\/metalica.lu\/wp-content\/uploads\/2023\/10\/stores-inspiration-1_20231009.jpg\" class=\"glightbox\"  data-glightbox=\"type: image\">\n                                    <img decoding=\"async\" src=\"https:\/\/metalica.lu\/wp-content\/uploads\/2023\/10\/stores-inspiration-1_20231009.jpg\" alt=\"Image Slider\">\n                                <\/a>\n                                                            <\/div>\n                        <\/div>\n                                            <div class=\"swiper-slide\">\n                            <div class=\"card-image\">\n                                <a href=\"https:\/\/metalica.lu\/wp-content\/uploads\/2023\/10\/stores-inspiration-2_20231009.jpg\" class=\"glightbox\"  data-glightbox=\"type: image\">\n                                    <img decoding=\"async\" src=\"https:\/\/metalica.lu\/wp-content\/uploads\/2023\/10\/stores-inspiration-2_20231009.jpg\" alt=\"Image Slider\">\n                                <\/a>\n                                                            <\/div>\n                        <\/div>\n                                            <div class=\"swiper-slide\">\n                            <div class=\"card-image\">\n                                <a href=\"https:\/\/metalica.lu\/wp-content\/uploads\/2023\/10\/stores-inspiration-3_20231009.jpg\" class=\"glightbox\"  data-glightbox=\"type: image\">\n                                    <img decoding=\"async\" src=\"https:\/\/metalica.lu\/wp-content\/uploads\/2023\/10\/stores-inspiration-3_20231009.jpg\" alt=\"Image Slider\">\n                                <\/a>\n                                                            <\/div>\n                        <\/div>\n                                            <div class=\"swiper-slide\">\n                            <div class=\"card-image\">\n                                <a href=\"https:\/\/metalica.lu\/wp-content\/uploads\/2023\/10\/stores-inspiration-4_20231009.jpg\" class=\"glightbox\"  data-glightbox=\"type: image\">\n                                    <img decoding=\"async\" src=\"https:\/\/metalica.lu\/wp-content\/uploads\/2023\/10\/stores-inspiration-4_20231009.jpg\" alt=\"Image Slider\">\n                                <\/a>\n                                                            <\/div>\n                        <\/div>\n                                            <div class=\"swiper-slide\">\n                            <div class=\"card-image\">\n                                <a href=\"https:\/\/metalica.lu\/wp-content\/uploads\/2023\/10\/stores-inspiration-5_20231009.jpg\" class=\"glightbox\"  data-glightbox=\"type: image\">\n                                    <img decoding=\"async\" src=\"https:\/\/metalica.lu\/wp-content\/uploads\/2023\/10\/stores-inspiration-5_20231009.jpg\" alt=\"Image Slider\">\n                                <\/a>\n                                                            <\/div>\n                        <\/div>\n                                            <div class=\"swiper-slide\">\n                            <div class=\"card-image\">\n                                <a href=\"https:\/\/metalica.lu\/wp-content\/uploads\/2025\/02\/inspiration-store-toile-metalica-20250211_1.jpg\" class=\"glightbox\"  data-glightbox=\"type: image\">\n                                    <img decoding=\"async\" src=\"https:\/\/metalica.lu\/wp-content\/uploads\/2025\/02\/inspiration-store-toile-metalica-20250211_1.jpg\" alt=\"Image Slider\">\n                                <\/a>\n                                                            <\/div>\n                        <\/div>\n                                            <div class=\"swiper-slide\">\n                            <div class=\"card-image\">\n                                <a href=\"https:\/\/metalica.lu\/wp-content\/uploads\/2025\/02\/inspiration-store-toile-metalica-20250211_2.jpg\" class=\"glightbox\"  data-glightbox=\"type: image\">\n                                    <img decoding=\"async\" src=\"https:\/\/metalica.lu\/wp-content\/uploads\/2025\/02\/inspiration-store-toile-metalica-20250211_2.jpg\" alt=\"Image Slider\">\n                                <\/a>\n                                                            <\/div>\n                        <\/div>\n                                    <\/div>\n                <!-- Add Scrollbar -->\n                <div class=\"swiper-button-next\">\n                    <i class=\"fa-solid fa-chevron-right\"><\/i>\n                <\/div>\n                <div class=\"swiper-button-prev\">\n                    <i class=\"fa-solid fa-chevron-left\"><\/i>\n                <\/div>\n            <\/div>\n        <\/div>\n    <\/section>\n\n<script>\n    $(document).ready(function(){\n        \/\/ Gallery Swiper Configuration\n        var swiper = new Swiper(\".gallery-block_afaddc5f0b859a9d2dd6a83fa52abe67\", {\n            slidesPerView: 2,\n            spaceBetween: 30,\n            centeredSlides: true,\n            freeMode: true,\n            grabCursor: true,\n            loop: true,\n            autoplay: {\n                delay: 4000,\n                disableOnInteraction: false\n            },\n            navigation: {\n                nextEl: \".swiper-button-next\",\n                prevEl: \".swiper-button-prev\"\n            },\n            breakpoints: {\n                992: {\n                    slidesPerView: 1.1,\n                    centeredSlides: true,\n                },\n                767: {\n                    slidesPerView: 1,\n                    centeredSlides: false,\n                },\n            }\n        });\n        \/\/ ====== LIGHT BOX ========\n        const lightbox = GLightbox({\n            touchNavigation: true,\n            loop: true,\n            width: \"90vw\",\n            height: \"90vh\"\n        });\n    });\n<\/script>\n\n<section class=\"certification_main\" id=\"block_3a012c5842d5bf29a24d0334bbf773d1\" >\n    <div class=\"container\">\n        <div class=\"certification_main_inner\">\n            <h2 class=\"mb-20\">Eis Partneren<\/h2>\n            <p class=\"small\">Qualit\u00e9it an d&#8217;Zefriddenheet vun de Clienten ass fir METALICA vu grousser Wichtegkeet. Aus d\u00ebsem Grond wiele mir fir Iech d\u00e9i bescht Produkter, d\u00e9i de Maart hierg\u00ebtt. Am Ber\u00e4ich vun de Sonneschutzsystemer schaffe mir enk mat eisem Partner WAREMA zesummen a suerge mat him fir d&#8217;Distributioun vun effiziente L\u00e9isunge fir eis Clienten zu L\u00ebtzebuerg.<\/p>\n                                                <div class=\"certification_main_content\">\n                        <div class=\"certification_img\">\n                            <a href=\"https:\/\/www.warema.com\/fr-fr\/\" target=\"_blank\" >\n                                                                    <img decoding=\"async\" src=\"https:\/\/metalica.lu\/wp-content\/uploads\/2023\/07\/warema-logo.png\">\n                                                            <\/a>\n                        <\/div>\n                        <div class=\"certification_discription\">\n                            <p>D&#8217;Firma WAREMA ass bekannt fir hir Sonneschutzl\u00e9isungen, d\u00e9i si an hiren Ateliere konzip\u00e9ieren an entw\u00e9ckelen. D&#8217;Zil? Fir e Banneber\u00e4ich ze suergen, dee souwuel am privaten Doheem w\u00e9i och op der Aarbechtsplaz wunnlech a gemittlech ass.<\/p>\n                                                    <\/div>\n                        \n                    <\/div>\n                                    <div class=\"certification_main_content\">\n                        <div class=\"certification_img\">\n                            <a href=\"https:\/\/www.somfy.fr\/\"  >\n                                                                    <img decoding=\"async\" src=\"https:\/\/metalica.lu\/wp-content\/uploads\/2023\/07\/somfy-logo.png\">\n                                                            <\/a>\n                        <\/div>\n                        <div class=\"certification_discription\">\n                            <p>D\u00e9i frans\u00e9isch Entreprise Somfy dog\u00e9int ass e weltw\u00e4it bekannte Betrib, deen sech op d&#8217;Motoris\u00e9ieren an d&#8217;Hausautomatisatioun spezialis\u00e9iert huet. Ob Storen- a Rollluedesteierung oder d&#8217;Fernsteiere vun allen Haushaltsapparater: Hiert Zil ass et, de Wunnconfort vun de Clienten z&#8217;erh\u00e9ijen.<\/p>\n<p>METALICA ass en offiziellen Distributeur vu Produkter vu Somfy zu L\u00ebtzebuerg: Mir install\u00e9iere Smart-Home-L\u00e9isungen direkt bei Iech doheem a schl\u00e9issen all \u00c4r Rolllueden un de System un. Eng effikass L\u00e9isung, d\u00e9i Iech d&#8217;Liewe weesentlech vereinfacht!<\/p>\n                                                    <\/div>\n                        \n                    <\/div>\n                                    <\/div>\n    <\/div>\n\n    \n<\/section>\n\n<style>\n    #block_3a012c5842d5bf29a24d0334bbf773d1{\n        background-color: #f9fafb;\n        padding-top : px;\n        padding-bottom : px;\n        padding-left : px;\n        padding-right : px;\n    }\n<\/style>\n\n<script>\n    $(document).ready(function(){\n        var modal2 = document.querySelector(\".certification_main .video_modal\");\n        var closeButton2 = document.querySelector(\".certification_main .close-button\");\n\n        function toggleModal2() {\n            modal2.classList.toggle(\"show-modal\");\n            $(\"body\").toggleClass(\"overflow-hidden\");\n        }\n\n        function windowOnClick(event) {\n            if (event.target === modal2) {\n                toggleModal2();\n            }\n        }\n        $('.trigger2').click(function(event) {\n            event.preventDefault();\n            toggleModal2();\n        });\n        \/\/ ====== STOP VIDEO WHEN MODAL IS CLOSE ========= \n        $(closeButton2).click(function() {\n            toggleModal2();\n            $('video').trigger('pause');\n            $('iframe').each(function(index) {\n                $(this).attr('src', $(this).attr('src'));\n                return false;\n            });\n        });\n\n    });\n<\/script>\n\n<section class=\"faqs_main\" id=\"block_d5090a3f92d1accd80439fc60cef4280\" >\n    <div class=\"container\">\n        <div class=\"faqs_wrapper\">\n            <!-- <h2 class=\"text-center\">Foire \u00e0 <span class=\"primary_color\">questions<\/span><\/h2> -->\n            <h2 class=\"text-center\">Meeschtgestallte Froen\r\n<\/span><\/h2>\n                            <div class=\"faqs_accordion\">\n                    <ul class=\"faqs-accordion-list\">\n                                                    <li>\n                                <h3 class=\"faqs-accordion-heading\">1. W\u00e9i funktion\u00e9iere verstellbar Storen?                                    <span class=\"faq_down_arrow\"><i class=\"fa-solid fa-angle-down\"><\/i><\/span>\n                                <\/h3>\n                                <div class=\"faqs_answer\">\n                                    <p>Stor\u00eb si Virriichtungen, d\u00e9i um baussechten Deel vu F\u00ebnsteren oder Fassade mont\u00e9iert ginn, fir d&#8217;Dagesliicht an d&#8217;Sonnew\u00e4ermt ze regul\u00e9ieren. Si bestinn aus horizontalen oder vertikale Lamellen, d\u00e9i a verschiddene W\u00e9nkele geneigt k\u00ebnne ginn, fir esou d&#8217;Quantit\u00e9it u Liicht an H\u00ebtzt ze steieren, d\u00e9i an \u00c4re Wunnber\u00e4ich fl\u00e9isse soll. D&#8217;Lamelle k\u00ebnne per Hand oder automatesch per Motor verstallt ginn.<\/p>\n                                <\/div>\n                            <\/li>\n                                                    <li>\n                                <h3 class=\"faqs-accordion-heading\">2. Wat sinn d&#8217;Virdeeler vu verstellbare Storen?                                    <span class=\"faq_down_arrow\"><i class=\"fa-solid fa-angle-down\"><\/i><\/span>\n                                <\/h3>\n                                <div class=\"faqs_answer\">\n                                    <p>Stor\u00eb bidden eng Rei vun Avantagen. Engers\u00e4its reduz\u00e9iere si d&#8217;Quantit\u00e9it un H\u00ebtzt, d\u00e9i an e Gebai fl\u00e9isst. D\u00ebs kann zu engem m\u00e9i ger\u00e9ngen Energieverbrauch vu Klimaanlagen a Gebaier f\u00e9ieren. Anerers\u00e4its loossen sech d&#8217;W\u00e9nkele vun de Lamellen esou astellen, datt och d&#8217;Intensit\u00e9it vum Dagesliicht gesteiert ka ginn. Esou gitt Dir manner vun der Sonn verblent, behaalt awer weiderhin de Bl\u00e9ck no baussen. Doriwwer eraus bidde Storen e Schutz viru virw\u00ebtzege Bl\u00e9cker, soudatt \u00c4r Privatsph\u00e4r garant\u00e9iert ass.<\/p>\n                                <\/div>\n                            <\/li>\n                                                    <li>\n                                <h3 class=\"faqs-accordion-heading\">3. Wat fir Design-Optioune ginn et bei de Storen?                                    <span class=\"faq_down_arrow\"><i class=\"fa-solid fa-angle-down\"><\/i><\/span>\n                                <\/h3>\n                                <div class=\"faqs_answer\">\n                                    <p>Wat den Design ugeet, esou hutt Dir eng grouss Auswiel fir eng individuell Gestaltung vun \u00c4re Storen, w\u00e9i z. B. de Choix vun der Faarf, d&#8217;Form vun de Lamellen awer oder d&#8217;Ausf\u00e9ierung dovun. Eng Partie Hiersteller bidden donieft och motoris\u00e9iert Stor\u00eb mat automatis\u00e9ierter Steierungssystemer un. Esou k\u00ebnnt Dir \u00c4r Stor\u00eb jee no Dagesz\u00e4it, Stand vun der Sonn oder Temperatur dobausse confortabel an individuell astellen.<\/p>\n                                <\/div>\n                            <\/li>\n                                                <!-- <li>\n                            <h3 class=\"faqs-accordion-heading\">1. Comment fonctionne une pergola bioclimatique ?\n                                <span class=\"faq_down_arrow\"><i class=\"fa-solid fa-angle-down\"><\/i><\/span>\n                            <\/h3>\n                            <div class=\"faqs_answer\">\n                                <p>While we would love to be able to give a definitive, fixed price for a website, it really depends on the specific needs for each individual business. If one business needs a website comprised of five pages, while another has a substantially larger site of over 100 pages - obviously those projects are going to command different price points.<\/p>\n\n                                <p>With that being said - here are some general guidelines on what to expect from a pricing standpoint.<\/p>\n\n                                <p>If you can get by with a small website (between 3 - 10 pages) using a pre-designed template, you can expect to pay approximately $2,500.00. A mid-sized website that has anywhere from 11 - 25 pages, but still uses a pre-made template, will be between $3,000.00 - $5,000.00. If you have a lot of pages, are looking for something completely custom, or are looking for something that has special functionality such as eCommerce, custom calculators, or integrations with other services, you may be looking at anywhere from $10,000 - $20,000.<\/p>\n                            <\/div>\n                        <\/li>\n                        <li>\n                            <h3 class=\"faqs-accordion-heading\">2. Quels sont les avantages d'une pergola bioclimatique ?\n                                <span class=\"faq_down_arrow\"><i class=\"fa-solid fa-angle-down\"><\/i><\/span>\n                            <\/h3>\n                            <div class=\"faqs_answer\">\n                                <p>This will vary depending on the type of project. For logo & branding projects, fees will be one-time costs. For website projects, we will typically charge a monthly fee, depending on the level of service you choose. To view a full list of our monthly packages, click here.<\/p>\n                            <\/div>\n                        <\/li>\n                        <li>\n                            <h3 class=\"faqs-accordion-heading\">3. Les pergolas bioclimatiques sont-elles durables ?\n                                <span class=\"faq_down_arrow\"><i class=\"fa-solid fa-angle-down\"><\/i><\/span>\n                            <\/h3>\n                            <div class=\"faqs_answer\">\n                                <p>Logo projects typically cost between $3,000 - $5000.<\/p>\n                                <p>\"Why so much?\" many people ask. To answer simply - because they require a lot of work. At least, to do them properly. And of all of the investments that you will make for your business, your logo & branding is one area where you don't want to skimp.<\/p>\n\n                                <p>In business, image is everything. And while your overall brand is based on far more than just your logo, a bad logo can create a strong first impression (for better or for worse).<\/p>\n\n                            <\/div>\n                        <\/li>\n                        <li>\n                            <h3 class=\"faqs-accordion-heading\">4. Les pergolas bioclimatiques sont-elles co\u00fbteuses \u00e0 installer ?\n                                <span class=\"faq_down_arrow\"><i class=\"fa-solid fa-angle-down\"><\/i><\/span>\n                            <\/h3>\n                            <div class=\"faqs_answer\">\n                                <p>Experience, quality, and results.<\/p>\n                                <p><strong>Experience.<\/strong> We have been designing websites professional since the early days of the web - before CSS was mainstream, and people still used tables for their website layouts. In the 20+ years that we have been doing this, we have work with and learned from many of the top voices in several industries. To put it simply - there are very few people in the world, let alone the area that can top our years of experience.<\/p>\n                                <p><strong>Results<\/strong> More than anything else, our focus is, and will always be getting results for clients. We don't care how pretty something is - if it is not resulting in the growth or obtaining of goals for our clients, then it is not time or money well spent. Our mission is to turn visitors into paying customers - and every decision that we make is rooted in that mission.<\/p>\n                            <\/div>\n                        <\/li>\n                        <li>\n                            <h3 class=\"faqs-accordion-heading\">5. Les pergolas bioclimatiques sont-elles faciles \u00e0 entretenir ?\n                                <span class=\"faq_down_arrow\"><i class=\"fa-solid fa-angle-down\"><\/i><\/span>\n                            <\/h3>\n                            <div class=\"faqs_answer\">\n                                <p>We started this business from scratch, and know full-well how tight money can be when you are first starting out. We empathize with the struggles of new business owners, and therefore work diligently so that the new businesses that we work with succeed.<\/p>\n\n                                <p>The primary criteria we look for when working with new businesses is the seriousness of the business owner. While it is natural for a new business owner to be cautious with the money they spend - we do look for a commitment to growth. If you do not have a specific plan for how you intend to grow your business, then the reality is - you will probably never be in a good position to afford our services.<\/p>\n                            <\/div>\n                        <\/li> -->\n                    <\/ul>\n                <\/div>\n                    <\/div>\n    <\/div>\n<\/section>\n\n<style>\n    #block_d5090a3f92d1accd80439fc60cef4280{\n        background-color: #FFFFFF;\n    }\n<\/style>\n\n<script>\n    \/\/ ======= FAQ ACCORDION ========\n    $(document).ready(function(){\n        $('.faqs-accordion-list > li > .faqs_answer').hide();                \n        $('.faqs-accordion-list > li').click(function() {\n            if ($(this).hasClass(\"active\")) {\n            $(this).removeClass(\"active\").find(\".faqs_answer\").slideUp();\n            } else {\n            $(\".faqs-accordion-list > li.active .faqs_answer\").slideUp();\n            $(\".faqs-accordion-list > li.active\").removeClass(\"active\");\n            $(this).addClass(\"active\").find(\".faqs_answer\").slideDown();\n            }\n            return false;\n        });            \n    });\n<\/script>\n\n<section class=\"cta_main\" id=\"block_d58376440affc6ada8ac81fa557ede3f\">\n    <div class=\"container\">\n        <h2 class=\"text-center mb-24 pb-4\">Dir g\u00e9ift \u00c4ren thermesche Confort g\u00e4r besser steieren? Eis Storen a Screene kombin\u00e9iere Wuelbefannen a Privatsph\u00e4r an \u00c4rem Doheem!\r\n<\/h2>\n        <div class=\"text-center\">\n                    <a href=\"https:\/\/metalica.lu\/lb\/kontakt\/\"  class=\"gray_btn_fill width-md-100\">Ech froen en Devis! <span class=\"primary_color\"><i class=\"fa-solid fa-arrow-right pl-10\"><\/i><\/span><\/a>\n                <\/div>\n    <\/div>\n<\/section>\n\n<style>\n    #block_d58376440affc6ada8ac81fa557ede3f {\n                background: #fbba00; \n        }\n<\/style>\n\n\n<section class=\"imageRight_contentLeft imageRight_contentLeft_img1\" id=\"block_157e0bccf9d0ed1000c739cc46e068b2\" >\n    <div class=\"container\">\n        <div class=\"imageRight_contentLeft_wrapper\">\n            <div class=\"left_content\">\n                <h2 class=\"mb-20\">Rolllueden<\/span><\/h2>\n                <p class=\"small mb-24\">Eng confortabel L\u00e9isung fir \u00c4ert Doheem!<\/p>\n                                    <a href=\"https:\/\/metalica.lu\/lb\/sonneschutz\/rolllueden\/\"  class=\"gray_btn_fill  width-md-100\">Entdecken <span class=\"primary_color pl-10\"><i class=\"fa-solid fa-arrow-right\"><\/i><\/span><\/a>\n                            <\/div>\n            <div class=\"right_content\">\n                <div class=\"right_content_img\">\n                    <img decoding=\"async\" src=\"https:\/\/metalica.lu\/wp-content\/uploads\/2025\/02\/image-protections-solaires-volets-metalica-20250211.jpg\">\n                <\/div>\n            <\/div>\n        <\/div>\n    <\/div>\n<\/section>\n\n<style>\n    #block_157e0bccf9d0ed1000c739cc46e068b2{\n        background-color: #f9fafb;\n    }\n\n            #block_157e0bccf9d0ed1000c739cc46e068b2.imageRight_contentLeft.imageRight_contentLeft_img1::before{\n            background-image: url(\"https:\/\/metalica.lu\/wp-content\/uploads\/2025\/02\/image-protections-solaires-volets-metalica-20250211.jpg\");\n        }\n    <\/style>\n\n\n<section class=\"imageRight_contentLeft imageRight_contentLeft_img1\" id=\"block_b6bcc34520bf57791e8a1492b309e500\" >\n    <div class=\"container\">\n        <div class=\"imageRight_contentLeft_wrapper\">\n            <div class=\"left_content\">\n                <h2 class=\"mb-20\">Markisen<\/span><\/h2>\n                <p class=\"small mb-24\">Fir en effikasse Sonneschutz<\/p>\n                                    <a href=\"https:\/\/metalica.lu\/lb\/sonneschutz\/markisen\/\"  class=\"gray_btn_fill  width-md-100\">Entdecken <span class=\"primary_color pl-10\"><i class=\"fa-solid fa-arrow-right\"><\/i><\/span><\/a>\n                            <\/div>\n            <div class=\"right_content\">\n                <div class=\"right_content_img\">\n                    <img decoding=\"async\" src=\"https:\/\/metalica.lu\/wp-content\/uploads\/2023\/10\/marquises-1_20231009.jpg\">\n                <\/div>\n            <\/div>\n        <\/div>\n    <\/div>\n<\/section>\n\n<style>\n    #block_b6bcc34520bf57791e8a1492b309e500{\n        background-color: #ffffff;\n    }\n\n            #block_b6bcc34520bf57791e8a1492b309e500.imageRight_contentLeft.imageRight_contentLeft_img1::before{\n            background-image: url(\"https:\/\/metalica.lu\/wp-content\/uploads\/2023\/10\/marquises-1_20231009.jpg\");\n        }\n    <\/style>\n\n  \n    <section class=\"discover_product\" id=\"block_7f2045ef151b68c0ac27261a24d66374\">\n        <div class=\"container\">\n            <div class=\"discover_product_wrapper\">\n                <div class=\"discover_product_inner\">\n                    <h2 class=\"mb-20\">Entdeckt aner Produkter<\/h2>\n                                            <ul class=\"discover_product_lists\">\n                                                            <li>\n                                    <a href=\"\/lb\/hausdieren-luxembourg\" style=\"text-decoration:none;\">\n                                        <img decoding=\"async\" src=\"https:\/\/metalica.lu\/wp-content\/uploads\/2023\/06\/reshot-icon-door.png\" alt=\"Hausdieren\">\n                                        <h4>Hausdieren<\/h4>\n                                    <\/a>\n                                <\/li>\n                                                            <li>\n                                    <a href=\"\/lb\/fensteren\/\" style=\"text-decoration:none;\">\n                                        <img decoding=\"async\" src=\"https:\/\/metalica.lu\/wp-content\/uploads\/2023\/06\/reshot-icon-window.png\" alt=\"F\u00ebnsteren\">\n                                        <h4>F\u00ebnsteren<\/h4>\n                                    <\/a>\n                                <\/li>\n                                                            <li>\n                                    <a href=\"\/lb\/pergolaen-a-verandaen\/\" style=\"text-decoration:none;\">\n                                        <img decoding=\"async\" src=\"https:\/\/metalica.lu\/wp-content\/uploads\/2023\/06\/ic_round-balcony.png\" alt=\"Pergolaen a Verandaen\">\n                                        <h4>Pergolaen a Verandaen<\/h4>\n                                    <\/a>\n                                <\/li>\n                                                            <li>\n                                    <a href=\"\/lb\/sonneschutz\/\" style=\"text-decoration:none;\">\n                                        <img decoding=\"async\" src=\"https:\/\/metalica.lu\/wp-content\/uploads\/2023\/06\/mdi_sun-angle-outline.png\" alt=\"Sonneschutz\">\n                                        <h4>Sonneschutz<\/h4>\n                                    <\/a>\n                                <\/li>\n                                                            <li>\n                                    <a href=\"\/lb\/fassadesystemer\/\" style=\"text-decoration:none;\">\n                                        <img decoding=\"async\" src=\"https:\/\/metalica.lu\/wp-content\/uploads\/2023\/06\/tabler_wall.png\" alt=\"Fassadesystemer\">\n                                        <h4>Fassadesystemer<\/h4>\n                                    <\/a>\n                                <\/li>\n                                                    <\/ul>\n                                    <\/div>\n            <\/div>\n        <\/div>\n    <\/section>\n    \n    <style>\n        #block_7f2045ef151b68c0ac27261a24d66374 {\n                    background: url(\"https:\/\/metalica.lu\/wp-content\/uploads\/2023\/06\/discover-product-bg.png\"); \n\t\t\tbackground-repeat: no-repeat;\n\t\t\tbackground-size: cover;\n\t\t\tbackground-position: center;\n\t\t\tposition: relative;\n                        }\n    <\/style>\n","protected":false},"excerpt":{"rendered":"","protected":false},"author":14,"featured_media":0,"parent":8720,"menu_order":0,"comment_status":"closed","ping_status":"closed","template":"","meta":{"_acf_changed":false,"footnotes":""},"class_list":["post-8728","page","type-page","status-publish","hentry"],"acf":[],"yoast_head":"<!-- This site is optimized with the Yoast SEO Premium plugin v27.2 (Yoast SEO v27.5) - https:\/\/yoast.com\/product\/yoast-seo-premium-wordpress\/ -->\n<title>Storen - Metalica<\/title>\n<meta name=\"description\" content=\"Verstellbar Storen a mikroperfor\u00e9iert Toillen || Maacht de Coix aus eiser Gamm u Storen || Installatioun zu L\u00ebtzebuerg || Frot e gratis Devis!\" \/>\n<meta name=\"robots\" content=\"index, follow, max-snippet:-1, max-image-preview:large, max-video-preview:-1\" \/>\n<link rel=\"canonical\" href=\"https:\/\/metalica.lu\/lb\/sonneschutz\/storen\/\" \/>\n<meta property=\"og:locale\" content=\"en_US\" \/>\n<meta property=\"og:type\" content=\"article\" \/>\n<meta property=\"og:title\" content=\"Storen\" \/>\n<meta property=\"og:description\" content=\"Verstellbar Storen a mikroperfor\u00e9iert Toillen || Maacht de Coix aus eiser Gamm u Storen || Installatioun zu L\u00ebtzebuerg || Frot e gratis Devis!\" \/>\n<meta property=\"og:url\" content=\"https:\/\/metalica.lu\/lb\/sonneschutz\/storen\/\" \/>\n<meta property=\"og:site_name\" content=\"Metalica\" \/>\n<meta property=\"article:publisher\" content=\"https:\/\/www.facebook.com\/metalicahome\/\" \/>\n<meta property=\"article:modified_time\" content=\"2026-03-12T11:31:30+00:00\" \/>\n<meta name=\"twitter:card\" content=\"summary_large_image\" \/>\n<meta name=\"twitter:label1\" content=\"Est. reading time\" \/>\n\t<meta name=\"twitter:data1\" content=\"5 minutes\" \/>\n<script type=\"application\/ld+json\" class=\"yoast-schema-graph\">{\"@context\":\"https:\\\/\\\/schema.org\",\"@graph\":[{\"@type\":\"WebPage\",\"@id\":\"https:\\\/\\\/metalica.lu\\\/lb\\\/sonneschutz\\\/storen\\\/\",\"url\":\"https:\\\/\\\/metalica.lu\\\/lb\\\/sonneschutz\\\/storen\\\/\",\"name\":\"Storen - Metalica\",\"isPartOf\":{\"@id\":\"https:\\\/\\\/metalica.lu\\\/lb\\\/#website\"},\"datePublished\":\"2023-07-18T07:01:02+00:00\",\"dateModified\":\"2026-03-12T11:31:30+00:00\",\"description\":\"Verstellbar Storen a mikroperfor\u00e9iert Toillen || Maacht de Coix aus eiser Gamm u Storen || Installatioun zu L\u00ebtzebuerg || Frot e gratis Devis!\",\"breadcrumb\":{\"@id\":\"https:\\\/\\\/metalica.lu\\\/lb\\\/sonneschutz\\\/storen\\\/#breadcrumb\"},\"inLanguage\":\"lb-LU\",\"potentialAction\":[{\"@type\":\"ReadAction\",\"target\":[\"https:\\\/\\\/metalica.lu\\\/lb\\\/sonneschutz\\\/storen\\\/\"]}]},{\"@type\":\"BreadcrumbList\",\"@id\":\"https:\\\/\\\/metalica.lu\\\/lb\\\/sonneschutz\\\/storen\\\/#breadcrumb\",\"itemListElement\":[{\"@type\":\"ListItem\",\"position\":1,\"name\":\"Accueil\",\"item\":\"https:\\\/\\\/metalica.lu\\\/lb\\\/\"},{\"@type\":\"ListItem\",\"position\":2,\"name\":\"Sonneschutz\",\"item\":\"https:\\\/\\\/metalica.lu\\\/lb\\\/sonneschutz\\\/\"},{\"@type\":\"ListItem\",\"position\":3,\"name\":\"Storen\"}]},{\"@type\":\"WebSite\",\"@id\":\"https:\\\/\\\/metalica.lu\\\/lb\\\/#website\",\"url\":\"https:\\\/\\\/metalica.lu\\\/lb\\\/\",\"name\":\"Metalica\",\"description\":\"\",\"publisher\":{\"@id\":\"https:\\\/\\\/metalica.lu\\\/lb\\\/#organization\"},\"potentialAction\":[{\"@type\":\"SearchAction\",\"target\":{\"@type\":\"EntryPoint\",\"urlTemplate\":\"https:\\\/\\\/metalica.lu\\\/lb\\\/?s={search_term_string}\"},\"query-input\":{\"@type\":\"PropertyValueSpecification\",\"valueRequired\":true,\"valueName\":\"search_term_string\"}}],\"inLanguage\":\"lb-LU\"},{\"@type\":\"Organization\",\"@id\":\"https:\\\/\\\/metalica.lu\\\/lb\\\/#organization\",\"name\":\"Metalica\",\"url\":\"https:\\\/\\\/metalica.lu\\\/lb\\\/\",\"logo\":{\"@type\":\"ImageObject\",\"inLanguage\":\"lb-LU\",\"@id\":\"https:\\\/\\\/metalica.lu\\\/lb\\\/#\\\/schema\\\/logo\\\/image\\\/\",\"url\":\"https:\\\/\\\/metalica.lu\\\/wp-content\\\/uploads\\\/2024\\\/05\\\/site-logo.png\",\"contentUrl\":\"https:\\\/\\\/metalica.lu\\\/wp-content\\\/uploads\\\/2024\\\/05\\\/site-logo.png\",\"width\":238,\"height\":62,\"caption\":\"Metalica\"},\"image\":{\"@id\":\"https:\\\/\\\/metalica.lu\\\/lb\\\/#\\\/schema\\\/logo\\\/image\\\/\"},\"sameAs\":[\"https:\\\/\\\/www.facebook.com\\\/metalicahome\\\/\"]}]}<\/script>\n<!-- \/ Yoast SEO Premium plugin. -->","yoast_head_json":{"title":"Storen - Metalica","description":"Verstellbar Storen a mikroperfor\u00e9iert Toillen || Maacht de Coix aus eiser Gamm u Storen || Installatioun zu L\u00ebtzebuerg || Frot e gratis Devis!","robots":{"index":"index","follow":"follow","max-snippet":"max-snippet:-1","max-image-preview":"max-image-preview:large","max-video-preview":"max-video-preview:-1"},"canonical":"https:\/\/metalica.lu\/lb\/sonneschutz\/storen\/","og_locale":"en_US","og_type":"article","og_title":"Storen","og_description":"Verstellbar Storen a mikroperfor\u00e9iert Toillen || Maacht de Coix aus eiser Gamm u Storen || Installatioun zu L\u00ebtzebuerg || Frot e gratis Devis!","og_url":"https:\/\/metalica.lu\/lb\/sonneschutz\/storen\/","og_site_name":"Metalica","article_publisher":"https:\/\/www.facebook.com\/metalicahome\/","article_modified_time":"2026-03-12T11:31:30+00:00","twitter_card":"summary_large_image","twitter_misc":{"Est. reading time":"5 minutes"},"schema":{"@context":"https:\/\/schema.org","@graph":[{"@type":"WebPage","@id":"https:\/\/metalica.lu\/lb\/sonneschutz\/storen\/","url":"https:\/\/metalica.lu\/lb\/sonneschutz\/storen\/","name":"Storen - Metalica","isPartOf":{"@id":"https:\/\/metalica.lu\/lb\/#website"},"datePublished":"2023-07-18T07:01:02+00:00","dateModified":"2026-03-12T11:31:30+00:00","description":"Verstellbar Storen a mikroperfor\u00e9iert Toillen || Maacht de Coix aus eiser Gamm u Storen || Installatioun zu L\u00ebtzebuerg || Frot e gratis Devis!","breadcrumb":{"@id":"https:\/\/metalica.lu\/lb\/sonneschutz\/storen\/#breadcrumb"},"inLanguage":"lb-LU","potentialAction":[{"@type":"ReadAction","target":["https:\/\/metalica.lu\/lb\/sonneschutz\/storen\/"]}]},{"@type":"BreadcrumbList","@id":"https:\/\/metalica.lu\/lb\/sonneschutz\/storen\/#breadcrumb","itemListElement":[{"@type":"ListItem","position":1,"name":"Accueil","item":"https:\/\/metalica.lu\/lb\/"},{"@type":"ListItem","position":2,"name":"Sonneschutz","item":"https:\/\/metalica.lu\/lb\/sonneschutz\/"},{"@type":"ListItem","position":3,"name":"Storen"}]},{"@type":"WebSite","@id":"https:\/\/metalica.lu\/lb\/#website","url":"https:\/\/metalica.lu\/lb\/","name":"Metalica","description":"","publisher":{"@id":"https:\/\/metalica.lu\/lb\/#organization"},"potentialAction":[{"@type":"SearchAction","target":{"@type":"EntryPoint","urlTemplate":"https:\/\/metalica.lu\/lb\/?s={search_term_string}"},"query-input":{"@type":"PropertyValueSpecification","valueRequired":true,"valueName":"search_term_string"}}],"inLanguage":"lb-LU"},{"@type":"Organization","@id":"https:\/\/metalica.lu\/lb\/#organization","name":"Metalica","url":"https:\/\/metalica.lu\/lb\/","logo":{"@type":"ImageObject","inLanguage":"lb-LU","@id":"https:\/\/metalica.lu\/lb\/#\/schema\/logo\/image\/","url":"https:\/\/metalica.lu\/wp-content\/uploads\/2024\/05\/site-logo.png","contentUrl":"https:\/\/metalica.lu\/wp-content\/uploads\/2024\/05\/site-logo.png","width":238,"height":62,"caption":"Metalica"},"image":{"@id":"https:\/\/metalica.lu\/lb\/#\/schema\/logo\/image\/"},"sameAs":["https:\/\/www.facebook.com\/metalicahome\/"]}]}},"_links":{"self":[{"href":"https:\/\/metalica.lu\/lb\/wp-json\/wp\/v2\/pages\/8728","targetHints":{"allow":["GET"]}}],"collection":[{"href":"https:\/\/metalica.lu\/lb\/wp-json\/wp\/v2\/pages"}],"about":[{"href":"https:\/\/metalica.lu\/lb\/wp-json\/wp\/v2\/types\/page"}],"author":[{"embeddable":true,"href":"https:\/\/metalica.lu\/lb\/wp-json\/wp\/v2\/users\/14"}],"replies":[{"embeddable":true,"href":"https:\/\/metalica.lu\/lb\/wp-json\/wp\/v2\/comments?post=8728"}],"version-history":[{"count":3,"href":"https:\/\/metalica.lu\/lb\/wp-json\/wp\/v2\/pages\/8728\/revisions"}],"predecessor-version":[{"id":8784,"href":"https:\/\/metalica.lu\/lb\/wp-json\/wp\/v2\/pages\/8728\/revisions\/8784"}],"up":[{"embeddable":true,"href":"https:\/\/metalica.lu\/lb\/wp-json\/wp\/v2\/pages\/8720"}],"wp:attachment":[{"href":"https:\/\/metalica.lu\/lb\/wp-json\/wp\/v2\/media?parent=8728"}],"curies":[{"name":"wp","href":"https:\/\/api.w.org\/{rel}","templated":true}]}}