{"id":8712,"date":"2023-07-18T08:12:50","date_gmt":"2023-07-18T06:12:50","guid":{"rendered":"https:\/\/metalica.lu\/pergolaen-a-verandaen\/verglaaste-pergolae\/"},"modified":"2026-03-17T09:31:34","modified_gmt":"2026-03-17T08:31:34","slug":"verglaaste-pergolae","status":"publish","type":"page","link":"https:\/\/metalica.lu\/lb\/pergolaen-a-verandaen\/verglaaste-pergolae\/","title":{"rendered":"Verglaaste Pergolae"},"content":{"rendered":"<section class=\"hero_banner product_main\" id=\"block_c7a4baa20c1064f5a240db72c62f63eb\">\n        <div class=\"container\">\n            <div class=\"hero_banner_content\">\n                <h1 class=\"white_color mb-24\">Verglaaste Pergolaen 100 % op d&#8217;Mooss a modul\u00e9ierbar<\/h1>\n                <p class=\"font-18 white_color mb-24\">Verglaaste Pergolae sinn en attraktive Komprom\u00ebss t\u00ebscht klassesche Pergolaen a Verandaen. METALICA bitt d&#8217;Integratioun vun engem innovativen, modul\u00e9ierbare System, deen et Iech erm\u00e9iglecht, d&#8217;Pergola no Besoin op- oder zouzemaachen.\r\n<\/p>\n<!--                 <a href=\"https:\/\/metalica.lu\/lb\/kontakt\/\" class=\"primary_btn_fill\">Kontakt\u00e9iert eis fir e gratis Devis <span><i class=\"fa-solid fa-arrow-right\"><\/i><\/span><\/a> -->\n\t\t\t\t            <a href=\"https:\/\/metalica.lu\/lb\/kontakt\/\" class=\"primary_btn_fill\">Kontakt\u00e9iert eis fir e gratis Devis <span><i class=\"fa-solid fa-arrow-right\"><\/i><\/span><\/a>            <\/div>\n        <\/div>\n<\/section>\n<style>\n #block_c7a4baa20c1064f5a240db72c62f63eb.product_main{\n    background-image:linear-gradient(0deg, rgba(0, 0, 0, 0.4), rgba(0, 0, 0, 0.4)),url(\"https:\/\/metalica.lu\/wp-content\/uploads\/2023\/10\/pergolas-vitrees-hero-metalica-04.jpg\");\n    height: 100%;\n    padding: 145px 0;\n}\n@media (max-width:767px) {\n    #block_c7a4baa20c1064f5a240db72c62f63eb.product_main{\n        padding: 70px 0;\n    }\n}\n<\/style>\n\n  \n     <section class=\"fullbody_content\" id=\"block_b9a4b543e940eca2e8617e9c59cf2607\">\n        <div class=\"container\">\n            <div class=\"content_wrapper\">\n                <div class=\"content_wrapper_inner\" style=\"color: ; text-align: left\">\n                <h2 class=\"mb-20\">Verglaaste Pergolaen &#8211; e Komprom\u00ebss t\u00ebscht Pergola a Veranda<\/h2>\n                <p>Dir frot Iech, wat besser ass &#8211; eng Veranda oder eng Pergola? Mir hunn d&#8217;L\u00e9isung: Eng verglaaste Pergola erweist sech als reelle Komprom\u00ebss t\u00ebscht d\u00ebsen zwou Aarte vun Terrasseniwwerdaachung. D\u00ebsen neie Wunnraum w\u00e4ert Dir ouni gr\u00e9isseren Opwand ganz s\u00e9ier benotze k\u00ebnnen.<\/p>\n<p>Mat dem Flaachdaach vun der Pergola entsteet eng richteg Liichtquell: D&#8217;Sonnestrale ginn op der Terrass, direkt virun \u00c4rem Living oder esouguer am Banneber\u00e4ich vun \u00c4re Wunnraim geb\u00fcndelt! Donieft sidd Dir virun allen Zorte vu Wiederkonditioune gesch\u00fctzt. D\u00e9i perfekt Plaz also, fir e Kaffi ze dr\u00e9nken oder en Iessen dobaussen &#8211; ouni naass ze ginn!<\/p>\n<p>A wat fir Virdeeler ginn et nach? Dir k\u00ebnnt \u00c4r Pergola zu engem sp\u00e9ideren Z\u00e4itpunkt ganz no Wonsch och an eng Veranda \u00ebmwandelen. Op d\u00ebs Man\u00e9ier k\u00ebnnt Dir am Wanter komplett vun de Liichtstrale profit\u00e9ieren, ouni dob\u00e4i engem kale Wand ausgesat ze sinn.<\/p>\n                                    <a href=\"https:\/\/metalica.lu\/lb\/kontakt\/\"  class=\"gray_btn_fill width-md-100\">Devis ufroen <span><i class=\"fa-solid fa-arrow-right primary_color\"><\/i><\/span><\/a>\n                                <\/div>\n            <\/div> \n        <\/div>\n    <\/section> \n    <style>\n    \n    #block_b9a4b543e940eca2e8617e9c59cf2607 .gray_btn_fill{  \n        color: #ffffff;\n        background-color: #171C28;        \n    }\n\n    <\/style>\n    \n\n    <section class=\"specification_main\" id=\"block_bfbf92a9efc6720697ddbfe20aecff5e\">\n        <div class=\"container\">\n            <div class=\"specification_inner\">\n                                    <div class=\"specification_single\">\n                        <p class=\"mb-24\"><img decoding=\"async\" src=\"https:\/\/metalica.lu\/wp-content\/uploads\/2023\/06\/lock-closed.png\" alt=\"\"><\/p>\n                        <h4 class=\"mb-8 pb-4\">Eng nohalteg Konstruktioun<\/h4>\n                        <p class=\"small\">Glas ass e Material, dat schlecht Wieder a staarke Wand perfekt aush\u00e4lt. Et rascht net a verfierft sech net, wat et zu engem best\u00e4nnege Baustoff m\u00e9cht. <\/p>\n                    <\/div>\n                                    <div class=\"specification_single\">\n                        <p class=\"mb-24\"><img decoding=\"async\" src=\"https:\/\/metalica.lu\/wp-content\/uploads\/2023\/06\/clock.png\" alt=\"\"><\/p>\n                        <h4 class=\"mb-8 pb-4\">Eng richteg Liichtquell<\/h4>\n                        <p class=\"small\">Mat engem verglaasten Daach. <\/p>\n                    <\/div>\n                                    <div class=\"specification_single\">\n                        <p class=\"mb-24\"><img decoding=\"async\" src=\"https:\/\/metalica.lu\/wp-content\/uploads\/2023\/06\/Adjustments.png\" alt=\"\"><\/p>\n                        <h4 class=\"mb-8 pb-4\">En Designelement fir \u00c4ert Haus<\/h4>\n                        <p class=\"small\">Verglaaste Pergolae sinn \u00e4stheetesch, elegant a komplett personalis\u00e9ierbar. <\/p>\n                    <\/div>\n                                    <div class=\"specification_single\">\n                        <p class=\"mb-24\"><img decoding=\"async\" src=\"https:\/\/metalica.lu\/wp-content\/uploads\/2023\/06\/Users.png\" alt=\"\"><\/p>\n                        <h4 class=\"mb-8 pb-4\">Bei all Wieder gesch\u00fctzt<\/h4>\n                        <p class=\"small\">Ob bei Reen oder Schn\u00e9i. <\/p>\n                    <\/div>\n                  \n            <\/div>\n        <\/div>\n    <\/section>\n<style>\n    #block_bfbf92a9efc6720697ddbfe20aecff5e {\n                background: #ffffff; \n        }\n<\/style>\n\n\n<section class=\"list_with_discription list_with_discription_first\" id=\"block_e8f3237cf9c184317e9ac79682f2d3d4\">\n    <div class=\"container\">\n        <div class=\"list_with_discription_inner\">\n            <div class=\"list_with_discription_content\">\n                <h2 class=\"mb-20\">Eng modul\u00e9ierbar verglaaste Pergola FLACHDACH<\/h2>\n                <p>Wie seet, datt Dir net gl\u00e4ichz\u00e4iteg eng Veranda AN eng Pergola k\u00ebnnt hunn? Wann eng verglaaste Pergola en einfache Glasdaach huet, l\u00e9isst sech d\u00e9i modul\u00e9ierbar Pergola FLACHDACH an e richtegt &#8220;Glashaus&#8221; verwandelen. Mat sengem kubisteschen Design a senger Aluminiumsstruktur ass d&#8217;Pergola FLACHDACH eng innovativ a gl\u00e4ichz\u00e4iteg confortabel Terrasseniwwerdaachung.<\/p>\n<p>Net just de Flaachdaach ass verglaast. Och d&#8217;Fassade si mat modernen a luxuri\u00e9ise Schibedieren ekip\u00e9iert, d\u00e9i Dir jee no Wonsch bequeem op- an zoumaache k\u00ebnnt. D&#8217;verglaaste Pergola FLACHDACH zeechent sech duerch seng Modul\u00e9ierbarkeet aus: Am Wanter k\u00ebnnt Dir se komplett zoumaachen a vun enger Pergola als Wantergaart oder Patio profit\u00e9ieren, dee Confort, Wuelbefannen a W\u00e4ermt vereent.<\/p>\n<p>Am Summer k\u00ebnnt Dir d&#8217;Glas-Schibedieren opmaachen a fir eng perfekt Loftzirkulatioun suergen! Ob Glas-Schibedieren, Dierefligelen oder Diere mat engem Fal-Mechanismus (l\u00e9isst sech no bannen oder bausse falen): Wielt d\u00e9i Optioun, d\u00e9i \u00c4re Besoinen entspr\u00e9cht!<\/p>\n                                    <ul class=\"discription_list_content\">\n                                                <li class=\"discription_list_content_single mb-20\">\n                            <h4 class=\"mb-8\">Minimalisteschen Design<\/h4>\n                            <p class=\"small\">D&#8217;Uschl\u00ebss sinn an der Pergola verbaut &#8211; d&#8217;Aluminiumsstruktur ass modern an \u00e4stheetesch.<\/p>\n                        <\/li>\n                                                <li class=\"discription_list_content_single mb-20\">\n                            <h4 class=\"mb-8\">Fix an amovibel Elementer<\/h4>\n                            <p class=\"small\">Op Ufro k\u00ebnne mir Schibedieren aus Glas a weider aner Elementer, fix oder amovibel, verbauen.<\/p>\n                        <\/li>\n                                                <li class=\"discription_list_content_single mb-20\">\n                            <h4 class=\"mb-8\">A senger Ganzheet modul\u00e9ierbar<\/h4>\n                            <p class=\"small\">Mat eise spezielle S\u00e4itenelementer k\u00ebnnt Dir \u00c4r Pergola ganz no Wonsch m\u00e9i oppen oder zou gestalten.<\/p>\n                        <\/li>\n                                                <li class=\"discription_list_content_single mb-20\">\n                            <h4 class=\"mb-8\">Ergonomesch Systemer<\/h4>\n                            <p class=\"small\">D&#8217;Glaspannoe loossen sech och bei groussen Dimensioune ganz liicht op- an zoumaachen. <\/p>\n                        <\/li>\n                                                <li class=\"discription_list_content_single mb-20\">\n                            <h4 class=\"mb-8\">Eng Pergola 100 % op d&#8217;Mooss<\/h4>\n                            <p class=\"small\">Dir selwer sicht d\u00e9i gew\u00ebnschten Dimensiounen an Optiounen aus (Schibedieren; Dieren, d\u00e9i sech fale loossen; Systemer, fir zouzesp\u00e4ren asw.).<\/p>\n                        <\/li>\n                                            <\/ul>\n                            <\/div>\n            <div class=\"list_with_discription_tab_main\">\n                <div class=\"list_with_discription_tab_image\">\n                    <img decoding=\"async\" src=\"https:\/\/metalica.lu\/wp-content\/uploads\/2023\/10\/pergolas-vitrees-flachdach-metalica-01.jpg\" alt=\"\">\n                <\/div>\n            <\/div>\n        <\/div>\n    <\/div>\n<\/section>\n<style>\n    #block_e8f3237cf9c184317e9ac79682f2d3d4 {\n        background: #f9fafb; \n    }\n\n    #block_e8f3237cf9c184317e9ac79682f2d3d4.list_with_discription.list_with_discription_first::before{\n        background-image : url(\"https:\/\/metalica.lu\/wp-content\/uploads\/2023\/10\/pergolas-vitrees-flachdach-metalica-01.jpg\");\n    }\n<\/style>\n\n    <section class=\"gallery_slider\" id=\"block_2e2b080bc35b76994af682b3b6a64d7c\" >\n        <div class=\"container\">\n            <h2>Inspiratioun fir \u00c4r verglaaste Pergola<\/h2>\n        <\/div>\n        <div class=\"gallery_slider_wrapper\">\n            <div class=\"swiper-container gallery-swiper-container gallery-block_2e2b080bc35b76994af682b3b6a64d7c\">\n                <div class=\"swiper-wrapper\">\n                                            <div class=\"swiper-slide\">\n                            <div class=\"card-image\">\n                                <a href=\"https:\/\/metalica.lu\/wp-content\/uploads\/2023\/10\/inspiration-pergolas-vitrees-metalica-01.jpg\" class=\"glightbox\"  data-glightbox=\"type: image\">\n                                    <img decoding=\"async\" src=\"https:\/\/metalica.lu\/wp-content\/uploads\/2023\/10\/inspiration-pergolas-vitrees-metalica-01.jpg\" alt=\"Image Slider\">\n                                <\/a>\n                                                            <\/div>\n                        <\/div>\n                                            <div class=\"swiper-slide\">\n                            <div class=\"card-image\">\n                                <a href=\"https:\/\/metalica.lu\/wp-content\/uploads\/2023\/10\/inspiration-pergolas-vitrees-metalica-02.jpg\" class=\"glightbox\"  data-glightbox=\"type: image\">\n                                    <img decoding=\"async\" src=\"https:\/\/metalica.lu\/wp-content\/uploads\/2023\/10\/inspiration-pergolas-vitrees-metalica-02.jpg\" alt=\"Image Slider\">\n                                <\/a>\n                                                            <\/div>\n                        <\/div>\n                                            <div class=\"swiper-slide\">\n                            <div class=\"card-image\">\n                                <a href=\"https:\/\/metalica.lu\/wp-content\/uploads\/2023\/10\/inspiration-pergolas-vitrees-metalica-03.jpg\" class=\"glightbox\"  data-glightbox=\"type: image\">\n                                    <img decoding=\"async\" src=\"https:\/\/metalica.lu\/wp-content\/uploads\/2023\/10\/inspiration-pergolas-vitrees-metalica-03.jpg\" alt=\"Image Slider\">\n                                <\/a>\n                                                            <\/div>\n                        <\/div>\n                                            <div class=\"swiper-slide\">\n                            <div class=\"card-image\">\n                                <a href=\"https:\/\/metalica.lu\/wp-content\/uploads\/2023\/10\/inspiration-pergolas-vitrees-metalica-05.jpg\" class=\"glightbox\"  data-glightbox=\"type: image\">\n                                    <img decoding=\"async\" src=\"https:\/\/metalica.lu\/wp-content\/uploads\/2023\/10\/inspiration-pergolas-vitrees-metalica-05.jpg\" alt=\"Image Slider\">\n                                <\/a>\n                                                            <\/div>\n                        <\/div>\n                                            <div class=\"swiper-slide\">\n                            <div class=\"card-image\">\n                                <a href=\"https:\/\/metalica.lu\/wp-content\/uploads\/2023\/10\/inspiration-pergolas-vitrees-metalica-06.jpg\" class=\"glightbox\"  data-glightbox=\"type: image\">\n                                    <img decoding=\"async\" src=\"https:\/\/metalica.lu\/wp-content\/uploads\/2023\/10\/inspiration-pergolas-vitrees-metalica-06.jpg\" alt=\"Image Slider\">\n                                <\/a>\n                                                            <\/div>\n                        <\/div>\n                                            <div class=\"swiper-slide\">\n                            <div class=\"card-image\">\n                                <a href=\"https:\/\/metalica.lu\/wp-content\/uploads\/2023\/10\/inspiration-pergolas-vitrees-metalica-07.jpg\" class=\"glightbox\"  data-glightbox=\"type: image\">\n                                    <img decoding=\"async\" src=\"https:\/\/metalica.lu\/wp-content\/uploads\/2023\/10\/inspiration-pergolas-vitrees-metalica-07.jpg\" alt=\"Image Slider\">\n                                <\/a>\n                                                            <\/div>\n                        <\/div>\n                                            <div class=\"swiper-slide\">\n                            <div class=\"card-image\">\n                                <a href=\"https:\/\/metalica.lu\/wp-content\/uploads\/2023\/10\/inspiration-pergolas-vitrees-metalica-08.jpg\" class=\"glightbox\"  data-glightbox=\"type: image\">\n                                    <img decoding=\"async\" src=\"https:\/\/metalica.lu\/wp-content\/uploads\/2023\/10\/inspiration-pergolas-vitrees-metalica-08.jpg\" alt=\"Image Slider\">\n                                <\/a>\n                                                            <\/div>\n                        <\/div>\n                                            <div class=\"swiper-slide\">\n                            <div class=\"card-image\">\n                                <a href=\"https:\/\/metalica.lu\/wp-content\/uploads\/2023\/10\/inspiration-pergolas-vitrees-metalica-09.jpg\" class=\"glightbox\"  data-glightbox=\"type: image\">\n                                    <img decoding=\"async\" src=\"https:\/\/metalica.lu\/wp-content\/uploads\/2023\/10\/inspiration-pergolas-vitrees-metalica-09.jpg\" alt=\"Image Slider\">\n                                <\/a>\n                                                            <\/div>\n                        <\/div>\n                                            <div class=\"swiper-slide\">\n                            <div class=\"card-image\">\n                                <a href=\"https:\/\/metalica.lu\/wp-content\/uploads\/2023\/10\/inspiration-pergolas-vitrees-metalica-10.jpg\" class=\"glightbox\"  data-glightbox=\"type: image\">\n                                    <img decoding=\"async\" src=\"https:\/\/metalica.lu\/wp-content\/uploads\/2023\/10\/inspiration-pergolas-vitrees-metalica-10.jpg\" alt=\"Image Slider\">\n                                <\/a>\n                                                            <\/div>\n                        <\/div>\n                                    <\/div>\n                <!-- Add Scrollbar -->\n                <div class=\"swiper-button-next\">\n                    <i class=\"fa-solid fa-chevron-right\"><\/i>\n                <\/div>\n                <div class=\"swiper-button-prev\">\n                    <i class=\"fa-solid fa-chevron-left\"><\/i>\n                <\/div>\n            <\/div>\n        <\/div>\n    <\/section>\n\n<script>\n    $(document).ready(function(){\n        \/\/ Gallery Swiper Configuration\n        var swiper = new Swiper(\".gallery-block_2e2b080bc35b76994af682b3b6a64d7c\", {\n            slidesPerView: 2,\n            spaceBetween: 30,\n            centeredSlides: true,\n            freeMode: true,\n            grabCursor: true,\n            loop: true,\n            autoplay: {\n                delay: 4000,\n                disableOnInteraction: false\n            },\n            navigation: {\n                nextEl: \".swiper-button-next\",\n                prevEl: \".swiper-button-prev\"\n            },\n            breakpoints: {\n                992: {\n                    slidesPerView: 1.1,\n                    centeredSlides: true,\n                },\n                767: {\n                    slidesPerView: 1,\n                    centeredSlides: false,\n                },\n            }\n        });\n        \/\/ ====== LIGHT BOX ========\n        const lightbox = GLightbox({\n            touchNavigation: true,\n            loop: true,\n            width: \"90vw\",\n            height: \"90vh\"\n        });\n    });\n<\/script>\n\n<section class=\"faqs_main\" id=\"block_17e8144256866c8439a2fd0ff821218d\" >\n    <div class=\"container\">\n        <div class=\"faqs_wrapper\">\n            <!-- <h2 class=\"text-center\">Foire \u00e0 <span class=\"primary_color\">questions<\/span><\/h2> -->\n            <h2 class=\"text-center\">Meeschtgestallte Froen\r\n<\/span><\/h2>\n                            <div class=\"faqs_accordion\">\n                    <ul class=\"faqs-accordion-list\">\n                                                    <li>\n                                <h3 class=\"faqs-accordion-heading\">1. Wat ass eng verglaasten Aluminiumspergola a wat fir eng Mierkmoler huet se?                                    <span class=\"faq_down_arrow\"><i class=\"fa-solid fa-angle-down\"><\/i><\/span>\n                                <\/h3>\n                                <div class=\"faqs_answer\">\n                                    <p>Eng verglaasten Aluminiumspergola ass eng Konstruktioun aus Aluminium mat Glasw\u00e4nn fir baussen, d\u00e9i e gesch\u00fctzten, helle Raum schaaft an dob\u00e4i e Panoramabl\u00e9ck op d&#8217;Natur m\u00e9iglech m\u00e9cht. D&#8217;Glasw\u00e4nn k\u00ebnne fest oder amovibel sinn, wat eng flexibel Notzung erlaabt.<\/p>\n                                <\/div>\n                            <\/li>\n                                                    <li>\n                                <h3 class=\"faqs-accordion-heading\">2. Wat fir Virdeeler huet eng verglaasten Aluminiumspergola am Verglach zu aneren?                                    <span class=\"faq_down_arrow\"><i class=\"fa-solid fa-angle-down\"><\/i><\/span>\n                                <\/h3>\n                                <div class=\"faqs_answer\">\n                                    <p>Eng Rei Virdeeler leien op der Hand: Schutz virun all Zort vu Wiederkonditioune bei gl\u00e4ichz\u00e4iteger Notzung vum Dagesliicht, Kreatioun vun engem Raum deen een d&#8217;ganzt Joer iwwer benotze kann, modern an elegant \u00c4stheetik vun Aluminium, nohalteg a widderstandsf\u00e4eg Struktur esouw\u00e9i d&#8217;M\u00e9iglechkeet, d&#8217;Pergola no individuelle Besoinen a Virl\u00e9iften unzepassen.<\/p>\n                                <\/div>\n                            <\/li>\n                                                    <li>\n                                <h3 class=\"faqs-accordion-heading\">3. Op wat g\u00ebllt et bei der Auswiel vun enger verglaasten Aluminiumspergola opzepassen?                                    <span class=\"faq_down_arrow\"><i class=\"fa-solid fa-angle-down\"><\/i><\/span>\n                                <\/h3>\n                                <div class=\"faqs_answer\">\n                                    <p>Eng Rei wichteg Faktoren, d\u00e9i Dir bei der Auswiel ber\u00e9cksiichtege sollt, sinn: d&#8217;Gr\u00e9isst an d&#8217;Gestaltung vun der Pergola mat Hibl\u00e9ck op d\u00e9i verf\u00fcgbar Plaz, d&#8217;Qualit\u00e9it vun de Materialer, d&#8217;Aart vun der Verglasung (eefach, duebel, geh\u00e4erte Glas asw.), d&#8217;Optioun fir eng Isolatioun (W\u00e4ermt a Schall), d&#8217;Accessoiren an d&#8217;Optioune fir eng individuell Gestaltung esouw\u00e9i de Pr\u00e4is an d&#8217;Konditioune vum Montage.<\/p>\n                                <\/div>\n                            <\/li>\n                                                <!-- <li>\n                            <h3 class=\"faqs-accordion-heading\">1. Comment fonctionne une pergola bioclimatique ?\n                                <span class=\"faq_down_arrow\"><i class=\"fa-solid fa-angle-down\"><\/i><\/span>\n                            <\/h3>\n                            <div class=\"faqs_answer\">\n                                <p>While we would love to be able to give a definitive, fixed price for a website, it really depends on the specific needs for each individual business. If one business needs a website comprised of five pages, while another has a substantially larger site of over 100 pages - obviously those projects are going to command different price points.<\/p>\n\n                                <p>With that being said - here are some general guidelines on what to expect from a pricing standpoint.<\/p>\n\n                                <p>If you can get by with a small website (between 3 - 10 pages) using a pre-designed template, you can expect to pay approximately $2,500.00. A mid-sized website that has anywhere from 11 - 25 pages, but still uses a pre-made template, will be between $3,000.00 - $5,000.00. If you have a lot of pages, are looking for something completely custom, or are looking for something that has special functionality such as eCommerce, custom calculators, or integrations with other services, you may be looking at anywhere from $10,000 - $20,000.<\/p>\n                            <\/div>\n                        <\/li>\n                        <li>\n                            <h3 class=\"faqs-accordion-heading\">2. Quels sont les avantages d'une pergola bioclimatique ?\n                                <span class=\"faq_down_arrow\"><i class=\"fa-solid fa-angle-down\"><\/i><\/span>\n                            <\/h3>\n                            <div class=\"faqs_answer\">\n                                <p>This will vary depending on the type of project. For logo & branding projects, fees will be one-time costs. For website projects, we will typically charge a monthly fee, depending on the level of service you choose. To view a full list of our monthly packages, click here.<\/p>\n                            <\/div>\n                        <\/li>\n                        <li>\n                            <h3 class=\"faqs-accordion-heading\">3. Les pergolas bioclimatiques sont-elles durables ?\n                                <span class=\"faq_down_arrow\"><i class=\"fa-solid fa-angle-down\"><\/i><\/span>\n                            <\/h3>\n                            <div class=\"faqs_answer\">\n                                <p>Logo projects typically cost between $3,000 - $5000.<\/p>\n                                <p>\"Why so much?\" many people ask. To answer simply - because they require a lot of work. At least, to do them properly. And of all of the investments that you will make for your business, your logo & branding is one area where you don't want to skimp.<\/p>\n\n                                <p>In business, image is everything. And while your overall brand is based on far more than just your logo, a bad logo can create a strong first impression (for better or for worse).<\/p>\n\n                            <\/div>\n                        <\/li>\n                        <li>\n                            <h3 class=\"faqs-accordion-heading\">4. Les pergolas bioclimatiques sont-elles co\u00fbteuses \u00e0 installer ?\n                                <span class=\"faq_down_arrow\"><i class=\"fa-solid fa-angle-down\"><\/i><\/span>\n                            <\/h3>\n                            <div class=\"faqs_answer\">\n                                <p>Experience, quality, and results.<\/p>\n                                <p><strong>Experience.<\/strong> We have been designing websites professional since the early days of the web - before CSS was mainstream, and people still used tables for their website layouts. In the 20+ years that we have been doing this, we have work with and learned from many of the top voices in several industries. To put it simply - there are very few people in the world, let alone the area that can top our years of experience.<\/p>\n                                <p><strong>Results<\/strong> More than anything else, our focus is, and will always be getting results for clients. We don't care how pretty something is - if it is not resulting in the growth or obtaining of goals for our clients, then it is not time or money well spent. Our mission is to turn visitors into paying customers - and every decision that we make is rooted in that mission.<\/p>\n                            <\/div>\n                        <\/li>\n                        <li>\n                            <h3 class=\"faqs-accordion-heading\">5. Les pergolas bioclimatiques sont-elles faciles \u00e0 entretenir ?\n                                <span class=\"faq_down_arrow\"><i class=\"fa-solid fa-angle-down\"><\/i><\/span>\n                            <\/h3>\n                            <div class=\"faqs_answer\">\n                                <p>We started this business from scratch, and know full-well how tight money can be when you are first starting out. We empathize with the struggles of new business owners, and therefore work diligently so that the new businesses that we work with succeed.<\/p>\n\n                                <p>The primary criteria we look for when working with new businesses is the seriousness of the business owner. While it is natural for a new business owner to be cautious with the money they spend - we do look for a commitment to growth. If you do not have a specific plan for how you intend to grow your business, then the reality is - you will probably never be in a good position to afford our services.<\/p>\n                            <\/div>\n                        <\/li> -->\n                    <\/ul>\n                <\/div>\n                    <\/div>\n    <\/div>\n<\/section>\n\n<style>\n    #block_17e8144256866c8439a2fd0ff821218d{\n        background-color: #FFFFFF;\n    }\n<\/style>\n\n<script>\n    \/\/ ======= FAQ ACCORDION ========\n    $(document).ready(function(){\n        $('.faqs-accordion-list > li > .faqs_answer').hide();                \n        $('.faqs-accordion-list > li').click(function() {\n            if ($(this).hasClass(\"active\")) {\n            $(this).removeClass(\"active\").find(\".faqs_answer\").slideUp();\n            } else {\n            $(\".faqs-accordion-list > li.active .faqs_answer\").slideUp();\n            $(\".faqs-accordion-list > li.active\").removeClass(\"active\");\n            $(this).addClass(\"active\").find(\".faqs_answer\").slideDown();\n            }\n            return false;\n        });            \n    });\n<\/script>\n\n<section class=\"cta_main\" id=\"block_8711686e74f8f23b1a6081e649b9a4db\">\n    <div class=\"container\">\n        <h2 class=\"text-center mb-24 pb-4\">Eng verglaaste Pergola ass eng nei Liichtquell fir \u00c4ert Doheem. Integr\u00e9iert se elo an \u00c4re Wunnraum!\r\n<\/h2>\n        <div class=\"text-center\">\n                    <a href=\"https:\/\/metalica.lu\/lb\/kontakt\/\"  class=\"gray_btn_fill width-md-100\">Ech froen e gratis Devis <span class=\"primary_color\"><i class=\"fa-solid fa-arrow-right pl-10\"><\/i><\/span><\/a>\n                <\/div>\n    <\/div>\n<\/section>\n\n<style>\n    #block_8711686e74f8f23b1a6081e649b9a4db {\n                background: #fbba00; \n        }\n<\/style>\n\n\n<section class=\"imageRight_contentLeft imageRight_contentLeft_img1\" id=\"block_2b2127110d898f5d4c88c5f63c8c9938\" >\n    <div class=\"container\">\n        <div class=\"imageRight_contentLeft_wrapper\">\n            <div class=\"left_content\">\n                <h2 class=\"mb-20\">Bioklimatesch Pergolaen\r\n<\/span><\/h2>\n                <p class=\"small mb-24\">Fir eng optimal Temperaturgestioun<\/p>\n                                    <a href=\"https:\/\/metalica.lu\/lb\/pergolaen-a-verandaen\/bioklimatesch-pergola-renson\/\"  class=\"gray_btn_fill  width-md-100\">Entdecken <span class=\"primary_color pl-10\"><i class=\"fa-solid fa-arrow-right\"><\/i><\/span><\/a>\n                            <\/div>\n            <div class=\"right_content\">\n                <div class=\"right_content_img\">\n                    <img decoding=\"async\" src=\"https:\/\/metalica.lu\/wp-content\/uploads\/2023\/10\/pergolas-2_20231010.jpg\">\n                <\/div>\n            <\/div>\n        <\/div>\n    <\/div>\n<\/section>\n\n<style>\n    #block_2b2127110d898f5d4c88c5f63c8c9938{\n        background-color: #ffffff;\n    }\n\n            #block_2b2127110d898f5d4c88c5f63c8c9938.imageRight_contentLeft.imageRight_contentLeft_img1::before{\n            background-image: url(\"https:\/\/metalica.lu\/wp-content\/uploads\/2023\/10\/pergolas-2_20231010.jpg\");\n        }\n    <\/style>\n\n\n<section class=\"imageRight_contentLeft imageRight_contentLeft_img1\" id=\"block_c7bbb4e330bf0313b444798e5c9fc3f0\" >\n    <div class=\"container\">\n        <div class=\"imageRight_contentLeft_wrapper\">\n            <div class=\"left_content\">\n                <h2 class=\"mb-20\">Verandaen op d&#8217;Mooss<\/span><\/h2>\n                <p class=\"small mb-24\">Kommt der Natur m\u00e9i no<\/p>\n                                    <a href=\"https:\/\/metalica.lu\/lb\/pergolaen-a-verandaen\/verandaen\/\"  class=\"gray_btn_fill  width-md-100\">Entdecken <span class=\"primary_color pl-10\"><i class=\"fa-solid fa-arrow-right\"><\/i><\/span><\/a>\n                            <\/div>\n            <div class=\"right_content\">\n                <div class=\"right_content_img\">\n                    <img decoding=\"async\" src=\"https:\/\/metalica.lu\/wp-content\/uploads\/2023\/10\/verandas-1_20231010.jpg\">\n                <\/div>\n            <\/div>\n        <\/div>\n    <\/div>\n<\/section>\n\n<style>\n    #block_c7bbb4e330bf0313b444798e5c9fc3f0{\n        background-color: #f9fafb;\n    }\n\n            #block_c7bbb4e330bf0313b444798e5c9fc3f0.imageRight_contentLeft.imageRight_contentLeft_img1::before{\n            background-image: url(\"https:\/\/metalica.lu\/wp-content\/uploads\/2023\/10\/verandas-1_20231010.jpg\");\n        }\n    <\/style>\n\n  \n    <section class=\"discover_product\" id=\"block_e627fdbd8078cdd6d06acbfac9419a21\">\n        <div class=\"container\">\n            <div class=\"discover_product_wrapper\">\n                <div class=\"discover_product_inner\">\n                    <h2 class=\"mb-20\">Entdeckt eis aner Produkter<\/h2>\n                                            <ul class=\"discover_product_lists\">\n                                                            <li>\n                                    <a href=\"\/lb\/hausdieren-luxembourg\" style=\"text-decoration:none;\">\n                                        <img decoding=\"async\" src=\"https:\/\/metalica.lu\/wp-content\/uploads\/2023\/06\/reshot-icon-door.png\" alt=\"Hausdieren\">\n                                        <h4>Hausdieren<\/h4>\n                                    <\/a>\n                                <\/li>\n                                                            <li>\n                                    <a href=\"\/lb\/fensteren\/\" style=\"text-decoration:none;\">\n                                        <img decoding=\"async\" src=\"https:\/\/metalica.lu\/wp-content\/uploads\/2023\/06\/reshot-icon-window.png\" alt=\"F\u00ebnsteren\">\n                                        <h4>F\u00ebnsteren<\/h4>\n                                    <\/a>\n                                <\/li>\n                                                            <li>\n                                    <a href=\"\/lb\/pergolaen-a-verandaen\/\" style=\"text-decoration:none;\">\n                                        <img decoding=\"async\" src=\"https:\/\/metalica.lu\/wp-content\/uploads\/2023\/06\/ic_round-balcony.png\" alt=\"Pergolaen a Verandaen\">\n                                        <h4>Pergolaen a Verandaen<\/h4>\n                                    <\/a>\n                                <\/li>\n                                                            <li>\n                                    <a href=\"\/lb\/sonneschutz\/\" style=\"text-decoration:none;\">\n                                        <img decoding=\"async\" src=\"https:\/\/metalica.lu\/wp-content\/uploads\/2023\/06\/mdi_sun-angle-outline.png\" alt=\"Sonneschutz\">\n                                        <h4>Sonneschutz<\/h4>\n                                    <\/a>\n                                <\/li>\n                                                            <li>\n                                    <a href=\"\/lb\/fassadesystemer\/\" style=\"text-decoration:none;\">\n                                        <img decoding=\"async\" src=\"https:\/\/metalica.lu\/wp-content\/uploads\/2023\/06\/tabler_wall.png\" alt=\"Fassadesystemer\">\n                                        <h4>Fassadesystemer<\/h4>\n                                    <\/a>\n                                <\/li>\n                                                    <\/ul>\n                                    <\/div>\n            <\/div>\n        <\/div>\n    <\/section>\n    \n    <style>\n        #block_e627fdbd8078cdd6d06acbfac9419a21 {\n                    background: url(\"https:\/\/metalica.lu\/wp-content\/uploads\/2023\/06\/discover-product-bg.png\"); \n\t\t\tbackground-repeat: no-repeat;\n\t\t\tbackground-size: cover;\n\t\t\tbackground-position: center;\n\t\t\tposition: relative;\n                        }\n    <\/style>\n","protected":false},"excerpt":{"rendered":"","protected":false},"author":14,"featured_media":0,"parent":8704,"menu_order":0,"comment_status":"closed","ping_status":"closed","template":"","meta":{"_acf_changed":false,"footnotes":""},"class_list":["post-8712","page","type-page","status-publish","hentry"],"acf":[],"yoast_head":"<!-- This site is optimized with the Yoast SEO Premium plugin v27.2 (Yoast SEO v27.5) - https:\/\/yoast.com\/product\/yoast-seo-premium-wordpress\/ -->\n<title>Verglaaste Pergolae - Metalica<\/title>\n<meta name=\"description\" content=\"Verglaaste Pergolae modul\u00e9ierbar || Schibedieren a pliabel Dieren || Installatioun iwwerall zu L\u00ebtzebuerg || Gratis Devis op Ufro || Kontakt\u00e9iert eis!\" \/>\n<meta name=\"robots\" content=\"index, follow, max-snippet:-1, max-image-preview:large, max-video-preview:-1\" \/>\n<link rel=\"canonical\" href=\"https:\/\/metalica.lu\/lb\/pergolaen-a-verandaen\/verglaaste-pergolae\/\" \/>\n<meta property=\"og:locale\" content=\"en_US\" \/>\n<meta property=\"og:type\" content=\"article\" \/>\n<meta property=\"og:title\" content=\"Verglaaste Pergolae\" \/>\n<meta property=\"og:description\" content=\"Verglaaste Pergolae modul\u00e9ierbar || Schibedieren a pliabel Dieren || Installatioun iwwerall zu L\u00ebtzebuerg || Gratis Devis op Ufro || Kontakt\u00e9iert eis!\" \/>\n<meta property=\"og:url\" content=\"https:\/\/metalica.lu\/lb\/pergolaen-a-verandaen\/verglaaste-pergolae\/\" \/>\n<meta property=\"og:site_name\" content=\"Metalica\" \/>\n<meta property=\"article:publisher\" content=\"https:\/\/www.facebook.com\/metalicahome\/\" \/>\n<meta property=\"article:modified_time\" content=\"2026-03-17T08:31:34+00:00\" \/>\n<meta name=\"twitter:card\" content=\"summary_large_image\" \/>\n<meta name=\"twitter:label1\" content=\"Est. reading time\" \/>\n\t<meta name=\"twitter:data1\" content=\"4 minutes\" \/>\n<script type=\"application\/ld+json\" class=\"yoast-schema-graph\">{\"@context\":\"https:\\\/\\\/schema.org\",\"@graph\":[{\"@type\":\"WebPage\",\"@id\":\"https:\\\/\\\/metalica.lu\\\/lb\\\/pergolaen-a-verandaen\\\/verglaaste-pergolae\\\/\",\"url\":\"https:\\\/\\\/metalica.lu\\\/lb\\\/pergolaen-a-verandaen\\\/verglaaste-pergolae\\\/\",\"name\":\"Verglaaste Pergolae - Metalica\",\"isPartOf\":{\"@id\":\"https:\\\/\\\/metalica.lu\\\/lb\\\/#website\"},\"datePublished\":\"2023-07-18T06:12:50+00:00\",\"dateModified\":\"2026-03-17T08:31:34+00:00\",\"description\":\"Verglaaste Pergolae modul\u00e9ierbar || Schibedieren a pliabel Dieren || Installatioun iwwerall zu L\u00ebtzebuerg || Gratis Devis op Ufro || Kontakt\u00e9iert eis!\",\"breadcrumb\":{\"@id\":\"https:\\\/\\\/metalica.lu\\\/lb\\\/pergolaen-a-verandaen\\\/verglaaste-pergolae\\\/#breadcrumb\"},\"inLanguage\":\"lb-LU\",\"potentialAction\":[{\"@type\":\"ReadAction\",\"target\":[\"https:\\\/\\\/metalica.lu\\\/lb\\\/pergolaen-a-verandaen\\\/verglaaste-pergolae\\\/\"]}]},{\"@type\":\"BreadcrumbList\",\"@id\":\"https:\\\/\\\/metalica.lu\\\/lb\\\/pergolaen-a-verandaen\\\/verglaaste-pergolae\\\/#breadcrumb\",\"itemListElement\":[{\"@type\":\"ListItem\",\"position\":1,\"name\":\"Accueil\",\"item\":\"https:\\\/\\\/metalica.lu\\\/lb\\\/\"},{\"@type\":\"ListItem\",\"position\":2,\"name\":\"Pergolaen a Verandaen\",\"item\":\"https:\\\/\\\/metalica.lu\\\/lb\\\/pergolaen-a-verandaen\\\/\"},{\"@type\":\"ListItem\",\"position\":3,\"name\":\"Verglaaste Pergolae\"}]},{\"@type\":\"WebSite\",\"@id\":\"https:\\\/\\\/metalica.lu\\\/lb\\\/#website\",\"url\":\"https:\\\/\\\/metalica.lu\\\/lb\\\/\",\"name\":\"Metalica\",\"description\":\"\",\"publisher\":{\"@id\":\"https:\\\/\\\/metalica.lu\\\/lb\\\/#organization\"},\"potentialAction\":[{\"@type\":\"SearchAction\",\"target\":{\"@type\":\"EntryPoint\",\"urlTemplate\":\"https:\\\/\\\/metalica.lu\\\/lb\\\/?s={search_term_string}\"},\"query-input\":{\"@type\":\"PropertyValueSpecification\",\"valueRequired\":true,\"valueName\":\"search_term_string\"}}],\"inLanguage\":\"lb-LU\"},{\"@type\":\"Organization\",\"@id\":\"https:\\\/\\\/metalica.lu\\\/lb\\\/#organization\",\"name\":\"Metalica\",\"url\":\"https:\\\/\\\/metalica.lu\\\/lb\\\/\",\"logo\":{\"@type\":\"ImageObject\",\"inLanguage\":\"lb-LU\",\"@id\":\"https:\\\/\\\/metalica.lu\\\/lb\\\/#\\\/schema\\\/logo\\\/image\\\/\",\"url\":\"https:\\\/\\\/metalica.lu\\\/wp-content\\\/uploads\\\/2024\\\/05\\\/site-logo.png\",\"contentUrl\":\"https:\\\/\\\/metalica.lu\\\/wp-content\\\/uploads\\\/2024\\\/05\\\/site-logo.png\",\"width\":238,\"height\":62,\"caption\":\"Metalica\"},\"image\":{\"@id\":\"https:\\\/\\\/metalica.lu\\\/lb\\\/#\\\/schema\\\/logo\\\/image\\\/\"},\"sameAs\":[\"https:\\\/\\\/www.facebook.com\\\/metalicahome\\\/\"]}]}<\/script>\n<!-- \/ Yoast SEO Premium plugin. -->","yoast_head_json":{"title":"Verglaaste Pergolae - Metalica","description":"Verglaaste Pergolae modul\u00e9ierbar || Schibedieren a pliabel Dieren || Installatioun iwwerall zu L\u00ebtzebuerg || Gratis Devis op Ufro || Kontakt\u00e9iert eis!","robots":{"index":"index","follow":"follow","max-snippet":"max-snippet:-1","max-image-preview":"max-image-preview:large","max-video-preview":"max-video-preview:-1"},"canonical":"https:\/\/metalica.lu\/lb\/pergolaen-a-verandaen\/verglaaste-pergolae\/","og_locale":"en_US","og_type":"article","og_title":"Verglaaste Pergolae","og_description":"Verglaaste Pergolae modul\u00e9ierbar || Schibedieren a pliabel Dieren || Installatioun iwwerall zu L\u00ebtzebuerg || Gratis Devis op Ufro || Kontakt\u00e9iert eis!","og_url":"https:\/\/metalica.lu\/lb\/pergolaen-a-verandaen\/verglaaste-pergolae\/","og_site_name":"Metalica","article_publisher":"https:\/\/www.facebook.com\/metalicahome\/","article_modified_time":"2026-03-17T08:31:34+00:00","twitter_card":"summary_large_image","twitter_misc":{"Est. reading time":"4 minutes"},"schema":{"@context":"https:\/\/schema.org","@graph":[{"@type":"WebPage","@id":"https:\/\/metalica.lu\/lb\/pergolaen-a-verandaen\/verglaaste-pergolae\/","url":"https:\/\/metalica.lu\/lb\/pergolaen-a-verandaen\/verglaaste-pergolae\/","name":"Verglaaste Pergolae - Metalica","isPartOf":{"@id":"https:\/\/metalica.lu\/lb\/#website"},"datePublished":"2023-07-18T06:12:50+00:00","dateModified":"2026-03-17T08:31:34+00:00","description":"Verglaaste Pergolae modul\u00e9ierbar || Schibedieren a pliabel Dieren || Installatioun iwwerall zu L\u00ebtzebuerg || Gratis Devis op Ufro || Kontakt\u00e9iert eis!","breadcrumb":{"@id":"https:\/\/metalica.lu\/lb\/pergolaen-a-verandaen\/verglaaste-pergolae\/#breadcrumb"},"inLanguage":"lb-LU","potentialAction":[{"@type":"ReadAction","target":["https:\/\/metalica.lu\/lb\/pergolaen-a-verandaen\/verglaaste-pergolae\/"]}]},{"@type":"BreadcrumbList","@id":"https:\/\/metalica.lu\/lb\/pergolaen-a-verandaen\/verglaaste-pergolae\/#breadcrumb","itemListElement":[{"@type":"ListItem","position":1,"name":"Accueil","item":"https:\/\/metalica.lu\/lb\/"},{"@type":"ListItem","position":2,"name":"Pergolaen a Verandaen","item":"https:\/\/metalica.lu\/lb\/pergolaen-a-verandaen\/"},{"@type":"ListItem","position":3,"name":"Verglaaste Pergolae"}]},{"@type":"WebSite","@id":"https:\/\/metalica.lu\/lb\/#website","url":"https:\/\/metalica.lu\/lb\/","name":"Metalica","description":"","publisher":{"@id":"https:\/\/metalica.lu\/lb\/#organization"},"potentialAction":[{"@type":"SearchAction","target":{"@type":"EntryPoint","urlTemplate":"https:\/\/metalica.lu\/lb\/?s={search_term_string}"},"query-input":{"@type":"PropertyValueSpecification","valueRequired":true,"valueName":"search_term_string"}}],"inLanguage":"lb-LU"},{"@type":"Organization","@id":"https:\/\/metalica.lu\/lb\/#organization","name":"Metalica","url":"https:\/\/metalica.lu\/lb\/","logo":{"@type":"ImageObject","inLanguage":"lb-LU","@id":"https:\/\/metalica.lu\/lb\/#\/schema\/logo\/image\/","url":"https:\/\/metalica.lu\/wp-content\/uploads\/2024\/05\/site-logo.png","contentUrl":"https:\/\/metalica.lu\/wp-content\/uploads\/2024\/05\/site-logo.png","width":238,"height":62,"caption":"Metalica"},"image":{"@id":"https:\/\/metalica.lu\/lb\/#\/schema\/logo\/image\/"},"sameAs":["https:\/\/www.facebook.com\/metalicahome\/"]}]}},"_links":{"self":[{"href":"https:\/\/metalica.lu\/lb\/wp-json\/wp\/v2\/pages\/8712","targetHints":{"allow":["GET"]}}],"collection":[{"href":"https:\/\/metalica.lu\/lb\/wp-json\/wp\/v2\/pages"}],"about":[{"href":"https:\/\/metalica.lu\/lb\/wp-json\/wp\/v2\/types\/page"}],"author":[{"embeddable":true,"href":"https:\/\/metalica.lu\/lb\/wp-json\/wp\/v2\/users\/14"}],"replies":[{"embeddable":true,"href":"https:\/\/metalica.lu\/lb\/wp-json\/wp\/v2\/comments?post=8712"}],"version-history":[{"count":4,"href":"https:\/\/metalica.lu\/lb\/wp-json\/wp\/v2\/pages\/8712\/revisions"}],"predecessor-version":[{"id":8833,"href":"https:\/\/metalica.lu\/lb\/wp-json\/wp\/v2\/pages\/8712\/revisions\/8833"}],"up":[{"embeddable":true,"href":"https:\/\/metalica.lu\/lb\/wp-json\/wp\/v2\/pages\/8704"}],"wp:attachment":[{"href":"https:\/\/metalica.lu\/lb\/wp-json\/wp\/v2\/media?parent=8712"}],"curies":[{"name":"wp","href":"https:\/\/api.w.org\/{rel}","templated":true}]}}