{"id":8704,"date":"2023-07-18T06:42:13","date_gmt":"2023-07-18T04:42:13","guid":{"rendered":"https:\/\/metalica.lu\/pergolaen-a-verandaen\/"},"modified":"2026-03-12T12:17:35","modified_gmt":"2026-03-12T11:17:35","slug":"pergolaen-a-verandaen","status":"publish","type":"page","link":"https:\/\/metalica.lu\/lb\/pergolaen-a-verandaen\/","title":{"rendered":"Pergolaen a Verandaen"},"content":{"rendered":"<section class=\"hero_banner product_main\" id=\"block_557412d3078c1ebfa5386f98a22ae641\">\n        <div class=\"container\">\n            <div class=\"hero_banner_content\">\n                <h1 class=\"white_color mb-24\">Pergolaen a Verandaen op d&#8217;Mooss zu L\u00ebtzebuerg\r\n<\/h1>\n                <p class=\"font-18 white_color mb-24\">Pergolaen a Verandaen hunn eng ganz Partie Virdeeler: Am Wanter d\u00e9i rar sonneg Amenter gen\u00e9issen an sech am Summer virum Sonnebrand sch\u00fctzen. Hei ass METALICA de wichtegsten Akteur am Ber\u00e4ich vun der Menuiserie ext\u00e9rieur zu L\u00ebtzebuerg: Mir realis\u00e9iere m\u00e9i w\u00e9i 500 Projeten d&#8217;Joer. W\u00ebllt Dir och g\u00e4re vun eisem Knowhow profit\u00e9ieren?\r\n<\/p>\n<!--                 <a href=\"https:\/\/metalica.lu\/lb\/kontakt\/\" class=\"primary_btn_fill\">Kontakt\u00e9iert eis! <span><i class=\"fa-solid fa-arrow-right\"><\/i><\/span><\/a> -->\n\t\t\t\t            <a href=\"https:\/\/metalica.lu\/lb\/kontakt\/\" class=\"primary_btn_fill\">Kontakt\u00e9iert eis! <span><i class=\"fa-solid fa-arrow-right\"><\/i><\/span><\/a>            <\/div>\n        <\/div>\n<\/section>\n<style>\n #block_557412d3078c1ebfa5386f98a22ae641.product_main{\n    background-image:linear-gradient(0deg, rgba(0, 0, 0, 0.4), rgba(0, 0, 0, 0.4)),url(\"https:\/\/metalica.lu\/wp-content\/uploads\/2023\/10\/pergolas-1_20231010.jpg\");\n    height: 100%;\n    padding: 145px 0;\n}\n@media (max-width:767px) {\n    #block_557412d3078c1ebfa5386f98a22ae641.product_main{\n        padding: 70px 0;\n    }\n}\n<\/style>\n\n  \n     <section class=\"fullbody_content\" id=\"block_10b48dcfd1b08b1827635cb1705c6bd2\">\n        <div class=\"container\">\n            <div class=\"content_wrapper\">\n                <div class=\"content_wrapper_inner\" style=\"color: ; text-align: left\">\n                <h2 class=\"mb-20\">Firwat eng Pergola oder eng Veranda fir \u00c4ert Doheem?<\/h2>\n                <p>Ganz einfach! Ob Dir Iech am Summer virun der staarker Sonnestralung sch\u00fctzen oder am Wanter vun all m\u00e9iglecher Liichtquell profit\u00e9iere w\u00ebllt: Pergolaen a Verandaen erf\u00ebllen all \u00c4r Besoinen. Si erweisen sech all eng reell Erweiderung vun \u00c4rem Doheem a bidden esou eng Hellewull un Avantagen an d\u00ebst nieft der simpeler Freed, \u00c4re Gaart oder \u00c4r Terrass ganz einfach gen\u00e9issen ze k\u00ebnnen. Gestioun vun der Temperatur, akustesch Isolatioun, Panoramabl\u00e9ck, en neie Wunnraum fir \u00c4ert Doheem &#8230; Entdeckt s\u00e4mtlech Virdeeler!<\/p>\n                                    <a href=\"https:\/\/metalica.lu\/lb\/kontakt\/\"  class=\"gray_btn_fill width-md-100\">Devis ufroen <span><i class=\"fa-solid fa-arrow-right primary_color\"><\/i><\/span><\/a>\n                                <\/div>\n            <\/div> \n        <\/div>\n    <\/section> \n    <style>\n    \n    #block_10b48dcfd1b08b1827635cb1705c6bd2 .gray_btn_fill{  \n        color: #ffffff;\n        background-color: #171C28;        \n    }\n\n    <\/style>\n    \n\n    <section class=\"specification_main\" id=\"block_ae62a263b8e9b659fd22a505ea652c02\">\n        <div class=\"container\">\n            <div class=\"specification_inner\">\n                                    <div class=\"specification_single\">\n                        <p class=\"mb-24\"><img decoding=\"async\" src=\"https:\/\/metalica.lu\/wp-content\/uploads\/2023\/06\/lock-closed.png\" alt=\"\"><\/p>\n                        <h4 class=\"mb-8 pb-4\">En neie Wunnraum entsteet<\/h4>\n                        <p class=\"small\">Vun deem Dir Wanter w\u00e9i Summer profit\u00e9iere k\u00ebnnt. <\/p>\n                    <\/div>\n                                    <div class=\"specification_single\">\n                        <p class=\"mb-24\"><img decoding=\"async\" src=\"https:\/\/metalica.lu\/wp-content\/uploads\/2023\/06\/clock.png\" alt=\"\"><\/p>\n                        <h4 class=\"mb-8 pb-4\">E verbesserte W\u00e4ermemanagement<\/h4>\n                        <p class=\"small\">Fir \u00c4ert Doheem an de Bausseber\u00e4ich. <\/p>\n                    <\/div>\n                                    <div class=\"specification_single\">\n                        <p class=\"mb-24\"><img decoding=\"async\" src=\"https:\/\/metalica.lu\/wp-content\/uploads\/2023\/06\/Adjustments.png\" alt=\"\"><\/p>\n                        <h4 class=\"mb-8 pb-4\">Optimis\u00e9iert Luminosit\u00e9it am Banneber\u00e4ich<\/h4>\n                        <p class=\"small\">Mat gliesenen Diecher, W\u00e4nn an anere Panorama-F\u00ebnsteren. <\/p>\n                    <\/div>\n                                    <div class=\"specification_single\">\n                        <p class=\"mb-24\"><img decoding=\"async\" src=\"https:\/\/metalica.lu\/wp-content\/uploads\/2023\/06\/Users.png\" alt=\"\"><\/p>\n                        <h4 class=\"mb-8 pb-4\">Installatioun op d&#8217;Mooss<\/h4>\n                        <p class=\"small\">Mat enger Konzeptioun, adapt\u00e9iert un \u00c4r Besoinen. <\/p>\n                    <\/div>\n                  \n            <\/div>\n        <\/div>\n    <\/section>\n<style>\n    #block_ae62a263b8e9b659fd22a505ea652c02 {\n                background: #f9fafb; \n        }\n<\/style>\n\n\n<section class=\"imageRight_contentLeft imageRight_contentLeft_img1\" id=\"block_e4d0498294ca1d5e5548b416060f5afa\" >\n    <div class=\"container\">\n        <div class=\"imageRight_contentLeft_wrapper\">\n            <div class=\"left_content\">\n                <h2 class=\"mb-20\">Eng bioklimatesch Pergola fir eng optimal Temperaturgestioun\r\n<\/span><\/h2>\n                <p>Dir dreemt dovun, fir \u00c4re Bausseber\u00e4ich &#8211; ob Terrass oder Gaart &#8211; zu all Z\u00e4it gen\u00e9issen ze k\u00ebnnen? Mat der bioklimatescher Pergola ass dat elo m\u00e9iglech. Si huet sech s\u00e9ier zu engem Must \u00ebnnert de Pergolaen entw\u00e9ckelt: Mat hire verstellbaren Aluminiumslamelle l\u00e9isst se sech un \u00ebnnerschiddlech Wiederkonditiounen upassen.<\/p>\n<p>Sinn d&#8217;Lamellen zou, da sch\u00fctzt si Iech virun UV-Stralen a reeneregem Wieder. Sinn se op, da kann d&#8217;fr\u00ebsch Loft zirkul\u00e9ieren an d&#8217;Liicht sicht sech s\u00e4i Wee duerch den Daach eran. D\u00ebs Pergola ass iwwerdeems bedeitend m\u00e9i widderstandsf\u00e4eg w\u00e9i normal Markisen: Si hale staarke Wand aus a si sou konzip\u00e9iert, datt se zu 100 % waasserdicht sinn.<\/p>\n<p>Donieft sch\u00fctzt eng bioklimatesch Pergola och virun h\u00e9ijen Temperaturen a ka fir eng gutt Loftzirkulatioun suergen. Gl\u00e4ichz\u00e4iteg bitt si och en Iwwerdaach fir \u00c4r Terrass, \u00c4re Balcon oder Patio, wou d&#8217;Pergola install\u00e9iert g\u00ebtt.<\/p>\n                                    <a href=\"https:\/\/metalica.lu\/lb\/pergolaen-a-verandaen\/bioklimatesch-pergola-renson\/\"  class=\"gray_btn_fill  width-md-100\">Entdeckt eis komplett Gamm u bioklimatesche Pergolaen! <span class=\"primary_color pl-10\"><i class=\"fa-solid fa-arrow-right\"><\/i><\/span><\/a>\n                            <\/div>\n            <div class=\"right_content\">\n                <div class=\"right_content_img\">\n                    <img decoding=\"async\" src=\"https:\/\/metalica.lu\/wp-content\/uploads\/2023\/10\/pergolas-2_20231010.jpg\">\n                <\/div>\n            <\/div>\n        <\/div>\n    <\/div>\n<\/section>\n\n<style>\n    #block_e4d0498294ca1d5e5548b416060f5afa{\n        background-color: #ffffff;\n    }\n\n            #block_e4d0498294ca1d5e5548b416060f5afa.imageRight_contentLeft.imageRight_contentLeft_img1::before{\n            background-image: url(\"https:\/\/metalica.lu\/wp-content\/uploads\/2023\/10\/pergolas-2_20231010.jpg\");\n        }\n    <\/style>\n\n\n<section class=\"imageRight_contentLeft imageRight_contentLeft_img1\" id=\"block_7f70475a862ffb775c4c9ee37d7bf0a3\" >\n    <div class=\"container\">\n        <div class=\"imageRight_contentLeft_wrapper\">\n            <div class=\"left_content\">\n                <h2 class=\"mb-20\">Eng verglaaste Pergola, gen\u00e9isst m\u00e9i Liicht\r\n<\/span><\/h2>\n                <p>Am G\u00e9igesaz zu enger bioklimatesch Pergola verf\u00fc\u00fcgt eng verglaaste Pergola iwwer e Glasdaach, deen d&#8217;Sonnestralen direkt eral\u00e9isst.<\/p>\n<p>W\u00e4rend d&#8217;bioklimatesch Pergola d&#8217;Temperatur an d&#8217;Loftzirkulatioun ger\u00e9iere kann, fung\u00e9iert d&#8217;Pergola mat Glasdaach als optimal Liichtquell fir \u00c4ert Doheem. Esou k\u00ebnnt Dir vum kompletten Dagesliicht profit\u00e9ieren, ganz egal, ob Dir Iech an de Wunnraim dobannen oder an \u00c4rer Pergola ophaalt.<\/p>\n                                    <a href=\"https:\/\/metalica.lu\/lb\/pergolaen-a-verandaen\/verglaaste-pergolae\/\"  class=\"gray_btn_fill  width-md-100\">Entdeckt eis verstellbar verglaaste Pergolaen! <span class=\"primary_color pl-10\"><i class=\"fa-solid fa-arrow-right\"><\/i><\/span><\/a>\n                            <\/div>\n            <div class=\"right_content\">\n                <div class=\"right_content_img\">\n                    <img decoding=\"async\" src=\"https:\/\/metalica.lu\/wp-content\/uploads\/2023\/10\/pergolas-3_20231010.jpg\">\n                <\/div>\n            <\/div>\n        <\/div>\n    <\/div>\n<\/section>\n\n<style>\n    #block_7f70475a862ffb775c4c9ee37d7bf0a3{\n        background-color: #ffffff;\n    }\n\n            #block_7f70475a862ffb775c4c9ee37d7bf0a3.imageRight_contentLeft.imageRight_contentLeft_img1::before{\n            background-image: url(\"https:\/\/metalica.lu\/wp-content\/uploads\/2023\/10\/pergolas-3_20231010.jpg\");\n        }\n    <\/style>\n\n\n<section class=\"imageRight_contentLeft imageRight_contentLeft_img1\" id=\"block_a76006077aa122446bab512946166920\" >\n    <div class=\"container\">\n        <div class=\"imageRight_contentLeft_wrapper\">\n            <div class=\"left_content\">\n                <h2 class=\"mb-20\">D&#8217;Veranda, e richtegen zous\u00e4tzleche Wunnraum<\/span><\/h2>\n                <p>Hutt Dir d&#8217;Gefill, datt et \u00c4rem Doheem un engem zous\u00e4tzleche Wunnraum feelt?<\/p>\n<p>Dann ass dat eventuell en Zeechen, datt et Z\u00e4it g\u00ebtt fir eng Veranda bei Iech doheem! Eng Veranda ass n\u00e4mlech eng reell Erweiderung vun \u00c4rem Wunnraum doheem, deen Dir ganz no \u00c4re W\u00ebnsch benotze k\u00ebnnt: als Iess- oder Spillz\u00ebmmer, als Wantergaart &#8230; Dir hutt de Choix!<\/p>\n<p>De Prinzip vun der Veranda? Eng zoue Struktur mat Glas-Schibedieren. Doduerch kre\u00e9iert d&#8217;Veranda eng Miniversioun vun engem Treibhauseffekt, deen \u00c4r iwwerdaachten Terrass opwiermt. Doriwwer eraus k\u00ebnnt Dir selwer entscheeden, w\u00e9i Dir d&#8217;Schibef\u00ebnsteren an d&#8217;Glas-Schibedieren &#8211; jee no \u00c4re Besoinen &#8211; install\u00e9iere w\u00ebllt; besonnesch am Hibl\u00e9ck op d&#8217;klimatesch an d&#8217;akustesch Isolatioun. Eng Veranda suergt n\u00e4mlech tats\u00e4chlech och fir eng gutt Isolatioun!<\/p>\n<p>D\u00ebst m\u00e9cht d&#8217;Gesamtkonzeptioun vun der Galerie m\u00e9iglech, ma och d&#8217;Asetze vun duebeler respektiv dr\u00e4ifacher Verglasung. A schliisslech suergt eng Veranda och fir eng zous\u00e4tzlech Liichtquell fir \u00c4ert Doheem, well d&#8217;Verglasung zous\u00e4tzlech Liicht bedeit.<\/p>\n                                    <a href=\"https:\/\/metalica.lu\/lb\/pergolaen-a-verandaen\/verandaen\/\"  class=\"gray_btn_fill  width-md-100\">Entdeckt eis ganz Gamm u Verandaen <span class=\"primary_color pl-10\"><i class=\"fa-solid fa-arrow-right\"><\/i><\/span><\/a>\n                            <\/div>\n            <div class=\"right_content\">\n                <div class=\"right_content_img\">\n                    <img decoding=\"async\" src=\"https:\/\/metalica.lu\/wp-content\/uploads\/2023\/10\/verandas-1_20231010.jpg\">\n                <\/div>\n            <\/div>\n        <\/div>\n    <\/div>\n<\/section>\n\n<style>\n    #block_a76006077aa122446bab512946166920{\n        background-color: #ffffff;\n    }\n\n            #block_a76006077aa122446bab512946166920.imageRight_contentLeft.imageRight_contentLeft_img1::before{\n            background-image: url(\"https:\/\/metalica.lu\/wp-content\/uploads\/2023\/10\/verandas-1_20231010.jpg\");\n        }\n    <\/style>\n\n<section class=\"cta_main\" id=\"block_45f1ec1edefcb8038c4a4751748857cf\">\n    <div class=\"container\">\n        <h2 class=\"text-center mb-24 pb-4\">W\u00e9i k\u00ebnnt Dir voll vun \u00c4rem Bausseber\u00e4ich Wanter w\u00e9i Summer profit\u00e9ieren an dob\u00e4i \u00c4re Wunn-Confort verbesseren? Wielt eng Pergola oder eng Veranda!<\/h2>\n        <div class=\"text-center\">\n                    <a href=\"https:\/\/metalica.lu\/lb\/kontakt\/\"  class=\"gray_btn_fill width-md-100\">Ech froen e gratis Devis <span class=\"primary_color\"><i class=\"fa-solid fa-arrow-right pl-10\"><\/i><\/span><\/a>\n                <\/div>\n    <\/div>\n<\/section>\n\n<style>\n    #block_45f1ec1edefcb8038c4a4751748857cf {\n                background: #FBBA00; \n        }\n<\/style>\n\n  \n    <section class=\"discover_product\" id=\"block_1e3d4a034254037270cbffa916ff4861\">\n        <div class=\"container\">\n            <div class=\"discover_product_wrapper\">\n                <div class=\"discover_product_inner\">\n                    <h2 class=\"mb-20\">Entdeckt eis aner Produkter\r\n<\/h2>\n                                            <ul class=\"discover_product_lists\">\n                                                            <li>\n                                    <a href=\"\/lb\/hausdieren-luxembourg\" style=\"text-decoration:none;\">\n                                        <img decoding=\"async\" src=\"https:\/\/metalica.lu\/wp-content\/uploads\/2023\/06\/reshot-icon-door.png\" alt=\"Hausdieren\">\n                                        <h4>Hausdieren<\/h4>\n                                    <\/a>\n                                <\/li>\n                                                            <li>\n                                    <a href=\"\/lb\/fensteren\/\" style=\"text-decoration:none;\">\n                                        <img decoding=\"async\" src=\"https:\/\/metalica.lu\/wp-content\/uploads\/2023\/06\/reshot-icon-window.png\" alt=\"F\u00ebnsteren\">\n                                        <h4>F\u00ebnsteren<\/h4>\n                                    <\/a>\n                                <\/li>\n                                                            <li>\n                                    <a href=\"\/lb\/pergolaen-a-verandaen\/\" style=\"text-decoration:none;\">\n                                        <img decoding=\"async\" src=\"https:\/\/metalica.lu\/wp-content\/uploads\/2023\/06\/ic_round-balcony.png\" alt=\"Pergolaen a Verandaen\">\n                                        <h4>Pergolaen a Verandaen<\/h4>\n                                    <\/a>\n                                <\/li>\n                                                            <li>\n                                    <a href=\"\/lb\/sonneschutz\/\" style=\"text-decoration:none;\">\n                                        <img decoding=\"async\" src=\"https:\/\/metalica.lu\/wp-content\/uploads\/2023\/06\/mdi_sun-angle-outline.png\" alt=\"Sonneschutz\">\n                                        <h4>Sonneschutz<\/h4>\n                                    <\/a>\n                                <\/li>\n                                                            <li>\n                                    <a href=\"\/lb\/fassadesystemer\/\" style=\"text-decoration:none;\">\n                                        <img decoding=\"async\" src=\"https:\/\/metalica.lu\/wp-content\/uploads\/2023\/06\/tabler_wall.png\" alt=\"Fassadesystemer\">\n                                        <h4>Fassadesystemer<\/h4>\n                                    <\/a>\n                                <\/li>\n                                                    <\/ul>\n                                    <\/div>\n            <\/div>\n        <\/div>\n    <\/section>\n    \n    <style>\n        #block_1e3d4a034254037270cbffa916ff4861 {\n                    background: url(\"https:\/\/metalica.lu\/wp-content\/uploads\/2023\/06\/discover-product-bg.png\"); \n\t\t\tbackground-repeat: no-repeat;\n\t\t\tbackground-size: cover;\n\t\t\tbackground-position: center;\n\t\t\tposition: relative;\n                        }\n    <\/style>\n","protected":false},"excerpt":{"rendered":"","protected":false},"author":14,"featured_media":0,"parent":0,"menu_order":0,"comment_status":"closed","ping_status":"closed","template":"","meta":{"_acf_changed":false,"footnotes":""},"class_list":["post-8704","page","type-page","status-publish","hentry"],"acf":[],"yoast_head":"<!-- This site is optimized with the Yoast SEO Premium plugin v27.2 (Yoast SEO v27.5) - https:\/\/yoast.com\/product\/yoast-seo-premium-wordpress\/ -->\n<title>Pergolaen a Verandaen - Metalica<\/title>\n<meta name=\"description\" content=\"Pose de pergolas et v\u00e9randas au Luxembourg depuis 1956 | Solutions 100 % sur mesure | Contactez-nous !\" \/>\n<meta name=\"robots\" content=\"index, follow, max-snippet:-1, max-image-preview:large, max-video-preview:-1\" \/>\n<link rel=\"canonical\" href=\"https:\/\/metalica.lu\/lb\/pergolaen-a-verandaen\/\" \/>\n<meta property=\"og:locale\" content=\"en_US\" \/>\n<meta property=\"og:type\" content=\"article\" \/>\n<meta property=\"og:title\" content=\"Pergolaen a Verandaen\" \/>\n<meta property=\"og:description\" content=\"Pose de pergolas et v\u00e9randas au Luxembourg depuis 1956 | Solutions 100 % sur mesure | Contactez-nous !\" \/>\n<meta property=\"og:url\" content=\"https:\/\/metalica.lu\/lb\/pergolaen-a-verandaen\/\" \/>\n<meta property=\"og:site_name\" content=\"Metalica\" \/>\n<meta property=\"article:publisher\" content=\"https:\/\/www.facebook.com\/metalicahome\/\" \/>\n<meta property=\"article:modified_time\" content=\"2026-03-12T11:17:35+00:00\" \/>\n<meta name=\"twitter:card\" content=\"summary_large_image\" \/>\n<meta name=\"twitter:label1\" content=\"Est. reading time\" \/>\n\t<meta name=\"twitter:data1\" content=\"3 minutes\" \/>\n<script type=\"application\/ld+json\" class=\"yoast-schema-graph\">{\"@context\":\"https:\\\/\\\/schema.org\",\"@graph\":[{\"@type\":\"WebPage\",\"@id\":\"https:\\\/\\\/metalica.lu\\\/lb\\\/pergolaen-a-verandaen\\\/\",\"url\":\"https:\\\/\\\/metalica.lu\\\/lb\\\/pergolaen-a-verandaen\\\/\",\"name\":\"Pergolaen a Verandaen - Metalica\",\"isPartOf\":{\"@id\":\"https:\\\/\\\/metalica.lu\\\/lb\\\/#website\"},\"datePublished\":\"2023-07-18T04:42:13+00:00\",\"dateModified\":\"2026-03-12T11:17:35+00:00\",\"description\":\"Pose de pergolas et v\u00e9randas au Luxembourg depuis 1956 | Solutions 100 % sur mesure | Contactez-nous !\",\"breadcrumb\":{\"@id\":\"https:\\\/\\\/metalica.lu\\\/lb\\\/pergolaen-a-verandaen\\\/#breadcrumb\"},\"inLanguage\":\"lb-LU\",\"potentialAction\":[{\"@type\":\"ReadAction\",\"target\":[\"https:\\\/\\\/metalica.lu\\\/lb\\\/pergolaen-a-verandaen\\\/\"]}]},{\"@type\":\"BreadcrumbList\",\"@id\":\"https:\\\/\\\/metalica.lu\\\/lb\\\/pergolaen-a-verandaen\\\/#breadcrumb\",\"itemListElement\":[{\"@type\":\"ListItem\",\"position\":1,\"name\":\"Accueil\",\"item\":\"https:\\\/\\\/metalica.lu\\\/lb\\\/\"},{\"@type\":\"ListItem\",\"position\":2,\"name\":\"Pergolaen a Verandaen\"}]},{\"@type\":\"WebSite\",\"@id\":\"https:\\\/\\\/metalica.lu\\\/lb\\\/#website\",\"url\":\"https:\\\/\\\/metalica.lu\\\/lb\\\/\",\"name\":\"Metalica\",\"description\":\"\",\"publisher\":{\"@id\":\"https:\\\/\\\/metalica.lu\\\/lb\\\/#organization\"},\"potentialAction\":[{\"@type\":\"SearchAction\",\"target\":{\"@type\":\"EntryPoint\",\"urlTemplate\":\"https:\\\/\\\/metalica.lu\\\/lb\\\/?s={search_term_string}\"},\"query-input\":{\"@type\":\"PropertyValueSpecification\",\"valueRequired\":true,\"valueName\":\"search_term_string\"}}],\"inLanguage\":\"lb-LU\"},{\"@type\":\"Organization\",\"@id\":\"https:\\\/\\\/metalica.lu\\\/lb\\\/#organization\",\"name\":\"Metalica\",\"url\":\"https:\\\/\\\/metalica.lu\\\/lb\\\/\",\"logo\":{\"@type\":\"ImageObject\",\"inLanguage\":\"lb-LU\",\"@id\":\"https:\\\/\\\/metalica.lu\\\/lb\\\/#\\\/schema\\\/logo\\\/image\\\/\",\"url\":\"https:\\\/\\\/metalica.lu\\\/wp-content\\\/uploads\\\/2024\\\/05\\\/site-logo.png\",\"contentUrl\":\"https:\\\/\\\/metalica.lu\\\/wp-content\\\/uploads\\\/2024\\\/05\\\/site-logo.png\",\"width\":238,\"height\":62,\"caption\":\"Metalica\"},\"image\":{\"@id\":\"https:\\\/\\\/metalica.lu\\\/lb\\\/#\\\/schema\\\/logo\\\/image\\\/\"},\"sameAs\":[\"https:\\\/\\\/www.facebook.com\\\/metalicahome\\\/\"]}]}<\/script>\n<!-- \/ Yoast SEO Premium plugin. -->","yoast_head_json":{"title":"Pergolaen a Verandaen - Metalica","description":"Pose de pergolas et v\u00e9randas au Luxembourg depuis 1956 | Solutions 100 % sur mesure | Contactez-nous !","robots":{"index":"index","follow":"follow","max-snippet":"max-snippet:-1","max-image-preview":"max-image-preview:large","max-video-preview":"max-video-preview:-1"},"canonical":"https:\/\/metalica.lu\/lb\/pergolaen-a-verandaen\/","og_locale":"en_US","og_type":"article","og_title":"Pergolaen a Verandaen","og_description":"Pose de pergolas et v\u00e9randas au Luxembourg depuis 1956 | Solutions 100 % sur mesure | Contactez-nous !","og_url":"https:\/\/metalica.lu\/lb\/pergolaen-a-verandaen\/","og_site_name":"Metalica","article_publisher":"https:\/\/www.facebook.com\/metalicahome\/","article_modified_time":"2026-03-12T11:17:35+00:00","twitter_card":"summary_large_image","twitter_misc":{"Est. reading time":"3 minutes"},"schema":{"@context":"https:\/\/schema.org","@graph":[{"@type":"WebPage","@id":"https:\/\/metalica.lu\/lb\/pergolaen-a-verandaen\/","url":"https:\/\/metalica.lu\/lb\/pergolaen-a-verandaen\/","name":"Pergolaen a Verandaen - Metalica","isPartOf":{"@id":"https:\/\/metalica.lu\/lb\/#website"},"datePublished":"2023-07-18T04:42:13+00:00","dateModified":"2026-03-12T11:17:35+00:00","description":"Pose de pergolas et v\u00e9randas au Luxembourg depuis 1956 | Solutions 100 % sur mesure | Contactez-nous !","breadcrumb":{"@id":"https:\/\/metalica.lu\/lb\/pergolaen-a-verandaen\/#breadcrumb"},"inLanguage":"lb-LU","potentialAction":[{"@type":"ReadAction","target":["https:\/\/metalica.lu\/lb\/pergolaen-a-verandaen\/"]}]},{"@type":"BreadcrumbList","@id":"https:\/\/metalica.lu\/lb\/pergolaen-a-verandaen\/#breadcrumb","itemListElement":[{"@type":"ListItem","position":1,"name":"Accueil","item":"https:\/\/metalica.lu\/lb\/"},{"@type":"ListItem","position":2,"name":"Pergolaen a Verandaen"}]},{"@type":"WebSite","@id":"https:\/\/metalica.lu\/lb\/#website","url":"https:\/\/metalica.lu\/lb\/","name":"Metalica","description":"","publisher":{"@id":"https:\/\/metalica.lu\/lb\/#organization"},"potentialAction":[{"@type":"SearchAction","target":{"@type":"EntryPoint","urlTemplate":"https:\/\/metalica.lu\/lb\/?s={search_term_string}"},"query-input":{"@type":"PropertyValueSpecification","valueRequired":true,"valueName":"search_term_string"}}],"inLanguage":"lb-LU"},{"@type":"Organization","@id":"https:\/\/metalica.lu\/lb\/#organization","name":"Metalica","url":"https:\/\/metalica.lu\/lb\/","logo":{"@type":"ImageObject","inLanguage":"lb-LU","@id":"https:\/\/metalica.lu\/lb\/#\/schema\/logo\/image\/","url":"https:\/\/metalica.lu\/wp-content\/uploads\/2024\/05\/site-logo.png","contentUrl":"https:\/\/metalica.lu\/wp-content\/uploads\/2024\/05\/site-logo.png","width":238,"height":62,"caption":"Metalica"},"image":{"@id":"https:\/\/metalica.lu\/lb\/#\/schema\/logo\/image\/"},"sameAs":["https:\/\/www.facebook.com\/metalicahome\/"]}]}},"_links":{"self":[{"href":"https:\/\/metalica.lu\/lb\/wp-json\/wp\/v2\/pages\/8704","targetHints":{"allow":["GET"]}}],"collection":[{"href":"https:\/\/metalica.lu\/lb\/wp-json\/wp\/v2\/pages"}],"about":[{"href":"https:\/\/metalica.lu\/lb\/wp-json\/wp\/v2\/types\/page"}],"author":[{"embeddable":true,"href":"https:\/\/metalica.lu\/lb\/wp-json\/wp\/v2\/users\/14"}],"replies":[{"embeddable":true,"href":"https:\/\/metalica.lu\/lb\/wp-json\/wp\/v2\/comments?post=8704"}],"version-history":[{"count":3,"href":"https:\/\/metalica.lu\/lb\/wp-json\/wp\/v2\/pages\/8704\/revisions"}],"predecessor-version":[{"id":8776,"href":"https:\/\/metalica.lu\/lb\/wp-json\/wp\/v2\/pages\/8704\/revisions\/8776"}],"wp:attachment":[{"href":"https:\/\/metalica.lu\/lb\/wp-json\/wp\/v2\/media?parent=8704"}],"curies":[{"name":"wp","href":"https:\/\/api.w.org\/{rel}","templated":true}]}}