{"id":8700,"date":"2023-07-18T07:31:21","date_gmt":"2023-07-18T05:31:21","guid":{"rendered":"https:\/\/metalica.lu\/fensteren\/holzfensteren\/"},"modified":"2026-03-12T12:07:35","modified_gmt":"2026-03-12T11:07:35","slug":"holzfensteren","status":"publish","type":"page","link":"https:\/\/metalica.lu\/lb\/fensteren\/holzfensteren\/","title":{"rendered":"Holzf\u00ebnsteren"},"content":{"rendered":"<section class=\"hero_banner product_main\" id=\"block_b15fd2c37ac5fdbc3df82533e3955f08\">\n        <div class=\"container\">\n            <div class=\"hero_banner_content\">\n                <h1 class=\"white_color mb-24\">Pos vun Holz- an Holz-Aluminium-F\u00ebnsteren zu L\u00ebtzebuerg\r\n<\/h1>\n                <p class=\"font-18 white_color mb-24\">Holz- an Holz-Aluminium-F\u00ebnstere si wichteg natierlech Elementer fir \u00c4re Renovatiounsprojet. Hire waarmen Design passt sech elegant un all Zort vu Gebai un, egal ob et sech \u00ebm en aalt Gebai handelt, dat renov\u00e9iert g\u00ebtt, oder \u00ebm eng nei Konstruktioun. METALICA install\u00e9iert Holz- an Holz-Aluminium-F\u00ebnsteren am ganze Land.\r\n<\/p>\n<!--                 <a href=\"https:\/\/metalica.lu\/lb\/kontakt\/\" class=\"primary_btn_fill\">Frot e gratis Devis! <span><i class=\"fa-solid fa-arrow-right\"><\/i><\/span><\/a> -->\n\t\t\t\t            <a href=\"https:\/\/metalica.lu\/lb\/kontakt\/\" class=\"primary_btn_fill\">Frot e gratis Devis! <span><i class=\"fa-solid fa-arrow-right\"><\/i><\/span><\/a>            <\/div>\n        <\/div>\n<\/section>\n<style>\n #block_b15fd2c37ac5fdbc3df82533e3955f08.product_main{\n    background-image:linear-gradient(0deg, rgba(0, 0, 0, 0.4), rgba(0, 0, 0, 0.4)),url(\"https:\/\/metalica.lu\/wp-content\/uploads\/2023\/10\/fenetre-bois-hero-metalica-1_20231027.jpg\");\n    height: 100%;\n    padding: 145px 0;\n}\n@media (max-width:767px) {\n    #block_b15fd2c37ac5fdbc3df82533e3955f08.product_main{\n        padding: 70px 0;\n    }\n}\n<\/style>\n\n  \n     <section class=\"fullbody_content\" id=\"block_cfa98d7506b961d4c174b93c103c4395\">\n        <div class=\"container\">\n            <div class=\"content_wrapper\">\n                <div class=\"content_wrapper_inner\" style=\"color: ; text-align: left\">\n                <h2 class=\"mb-20\">W\u00e9ini sech fir Holz- oder Holz-Aluminium-F\u00ebnsteren entscheeden?\r\n<\/h2>\n                <p>Renovatioun vun ale Gebaier, nei Konstruktiounen&#8230; De Virdeel vum Holz an Holz-Aluminium l\u00e4it op der Hand: E l\u00e9isst sech un all architektonesch Stiler an Ufuerderungen einfach upassen. W\u00e9i Dir s\u00e9cherlech w\u00ebsst, sinn d&#8217;Kritt\u00e4ren, d\u00e9i bei enger Renovatioun ze ber\u00e9cksiichtege sinn, net d\u00e9i n\u00e4mmlecht, w\u00e9i bei enger neier Konstruktioun. D&#8217;Upassung un d&#8217;allgemeng \u00c4stheetik vum Gebai ass virun d\u00ebsem Hannergrond e kruziale Punkt. Allerd\u00e9ngs ass d&#8217;Verbesserung vun der allgemenger Energieeffizienz genee esou wichteg. Dank hirer exzellenter Energieeffizienz droen Holz- an Holz-Aluminium-F\u00ebnsteren net n\u00ebmmen zum laangfristege Klimaschutz b\u00e4i, m\u00e4 och zum allgemenge Confort vun \u00c4rem Doheem.<\/p>\n                                    <a href=\"https:\/\/metalica.lu\/lb\/kontakt\/\"  class=\"gray_btn_fill width-md-100\">Devis ufroen <span><i class=\"fa-solid fa-arrow-right primary_color\"><\/i><\/span><\/a>\n                                <\/div>\n            <\/div> \n        <\/div>\n    <\/section> \n    <style>\n    \n    #block_cfa98d7506b961d4c174b93c103c4395 .gray_btn_fill{  \n        color: #ffffff;\n        background-color: #171C28;        \n    }\n\n    <\/style>\n    \n\n    <section class=\"specification_main\" id=\"block_dcd002bd92ffc68ffcfd94f034037812\">\n        <div class=\"container\">\n            <div class=\"specification_inner\">\n                                    <div class=\"specification_single\">\n                        <p class=\"mb-24\"><img decoding=\"async\" src=\"https:\/\/metalica.lu\/wp-content\/uploads\/2023\/06\/lock-closed.png\" alt=\"\"><\/p>\n                        <h4 class=\"mb-8 pb-4\">Eenzegaarteg Schr\u00e4ineraarbecht<\/h4>\n                        <p class=\"small\">Dank den natierlechen Eegenschafte vum Holz an eiser Auswiel vu 55 Finitiounsoptioune fir \u00c4r Holzf\u00ebnsteren. <\/p>\n                    <\/div>\n                                    <div class=\"specification_single\">\n                        <p class=\"mb-24\"><img decoding=\"async\" src=\"https:\/\/metalica.lu\/wp-content\/uploads\/2023\/06\/clock.png\" alt=\"\"><\/p>\n                        <h4 class=\"mb-8 pb-4\">Natierlech Isolatioun<\/h4>\n                        <p class=\"small\">D&#8217;Holzf\u00ebnster sch\u00fctzt g\u00e9int Kam\u00e9idi vu baussen a limit\u00e9iert de W\u00e4ermeverloscht. <\/p>\n                    <\/div>\n                                    <div class=\"specification_single\">\n                        <p class=\"mb-24\"><img decoding=\"async\" src=\"https:\/\/metalica.lu\/wp-content\/uploads\/2023\/06\/Adjustments.png\" alt=\"\"><\/p>\n                        <h4 class=\"mb-8 pb-4\">F\u00ebnsteren, d\u00e9i virun Abr\u00e9ch sch\u00fctzen<\/h4>\n                        <p class=\"small\">Eis Schr\u00e4ineraarbechte garant\u00e9ieren de Schutzfaktor RC2. <\/p>\n                    <\/div>\n                                    <div class=\"specification_single\">\n                        <p class=\"mb-24\"><img decoding=\"async\" src=\"https:\/\/metalica.lu\/wp-content\/uploads\/2023\/06\/Users.png\" alt=\"\"><\/p>\n                        <h4 class=\"mb-8 pb-4\">Nohaltegkeet<\/h4>\n                        <p class=\"small\">Eis Holz ass gelabelt, wat d&#8217;nohalteg Bewirtschaftung vun de B\u00ebschgebidder garant\u00e9iert, aus deenen et staamt. <\/p>\n                    <\/div>\n                  \n            <\/div>\n        <\/div>\n    <\/section>\n<style>\n    #block_dcd002bd92ffc68ffcfd94f034037812 {\n                background: #ffffff; \n        }\n<\/style>\n\n\n<section class=\"list_with_discription list_with_discription_first\" id=\"block_1a8b3e8c2502093ebf1b922f12f02e1c\">\n    <div class=\"container\">\n        <div class=\"list_with_discription_inner\">\n            <div class=\"list_with_discription_content\">\n                <h2 class=\"mb-20\">Holz-Aluminium-F\u00ebnstere Josko Platin<\/h2>\n                <p>Holz an Aluminium sinn h\u00e9ich energieeffizient Materialer an d&#8217;Kombinatioun dovu m\u00e9cht et m\u00e9iglech, den Ufuerderunge vu Passivhaiser gerecht ze ginn. Dofir kombin\u00e9ieren d&#8217;Josko-Platin-F\u00ebnsteren Holz an Aluminium. D&#8217;Holz am Kader suergt fir eng agreabel W\u00e4ermt a Ambiance am Interieur. Op der baussechter S\u00e4it garant\u00e9iert Aluminium d&#8217;Laangliewegkeet vun der F\u00ebnster, ouni datt vill Entretien n\u00e9ideg ass. Josko-Platin-F\u00ebnstere bidden esou all d&#8217;Virdeeler vun deenen zwee Materialer. D&#8217;Rumme si fein a schmuel gef\u00e4erdegt, wat Iech en ongest\u00e9ierten Ausbl\u00e9ck no baussen erm\u00e9iglecht a maximal Liicht an de Banneber\u00e4ich l\u00e9isst. Fir Iech g\u00e9int all Zort vu Wiederkonditiounen ze sch\u00fctzen, oder einfach d&#8217;Privatsph\u00e4r an der Nuecht ze garant\u00e9ieren, k\u00ebnnen d\u00ebs F\u00ebnstere mat Storen oder Rolllueden, mat oder ouni Sonneschutz, kombin\u00e9iert ginn. Schlussendlech ass alles esou designt an ausgeluecht, datt et Iech m\u00e9i Rou, Confort a Privatsph\u00e4r bitt.<\/p>\n                                    <ul class=\"discription_list_content\">\n                                                <li class=\"discription_list_content_single mb-20\">\n                            <h4 class=\"mb-8\">D&#8217;Virdeeler vum Holz an Aluminium op de Punkt<\/h4>\n                            <p class=\"small\">Profit\u00e9iert vun optimaler Energieeffizienz fir Passivhaiser am eleganten, modernen Design.<\/p>\n                        <\/li>\n                                                <li class=\"discription_list_content_single mb-20\">\n                            <h4 class=\"mb-8\">Personalis\u00e9iert Schr\u00e4ineraarbechten<\/h4>\n                            <p class=\"small\">Faarwen a Finitioun: Personalis\u00e9iert \u00c4r F\u00ebnstere ganz no \u00c4rem Go\u00fbt<\/p>\n                        <\/li>\n                                                <li class=\"discription_list_content_single mb-20\">\n                            <h4 class=\"mb-8\">Vill Optiounen disponibel<\/h4>\n                            <p class=\"small\">M\u00e9ckeschutz, F\u00ebnsterb\u00e4nke, Gel\u00e4nner, Ventilatioun: Wielt dat aus, wat \u00c4rem Confort am beschten entspr\u00e9cht.<\/p>\n                        <\/li>\n                                                <li class=\"discription_list_content_single mb-20\">\n                            <h4 class=\"mb-8\">Eenzegaarteg Uniformit\u00e9it vum Glas fir de Baussen-Look<\/h4>\n                            <p class=\"small\">Mat just 3 mm Ofstand t\u00ebscht Glas a Kader k\u00ebnnen se mat engem einfachen Handgr\u00ebff gebotzt ginn.<\/p>\n                        <\/li>\n                                                <li class=\"discription_list_content_single mb-20\">\n                            <h4 class=\"mb-8\">Agreabel a liicht z&#8217;\u00ebnnerhalen<\/h4>\n                            <p class=\"small\">Schmotz huet keng Chance! Mat hiren extreem schmuelen, horizontale baussechte Fl\u00e4che sinn d&#8217;F\u00ebnstere uspriechend am Desgin a liicht ze botzen.<\/p>\n                        <\/li>\n                                                <li class=\"discription_list_content_single mb-20\">\n                            <h4 class=\"mb-8\">Dr\u00e4ischichteg Massivholzstruktur<\/h4>\n                            <p class=\"small\">D\u00ebs Struktur bitt dem Holz m\u00e9i Stabilit\u00e9it g\u00e9int Verformung, ouni awer vu bausse siichtbar ze sinn.<\/p>\n                        <\/li>\n                                                <li class=\"discription_list_content_single mb-20\">\n                            <h4 class=\"mb-8\">Bannen a bausse b\u00fcndeg<\/h4>\n                            <p class=\"small\">Kee Versaz t\u00ebscht der \u00cbffnung an dem Encadrement. Zous\u00e4tzlech, dank de feinen a sobere Rummen ouni Leeschten an Dichtungen, g\u00ebtt d&#8217;Liichtintensit\u00e9it \u00ebm 20 % erh\u00e9icht.<\/p>\n                        <\/li>\n                                            <\/ul>\n                            <\/div>\n            <div class=\"list_with_discription_tab_main\">\n                <div class=\"list_with_discription_tab_image\">\n                    <img decoding=\"async\" src=\"https:\/\/metalica.lu\/wp-content\/uploads\/2023\/10\/fenetre-bois-aluminium-josko-platin-metalica-1_20231027.jpg\" alt=\"\">\n                <\/div>\n            <\/div>\n        <\/div>\n    <\/div>\n<\/section>\n<style>\n    #block_1a8b3e8c2502093ebf1b922f12f02e1c {\n        background: #f9fafb; \n    }\n\n    #block_1a8b3e8c2502093ebf1b922f12f02e1c.list_with_discription.list_with_discription_first::before{\n        background-image : url(\"https:\/\/metalica.lu\/wp-content\/uploads\/2023\/10\/fenetre-bois-aluminium-josko-platin-metalica-1_20231027.jpg\");\n    }\n<\/style>\n\n    <section class=\"gallery_slider\" id=\"block_25665e6d111c4bc435c2720e63ca346e\" >\n        <div class=\"container\">\n            <h2>Inspiratioun fir \u00c4r Holzf\u00ebnster<\/h2>\n        <\/div>\n        <div class=\"gallery_slider_wrapper\">\n            <div class=\"swiper-container gallery-swiper-container gallery-block_25665e6d111c4bc435c2720e63ca346e\">\n                <div class=\"swiper-wrapper\">\n                                            <div class=\"swiper-slide\">\n                            <div class=\"card-image\">\n                                <a href=\"https:\/\/metalica.lu\/wp-content\/uploads\/2023\/10\/inspiration-fenetre-bois-metalica-1.jpg\" class=\"glightbox\"  data-glightbox=\"type: image\">\n                                    <img decoding=\"async\" src=\"https:\/\/metalica.lu\/wp-content\/uploads\/2023\/10\/inspiration-fenetre-bois-metalica-1.jpg\" alt=\"Image Slider\">\n                                <\/a>\n                                                            <\/div>\n                        <\/div>\n                                            <div class=\"swiper-slide\">\n                            <div class=\"card-image\">\n                                <a href=\"https:\/\/metalica.lu\/wp-content\/uploads\/2023\/10\/inspiration-fenetre-bois-metalica-2.jpg\" class=\"glightbox\"  data-glightbox=\"type: image\">\n                                    <img decoding=\"async\" src=\"https:\/\/metalica.lu\/wp-content\/uploads\/2023\/10\/inspiration-fenetre-bois-metalica-2.jpg\" alt=\"Image Slider\">\n                                <\/a>\n                                                            <\/div>\n                        <\/div>\n                                            <div class=\"swiper-slide\">\n                            <div class=\"card-image\">\n                                <a href=\"https:\/\/metalica.lu\/wp-content\/uploads\/2023\/10\/inspiration-fenetre-bois-metalica-3.jpg\" class=\"glightbox\"  data-glightbox=\"type: image\">\n                                    <img decoding=\"async\" src=\"https:\/\/metalica.lu\/wp-content\/uploads\/2023\/10\/inspiration-fenetre-bois-metalica-3.jpg\" alt=\"Image Slider\">\n                                <\/a>\n                                                            <\/div>\n                        <\/div>\n                                            <div class=\"swiper-slide\">\n                            <div class=\"card-image\">\n                                <a href=\"https:\/\/metalica.lu\/wp-content\/uploads\/2023\/10\/inspiration-fenetre-bois-metalica-4.jpg\" class=\"glightbox\"  data-glightbox=\"type: image\">\n                                    <img decoding=\"async\" src=\"https:\/\/metalica.lu\/wp-content\/uploads\/2023\/10\/inspiration-fenetre-bois-metalica-4.jpg\" alt=\"Image Slider\">\n                                <\/a>\n                                                            <\/div>\n                        <\/div>\n                                            <div class=\"swiper-slide\">\n                            <div class=\"card-image\">\n                                <a href=\"https:\/\/metalica.lu\/wp-content\/uploads\/2023\/10\/inspiration-fenetre-bois-metalica-5.jpg\" class=\"glightbox\"  data-glightbox=\"type: image\">\n                                    <img decoding=\"async\" src=\"https:\/\/metalica.lu\/wp-content\/uploads\/2023\/10\/inspiration-fenetre-bois-metalica-5.jpg\" alt=\"Image Slider\">\n                                <\/a>\n                                                            <\/div>\n                        <\/div>\n                                    <\/div>\n                <!-- Add Scrollbar -->\n                <div class=\"swiper-button-next\">\n                    <i class=\"fa-solid fa-chevron-right\"><\/i>\n                <\/div>\n                <div class=\"swiper-button-prev\">\n                    <i class=\"fa-solid fa-chevron-left\"><\/i>\n                <\/div>\n            <\/div>\n        <\/div>\n    <\/section>\n\n<script>\n    $(document).ready(function(){\n        \/\/ Gallery Swiper Configuration\n        var swiper = new Swiper(\".gallery-block_25665e6d111c4bc435c2720e63ca346e\", {\n            slidesPerView: 2,\n            spaceBetween: 30,\n            centeredSlides: true,\n            freeMode: true,\n            grabCursor: true,\n            loop: true,\n            autoplay: {\n                delay: 4000,\n                disableOnInteraction: false\n            },\n            navigation: {\n                nextEl: \".swiper-button-next\",\n                prevEl: \".swiper-button-prev\"\n            },\n            breakpoints: {\n                992: {\n                    slidesPerView: 1.1,\n                    centeredSlides: true,\n                },\n                767: {\n                    slidesPerView: 1,\n                    centeredSlides: false,\n                },\n            }\n        });\n        \/\/ ====== LIGHT BOX ========\n        const lightbox = GLightbox({\n            touchNavigation: true,\n            loop: true,\n            width: \"90vw\",\n            height: \"90vh\"\n        });\n    });\n<\/script>\n\n<section class=\"certification_main\" id=\"block_32ba0d474b43b4b8eb335a7312026dc0\" >\n    <div class=\"container\">\n        <div class=\"certification_main_inner\">\n            <h2 class=\"mb-20\">Eis Partneren<\/h2>\n            <p class=\"small\">Zanter 1956 fleegen d&#8217;Ekippe vu METALICA enk Relatioune mat europ\u00e4esche Pion\u00e9ier an der F\u00ebnster-Fabrikatioun. Eist Zil? D\u00e9i performantst an exklusiivst Solutiounen um L\u00ebtzebuerger March\u00e9 unzebidden.<\/p>\n                                                <div class=\"certification_main_content\">\n                        <div class=\"certification_img\">\n                            <a href=\"https:\/\/www.josko.com\/de\/\" target=\"_blank\" >\n                                                                    <img decoding=\"async\" src=\"https:\/\/metalica.lu\/wp-content\/uploads\/2023\/07\/Josko_Logo.png\">\n                                                            <\/a>\n                        <\/div>\n                        <div class=\"certification_discription\">\n                            <p>D\u00e9i \u00e9istr\u00e4ichesch Mark Josko ass dofir bekannt, Holz- an Holz-Aluminium-F\u00ebnsteren ze konzip\u00e9ieren, d\u00e9i d&#8217;Eegenschafte vun de verschaffte Materialer ber\u00e9cksiichtegen. D&#8217;Holz ass massiv, an Aluminium g\u00ebtt agesat, fir d&#8217;Struktur m\u00e9i resistent ze maachen. Zwee Materialer, d\u00e9i sech optimal fir elegant Designl\u00e9isungen erg\u00e4nzen, a fir eng laang Liewensdauer gebaut sinn. METALICA ass den exklusive Revendeur vu Josko-Holz-Aluminium-F\u00ebnsteren am ganze Land. Besicht eise Showroom zu Esch-Uelzecht an entdeckt eis ganz Pallett vun Holz-Aluminium-F\u00ebnsteren an -dieren!<\/p>\n                                                    <\/div>\n                        \n                    <\/div>\n                                    <div class=\"certification_main_content\">\n                        <div class=\"certification_img\">\n                            <a href=\"javascript:void(0);\"  >\n                                                            <\/a>\n                        <\/div>\n                        <div class=\"certification_discription\">\n                                                                                <\/div>\n                        \n                    <\/div>\n                                    <\/div>\n    <\/div>\n\n    \n<\/section>\n\n<style>\n    #block_32ba0d474b43b4b8eb335a7312026dc0{\n        background-color: #f9fafb;\n        padding-top : px;\n        padding-bottom : px;\n        padding-left : px;\n        padding-right : px;\n    }\n<\/style>\n\n<script>\n    $(document).ready(function(){\n        var modal2 = document.querySelector(\".certification_main .video_modal\");\n        var closeButton2 = document.querySelector(\".certification_main .close-button\");\n\n        function toggleModal2() {\n            modal2.classList.toggle(\"show-modal\");\n            $(\"body\").toggleClass(\"overflow-hidden\");\n        }\n\n        function windowOnClick(event) {\n            if (event.target === modal2) {\n                toggleModal2();\n            }\n        }\n        $('.trigger2').click(function(event) {\n            event.preventDefault();\n            toggleModal2();\n        });\n        \/\/ ====== STOP VIDEO WHEN MODAL IS CLOSE ========= \n        $(closeButton2).click(function() {\n            toggleModal2();\n            $('video').trigger('pause');\n            $('iframe').each(function(index) {\n                $(this).attr('src', $(this).attr('src'));\n                return false;\n            });\n        });\n\n    });\n<\/script>\n\n<section class=\"faqs_main\" id=\"block_e7742d7230dc9c1f7f23f76e27ca3e3f\" >\n    <div class=\"container\">\n        <div class=\"faqs_wrapper\">\n            <!-- <h2 class=\"text-center\">Foire \u00e0 <span class=\"primary_color\">questions<\/span><\/h2> -->\n            <h2 class=\"text-center\">Meeschtgestallte Froen\r\n<\/span><\/h2>\n                            <div class=\"faqs_accordion\">\n                    <ul class=\"faqs-accordion-list\">\n                                                    <li>\n                                <h3 class=\"faqs-accordion-heading\">1. Wat sinn d&#8217;Virdeeler vun Holzf\u00ebnsteren am Verglach zu anere Materialer?                                    <span class=\"faq_down_arrow\"><i class=\"fa-solid fa-angle-down\"><\/i><\/span>\n                                <\/h3>\n                                <div class=\"faqs_answer\">\n                                    <p>D&#8217;Holzf\u00ebnstere bidden am Verglach zu F\u00ebnsteren aus anere Materialer, w\u00e9i PVC oder Aluminium, eng Rei Virdeeler \u2013 hei e puer dovun:<\/p>\n<p>1. \u00c4stheetik: Holzf\u00ebnstere bidden eng natierlech an z\u00e4itlos Sch\u00e9inheet. Holz ass waarm, authentesch a kann sech un \u00ebnnerschiddlech architektonesch Stiler upassen, egal ob et sech \u00ebm en traditionellt oder modernt Gebai handelt.<\/p>\n<p>2. Thermesch an akustesch Isolatioun: Holz isol\u00e9iert op eng natierlech Man\u00e9ier. Holzf\u00ebnstere bidden eng exzellent Isolatioun, d. h. si droen dozou b\u00e4i, d\u2019W\u00e4ermt am Wanter am Haus an et am Summer angeneem kill ze halen. Ausserdeem suergt d\u2019Holz fir eng gutt Schallisolatioun a reduz\u00e9iert Kam\u00e9idi vu baussen.<\/p>\n<p>3. Durabilit\u00e9it: Gutt gefleegten Holzf\u00ebnsteren hale vill Jore laang. Dat Holz, dat an eise F\u00ebnstere verschafft g\u00ebtt, gouf trait\u00e9iert, fir et g\u00e9int Schimmel, Insekten an aner m\u00e9iglech Schiet ze sch\u00fctzen. Donieft k\u00ebnnen Holzf\u00ebnsteren, am G\u00e9igesaz zu PVC- oder Aluminiumsf\u00ebnsteren, repar\u00e9iert a restaur\u00e9iert ginn, wat hir Liewensdauer verl\u00e4ngert.<\/p>\n<p>4. Nohaltegkeet: Holz wiisst no a g\u00ebllt als nohaltege Rohstoff \u2013 esou w\u00e4it et aus verantwortungsvolle Ressourc\u00eb staamt an nohalteg bewirtschaft g\u00ebtt. Mam Choix fir eng Holzf\u00ebnster aus zertifiz\u00e9ierte Quellen drot Dir aktiv zum Erhale vu B\u00ebscher an d\u2019Minim\u00e9iere vum ekologesche Foussofdrock b\u00e4i.<\/p>\n<p>5. Flexibilit\u00e9it am Design: Holzf\u00ebnstere k\u00ebnnen individuell un d\u00e9i spezifesch Ufuerderunge vun \u00c4rem Haus ugepasst ginn. Si bidden eng grouss Flexibilit\u00e9it a punkto Formen, Gr\u00e9issten a Surfacen, wouduerch eenzegaarteg a personalis\u00e9iert F\u00ebnsteren entstoe k\u00ebnnen.<\/p>\n<p>Wat wichteg ass ze beuechten, ass eng reegelm\u00e9isseg Fleeg vun Holzf\u00ebnsteren \u2013 just esou bleiwen de Look an d\u2019Leeschtungsf\u00e4egkeet erhalen. Dat bedeit, datt d\u2019F\u00ebnstere viru Fiichtegkeet gesch\u00fctzt, reegelm\u00e9isseg nei ugestrach a lack\u00e9iert, a fachgerecht propper gemaach musse ginn. Bei enger richteger Fleeg bidden Holzf\u00ebnsteren allerd\u00e9ngs vill \u00e4stheetesch a funktional Virdeeler. Holz-Aluminium-F\u00ebnsteren dog\u00e9int hunn de Virdeel, datt se manner Fleeg brauchen, well fir de baussechten Aluminiumschutz keng spezifesch Behandlung n\u00e9ideg ass.<\/p>\n                                <\/div>\n                            <\/li>\n                                                    <li>\n                                <h3 class=\"faqs-accordion-heading\">2. Sinn Holzf\u00ebnsteren energieeffizient?                                    <span class=\"faq_down_arrow\"><i class=\"fa-solid fa-angle-down\"><\/i><\/span>\n                                <\/h3>\n                                <div class=\"faqs_answer\">\n                                    <p>Holzf\u00ebnstere k\u00ebnnen energieeffizient sinn, d\u00ebst h\u00e4nkt allerd\u00e9ngs vun e puer Faktoren of, w\u00e9i z. B. der Konstruktioun, der Installatioun an der Veraarbechtungsqualit\u00e9it vun de F\u00ebnsteren. Hei sinn eng R\u00ebtsch Punkten, d\u00e9i ze beuechte sinn:<\/p>\n<p>1. Isolatioun: Holz isol\u00e9iert op eng natierlech Man\u00e9ier, wat bedeit, datt et eng gew\u00ebsse Widderstandsf\u00e4egkeet g\u00e9int H\u00ebtzt a Keelt huet. Gutt gebauten Holzf\u00ebnstere mat Isol\u00e9ierverglasung k\u00ebnnen dozou b\u00e4idroen, de W\u00e4ermeverloscht am Wanter ze reduz\u00e9ieren an d\u2019Andr\u00e9nge vun der baussechter H\u00ebtzt am Summer ze begrenzen. D\u2019Energieeffizient vun Holzf\u00ebnsteren h\u00e4nkt awer och vum U-W\u00e4ert of, deen d\u00e9i thermesch Konduktivit\u00e9it moosst. Wat den U-W\u00e4ert m\u00e9i niddreg ass, desto m\u00e9i energieeffizient ass d\u2019F\u00ebnster.<\/p>\n<p>2. Verglasung: Holzf\u00ebnstere k\u00ebnne mat verschiddene Verglasungen ekip\u00e9iert ginn, w\u00e9i z. B. Duebel- oder Dr\u00e4ifachverglasung, d\u00e9i eng besser Isolatioun bidde w\u00e9i Eefachverglasung. Duerch den Abau vu Low-E-Beschichtungen an Inertgasen t\u00ebscht de Scheiwe kann d\u2019Energieeffizienz nach eng K\u00e9ier verbessert an de W\u00e4ermeverloscht reduz\u00e9iert ginn.<\/p>\n<p>3. Ofdichtung: E fachgerechte Montage vun Holzf\u00ebnsteren ass fir eng gutt Loft- a Waasserofdichtung kruzial. H\u00e9ichw\u00e4erteg Dichtungen an eng g\u00ebeegent Isolatioun ronder\u00ebm d\u2019F\u00ebnstere k\u00ebnnen onerw\u00ebnschte Loftstr\u00e9imunge reduz\u00e9ieren an esou d\u2019Energieeffizienz verbesseren.<\/p>\n<p>Et ass wichteg ze beuechten, datt d\u2019Energieeffizienz vun enger F\u00ebnster och vu senger Upassung un d\u00e9i lokal Klimaverh\u00e4ltnesser souw\u00e9i vu senger korrekter Verwendung ofh\u00e4nkt. Esou k\u00ebnne beispillsweis d\u2019Ausriichtung vun der F\u00ebnster, d\u2019Installatioun vun engem Sonneschutz an eng adequat Bel\u00ebftung dozou b\u00e4idroen, d\u00e9i gesamt Energieeffizienz z\u2019optim\u00e9ieren.<\/p>\n                                <\/div>\n                            <\/li>\n                                                    <li>\n                                <h3 class=\"faqs-accordion-heading\">3. W\u00e9i \u00ebnnerhalen ech Holzf\u00ebnsteren?                                    <span class=\"faq_down_arrow\"><i class=\"fa-solid fa-angle-down\"><\/i><\/span>\n                                <\/h3>\n                                <div class=\"faqs_answer\">\n                                    <p>Hei e puer n\u00ebtzlech Tipps fir d\u2019Fleeg an den Entretien vun Holzf\u00ebnsteren:<\/p>\n<p>1. Reegelm\u00e9isseg Botz: Botzt \u00c4r Holzf\u00ebnstere reegelm\u00e9isseg, fir Schmotz, St\u00ebbs an aner Oflagerungen ze bes\u00e4itegen. Benotzt e m\u00ebllt Duch, wotlecht Waasser an eng duuss Seef. Vermeit aggressiv Chemikalien a sec Botzm\u00ebttel, d\u00e9i d\u2019Holz beschiedege k\u00e9inten. Dr\u00e9chent d\u2019F\u00ebnsteren no der Botz gutt of.<\/p>\n<p>2. Reegelm\u00e9isseg Inspektioun: Kontroll\u00e9iert den Zoustand vun \u00c4ren Holzf\u00ebnstere reegelm\u00e9isseg, fir \u00e9ischt Unzeeche vu Beschiedegungen, Schimmel oder Verschl\u00e4iss festzestellen. Iwwerpr\u00e9ift den Zoustand vum Holz, den Dichtungen, der Verglasung an der Quincaillerie. Repar\u00e9iert oder ersetzt defekt St\u00e9cker direkt, fir weider Schied ze vermeiden.<\/p>\n<p>3. Schutz viru Fiichtegkeet: Holz ass fiichtegkeetsempfindlech. Dofir ass et wichteg, datt Dir \u00c4r Holzf\u00ebnstere viru Waasser sch\u00fctzt. Stellt s\u00e9cher, datt d\u2019F\u00ebnsterb\u00e4nke gutt ofgedicht sinn an d\u2019Kullange vun \u00c4rem Haus richteg funktion\u00e9ieren, fir d\u2019Andr\u00e9nge vu Waasser ze verh\u00ebnneren. Fl\u00e9ckt eventuell ondicht Plazen, soubal Dir se entdeckt.<\/p>\n<p>4. Ustr\u00e4ichen a lack\u00e9ieren: Holzf\u00ebnstere brauchen eng Schutzschicht, d\u00e9i als Schutz virun de Wiederkonditioune fung\u00e9iert. Drot en h\u00e9ichw\u00e4ertege Lack a Faarwen op, d\u00e9i speziell fir d\u2019Holzf\u00ebnsteren entw\u00e9ckelt goufen. Beuecht och, datt d\u2019Surface, virum Opdroe vun der Beschichtung, propper gemaach soll sinn. Respekt\u00e9iert d\u2019Uweisunge vum Hiersteller, fir en optimaalt Resultat ze kr\u00e9ien.<\/p>\n<p>5. Reparatioun a Restauratioun: Wann \u00c4r Holzf\u00ebnster Beschiedegunge w\u00e9i Ofspl\u00e4iterungen, R\u00ebss oder Schimmel opweisen, da repar\u00e9iert d\u00ebs esou s\u00e9ier w\u00e9i m\u00e9iglech. F\u00ebllt R\u00ebss mat engem g\u00ebeegente Mastik an ersetzt d\u00e9i beschiedegt St\u00e9cker, falls noutwenneg. Wann \u00c4r Holzf\u00ebnsteren al sinn an eng m\u00e9i \u00ebmfaassend Restauratioun n\u00e9ideg ass, da sollt Dir spezialis\u00e9iert Fachleit un d\u2019Wierk loossen.<\/p>\n<p>6. Entretien: Beuecht, datt d\u2019 Quincaillerie vun \u00c4re F\u00ebnstere w\u00e9i d\u2019Gr\u00ebffer, d\u2019Jarn\u00e9ier an d\u2019Schl\u00e4sser reegelm\u00e9isseg geschmiert ginn, esoudatt se impeccabel funktion\u00e9ieren. Verwent e g\u00ebeegent Schmierm\u00ebttel, fir Korrosioun an en Upechen ze vermeiden.<\/p>\n<p>7. Preventioun g\u00e9int Insekten a Sch\u00e4dlingen: Sch\u00fctzt \u00c4r Holzf\u00ebnstere virun Insekten a Sch\u00e4dlingen, andeems Dir Insektizide verwent oder Holzschutzm\u00ebttel opdrot. Beuecht dob\u00e4i d\u2019Consign\u00eb vum Hiersteller a went Iech u spezialis\u00e9iert Fachleit, wann Dir vun engem Befall ausgitt.<\/p>\n<p>Wann Dir d\u00ebs Tipps fir eng reegelm\u00e9isseg Fleeg respekt\u00e9iert an d\u00e9i noutwenneg Entretiensaarbechten duerchf\u00e9iert, k\u00ebnnt Dir d\u2019Sch\u00e9inheet an d\u2019Leeschtungsf\u00e4egkeet vun \u00c4ren Holzf\u00ebnstere laang erhalen.<\/p>\n<p>Selbstverst\u00e4ndlech kann Iech Metalica Services och e punktuellen Entretien ubidden oder besser nach: Dir entscheet Iech fir e Joreskontrakt.<\/p>\n                                <\/div>\n                            <\/li>\n                                                <!-- <li>\n                            <h3 class=\"faqs-accordion-heading\">1. Comment fonctionne une pergola bioclimatique ?\n                                <span class=\"faq_down_arrow\"><i class=\"fa-solid fa-angle-down\"><\/i><\/span>\n                            <\/h3>\n                            <div class=\"faqs_answer\">\n                                <p>While we would love to be able to give a definitive, fixed price for a website, it really depends on the specific needs for each individual business. If one business needs a website comprised of five pages, while another has a substantially larger site of over 100 pages - obviously those projects are going to command different price points.<\/p>\n\n                                <p>With that being said - here are some general guidelines on what to expect from a pricing standpoint.<\/p>\n\n                                <p>If you can get by with a small website (between 3 - 10 pages) using a pre-designed template, you can expect to pay approximately $2,500.00. A mid-sized website that has anywhere from 11 - 25 pages, but still uses a pre-made template, will be between $3,000.00 - $5,000.00. If you have a lot of pages, are looking for something completely custom, or are looking for something that has special functionality such as eCommerce, custom calculators, or integrations with other services, you may be looking at anywhere from $10,000 - $20,000.<\/p>\n                            <\/div>\n                        <\/li>\n                        <li>\n                            <h3 class=\"faqs-accordion-heading\">2. Quels sont les avantages d'une pergola bioclimatique ?\n                                <span class=\"faq_down_arrow\"><i class=\"fa-solid fa-angle-down\"><\/i><\/span>\n                            <\/h3>\n                            <div class=\"faqs_answer\">\n                                <p>This will vary depending on the type of project. For logo & branding projects, fees will be one-time costs. For website projects, we will typically charge a monthly fee, depending on the level of service you choose. To view a full list of our monthly packages, click here.<\/p>\n                            <\/div>\n                        <\/li>\n                        <li>\n                            <h3 class=\"faqs-accordion-heading\">3. Les pergolas bioclimatiques sont-elles durables ?\n                                <span class=\"faq_down_arrow\"><i class=\"fa-solid fa-angle-down\"><\/i><\/span>\n                            <\/h3>\n                            <div class=\"faqs_answer\">\n                                <p>Logo projects typically cost between $3,000 - $5000.<\/p>\n                                <p>\"Why so much?\" many people ask. To answer simply - because they require a lot of work. At least, to do them properly. And of all of the investments that you will make for your business, your logo & branding is one area where you don't want to skimp.<\/p>\n\n                                <p>In business, image is everything. And while your overall brand is based on far more than just your logo, a bad logo can create a strong first impression (for better or for worse).<\/p>\n\n                            <\/div>\n                        <\/li>\n                        <li>\n                            <h3 class=\"faqs-accordion-heading\">4. Les pergolas bioclimatiques sont-elles co\u00fbteuses \u00e0 installer ?\n                                <span class=\"faq_down_arrow\"><i class=\"fa-solid fa-angle-down\"><\/i><\/span>\n                            <\/h3>\n                            <div class=\"faqs_answer\">\n                                <p>Experience, quality, and results.<\/p>\n                                <p><strong>Experience.<\/strong> We have been designing websites professional since the early days of the web - before CSS was mainstream, and people still used tables for their website layouts. In the 20+ years that we have been doing this, we have work with and learned from many of the top voices in several industries. To put it simply - there are very few people in the world, let alone the area that can top our years of experience.<\/p>\n                                <p><strong>Results<\/strong> More than anything else, our focus is, and will always be getting results for clients. We don't care how pretty something is - if it is not resulting in the growth or obtaining of goals for our clients, then it is not time or money well spent. Our mission is to turn visitors into paying customers - and every decision that we make is rooted in that mission.<\/p>\n                            <\/div>\n                        <\/li>\n                        <li>\n                            <h3 class=\"faqs-accordion-heading\">5. Les pergolas bioclimatiques sont-elles faciles \u00e0 entretenir ?\n                                <span class=\"faq_down_arrow\"><i class=\"fa-solid fa-angle-down\"><\/i><\/span>\n                            <\/h3>\n                            <div class=\"faqs_answer\">\n                                <p>We started this business from scratch, and know full-well how tight money can be when you are first starting out. We empathize with the struggles of new business owners, and therefore work diligently so that the new businesses that we work with succeed.<\/p>\n\n                                <p>The primary criteria we look for when working with new businesses is the seriousness of the business owner. While it is natural for a new business owner to be cautious with the money they spend - we do look for a commitment to growth. If you do not have a specific plan for how you intend to grow your business, then the reality is - you will probably never be in a good position to afford our services.<\/p>\n                            <\/div>\n                        <\/li> -->\n                    <\/ul>\n                <\/div>\n                    <\/div>\n    <\/div>\n<\/section>\n\n<style>\n    #block_e7742d7230dc9c1f7f23f76e27ca3e3f{\n        background-color: #FFFFFF;\n    }\n<\/style>\n\n<script>\n    \/\/ ======= FAQ ACCORDION ========\n    $(document).ready(function(){\n        $('.faqs-accordion-list > li > .faqs_answer').hide();                \n        $('.faqs-accordion-list > li').click(function() {\n            if ($(this).hasClass(\"active\")) {\n            $(this).removeClass(\"active\").find(\".faqs_answer\").slideUp();\n            } else {\n            $(\".faqs-accordion-list > li.active .faqs_answer\").slideUp();\n            $(\".faqs-accordion-list > li.active\").removeClass(\"active\");\n            $(this).addClass(\"active\").find(\".faqs_answer\").slideDown();\n            }\n            return false;\n        });            \n    });\n<\/script>\n\n<section class=\"cta_main\" id=\"block_8ec13fb252965c2632bcad9c1441c89a\">\n    <div class=\"container\">\n        <h2 class=\"text-center mb-24 pb-4\">Kombin\u00e9iert Confort mam Natierlechen, mat eisen Holz- an Holz-Aluminium-F\u00ebnsteren!<\/h2>\n        <div class=\"text-center\">\n                    <a href=\"https:\/\/metalica.lu\/lb\/kontakt\/\"  class=\"gray_btn_fill width-md-100\">Ech froen e gratis Devis <span class=\"primary_color\"><i class=\"fa-solid fa-arrow-right pl-10\"><\/i><\/span><\/a>\n                <\/div>\n    <\/div>\n<\/section>\n\n<style>\n    #block_8ec13fb252965c2632bcad9c1441c89a {\n                background: #fbba00; \n        }\n<\/style>\n\n\n<section class=\"imageRight_contentLeft imageRight_contentLeft_img1\" id=\"block_13b0602e90f29188a8a87e3d0fdbc90e\" >\n    <div class=\"container\">\n        <div class=\"imageRight_contentLeft_wrapper\">\n            <div class=\"left_content\">\n                <h2 class=\"mb-20\">Aluminiumsf\u00ebnsteren\r\n<\/span><\/h2>\n                <p class=\"small mb-24\">Ideal fir Passivhaiser<\/p>\n                                    <a href=\"https:\/\/metalica.lu\/lb\/fensteren\/aluminiumsfensteren\/\"  class=\"gray_btn_fill  width-md-100\">Entdecken <span class=\"primary_color pl-10\"><i class=\"fa-solid fa-arrow-right\"><\/i><\/span><\/a>\n                            <\/div>\n            <div class=\"right_content\">\n                <div class=\"right_content_img\">\n                    <img decoding=\"async\" src=\"https:\/\/metalica.lu\/wp-content\/uploads\/2023\/10\/fenetres-alu-1_20231009.jpg\">\n                <\/div>\n            <\/div>\n        <\/div>\n    <\/div>\n<\/section>\n\n<style>\n    #block_13b0602e90f29188a8a87e3d0fdbc90e{\n        background-color: #ffffff;\n    }\n\n            #block_13b0602e90f29188a8a87e3d0fdbc90e.imageRight_contentLeft.imageRight_contentLeft_img1::before{\n            background-image: url(\"https:\/\/metalica.lu\/wp-content\/uploads\/2023\/10\/fenetres-alu-1_20231009.jpg\");\n        }\n    <\/style>\n\n\n<section class=\"imageRight_contentLeft imageRight_contentLeft_img1\" id=\"block_0ceb4444ac62b5cf74de2e45b5c4ffb0\" >\n    <div class=\"container\">\n        <div class=\"imageRight_contentLeft_wrapper\">\n            <div class=\"left_content\">\n                <h2 class=\"mb-20\">PVC-F\u00ebnsteren<\/span><\/h2>\n                <p class=\"small mb-24\">En ekonomeschen an effikasse Choix<\/p>\n                                    <a href=\"https:\/\/metalica.lu\/lb\/fensteren\/pvc-fenstere\/\"  class=\"gray_btn_fill  width-md-100\">Entdecken <span class=\"primary_color pl-10\"><i class=\"fa-solid fa-arrow-right\"><\/i><\/span><\/a>\n                            <\/div>\n            <div class=\"right_content\">\n                <div class=\"right_content_img\">\n                    <img decoding=\"async\" src=\"https:\/\/metalica.lu\/wp-content\/uploads\/2023\/10\/fenetres-pvc-1_20231009.jpg\">\n                <\/div>\n            <\/div>\n        <\/div>\n    <\/div>\n<\/section>\n\n<style>\n    #block_0ceb4444ac62b5cf74de2e45b5c4ffb0{\n        background-color: #f9fafb;\n    }\n\n            #block_0ceb4444ac62b5cf74de2e45b5c4ffb0.imageRight_contentLeft.imageRight_contentLeft_img1::before{\n            background-image: url(\"https:\/\/metalica.lu\/wp-content\/uploads\/2023\/10\/fenetres-pvc-1_20231009.jpg\");\n        }\n    <\/style>\n\n  \n    <section class=\"discover_product\" id=\"block_8d1365f3c6563f91aa813fa6bd9a6417\">\n        <div class=\"container\">\n            <div class=\"discover_product_wrapper\">\n                <div class=\"discover_product_inner\">\n                    <h2 class=\"mb-20\">Entdeckt eis aner Produkter<\/h2>\n                                            <ul class=\"discover_product_lists\">\n                                                            <li>\n                                    <a href=\"\/lb\/hausdieren-luxembourg\" style=\"text-decoration:none;\">\n                                        <img decoding=\"async\" src=\"https:\/\/metalica.lu\/wp-content\/uploads\/2023\/06\/reshot-icon-door.png\" alt=\"Hausdieren\">\n                                        <h4>Hausdieren<\/h4>\n                                    <\/a>\n                                <\/li>\n                                                            <li>\n                                    <a href=\"\/lb\/fensteren\/\" style=\"text-decoration:none;\">\n                                        <img decoding=\"async\" src=\"https:\/\/metalica.lu\/wp-content\/uploads\/2023\/06\/reshot-icon-window.png\" alt=\"F\u00ebnsteren\">\n                                        <h4>F\u00ebnsteren<\/h4>\n                                    <\/a>\n                                <\/li>\n                                                            <li>\n                                    <a href=\"\/lb\/pergolaen-a-verandaen\/\" style=\"text-decoration:none;\">\n                                        <img decoding=\"async\" src=\"https:\/\/metalica.lu\/wp-content\/uploads\/2023\/06\/ic_round-balcony.png\" alt=\"Pergolaen a Verandaen\">\n                                        <h4>Pergolaen a Verandaen<\/h4>\n                                    <\/a>\n                                <\/li>\n                                                            <li>\n                                    <a href=\"\/lb\/sonneschutz\/\" style=\"text-decoration:none;\">\n                                        <img decoding=\"async\" src=\"https:\/\/metalica.lu\/wp-content\/uploads\/2023\/06\/mdi_sun-angle-outline.png\" alt=\"Sonneschutz\">\n                                        <h4>Sonneschutz<\/h4>\n                                    <\/a>\n                                <\/li>\n                                                            <li>\n                                    <a href=\"\/lb\/fassadesystemer\/\" style=\"text-decoration:none;\">\n                                        <img decoding=\"async\" src=\"https:\/\/metalica.lu\/wp-content\/uploads\/2023\/06\/tabler_wall.png\" alt=\"Fassadesystemer\">\n                                        <h4>Fassadesystemer<\/h4>\n                                    <\/a>\n                                <\/li>\n                                                    <\/ul>\n                                    <\/div>\n            <\/div>\n        <\/div>\n    <\/section>\n    \n    <style>\n        #block_8d1365f3c6563f91aa813fa6bd9a6417 {\n                    background: url(\"https:\/\/metalica.lu\/wp-content\/uploads\/2023\/06\/discover-product-bg.png\"); \n\t\t\tbackground-repeat: no-repeat;\n\t\t\tbackground-size: cover;\n\t\t\tbackground-position: center;\n\t\t\tposition: relative;\n                        }\n    <\/style>\n","protected":false},"excerpt":{"rendered":"","protected":false},"author":14,"featured_media":0,"parent":8587,"menu_order":0,"comment_status":"closed","ping_status":"closed","template":"","meta":{"_acf_changed":false,"footnotes":""},"class_list":["post-8700","page","type-page","status-publish","hentry"],"acf":[],"yoast_head":"<!-- This site is optimized with the Yoast SEO Premium plugin v27.2 (Yoast SEO v27.5) - https:\/\/yoast.com\/product\/yoast-seo-premium-wordpress\/ -->\n<title>Holzf\u00ebnsteren - Metalica<\/title>\n<meta name=\"description\" content=\"Holz- an Holz-Aluminium-F\u00ebnsteren || Installatioun vu F\u00ebnsteren a ganz L\u00ebtzebuerg || Gratis Devis || Kontakt\u00e9iert eis!\" \/>\n<meta name=\"robots\" content=\"index, follow, max-snippet:-1, max-image-preview:large, max-video-preview:-1\" \/>\n<link rel=\"canonical\" href=\"https:\/\/metalica.lu\/lb\/fensteren\/holzfensteren\/\" \/>\n<meta property=\"og:locale\" content=\"en_US\" \/>\n<meta property=\"og:type\" content=\"article\" \/>\n<meta property=\"og:title\" content=\"Holzf\u00ebnsteren\" \/>\n<meta property=\"og:description\" content=\"Holz- an Holz-Aluminium-F\u00ebnsteren || Installatioun vu F\u00ebnsteren a ganz L\u00ebtzebuerg || Gratis Devis || Kontakt\u00e9iert eis!\" \/>\n<meta property=\"og:url\" content=\"https:\/\/metalica.lu\/lb\/fensteren\/holzfensteren\/\" \/>\n<meta property=\"og:site_name\" content=\"Metalica\" \/>\n<meta property=\"article:publisher\" content=\"https:\/\/www.facebook.com\/metalicahome\/\" \/>\n<meta property=\"article:modified_time\" content=\"2026-03-12T11:07:35+00:00\" \/>\n<meta name=\"twitter:card\" content=\"summary_large_image\" \/>\n<meta name=\"twitter:label1\" content=\"Est. reading time\" \/>\n\t<meta name=\"twitter:data1\" content=\"8 minutes\" \/>\n<script type=\"application\/ld+json\" class=\"yoast-schema-graph\">{\"@context\":\"https:\\\/\\\/schema.org\",\"@graph\":[{\"@type\":\"WebPage\",\"@id\":\"https:\\\/\\\/metalica.lu\\\/lb\\\/fensteren\\\/holzfensteren\\\/\",\"url\":\"https:\\\/\\\/metalica.lu\\\/lb\\\/fensteren\\\/holzfensteren\\\/\",\"name\":\"Holzf\u00ebnsteren - Metalica\",\"isPartOf\":{\"@id\":\"https:\\\/\\\/metalica.lu\\\/lb\\\/#website\"},\"datePublished\":\"2023-07-18T05:31:21+00:00\",\"dateModified\":\"2026-03-12T11:07:35+00:00\",\"description\":\"Holz- an Holz-Aluminium-F\u00ebnsteren || Installatioun vu F\u00ebnsteren a ganz L\u00ebtzebuerg || Gratis Devis || Kontakt\u00e9iert eis!\",\"breadcrumb\":{\"@id\":\"https:\\\/\\\/metalica.lu\\\/lb\\\/fensteren\\\/holzfensteren\\\/#breadcrumb\"},\"inLanguage\":\"lb-LU\",\"potentialAction\":[{\"@type\":\"ReadAction\",\"target\":[\"https:\\\/\\\/metalica.lu\\\/lb\\\/fensteren\\\/holzfensteren\\\/\"]}]},{\"@type\":\"BreadcrumbList\",\"@id\":\"https:\\\/\\\/metalica.lu\\\/lb\\\/fensteren\\\/holzfensteren\\\/#breadcrumb\",\"itemListElement\":[{\"@type\":\"ListItem\",\"position\":1,\"name\":\"Accueil\",\"item\":\"https:\\\/\\\/metalica.lu\\\/lb\\\/\"},{\"@type\":\"ListItem\",\"position\":2,\"name\":\"F\u00ebnsteren\",\"item\":\"https:\\\/\\\/metalica.lu\\\/lb\\\/fensteren\\\/\"},{\"@type\":\"ListItem\",\"position\":3,\"name\":\"Holzf\u00ebnsteren\"}]},{\"@type\":\"WebSite\",\"@id\":\"https:\\\/\\\/metalica.lu\\\/lb\\\/#website\",\"url\":\"https:\\\/\\\/metalica.lu\\\/lb\\\/\",\"name\":\"Metalica\",\"description\":\"\",\"publisher\":{\"@id\":\"https:\\\/\\\/metalica.lu\\\/lb\\\/#organization\"},\"potentialAction\":[{\"@type\":\"SearchAction\",\"target\":{\"@type\":\"EntryPoint\",\"urlTemplate\":\"https:\\\/\\\/metalica.lu\\\/lb\\\/?s={search_term_string}\"},\"query-input\":{\"@type\":\"PropertyValueSpecification\",\"valueRequired\":true,\"valueName\":\"search_term_string\"}}],\"inLanguage\":\"lb-LU\"},{\"@type\":\"Organization\",\"@id\":\"https:\\\/\\\/metalica.lu\\\/lb\\\/#organization\",\"name\":\"Metalica\",\"url\":\"https:\\\/\\\/metalica.lu\\\/lb\\\/\",\"logo\":{\"@type\":\"ImageObject\",\"inLanguage\":\"lb-LU\",\"@id\":\"https:\\\/\\\/metalica.lu\\\/lb\\\/#\\\/schema\\\/logo\\\/image\\\/\",\"url\":\"https:\\\/\\\/metalica.lu\\\/wp-content\\\/uploads\\\/2024\\\/05\\\/site-logo.png\",\"contentUrl\":\"https:\\\/\\\/metalica.lu\\\/wp-content\\\/uploads\\\/2024\\\/05\\\/site-logo.png\",\"width\":238,\"height\":62,\"caption\":\"Metalica\"},\"image\":{\"@id\":\"https:\\\/\\\/metalica.lu\\\/lb\\\/#\\\/schema\\\/logo\\\/image\\\/\"},\"sameAs\":[\"https:\\\/\\\/www.facebook.com\\\/metalicahome\\\/\"]}]}<\/script>\n<!-- \/ Yoast SEO Premium plugin. -->","yoast_head_json":{"title":"Holzf\u00ebnsteren - Metalica","description":"Holz- an Holz-Aluminium-F\u00ebnsteren || Installatioun vu F\u00ebnsteren a ganz L\u00ebtzebuerg || Gratis Devis || Kontakt\u00e9iert eis!","robots":{"index":"index","follow":"follow","max-snippet":"max-snippet:-1","max-image-preview":"max-image-preview:large","max-video-preview":"max-video-preview:-1"},"canonical":"https:\/\/metalica.lu\/lb\/fensteren\/holzfensteren\/","og_locale":"en_US","og_type":"article","og_title":"Holzf\u00ebnsteren","og_description":"Holz- an Holz-Aluminium-F\u00ebnsteren || Installatioun vu F\u00ebnsteren a ganz L\u00ebtzebuerg || Gratis Devis || Kontakt\u00e9iert eis!","og_url":"https:\/\/metalica.lu\/lb\/fensteren\/holzfensteren\/","og_site_name":"Metalica","article_publisher":"https:\/\/www.facebook.com\/metalicahome\/","article_modified_time":"2026-03-12T11:07:35+00:00","twitter_card":"summary_large_image","twitter_misc":{"Est. reading time":"8 minutes"},"schema":{"@context":"https:\/\/schema.org","@graph":[{"@type":"WebPage","@id":"https:\/\/metalica.lu\/lb\/fensteren\/holzfensteren\/","url":"https:\/\/metalica.lu\/lb\/fensteren\/holzfensteren\/","name":"Holzf\u00ebnsteren - Metalica","isPartOf":{"@id":"https:\/\/metalica.lu\/lb\/#website"},"datePublished":"2023-07-18T05:31:21+00:00","dateModified":"2026-03-12T11:07:35+00:00","description":"Holz- an Holz-Aluminium-F\u00ebnsteren || Installatioun vu F\u00ebnsteren a ganz L\u00ebtzebuerg || Gratis Devis || Kontakt\u00e9iert eis!","breadcrumb":{"@id":"https:\/\/metalica.lu\/lb\/fensteren\/holzfensteren\/#breadcrumb"},"inLanguage":"lb-LU","potentialAction":[{"@type":"ReadAction","target":["https:\/\/metalica.lu\/lb\/fensteren\/holzfensteren\/"]}]},{"@type":"BreadcrumbList","@id":"https:\/\/metalica.lu\/lb\/fensteren\/holzfensteren\/#breadcrumb","itemListElement":[{"@type":"ListItem","position":1,"name":"Accueil","item":"https:\/\/metalica.lu\/lb\/"},{"@type":"ListItem","position":2,"name":"F\u00ebnsteren","item":"https:\/\/metalica.lu\/lb\/fensteren\/"},{"@type":"ListItem","position":3,"name":"Holzf\u00ebnsteren"}]},{"@type":"WebSite","@id":"https:\/\/metalica.lu\/lb\/#website","url":"https:\/\/metalica.lu\/lb\/","name":"Metalica","description":"","publisher":{"@id":"https:\/\/metalica.lu\/lb\/#organization"},"potentialAction":[{"@type":"SearchAction","target":{"@type":"EntryPoint","urlTemplate":"https:\/\/metalica.lu\/lb\/?s={search_term_string}"},"query-input":{"@type":"PropertyValueSpecification","valueRequired":true,"valueName":"search_term_string"}}],"inLanguage":"lb-LU"},{"@type":"Organization","@id":"https:\/\/metalica.lu\/lb\/#organization","name":"Metalica","url":"https:\/\/metalica.lu\/lb\/","logo":{"@type":"ImageObject","inLanguage":"lb-LU","@id":"https:\/\/metalica.lu\/lb\/#\/schema\/logo\/image\/","url":"https:\/\/metalica.lu\/wp-content\/uploads\/2024\/05\/site-logo.png","contentUrl":"https:\/\/metalica.lu\/wp-content\/uploads\/2024\/05\/site-logo.png","width":238,"height":62,"caption":"Metalica"},"image":{"@id":"https:\/\/metalica.lu\/lb\/#\/schema\/logo\/image\/"},"sameAs":["https:\/\/www.facebook.com\/metalicahome\/"]}]}},"_links":{"self":[{"href":"https:\/\/metalica.lu\/lb\/wp-json\/wp\/v2\/pages\/8700","targetHints":{"allow":["GET"]}}],"collection":[{"href":"https:\/\/metalica.lu\/lb\/wp-json\/wp\/v2\/pages"}],"about":[{"href":"https:\/\/metalica.lu\/lb\/wp-json\/wp\/v2\/types\/page"}],"author":[{"embeddable":true,"href":"https:\/\/metalica.lu\/lb\/wp-json\/wp\/v2\/users\/14"}],"replies":[{"embeddable":true,"href":"https:\/\/metalica.lu\/lb\/wp-json\/wp\/v2\/comments?post=8700"}],"version-history":[{"count":3,"href":"https:\/\/metalica.lu\/lb\/wp-json\/wp\/v2\/pages\/8700\/revisions"}],"predecessor-version":[{"id":8766,"href":"https:\/\/metalica.lu\/lb\/wp-json\/wp\/v2\/pages\/8700\/revisions\/8766"}],"up":[{"embeddable":true,"href":"https:\/\/metalica.lu\/lb\/wp-json\/wp\/v2\/pages\/8587"}],"wp:attachment":[{"href":"https:\/\/metalica.lu\/lb\/wp-json\/wp\/v2\/media?parent=8700"}],"curies":[{"name":"wp","href":"https:\/\/api.w.org\/{rel}","templated":true}]}}