{"id":8696,"date":"2023-07-18T07:41:13","date_gmt":"2023-07-18T05:41:13","guid":{"rendered":"https:\/\/metalica.lu\/fensteren\/pvc-fenstere\/"},"modified":"2026-03-12T12:07:55","modified_gmt":"2026-03-12T11:07:55","slug":"pvc-fenstere","status":"publish","type":"page","link":"https:\/\/metalica.lu\/lb\/fensteren\/pvc-fenstere\/","title":{"rendered":"PVC-F\u00ebnstere"},"content":{"rendered":"<section class=\"hero_banner product_main\" id=\"block_fc357b08e090cfc514c55de0c7838398\">\n        <div class=\"container\">\n            <div class=\"hero_banner_content\">\n                <h1 class=\"white_color mb-24\">Montage vu PVC- a PVC-Aluminium-F\u00ebnsteren zu L\u00ebtzebuerg\r\n<\/h1>\n                <p class=\"font-18 white_color mb-24\">PVC-F\u00ebnsteren a PVC-Aluminium-F\u00ebnstere passen sech un all Architektur un a garant\u00e9iere laangfristeg Energieapsuerungen. Mir bei METALICA mont\u00e9ieren nohalteg an \u00e4stheetesch PVC-Alu-F\u00ebnsteren a ganz L\u00ebtzebuerg.\r\n<\/p>\n<!--                 <a href=\"https:\/\/metalica.lu\/lb\/kontakt\/\" class=\"primary_btn_fill\">Frot en Devis online! <span><i class=\"fa-solid fa-arrow-right\"><\/i><\/span><\/a> -->\n\t\t\t\t            <a href=\"https:\/\/metalica.lu\/lb\/kontakt\/\" class=\"primary_btn_fill\">Frot en Devis online! <span><i class=\"fa-solid fa-arrow-right\"><\/i><\/span><\/a>            <\/div>\n        <\/div>\n<\/section>\n<style>\n #block_fc357b08e090cfc514c55de0c7838398.product_main{\n    background-image:linear-gradient(0deg, rgba(0, 0, 0, 0.4), rgba(0, 0, 0, 0.4)),url(\"https:\/\/metalica.lu\/wp-content\/uploads\/2023\/10\/fenetre-pvc-hero.jpg\");\n    height: 100%;\n    padding: 145px 0;\n}\n@media (max-width:767px) {\n    #block_fc357b08e090cfc514c55de0c7838398.product_main{\n        padding: 70px 0;\n    }\n}\n<\/style>\n\n  \n     <section class=\"fullbody_content\" id=\"block_c17cf072a12ca5d3e4ab6d2e83b27ab3\">\n        <div class=\"container\">\n            <div class=\"content_wrapper\">\n                <div class=\"content_wrapper_inner\" style=\"color: ; text-align: left\">\n                <h2 class=\"mb-20\">Firwat PVC fir F\u00ebnsteren?\r\n<\/h2>\n                <p>PVC-F\u00ebnstere sinn opgrond vun hirer interessanter Pr\u00e4isleeschtung ganz bel\u00e9ift. PVC ass net n\u00ebmmen e Material mat gudden thermeschen Isolatiounsw\u00e4erter, m\u00e4 och ganz einfach am Entretien. Doriwwer eraus passt PVC zu alle Stiler vu Gebaier &#8211; vun traditionell bis modern. F\u00ebnsteren aus PVC sinn also de perfekte Choix bei Renovatioune vun alen Haiser awer och Konstruktioune vun neie Projete w\u00e9i Eefamilljenhaiser oder Residencen.<\/p>\n<p>Esou braucht Dir Iech de Kapp iwwer den ideale Choix vum Material net m\u00e9i ze zerbriechen &#8211; PVC passt bei alles! PVC-F\u00ebnstere k\u00ebnnen all erdenklech Formen unhuelen, esoudatt se perfekt un de Gesamtdesign vun engem Gebai ugepasst k\u00ebnne ginn.<\/p>\n<p>Donieft si PVC-F\u00ebnsteren net just m\u00e9i interessant am Pr\u00e4is, ma w\u00ebssen och mat hirer Durabilit\u00e9it z&#8217;iwwerzeegen: Och bei eventuellen Impakter, zolitten Onwiederen an aneren \u00cbmst\u00e4nn, d\u00e9i optriede k\u00ebnnen, bleiwe PVC-F\u00ebnstere jorelaang eng Valeur s\u00fbre.<\/p>\n                                    <a href=\"https:\/\/metalica.lu\/lb\/kontakt\/\"  class=\"gray_btn_fill width-md-100\">Devis ufroen <span><i class=\"fa-solid fa-arrow-right primary_color\"><\/i><\/span><\/a>\n                                <\/div>\n            <\/div> \n        <\/div>\n    <\/section> \n    <style>\n    \n    #block_c17cf072a12ca5d3e4ab6d2e83b27ab3 .gray_btn_fill{  \n        color: #ffffff;\n        background-color: #171C28;        \n    }\n\n    <\/style>\n    \n\n    <section class=\"specification_main\" id=\"block_c348f9bc04c5f06592b1c799e3ed0824\">\n        <div class=\"container\">\n            <div class=\"specification_inner\">\n                                    <div class=\"specification_single\">\n                        <p class=\"mb-24\"><img decoding=\"async\" src=\"https:\/\/metalica.lu\/wp-content\/uploads\/2023\/06\/lock-closed.png\" alt=\"\"><\/p>\n                        <h4 class=\"mb-8 pb-4\">En eleganten Design op d&#8217;Mooss<\/h4>\n                        <p class=\"small\">Eng Hellewull u verschiddene F\u00ebnsterzorte stinn Iech zur Verf\u00fcgung. <\/p>\n                    <\/div>\n                                    <div class=\"specification_single\">\n                        <p class=\"mb-24\"><img decoding=\"async\" src=\"https:\/\/metalica.lu\/wp-content\/uploads\/2023\/06\/clock.png\" alt=\"\"><\/p>\n                        <h4 class=\"mb-8 pb-4\">E breede Choix u Faarwen<\/h4>\n                        <p class=\"small\">Eng grouss Pallett un \u00ebnnerschiddleche Faarfkombinatiounen an Ausf\u00e9ierunge souw\u00e9i Holz- a Metallimitatioune sinn disponibel. <\/p>\n                    <\/div>\n                                    <div class=\"specification_single\">\n                        <p class=\"mb-24\"><img decoding=\"async\" src=\"https:\/\/metalica.lu\/wp-content\/uploads\/2023\/06\/Adjustments.png\" alt=\"\"><\/p>\n                        <h4 class=\"mb-8 pb-4\">Effikass thermesch Isolatioun<\/h4>\n                        <p class=\"small\">Mat der niddreger thermescher Konduktivit\u00e9it vu PVC. <\/p>\n                    <\/div>\n                                    <div class=\"specification_single\">\n                        <p class=\"mb-24\"><img decoding=\"async\" src=\"https:\/\/metalica.lu\/wp-content\/uploads\/2023\/06\/Users.png\" alt=\"\"><\/p>\n                        <h4 class=\"mb-8 pb-4\">Bewise Widderstandsf\u00e4egkeet<\/h4>\n                        <p class=\"small\">S\u00e9cherheet duerch Metallverst\u00e4erkungen an de F\u00ebnsterfligelen an an der Rumm. <\/p>\n                    <\/div>\n                  \n            <\/div>\n        <\/div>\n    <\/section>\n<style>\n    #block_c348f9bc04c5f06592b1c799e3ed0824 {\n                background: #ffffff; \n        }\n<\/style>\n\n\n<section class=\"list_with_discription list_with_discription_first\" id=\"block_86fe3ca260e30fff5754b29b6dab0960\">\n    <div class=\"container\">\n        <div class=\"list_with_discription_inner\">\n            <div class=\"list_with_discription_content\">\n                <h2 class=\"mb-20\">PVC-F\u00ebnstere vu Sch\u00fcco<\/h2>\n                <p>F\u00ebnstere ginn am Alldag vill op- an zougemaach. Dob\u00e4i kann et zu engem reellen Challenge ginn, datt d&#8217;F\u00ebnstere weiderhin w\u00e9i den \u00e9ischten Dag iwwer eng laang Z\u00e4it funktion\u00e9ieren. Dofir huet sech Metalica fir e PVC-System vun der Mark Sch\u00fcco, deemno fir eng exklusiv d\u00e4itsch Produktioun, entscheet: Hei garant\u00e9ieren de Choix vun de Materialer an de Profiller eng besonnesch h\u00e9ich Durabilit\u00e9it.<\/p>\n<p>Doriwwer eraus sinn d\u00ebs F\u00ebnstere mat engem 7-Kammer-F\u00ebnstersystem ekip\u00e9iert. Si hunn eng Abaud\u00e9ift vun 82 mm a sinn dr\u00e4ifach verglaast, wat sech als extreem energieeffizient Moossnam erwisen huet. Mat d\u00ebser Konzeptioun si Sch\u00fcco-F\u00ebnsteren haut e weesentlecht Element beim Bau vu Passiv- an Niddregenergiehaiser. Ob fir de Bau fir residentiell oder kommerziell Gebailechkeeten oder fir Renovatiounsaarbechte bei eeleren Haiser &#8211; d\u00ebs PVC-F\u00ebnstere sinn eng Garantie fir exzeptionell gutt Isolatiounsw\u00e4erter.<\/p>\n                                    <ul class=\"discription_list_content\">\n                                                <li class=\"discription_list_content_single mb-20\">\n                            <h4 class=\"mb-8\">7-Kammer-F\u00ebnstersystem<\/h4>\n                            <p class=\"small\">Fir Uf-W\u00e4erter vu bis zu 0,96\u00a0W\/(m\u00b2K).<\/p>\n                        <\/li>\n                                                <li class=\"discription_list_content_single mb-20\">\n                            <h4 class=\"mb-8\">Resistenzsklass RC2<\/h4>\n                            <p class=\"small\">Fir en h\u00e9ije Schutz virun Abr\u00e9ch<\/p>\n                        <\/li>\n                                                <li class=\"discription_list_content_single mb-20\">\n                            <h4 class=\"mb-8\">Bis zu 2 bis 3 Ofdichtungsniveauen<\/h4>\n                            <p class=\"small\">Fir en optimale Schutz viru Loftstr\u00e9imungen, Kam\u00e9idi dobaussen a Fiichtegkeet.<\/p>\n                        <\/li>\n                                            <\/ul>\n                            <\/div>\n            <div class=\"list_with_discription_tab_main\">\n                <div class=\"list_with_discription_tab_image\">\n                    <img decoding=\"async\" src=\"https:\/\/metalica.lu\/wp-content\/uploads\/2023\/10\/fenetre-pvc-schueco-living.jpg\" alt=\"\">\n                <\/div>\n            <\/div>\n        <\/div>\n    <\/div>\n<\/section>\n<style>\n    #block_86fe3ca260e30fff5754b29b6dab0960 {\n        background: #f9fafb; \n    }\n\n    #block_86fe3ca260e30fff5754b29b6dab0960.list_with_discription.list_with_discription_first::before{\n        background-image : url(\"https:\/\/metalica.lu\/wp-content\/uploads\/2023\/10\/fenetre-pvc-schueco-living.jpg\");\n    }\n<\/style>\n\n\n<section class=\"list_with_discription list_with_discription_first\" id=\"block_c4b0c07abb8a5659106f210024002faa\">\n    <div class=\"container\">\n        <div class=\"list_with_discription_inner\">\n            <div class=\"list_with_discription_content\">\n                <h2 class=\"mb-20\">PVC-Aluminiumsf\u00ebnstere vu Josko<\/h2>\n                <p>PVC-Aluminiumsf\u00ebnstere br\u00e9ngen d&#8217;Virdeeler vu b\u00e9ide Materialer op de Punkt: Extreem gutt thermesch an akustesch Isolatiounsw\u00e4erter vu PVC an d&#8217;Robustheet souw\u00e9i d\u00e9i modern \u00c4stheetik vun Aluminium. D\u00ebs Kombinatioun suergt fir eng m\u00e9i h\u00e9ich Liewensdauer, Wiederbest\u00e4nnegkeet an och S\u00e9cherheet bei Iech doheem. Doriwwer eraus maachen et d\u00e9i schmuel Profiller vun Aluminiumschassise m\u00e9iglech, datt m\u00e9i Dagesliicht duerch d&#8217;F\u00ebnster an \u00c4r Wunnraim fl\u00e9isse kann. De Bedarf un Entretien ass minimal an d&#8217;F\u00ebnstere bidden insgesamt eng exzellent Pr\u00e4isleeschtung an eng h\u00e9ich Recycl\u00e9ierbarkeet, well d&#8217;Materialer \u00ebmweltfr\u00ebndlech sinn.<\/p>\n<p>D&#8217;Produktfamill Topas vu Josko g\u00ebllt als Astigsmodell an ass interessant fir all Portmonni &#8211; ouni awer mussen Ofstr\u00e9cher bei Design a Funktionalit\u00e9it ze maachen.<\/p>\n<p>Mat de PVC-Alu-F\u00ebnstere Safir vereent d&#8217;Firma Josko direkt e puer Qualit\u00e9iten: schlanken Design, W\u00e4ermt a Stabilit\u00e9it. Doriwwer eraus bitt d&#8217;Produktgamm Safir mat senge schmuelen, m\u00e4 awer stabille Fligelrummen e bessert Afale vum Dagesliicht.<\/p>\n                                    <ul class=\"discription_list_content\">\n                                                <li class=\"discription_list_content_single mb-20\">\n                            <h4 class=\"mb-8\">No baussen hi b\u00fcndeg Finitioun<\/h4>\n                            <p class=\"small\">D&#8217;Produktgamm Topas ass bausse b\u00fcndeg mat Glas a Rumm an erweist sech esou als ideal L\u00e9isung fir eng modern a linear Architektur.<\/p>\n                        <\/li>\n                                                <li class=\"discription_list_content_single mb-20\">\n                            <h4 class=\"mb-8\">No banne licht versat<\/h4>\n                            <p class=\"small\">Topas ass no bannen hi liicht versat. F\u00ebnster-Chassisen ouni Leescht gesinn net just m\u00e9i sch\u00e9in aus, m\u00e4 sinn och m\u00e9i einfach z&#8217;\u00ebnnerhalen. D&#8217;Konstruktioun huet n\u00e4mlech keng weider Jointen.<\/p>\n                        <\/li>\n                                                <li class=\"discription_list_content_single mb-20\">\n                            <h4 class=\"mb-8\">Eckverbindungen agreabel an einfach ze botzen<\/h4>\n                            <p class=\"small\">Amplaz vun der \u00fcblecher U-Form, breet a kanteg verd\u00e9iften Eckverbindungen, gi Josko-F\u00ebnsteren am PVC seri\u00ebm\u00e9isseg a Jointe mat V-Form konzip\u00e9iert; mam Resultat, datt se m\u00e9i einfach ze botze sinn.<\/p>\n                        <\/li>\n                                                <li class=\"discription_list_content_single mb-20\">\n                            <h4 class=\"mb-8\">Adapt\u00e9iert Konzeptioun bei Renovatiounen<\/h4>\n                            <p class=\"small\">Renovatiounsaarbechte k\u00ebnnen e groussen Impakt op d&#8217;Fassad vun engem Gebai hunn. D&#8217;Produktlinn Topas wierkt deem entg\u00e9int. Si ass mat schlanke Systemst\u00e4erkten ekip\u00e9iert a kann och bei eeleren Haiser mat m\u00e9i schmuele Baussew\u00e4nn mont\u00e9iert ginn.<\/p>\n                        <\/li>\n                                            <\/ul>\n                            <\/div>\n            <div class=\"list_with_discription_tab_main\">\n                <div class=\"list_with_discription_tab_image\">\n                    <img decoding=\"async\" src=\"https:\/\/metalica.lu\/wp-content\/uploads\/2024\/07\/fenetre-pvc-topas-metalica-1.jpg\" alt=\"\">\n                <\/div>\n            <\/div>\n        <\/div>\n    <\/div>\n<\/section>\n<style>\n    #block_c4b0c07abb8a5659106f210024002faa {\n        background: #f9fafb; \n    }\n\n    #block_c4b0c07abb8a5659106f210024002faa.list_with_discription.list_with_discription_first::before{\n        background-image : url(\"https:\/\/metalica.lu\/wp-content\/uploads\/2024\/07\/fenetre-pvc-topas-metalica-1.jpg\");\n    }\n<\/style>\n\n    <section class=\"gallery_slider\" id=\"block_16f8408acd339f3bbefdcabccbaa3114\" >\n        <div class=\"container\">\n            <h2>Inspiratioun fir \u00c4r PVC-F\u00ebnsteren<\/h2>\n        <\/div>\n        <div class=\"gallery_slider_wrapper\">\n            <div class=\"swiper-container gallery-swiper-container gallery-block_16f8408acd339f3bbefdcabccbaa3114\">\n                <div class=\"swiper-wrapper\">\n                                            <div class=\"swiper-slide\">\n                            <div class=\"card-image\">\n                                <a href=\"https:\/\/metalica.lu\/wp-content\/uploads\/2023\/10\/fenetre-pvc-inspiration-1.jpg\" class=\"glightbox\"  data-glightbox=\"type: image\">\n                                    <img decoding=\"async\" src=\"https:\/\/metalica.lu\/wp-content\/uploads\/2023\/10\/fenetre-pvc-inspiration-1.jpg\" alt=\"Image Slider\">\n                                <\/a>\n                                                            <\/div>\n                        <\/div>\n                                            <div class=\"swiper-slide\">\n                            <div class=\"card-image\">\n                                <a href=\"https:\/\/metalica.lu\/wp-content\/uploads\/2023\/10\/fenetre-pvc-inspiration-2.jpg\" class=\"glightbox\"  data-glightbox=\"type: image\">\n                                    <img decoding=\"async\" src=\"https:\/\/metalica.lu\/wp-content\/uploads\/2023\/10\/fenetre-pvc-inspiration-2.jpg\" alt=\"Image Slider\">\n                                <\/a>\n                                                            <\/div>\n                        <\/div>\n                                            <div class=\"swiper-slide\">\n                            <div class=\"card-image\">\n                                <a href=\"https:\/\/metalica.lu\/wp-content\/uploads\/2023\/10\/fenetre-pvc-inspiration-3.jpg\" class=\"glightbox\"  data-glightbox=\"type: image\">\n                                    <img decoding=\"async\" src=\"https:\/\/metalica.lu\/wp-content\/uploads\/2023\/10\/fenetre-pvc-inspiration-3.jpg\" alt=\"Image Slider\">\n                                <\/a>\n                                                            <\/div>\n                        <\/div>\n                                            <div class=\"swiper-slide\">\n                            <div class=\"card-image\">\n                                <a href=\"https:\/\/metalica.lu\/wp-content\/uploads\/2023\/10\/fenetre-pvc-inspiration-4.jpg\" class=\"glightbox\"  data-glightbox=\"type: image\">\n                                    <img decoding=\"async\" src=\"https:\/\/metalica.lu\/wp-content\/uploads\/2023\/10\/fenetre-pvc-inspiration-4.jpg\" alt=\"Image Slider\">\n                                <\/a>\n                                                            <\/div>\n                        <\/div>\n                                            <div class=\"swiper-slide\">\n                            <div class=\"card-image\">\n                                <a href=\"https:\/\/metalica.lu\/wp-content\/uploads\/2023\/10\/fenetre-pvc-inspiration-5.jpg\" class=\"glightbox\"  data-glightbox=\"type: image\">\n                                    <img decoding=\"async\" src=\"https:\/\/metalica.lu\/wp-content\/uploads\/2023\/10\/fenetre-pvc-inspiration-5.jpg\" alt=\"Image Slider\">\n                                <\/a>\n                                                            <\/div>\n                        <\/div>\n                                    <\/div>\n                <!-- Add Scrollbar -->\n                <div class=\"swiper-button-next\">\n                    <i class=\"fa-solid fa-chevron-right\"><\/i>\n                <\/div>\n                <div class=\"swiper-button-prev\">\n                    <i class=\"fa-solid fa-chevron-left\"><\/i>\n                <\/div>\n            <\/div>\n        <\/div>\n    <\/section>\n\n<script>\n    $(document).ready(function(){\n        \/\/ Gallery Swiper Configuration\n        var swiper = new Swiper(\".gallery-block_16f8408acd339f3bbefdcabccbaa3114\", {\n            slidesPerView: 2,\n            spaceBetween: 30,\n            centeredSlides: true,\n            freeMode: true,\n            grabCursor: true,\n            loop: true,\n            autoplay: {\n                delay: 4000,\n                disableOnInteraction: false\n            },\n            navigation: {\n                nextEl: \".swiper-button-next\",\n                prevEl: \".swiper-button-prev\"\n            },\n            breakpoints: {\n                992: {\n                    slidesPerView: 1.1,\n                    centeredSlides: true,\n                },\n                767: {\n                    slidesPerView: 1,\n                    centeredSlides: false,\n                },\n            }\n        });\n        \/\/ ====== LIGHT BOX ========\n        const lightbox = GLightbox({\n            touchNavigation: true,\n            loop: true,\n            width: \"90vw\",\n            height: \"90vh\"\n        });\n    });\n<\/script>\n\n<section class=\"certification_main\" id=\"block_5ab6eaa2216bfdad52f352dd9f3d15af\" >\n    <div class=\"container\">\n        <div class=\"certification_main_inner\">\n            <h2 class=\"mb-20\">Eis Partneren am PVC a PVC-Aluminium<\/h2>\n            <p>En eleganten Design, deen sech der Architektur upasst an Isolatiounsw\u00e4erter virweist, d\u00e9i kompatibel si mat Passivhaiser: D\u00ebst sinn d&#8217;Kritt\u00e4re fir de Choix vun all eise F\u00ebnsteren.<br \/>\nFir d\u00ebsen h\u00e9ije Standard z&#8217;erreechen, huet sech METALICA mat zouverl\u00e4ssege Partneren zesummegedoen. D&#8217;Zil? Iech de beschte Choix u F\u00ebnsteren an Dieren unzebidden.<\/p>\n                                                <div class=\"certification_main_content\">\n                        <div class=\"certification_img\">\n                            <a href=\"https:\/\/www.schueco.com\/fr\/particuliers\" target=\"_blank\" >\n                                                                    <img decoding=\"async\" src=\"https:\/\/metalica.lu\/wp-content\/uploads\/2023\/07\/schueco-partner-logo-Small.png\">\n                                                            <\/a>\n                        <\/div>\n                        <div class=\"certification_discription\">\n                            <p>Genee w\u00e9i fir den Aluminiumsber\u00e4ich, huet et sech METALICA zur Missioun gemaach, Iech PVC-Chassise vun h\u00e9chster Qualit\u00e9it unzebidden. Aus d\u00ebsem Grond hu mir PVC-F\u00ebnstere vu Sch\u00fcco am Sortiment.<\/p>\n<div id=\"gtx-trans\" style=\"position: absolute; left: 145px; top: -12px;\">\n<div class=\"gtx-trans-icon\"><\/div>\n<\/div>\n                                                    <\/div>\n                        \n                    <\/div>\n                                    <div class=\"certification_main_content\">\n                        <div class=\"certification_img\">\n                            <a href=\"https:\/\/www.josko.com\/de\/\" target=\"_blank\" >\n                                                                    <img decoding=\"async\" src=\"https:\/\/metalica.lu\/wp-content\/uploads\/2023\/07\/Josko_Logo.png\">\n                                                            <\/a>\n                        <\/div>\n                        <div class=\"certification_discription\">\n                            <p>D\u00e9i \u00e9istr\u00e4ichesch Firma Josko ass dofir bekannt, leeschtungsf\u00e4eg an optesch uspriechend PVC-Alu-Rummen z&#8217;entwerfen. METALICA ass den exklusiven Distributeur vu PVC-Alu-F\u00ebnstere vun der Mark Josko zu L\u00ebtzebuerg. Kommt an eise Showroom op Esch-Uelzecht an entdeckt eis komplett Gamm u PVC-Aluminium-F\u00ebnsteren.<\/p>\n                                                    <\/div>\n                        \n                    <\/div>\n                                    <\/div>\n    <\/div>\n\n    \n<\/section>\n\n<style>\n    #block_5ab6eaa2216bfdad52f352dd9f3d15af{\n        background-color: #f9fafb;\n        padding-top : px;\n        padding-bottom : px;\n        padding-left : px;\n        padding-right : px;\n    }\n<\/style>\n\n<script>\n    $(document).ready(function(){\n        var modal2 = document.querySelector(\".certification_main .video_modal\");\n        var closeButton2 = document.querySelector(\".certification_main .close-button\");\n\n        function toggleModal2() {\n            modal2.classList.toggle(\"show-modal\");\n            $(\"body\").toggleClass(\"overflow-hidden\");\n        }\n\n        function windowOnClick(event) {\n            if (event.target === modal2) {\n                toggleModal2();\n            }\n        }\n        $('.trigger2').click(function(event) {\n            event.preventDefault();\n            toggleModal2();\n        });\n        \/\/ ====== STOP VIDEO WHEN MODAL IS CLOSE ========= \n        $(closeButton2).click(function() {\n            toggleModal2();\n            $('video').trigger('pause');\n            $('iframe').each(function(index) {\n                $(this).attr('src', $(this).attr('src'));\n                return false;\n            });\n        });\n\n    });\n<\/script>\n\n<section class=\"faqs_main\" id=\"block_548a6be9c96d0b6854cd498668c85532\" >\n    <div class=\"container\">\n        <div class=\"faqs_wrapper\">\n            <!-- <h2 class=\"text-center\">Foire \u00e0 <span class=\"primary_color\">questions<\/span><\/h2> -->\n            <h2 class=\"text-center\">Meeschtgestallte Froen\r\n<\/span><\/h2>\n                            <div class=\"faqs_accordion\">\n                    <ul class=\"faqs-accordion-list\">\n                                                    <li>\n                                <h3 class=\"faqs-accordion-heading\">Wat sinn d&#8217;Virdeeler vu PVC-F\u00ebnsteren am Verglach zu anere Materialer?                                    <span class=\"faq_down_arrow\"><i class=\"fa-solid fa-angle-down\"><\/i><\/span>\n                                <\/h3>\n                                <div class=\"faqs_answer\">\n                                    <p>PVC-F\u00ebnstere weisen dacks eng Partie Virdeeler op, d\u00e9i aner Materialer w\u00e9i Holz, Aluminium oder Stol net onbed\u00e9ngt hunn:<\/p>\n<p>1. Thermesch Isolatioun: PVC-F\u00ebnstere bidden eng exzellent thermesch Isolatioun. PVC ass e Material, wat net empfindlech ass op Temperaturen, H\u00ebtzt oder Keelt net leet, wouduerch de Verloscht vun der Bannentemperatur evit\u00e9iert g\u00ebtt. En agreabelt Klima m\u00e9cht sech also bei Iech doheem breet, wouduerch K\u00e4schte fir Heizungs- a Klimaanlage gedr\u00e9ckt k\u00ebnne ginn.<\/p>\n<p>2. Loft- a waasserdicht: PVC-F\u00ebnstere sinn esou konzip\u00e9iert, datt se loft- a waasserdicht sinn. D&#8217;Gummi- a Silikondichtunge bei PVC-F\u00ebnstere suerge fir eng gutt Ofdichtung a verh\u00ebnneren, datt onerw\u00ebnscht Loft oder Fiichtegkeet andr\u00e9ngt. D\u00ebst dr\u00e9it zu engem insgesamt bessere Raumklima b\u00e4i a wierkt preventiv g\u00e9int Kondenswaasser a Schimmel.<\/p>\n<p>3. Durabel, w\u00e9ineg Entretien: PVC-F\u00ebnstere si wieder- a korrosiounsbest\u00e4nneg a resistent g\u00e9int Thermitten an aner Sch\u00e4dlingen. PVC ass e Material, wat durabel ass, pr\u00e4isw\u00e4ert an der Produktioun a seng Funktionalit\u00e9it iwwer d&#8217;Jore b\u00e4i behale kann. Esou si PVC-F\u00ebnstere laangfristeg en zouverl\u00e4ssege Choix. Donieft sinn si liicht z&#8217;\u00ebnnerhalen: Si mussen net ugestrach ginn a k\u00ebnnen einfach mat duussem Seefewaasser gebotzt ginn.<\/p>\n<p>4. Abordabel: PVC-F\u00ebnstere sinn an der Reegel m\u00e9i g\u00ebnschteg w\u00e9i Holz-, Aluminium- oder Stolf\u00ebnsteren. D\u00e9i m\u00e9i k\u00e4schteg\u00ebnschteg Produktioun spiert Dir och an \u00c4rem Portmonni. D\u00ebst m\u00e9cht PVC-F\u00ebnstere fir vill Clienten extreem interessant.<\/p>\n<p>5. Design a pers\u00e9inlech Gestaltung: PVC-F\u00ebnstere sinn an alle m\u00e9igleche Formen, Faarwen a Stilrichtungen disponibel. Si bidden also vill Flexibilit\u00e9it am Kader vum Design a pers\u00e9inlecher Gestaltung a sinn deemno einfach un \u00ebnnerschiddlech Baustiler a pers\u00e9inlech Virl\u00e9iften unzepassen.<\/p>\n<p>Et soll een allerd\u00e9ngs dorop oppassen, datt d&#8217;Performancen an d&#8217;Avantag\u00eb vu PVC-F\u00ebnstere jee no Qualit\u00e9it vum Material, der Konzeptioun an dem Abau staark vari\u00e9iere k\u00ebnnen.<\/p>\n                                <\/div>\n                            <\/li>\n                                                    <li>\n                                <h3 class=\"faqs-accordion-heading\">Wat ass d&#8217;Liewensdauer vu PVC-F\u00ebnsteren?                                    <span class=\"faq_down_arrow\"><i class=\"fa-solid fa-angle-down\"><\/i><\/span>\n                                <\/h3>\n                                <div class=\"faqs_answer\">\n                                    <p>PVC-F\u00ebnstere si fir hir Durabilit\u00e9it bekannt. Allgemeng g\u00ebtt hir Liewensdauer op 20 bis 40 Joer gesch\u00e4tzt. Et ginn allerd\u00e9ngs e puer Facteuren, d\u00e9i d\u00e9i tats\u00e4chlech Liewensdauer vu PVC-F\u00ebnstere beaflosse k\u00ebnnen, w\u00e9i z. B. d&#8217;Qualit\u00e9it vum Material, de korrekte Montage an de reegelm\u00e9issegen Entretien.<\/p>\n<p>Wann se aus h\u00e9ichw\u00e4ertegem Konschtstoff hiergestallt sinn an se richteg agebaut ginn, k\u00ebnne PVC-F\u00ebnsteren dem Wieder, dem Sonneliicht, den Temperaturwiessel an aneren Afl\u00ebss vu bausse standhalen, ouni s\u00e9ier ofzenotzen. PVC ass e widderstandsf\u00e4egt Material, dat net korrod\u00e9iert an net ugestrach muss ginn.<\/p>\n<p>Fir d&#8217;Liewensdauer vu PVC-F\u00ebnsteren ze verl\u00e4ngeren, sollten se awer reegelm\u00e9isseg gebotzt, d&#8217;Dichtungen an d&#8217;Funktiounsmechanismen inspiz\u00e9iert an de Consign\u00eb vun den Hiersteller no adequat \u00ebnnerhale ginn.<\/p>\n<p>D\u00e9i genee Liewensdauer vu PVC-F\u00ebnstere ka jee no Gebrauch, Expositioun g\u00e9igeniwwer Wiederafl\u00ebss an dem Grad vum Entretien \u00ebnnerschiddlech ausfalen.<\/p>\n                                <\/div>\n                            <\/li>\n                                                    <li>\n                                <h3 class=\"faqs-accordion-heading\">W\u00e9i \u00ebnnerhalen ech PVC-F\u00ebnsteren?                                    <span class=\"faq_down_arrow\"><i class=\"fa-solid fa-angle-down\"><\/i><\/span>\n                                <\/h3>\n                                <div class=\"faqs_answer\">\n                                    <p>Fir d&#8217;Fleeg an den Entretien vun \u00c4re PVC-F\u00ebnstere sollt dir d\u00ebs Consign\u00eb respekt\u00e9ieren:<\/p>\n<p>1. Reegelm\u00e9isseg Botz: Botzt \u00c4r PVC-F\u00ebnsteren a reegelm\u00e9issegen Ofst\u00e4nn fir ze verh\u00ebnneren, datt sech Dreck, St\u00ebbs an aner Oflagerungen usetzen. Benotzt bei der Botz wotlecht Waasser mat enger duusser Seef. Evit\u00e9iert aggressiv Chemikalien, d\u00e9i \u00c4r PVC-F\u00ebnstere beschiedege k\u00ebnnen.<\/p>\n<p>2. Dichtungen a Jointen ofw\u00ebschen: Benotzt e m\u00ebllt Duch oder e Schwamp, fir d&#8217;Jointen an d&#8217;F\u00ebnsterofdichtungen ofzew\u00ebschen. Esou kritt Dir Oflagerungen einfach gebotzt an d&#8217;Funktionalit\u00e9it vun der F\u00ebnster bleift garant\u00e9iert.<\/p>\n<p>3. Mechanismen noschmieren: Wann \u00c4r F\u00ebnstere mat Mechanisme w\u00e9i Jarn\u00e9ieren, Schinnen o. \u00c4. ekip\u00e9iert sinn, dat g\u00ebtt recommand\u00e9iert, d\u00ebs Deeler reegelm\u00e9isseg nozeschmieren, fir d&#8217;Funktionalit\u00e9it vun de St\u00e9cker weiderhin ze garant\u00e9ieren. Dob\u00e4i ass et wichteg, en adequat M\u00ebttel ze benotzen, d\u00e9i fir d\u00e9i spezifesch Mechanisme g\u00ebeegent sinn, oder op d&#8217;Angabe vum Hiersteller opzepassen.<\/p>\n<p>4. Dichtungen iwwerpr\u00e9iwen: Kontroll\u00e9iert reegelm\u00e9isseg, ob d&#8217;Dichtungen an d&#8217;Gummie vun \u00c4re F\u00ebnsteren nach intakt sinn. Sollt Dir Unzeechen u Beschiedegunge feststellen, dann ersetzt se sou s\u00e9ier w\u00e9i m\u00e9iglech fir ze verh\u00ebnneren, datt Loft oder Fiichtegkeet andr\u00e9ngt.<\/p>\n<p>5. Schr\u00e9ipsen evit\u00e9ieren: Gitt bei der Botz virsiichteg vir, fir Schr\u00e9ipsen an der Uewerfl\u00e4ch vum PVC z&#8217;evit\u00e9ieren. Benotzt dofir \u00ebmmer en duusst Duch a vermeit spatz oder haart G\u00e9igest\u00e4nn, wann Dir un de F\u00ebnstere wierkelt.<\/p>\n<p>6. Virun UV-Strale sch\u00fctzen: PVC-F\u00ebnstere k\u00ebnnen empfindlech op UV-Strale reag\u00e9ieren. Storen, Riddoen a Sonneschutzfolie verh\u00ebnneren eng direkt Sonnenastralung. Esou k\u00ebnnt Dir evit\u00e9ieren, datt d&#8217;F\u00ebnsterrumme s\u00e9ier verblatzen.<\/p>\n<p>Wann Dir d\u00ebs Consign\u00eb respekt\u00e9iert, bleiwen \u00c4r PVC-F\u00ebnstere laang propper, funktional an \u00e4stheetesch sch\u00e9in.<\/p>\n                                <\/div>\n                            <\/li>\n                                                <!-- <li>\n                            <h3 class=\"faqs-accordion-heading\">1. Comment fonctionne une pergola bioclimatique ?\n                                <span class=\"faq_down_arrow\"><i class=\"fa-solid fa-angle-down\"><\/i><\/span>\n                            <\/h3>\n                            <div class=\"faqs_answer\">\n                                <p>While we would love to be able to give a definitive, fixed price for a website, it really depends on the specific needs for each individual business. If one business needs a website comprised of five pages, while another has a substantially larger site of over 100 pages - obviously those projects are going to command different price points.<\/p>\n\n                                <p>With that being said - here are some general guidelines on what to expect from a pricing standpoint.<\/p>\n\n                                <p>If you can get by with a small website (between 3 - 10 pages) using a pre-designed template, you can expect to pay approximately $2,500.00. A mid-sized website that has anywhere from 11 - 25 pages, but still uses a pre-made template, will be between $3,000.00 - $5,000.00. If you have a lot of pages, are looking for something completely custom, or are looking for something that has special functionality such as eCommerce, custom calculators, or integrations with other services, you may be looking at anywhere from $10,000 - $20,000.<\/p>\n                            <\/div>\n                        <\/li>\n                        <li>\n                            <h3 class=\"faqs-accordion-heading\">2. Quels sont les avantages d'une pergola bioclimatique ?\n                                <span class=\"faq_down_arrow\"><i class=\"fa-solid fa-angle-down\"><\/i><\/span>\n                            <\/h3>\n                            <div class=\"faqs_answer\">\n                                <p>This will vary depending on the type of project. For logo & branding projects, fees will be one-time costs. For website projects, we will typically charge a monthly fee, depending on the level of service you choose. To view a full list of our monthly packages, click here.<\/p>\n                            <\/div>\n                        <\/li>\n                        <li>\n                            <h3 class=\"faqs-accordion-heading\">3. Les pergolas bioclimatiques sont-elles durables ?\n                                <span class=\"faq_down_arrow\"><i class=\"fa-solid fa-angle-down\"><\/i><\/span>\n                            <\/h3>\n                            <div class=\"faqs_answer\">\n                                <p>Logo projects typically cost between $3,000 - $5000.<\/p>\n                                <p>\"Why so much?\" many people ask. To answer simply - because they require a lot of work. At least, to do them properly. And of all of the investments that you will make for your business, your logo & branding is one area where you don't want to skimp.<\/p>\n\n                                <p>In business, image is everything. And while your overall brand is based on far more than just your logo, a bad logo can create a strong first impression (for better or for worse).<\/p>\n\n                            <\/div>\n                        <\/li>\n                        <li>\n                            <h3 class=\"faqs-accordion-heading\">4. Les pergolas bioclimatiques sont-elles co\u00fbteuses \u00e0 installer ?\n                                <span class=\"faq_down_arrow\"><i class=\"fa-solid fa-angle-down\"><\/i><\/span>\n                            <\/h3>\n                            <div class=\"faqs_answer\">\n                                <p>Experience, quality, and results.<\/p>\n                                <p><strong>Experience.<\/strong> We have been designing websites professional since the early days of the web - before CSS was mainstream, and people still used tables for their website layouts. In the 20+ years that we have been doing this, we have work with and learned from many of the top voices in several industries. To put it simply - there are very few people in the world, let alone the area that can top our years of experience.<\/p>\n                                <p><strong>Results<\/strong> More than anything else, our focus is, and will always be getting results for clients. We don't care how pretty something is - if it is not resulting in the growth or obtaining of goals for our clients, then it is not time or money well spent. Our mission is to turn visitors into paying customers - and every decision that we make is rooted in that mission.<\/p>\n                            <\/div>\n                        <\/li>\n                        <li>\n                            <h3 class=\"faqs-accordion-heading\">5. Les pergolas bioclimatiques sont-elles faciles \u00e0 entretenir ?\n                                <span class=\"faq_down_arrow\"><i class=\"fa-solid fa-angle-down\"><\/i><\/span>\n                            <\/h3>\n                            <div class=\"faqs_answer\">\n                                <p>We started this business from scratch, and know full-well how tight money can be when you are first starting out. We empathize with the struggles of new business owners, and therefore work diligently so that the new businesses that we work with succeed.<\/p>\n\n                                <p>The primary criteria we look for when working with new businesses is the seriousness of the business owner. While it is natural for a new business owner to be cautious with the money they spend - we do look for a commitment to growth. If you do not have a specific plan for how you intend to grow your business, then the reality is - you will probably never be in a good position to afford our services.<\/p>\n                            <\/div>\n                        <\/li> -->\n                    <\/ul>\n                <\/div>\n                    <\/div>\n    <\/div>\n<\/section>\n\n<style>\n    #block_548a6be9c96d0b6854cd498668c85532{\n        background-color: #FFFFFF;\n    }\n<\/style>\n\n<script>\n    \/\/ ======= FAQ ACCORDION ========\n    $(document).ready(function(){\n        $('.faqs-accordion-list > li > .faqs_answer').hide();                \n        $('.faqs-accordion-list > li').click(function() {\n            if ($(this).hasClass(\"active\")) {\n            $(this).removeClass(\"active\").find(\".faqs_answer\").slideUp();\n            } else {\n            $(\".faqs-accordion-list > li.active .faqs_answer\").slideUp();\n            $(\".faqs-accordion-list > li.active\").removeClass(\"active\");\n            $(this).addClass(\"active\").find(\".faqs_answer\").slideDown();\n            }\n            return false;\n        });            \n    });\n<\/script>\n\n<section class=\"cta_main\" id=\"block_cc11c91fdb96c78f6325093678db994b\">\n    <div class=\"container\">\n        <h2 class=\"text-center mb-24 pb-4\">Maacht e Schr\u00ebtt an d&#8217;Zukunft mat PVC-F\u00ebnsteren!<\/h2>\n        <div class=\"text-center\">\n                    <a href=\"https:\/\/metalica.lu\/lb\/kontakt\/\"  class=\"gray_btn_fill width-md-100\">Ech froen e gratis Devis <span class=\"primary_color\"><i class=\"fa-solid fa-arrow-right pl-10\"><\/i><\/span><\/a>\n                <\/div>\n    <\/div>\n<\/section>\n\n<style>\n    #block_cc11c91fdb96c78f6325093678db994b {\n                background: #fbba00; \n        }\n<\/style>\n\n\n<section class=\"imageRight_contentLeft imageRight_contentLeft_img1\" id=\"block_1a55a6cdbdc6fc7a96d5b63e938440f6\" >\n    <div class=\"container\">\n        <div class=\"imageRight_contentLeft_wrapper\">\n            <div class=\"left_content\">\n                <h2 class=\"mb-20\">Aluminiumsf\u00ebnsteren\r\n<\/span><\/h2>\n                <p>Fir eng laang Liewensdauer<\/p>\n                                    <a href=\"https:\/\/metalica.lu\/lb\/fensteren\/aluminiumsfensteren\/\"  class=\"gray_btn_fill  width-md-100\">Entdecken <span class=\"primary_color pl-10\"><i class=\"fa-solid fa-arrow-right\"><\/i><\/span><\/a>\n                            <\/div>\n            <div class=\"right_content\">\n                <div class=\"right_content_img\">\n                    <img decoding=\"async\" src=\"https:\/\/metalica.lu\/wp-content\/uploads\/2023\/10\/fenetres-alu-1_20231009.jpg\">\n                <\/div>\n            <\/div>\n        <\/div>\n    <\/div>\n<\/section>\n\n<style>\n    #block_1a55a6cdbdc6fc7a96d5b63e938440f6{\n        background-color: #ffffff;\n    }\n\n            #block_1a55a6cdbdc6fc7a96d5b63e938440f6.imageRight_contentLeft.imageRight_contentLeft_img1::before{\n            background-image: url(\"https:\/\/metalica.lu\/wp-content\/uploads\/2023\/10\/fenetres-alu-1_20231009.jpg\");\n        }\n    <\/style>\n\n\n<section class=\"imageRight_contentLeft imageRight_contentLeft_img1\" id=\"block_9ff17fed26faefb4b268b72202138564\" >\n    <div class=\"container\">\n        <div class=\"imageRight_contentLeft_wrapper\">\n            <div class=\"left_content\">\n                <h2 class=\"mb-20\">Holzf\u00ebnsteren<\/span><\/h2>\n                <p class=\"small mb-24\">Fir z\u00e4itlos Produkter<\/p>\n                                    <a href=\"https:\/\/metalica.lu\/lb\/fensteren\/holzfensteren\/\"  class=\"gray_btn_fill  width-md-100\">Entdecken <span class=\"primary_color pl-10\"><i class=\"fa-solid fa-arrow-right\"><\/i><\/span><\/a>\n                            <\/div>\n            <div class=\"right_content\">\n                <div class=\"right_content_img\">\n                    <img decoding=\"async\" src=\"https:\/\/metalica.lu\/wp-content\/uploads\/2023\/10\/fenetres-bois-1_20231009.jpg\">\n                <\/div>\n            <\/div>\n        <\/div>\n    <\/div>\n<\/section>\n\n<style>\n    #block_9ff17fed26faefb4b268b72202138564{\n        background-color: #f9fafb;\n    }\n\n            #block_9ff17fed26faefb4b268b72202138564.imageRight_contentLeft.imageRight_contentLeft_img1::before{\n            background-image: url(\"https:\/\/metalica.lu\/wp-content\/uploads\/2023\/10\/fenetres-bois-1_20231009.jpg\");\n        }\n    <\/style>\n\n  \n    <section class=\"discover_product\" id=\"block_4e9d74dcdd687987346033342b0a9d00\">\n        <div class=\"container\">\n            <div class=\"discover_product_wrapper\">\n                <div class=\"discover_product_inner\">\n                    <h2 class=\"mb-20\">Entdeckt eis aner Produkter<\/h2>\n                                            <ul class=\"discover_product_lists\">\n                                                            <li>\n                                    <a href=\"\/lb\/hausdieren-luxembourg\" style=\"text-decoration:none;\">\n                                        <img decoding=\"async\" src=\"https:\/\/metalica.lu\/wp-content\/uploads\/2023\/06\/reshot-icon-door.png\" alt=\"Hausdieren\">\n                                        <h4>Hausdieren<\/h4>\n                                    <\/a>\n                                <\/li>\n                                                            <li>\n                                    <a href=\"\/lb\/fensteren\/\" style=\"text-decoration:none;\">\n                                        <img decoding=\"async\" src=\"https:\/\/metalica.lu\/wp-content\/uploads\/2023\/06\/reshot-icon-window.png\" alt=\"F\u00ebnsteren\">\n                                        <h4>F\u00ebnsteren<\/h4>\n                                    <\/a>\n                                <\/li>\n                                                            <li>\n                                    <a href=\"\/lb\/pergolaen-a-verandaen\/\" style=\"text-decoration:none;\">\n                                        <img decoding=\"async\" src=\"https:\/\/metalica.lu\/wp-content\/uploads\/2023\/06\/ic_round-balcony.png\" alt=\"Pergolas et v\u00e9randas\">\n                                        <h4>Pergolas et v\u00e9randas<\/h4>\n                                    <\/a>\n                                <\/li>\n                                                            <li>\n                                    <a href=\"\/lb\/sonneschutz\/\" style=\"text-decoration:none;\">\n                                        <img decoding=\"async\" src=\"https:\/\/metalica.lu\/wp-content\/uploads\/2023\/06\/mdi_sun-angle-outline.png\" alt=\"Sonneschutz\">\n                                        <h4>Sonneschutz<\/h4>\n                                    <\/a>\n                                <\/li>\n                                                            <li>\n                                    <a href=\"\/lb\/fassadesystemer\/\" style=\"text-decoration:none;\">\n                                        <img decoding=\"async\" src=\"https:\/\/metalica.lu\/wp-content\/uploads\/2023\/06\/tabler_wall.png\" alt=\"Fassadesystemer\">\n                                        <h4>Fassadesystemer<\/h4>\n                                    <\/a>\n                                <\/li>\n                                                    <\/ul>\n                                    <\/div>\n            <\/div>\n        <\/div>\n    <\/section>\n    \n    <style>\n        #block_4e9d74dcdd687987346033342b0a9d00 {\n                    background: url(\"https:\/\/metalica.lu\/wp-content\/uploads\/2023\/06\/discover-product-bg.png\"); \n\t\t\tbackground-repeat: no-repeat;\n\t\t\tbackground-size: cover;\n\t\t\tbackground-position: center;\n\t\t\tposition: relative;\n                        }\n    <\/style>\n","protected":false},"excerpt":{"rendered":"","protected":false},"author":14,"featured_media":0,"parent":8587,"menu_order":0,"comment_status":"closed","ping_status":"closed","template":"","meta":{"_acf_changed":false,"footnotes":""},"class_list":["post-8696","page","type-page","status-publish","hentry"],"acf":[],"yoast_head":"<!-- This site is optimized with the Yoast SEO Premium plugin v27.2 (Yoast SEO v27.5) - https:\/\/yoast.com\/product\/yoast-seo-premium-wordpress\/ -->\n<title>PVC-F\u00ebnstere - Metalica<\/title>\n<meta name=\"description\" content=\"Pos an Installatioun vu PVC-F\u00ebnsteren zu L\u00ebtzebuerg || Grouss Auswiel u Formen a Faarwen || Gratis Devis || Kontakt\u00e9iert eis!\" \/>\n<meta name=\"robots\" content=\"index, follow, max-snippet:-1, max-image-preview:large, max-video-preview:-1\" \/>\n<link rel=\"canonical\" href=\"https:\/\/metalica.lu\/lb\/fensteren\/pvc-fenstere\/\" \/>\n<meta property=\"og:locale\" content=\"en_US\" \/>\n<meta property=\"og:type\" content=\"article\" \/>\n<meta property=\"og:title\" content=\"PVC-F\u00ebnstere\" \/>\n<meta property=\"og:description\" content=\"Pos an Installatioun vu PVC-F\u00ebnsteren zu L\u00ebtzebuerg || Grouss Auswiel u Formen a Faarwen || Gratis Devis || Kontakt\u00e9iert eis!\" \/>\n<meta property=\"og:url\" content=\"https:\/\/metalica.lu\/lb\/fensteren\/pvc-fenstere\/\" \/>\n<meta property=\"og:site_name\" content=\"Metalica\" \/>\n<meta property=\"article:publisher\" content=\"https:\/\/www.facebook.com\/metalicahome\/\" \/>\n<meta property=\"article:modified_time\" content=\"2026-03-12T11:07:55+00:00\" \/>\n<meta name=\"twitter:card\" content=\"summary_large_image\" \/>\n<meta name=\"twitter:label1\" content=\"Est. reading time\" \/>\n\t<meta name=\"twitter:data1\" content=\"7 minutes\" \/>\n<script type=\"application\/ld+json\" class=\"yoast-schema-graph\">{\"@context\":\"https:\\\/\\\/schema.org\",\"@graph\":[{\"@type\":\"WebPage\",\"@id\":\"https:\\\/\\\/metalica.lu\\\/lb\\\/fensteren\\\/pvc-fenstere\\\/\",\"url\":\"https:\\\/\\\/metalica.lu\\\/lb\\\/fensteren\\\/pvc-fenstere\\\/\",\"name\":\"PVC-F\u00ebnstere - Metalica\",\"isPartOf\":{\"@id\":\"https:\\\/\\\/metalica.lu\\\/lb\\\/#website\"},\"datePublished\":\"2023-07-18T05:41:13+00:00\",\"dateModified\":\"2026-03-12T11:07:55+00:00\",\"description\":\"Pos an Installatioun vu PVC-F\u00ebnsteren zu L\u00ebtzebuerg || Grouss Auswiel u Formen a Faarwen || Gratis Devis || Kontakt\u00e9iert eis!\",\"breadcrumb\":{\"@id\":\"https:\\\/\\\/metalica.lu\\\/lb\\\/fensteren\\\/pvc-fenstere\\\/#breadcrumb\"},\"inLanguage\":\"lb-LU\",\"potentialAction\":[{\"@type\":\"ReadAction\",\"target\":[\"https:\\\/\\\/metalica.lu\\\/lb\\\/fensteren\\\/pvc-fenstere\\\/\"]}]},{\"@type\":\"BreadcrumbList\",\"@id\":\"https:\\\/\\\/metalica.lu\\\/lb\\\/fensteren\\\/pvc-fenstere\\\/#breadcrumb\",\"itemListElement\":[{\"@type\":\"ListItem\",\"position\":1,\"name\":\"Accueil\",\"item\":\"https:\\\/\\\/metalica.lu\\\/lb\\\/\"},{\"@type\":\"ListItem\",\"position\":2,\"name\":\"F\u00ebnsteren\",\"item\":\"https:\\\/\\\/metalica.lu\\\/lb\\\/fensteren\\\/\"},{\"@type\":\"ListItem\",\"position\":3,\"name\":\"PVC-F\u00ebnstere\"}]},{\"@type\":\"WebSite\",\"@id\":\"https:\\\/\\\/metalica.lu\\\/lb\\\/#website\",\"url\":\"https:\\\/\\\/metalica.lu\\\/lb\\\/\",\"name\":\"Metalica\",\"description\":\"\",\"publisher\":{\"@id\":\"https:\\\/\\\/metalica.lu\\\/lb\\\/#organization\"},\"potentialAction\":[{\"@type\":\"SearchAction\",\"target\":{\"@type\":\"EntryPoint\",\"urlTemplate\":\"https:\\\/\\\/metalica.lu\\\/lb\\\/?s={search_term_string}\"},\"query-input\":{\"@type\":\"PropertyValueSpecification\",\"valueRequired\":true,\"valueName\":\"search_term_string\"}}],\"inLanguage\":\"lb-LU\"},{\"@type\":\"Organization\",\"@id\":\"https:\\\/\\\/metalica.lu\\\/lb\\\/#organization\",\"name\":\"Metalica\",\"url\":\"https:\\\/\\\/metalica.lu\\\/lb\\\/\",\"logo\":{\"@type\":\"ImageObject\",\"inLanguage\":\"lb-LU\",\"@id\":\"https:\\\/\\\/metalica.lu\\\/lb\\\/#\\\/schema\\\/logo\\\/image\\\/\",\"url\":\"https:\\\/\\\/metalica.lu\\\/wp-content\\\/uploads\\\/2024\\\/05\\\/site-logo.png\",\"contentUrl\":\"https:\\\/\\\/metalica.lu\\\/wp-content\\\/uploads\\\/2024\\\/05\\\/site-logo.png\",\"width\":238,\"height\":62,\"caption\":\"Metalica\"},\"image\":{\"@id\":\"https:\\\/\\\/metalica.lu\\\/lb\\\/#\\\/schema\\\/logo\\\/image\\\/\"},\"sameAs\":[\"https:\\\/\\\/www.facebook.com\\\/metalicahome\\\/\"]}]}<\/script>\n<!-- \/ Yoast SEO Premium plugin. -->","yoast_head_json":{"title":"PVC-F\u00ebnstere - Metalica","description":"Pos an Installatioun vu PVC-F\u00ebnsteren zu L\u00ebtzebuerg || Grouss Auswiel u Formen a Faarwen || Gratis Devis || Kontakt\u00e9iert eis!","robots":{"index":"index","follow":"follow","max-snippet":"max-snippet:-1","max-image-preview":"max-image-preview:large","max-video-preview":"max-video-preview:-1"},"canonical":"https:\/\/metalica.lu\/lb\/fensteren\/pvc-fenstere\/","og_locale":"en_US","og_type":"article","og_title":"PVC-F\u00ebnstere","og_description":"Pos an Installatioun vu PVC-F\u00ebnsteren zu L\u00ebtzebuerg || Grouss Auswiel u Formen a Faarwen || Gratis Devis || Kontakt\u00e9iert eis!","og_url":"https:\/\/metalica.lu\/lb\/fensteren\/pvc-fenstere\/","og_site_name":"Metalica","article_publisher":"https:\/\/www.facebook.com\/metalicahome\/","article_modified_time":"2026-03-12T11:07:55+00:00","twitter_card":"summary_large_image","twitter_misc":{"Est. reading time":"7 minutes"},"schema":{"@context":"https:\/\/schema.org","@graph":[{"@type":"WebPage","@id":"https:\/\/metalica.lu\/lb\/fensteren\/pvc-fenstere\/","url":"https:\/\/metalica.lu\/lb\/fensteren\/pvc-fenstere\/","name":"PVC-F\u00ebnstere - Metalica","isPartOf":{"@id":"https:\/\/metalica.lu\/lb\/#website"},"datePublished":"2023-07-18T05:41:13+00:00","dateModified":"2026-03-12T11:07:55+00:00","description":"Pos an Installatioun vu PVC-F\u00ebnsteren zu L\u00ebtzebuerg || Grouss Auswiel u Formen a Faarwen || Gratis Devis || Kontakt\u00e9iert eis!","breadcrumb":{"@id":"https:\/\/metalica.lu\/lb\/fensteren\/pvc-fenstere\/#breadcrumb"},"inLanguage":"lb-LU","potentialAction":[{"@type":"ReadAction","target":["https:\/\/metalica.lu\/lb\/fensteren\/pvc-fenstere\/"]}]},{"@type":"BreadcrumbList","@id":"https:\/\/metalica.lu\/lb\/fensteren\/pvc-fenstere\/#breadcrumb","itemListElement":[{"@type":"ListItem","position":1,"name":"Accueil","item":"https:\/\/metalica.lu\/lb\/"},{"@type":"ListItem","position":2,"name":"F\u00ebnsteren","item":"https:\/\/metalica.lu\/lb\/fensteren\/"},{"@type":"ListItem","position":3,"name":"PVC-F\u00ebnstere"}]},{"@type":"WebSite","@id":"https:\/\/metalica.lu\/lb\/#website","url":"https:\/\/metalica.lu\/lb\/","name":"Metalica","description":"","publisher":{"@id":"https:\/\/metalica.lu\/lb\/#organization"},"potentialAction":[{"@type":"SearchAction","target":{"@type":"EntryPoint","urlTemplate":"https:\/\/metalica.lu\/lb\/?s={search_term_string}"},"query-input":{"@type":"PropertyValueSpecification","valueRequired":true,"valueName":"search_term_string"}}],"inLanguage":"lb-LU"},{"@type":"Organization","@id":"https:\/\/metalica.lu\/lb\/#organization","name":"Metalica","url":"https:\/\/metalica.lu\/lb\/","logo":{"@type":"ImageObject","inLanguage":"lb-LU","@id":"https:\/\/metalica.lu\/lb\/#\/schema\/logo\/image\/","url":"https:\/\/metalica.lu\/wp-content\/uploads\/2024\/05\/site-logo.png","contentUrl":"https:\/\/metalica.lu\/wp-content\/uploads\/2024\/05\/site-logo.png","width":238,"height":62,"caption":"Metalica"},"image":{"@id":"https:\/\/metalica.lu\/lb\/#\/schema\/logo\/image\/"},"sameAs":["https:\/\/www.facebook.com\/metalicahome\/"]}]}},"_links":{"self":[{"href":"https:\/\/metalica.lu\/lb\/wp-json\/wp\/v2\/pages\/8696","targetHints":{"allow":["GET"]}}],"collection":[{"href":"https:\/\/metalica.lu\/lb\/wp-json\/wp\/v2\/pages"}],"about":[{"href":"https:\/\/metalica.lu\/lb\/wp-json\/wp\/v2\/types\/page"}],"author":[{"embeddable":true,"href":"https:\/\/metalica.lu\/lb\/wp-json\/wp\/v2\/users\/14"}],"replies":[{"embeddable":true,"href":"https:\/\/metalica.lu\/lb\/wp-json\/wp\/v2\/comments?post=8696"}],"version-history":[{"count":3,"href":"https:\/\/metalica.lu\/lb\/wp-json\/wp\/v2\/pages\/8696\/revisions"}],"predecessor-version":[{"id":8768,"href":"https:\/\/metalica.lu\/lb\/wp-json\/wp\/v2\/pages\/8696\/revisions\/8768"}],"up":[{"embeddable":true,"href":"https:\/\/metalica.lu\/lb\/wp-json\/wp\/v2\/pages\/8587"}],"wp:attachment":[{"href":"https:\/\/metalica.lu\/lb\/wp-json\/wp\/v2\/media?parent=8696"}],"curies":[{"name":"wp","href":"https:\/\/api.w.org\/{rel}","templated":true}]}}