{"id":8587,"date":"2023-07-18T06:34:51","date_gmt":"2023-07-18T04:34:51","guid":{"rendered":"https:\/\/metalica.lu\/fensteren\/"},"modified":"2026-03-12T12:01:05","modified_gmt":"2026-03-12T11:01:05","slug":"fensteren","status":"publish","type":"page","link":"https:\/\/metalica.lu\/lb\/fensteren\/","title":{"rendered":"F\u00ebnsteren"},"content":{"rendered":"<section class=\"hero_banner product_main\" id=\"block_5eeedeb53d6fb3b2e1f20e4180c36e8a\">\n        <div class=\"container\">\n            <div class=\"hero_banner_content\">\n                <h1 class=\"white_color mb-24\">Fabrikatioun an Installatioun vu F\u00ebnsteren zu L\u00ebtzebuerg<\/h1>\n                <p class=\"font-18 white_color mb-24\">D&#8217;F\u00ebnstere sinn d&#8217;S\u00e9il vun \u00c4rem Haus. Si maachen de Banneber\u00e4ich op a verbannen e mat der Baussewelt, sch\u00fctzen en awer och gl\u00e4ichz\u00e4iteg. METALICA install\u00e9iert F\u00ebnsteren op d&#8217;Mooss a ganz L\u00ebtzebuerg &#8211; jee no Wonsch mat oder ouni M\u00e9ckeschutz a Rolllueden.<\/p>\n<!--                 <a href=\"https:\/\/metalica.lu\/lb\/kontakt\/\" class=\"primary_btn_fill\">Frot e gratis Devis! <span><i class=\"fa-solid fa-arrow-right\"><\/i><\/span><\/a> -->\n\t\t\t\t            <a href=\"https:\/\/metalica.lu\/lb\/kontakt\/\" class=\"primary_btn_fill\">Frot e gratis Devis! <span><i class=\"fa-solid fa-arrow-right\"><\/i><\/span><\/a>            <\/div>\n        <\/div>\n<\/section>\n<style>\n #block_5eeedeb53d6fb3b2e1f20e4180c36e8a.product_main{\n    background-image:linear-gradient(0deg, rgba(0, 0, 0, 0.4), rgba(0, 0, 0, 0.4)),url(\"https:\/\/metalica.lu\/wp-content\/uploads\/2023\/10\/fenetres-1_20231009.jpg\");\n    height: 100%;\n    padding: 145px 0;\n}\n@media (max-width:767px) {\n    #block_5eeedeb53d6fb3b2e1f20e4180c36e8a.product_main{\n        padding: 70px 0;\n    }\n}\n<\/style>\n\n  \n     <section class=\"fullbody_content\" id=\"block_099acb83c62431506c23ca52fb7345d1\">\n        <div class=\"container\">\n            <div class=\"content_wrapper\">\n                <div class=\"content_wrapper_inner\" style=\"color: ; text-align: left\">\n                <h2 class=\"mb-20\">Firwat sollt een sech fir F\u00ebnsteren op d&#8217;Mooss entscheeden?<\/h2>\n                <p>Maacht \u00c4ert Doheem fir d&#8217;Welt dobaussen op! D&#8217;F\u00ebnstere si w\u00e9i d&#8217;Ae vun \u00c4rem Doheem. Si erlaben Iech ze kucken, Liicht a fr\u00ebsch Loft eranzeloossen a mat \u00c4rer \u00cbmg\u00e9igend ze kommuniz\u00e9ieren.<\/p>\n<p>Si sch\u00fctzen Iech awer och virun allen negative Faktore vun der Welt dobausse w\u00e9i extreemer Keelt oder H\u00ebtzt, staarke Wand, Stierm oder Abr\u00e9ch. Si garant\u00e9ieren Iech S\u00e9cherheet a Privatsph\u00e4r. Eng Duebelroll, d\u00e9i net \u00ebmmer einfach z&#8217;erf\u00ebllen ass&#8230; ausser Dir wielt d\u00e9i bescht Technologie fir \u00c4ert Doheem!<\/p>\n<p>\u00c9ier Dir Iech fir nei F\u00ebnsteren an Dieren entscheet, sollt Dir \u00c4r Besoine genee kennen. Egal ob Dir en aalt Gebai renov\u00e9iert oder en neit baut, e Passivhaus, eng Residence oder e B\u00fcro: W\u00e9i wier et mat F\u00ebnsteren op d&#8217;Mooss vu Metalica?<\/p>\n                                    <a href=\"https:\/\/metalica.lu\/lb\/kontakt\/\"  class=\"gray_btn_fill width-md-100\">Devis ufroen <span><i class=\"fa-solid fa-arrow-right primary_color\"><\/i><\/span><\/a>\n                                <\/div>\n            <\/div> \n        <\/div>\n    <\/section> \n    <style>\n    \n    #block_099acb83c62431506c23ca52fb7345d1 .gray_btn_fill{  \n        color: #ffffff;\n        background-color: #171C28;        \n    }\n\n    <\/style>\n    \n\n    <section class=\"specification_main\" id=\"block_5c6ecb865a8cabd1136944b712a79fbf\">\n        <div class=\"container\">\n            <div class=\"specification_inner\">\n                                    <div class=\"specification_single\">\n                        <p class=\"mb-24\"><img decoding=\"async\" src=\"https:\/\/metalica.lu\/wp-content\/uploads\/2023\/06\/lock-closed.png\" alt=\"\"><\/p>\n                        <h4 class=\"mb-8 pb-4\">Eng grouss Gamm u F\u00ebnsterrummen<\/h4>\n                        <p class=\"small\">Mir k\u00ebnnen Iech eng grouss Pallett un Aluminiumsrumme propos\u00e9ieren, grad esou w\u00e9i Rummen aus Holz, Holz-Aluminium, PVC a PVC-Aluminium! <\/p>\n                    <\/div>\n                                    <div class=\"specification_single\">\n                        <p class=\"mb-24\"><img decoding=\"async\" src=\"https:\/\/metalica.lu\/wp-content\/uploads\/2023\/06\/clock.png\" alt=\"\"><\/p>\n                        <h4 class=\"mb-8 pb-4\">Designer F\u00ebnsteren<\/h4>\n                        <p class=\"small\">Ob aus Aluminium, Holz oder PVC &#8211; eis F\u00ebnstere passen sech dem Design vun \u00c4rer Architektur un! <\/p>\n                    <\/div>\n                                    <div class=\"specification_single\">\n                        <p class=\"mb-24\"><img decoding=\"async\" src=\"https:\/\/metalica.lu\/wp-content\/uploads\/2023\/06\/Adjustments.png\" alt=\"\"><\/p>\n                        <h4 class=\"mb-8 pb-4\">H\u00e9ije S\u00e9cherheetsniveau<\/h4>\n                        <p class=\"small\">Dir wielt de Standard, deen am beschte fir \u00c4r Situatioun passt: RC1, RC2, RC3 <\/p>\n                    <\/div>\n                                    <div class=\"specification_single\">\n                        <p class=\"mb-24\"><img decoding=\"async\" src=\"https:\/\/metalica.lu\/wp-content\/uploads\/2023\/06\/Users.png\" alt=\"\"><\/p>\n                        <h4 class=\"mb-8 pb-4\">H\u00e9ich Energieeffizienz<\/h4>\n                        <p class=\"small\">Fir Iech d\u00e9i beschtm\u00e9iglech Energieeffizienz ze bidden! <\/p>\n                    <\/div>\n                  \n            <\/div>\n        <\/div>\n    <\/section>\n<style>\n    #block_5c6ecb865a8cabd1136944b712a79fbf {\n                background: #ffffff; \n        }\n<\/style>\n\n\n<section class=\"imageRight_contentLeft imageRight_contentLeft_img1\" id=\"block_2f8453b219923b5e8b92e46af945c83c\" >\n    <div class=\"container\">\n        <div class=\"imageRight_contentLeft_wrapper\">\n            <div class=\"left_content\">\n                <h2 class=\"mb-20\">Aluminiumsf\u00ebnstere fir e minimalistesche Stil<\/span><\/h2>\n                <p>Firwat erfreet sech den Aluminium esou enger grousser Bel\u00e9iftheet?<br \/>\nAluminium l\u00e9isst sech gutt un all m\u00e9iglech Formen upassen &#8211; d\u00ebst spillt eng weesentlech Roll. Donieft passen Aluminiumsf\u00ebnstere perfekt an d&#8217;z\u00e4itgen\u00ebssesch Architektur, besonnesch an nei Gebaier. Duerch hir schmuel Profiller hunn si e minimalistesche Look, deen \u00ebmmer besser bei de Clienten uk\u00ebnnt. M\u00e4 dat sinn net d\u00e9i eenzeg Virdeeler: Hir grouss Stabilit\u00e9it souw\u00e9i hir Wiederbest\u00e4nnegkeet garant\u00e9ieren eng laang Liewensdauer. Aluminium ass voll recycl\u00e9ierbar an dofir och e ganz bel\u00e9ift Material fir ekologesch Bauprojeten.<\/p>\n<p>D\u00e9i thermesch-isol\u00e9iert Profiller garant\u00e9ieren donieft och eng optimal Energieeffizienz, egal ob d&#8217;F\u00ebnsteren duebel oder dr\u00e4ifach verglaast sinn. Bei METALICA propos\u00e9iere mir 100 % personalis\u00e9ierbar Aluminiumsf\u00ebnsteren an -dieren &#8211; ob um Niveau vun der Faarfpallett, de Formen, den Dimensiounen, de Steierungssystemer, de Lackfaarwen an der Finitioun&#8230;<\/p>\n                                    <a href=\"https:\/\/metalica.lu\/lb\/fensteren\/aluminiumsfensteren\/\"  class=\"gray_btn_fill  width-md-100\">Entdeckt all eis Aluminiumsf\u00ebnsteren! <span class=\"primary_color pl-10\"><i class=\"fa-solid fa-arrow-right\"><\/i><\/span><\/a>\n                            <\/div>\n            <div class=\"right_content\">\n                <div class=\"right_content_img\">\n                    <img decoding=\"async\" src=\"https:\/\/metalica.lu\/wp-content\/uploads\/2023\/10\/fenetres-alu-1_20231009.jpg\">\n                <\/div>\n            <\/div>\n        <\/div>\n    <\/div>\n<\/section>\n\n<style>\n    #block_2f8453b219923b5e8b92e46af945c83c{\n        background-color: #f9fafb;\n    }\n\n            #block_2f8453b219923b5e8b92e46af945c83c.imageRight_contentLeft.imageRight_contentLeft_img1::before{\n            background-image: url(\"https:\/\/metalica.lu\/wp-content\/uploads\/2023\/10\/fenetres-alu-1_20231009.jpg\");\n        }\n    <\/style>\n\n\n<section class=\"imageRight_contentLeft imageRight_contentLeft_img1\" id=\"block_29d40e8b76707a6f2066a8b2d5140719\" >\n    <div class=\"container\">\n        <div class=\"imageRight_contentLeft_wrapper\">\n            <div class=\"left_content\">\n                <h2 class=\"mb-20\">PVC-F\u00ebnstere fir all Zort vu Konstruktioun<\/span><\/h2>\n                <p>Genee esou w\u00e9i Aluminium ass PVC e Material, dat eng exzellent thermesch an akustesch Isolatioun garant\u00e9iert. Et ass och korrosiounsbest\u00e4nneg a pr\u00e4islech interessant. D\u00ebst m\u00e9cht eis PVC-F\u00ebnsteren zu engem gudde Choix, wann et \u00ebm d&#8217;Pr\u00e4isleeschtung geet. Ausserdeem passt d\u00ebsen Typ vu F\u00ebnsteren zu all architektoneschem Stil.<\/p>\n<p>Dir renov\u00e9iert grad? Oder sidd am gaangen ze bauen? A b\u00e9ide F\u00e4ll k\u00ebnnt Dir \u00c4r F\u00ebnsteren esou konfigur\u00e9ieren, datt se zum gew\u00ebnschten architektonesche Stil passen. D\u00ebst ass net n\u00ebmmen dank de ville Konfiguratiounsoptiounen (Kipp-Dr\u00e9i-F\u00ebnsteren, Kippf\u00ebnsteren, Schibef\u00ebnsteren asw.) a Material-Imitatiounen am PVC (Holz, Metall asw.) m\u00e9iglech, m\u00e4 och dank enger ganz breeder Faarfpallett, d\u00e9i Dir jee no Go\u00fbt erauswiele k\u00ebnnt.<\/p>\n                                    <a href=\"https:\/\/metalica.lu\/lb\/fensteren\/pvc-fenstere\/\"  class=\"gray_btn_fill  width-md-100\">Entdeckt all eis PVC-F\u00ebnsteren <span class=\"primary_color pl-10\"><i class=\"fa-solid fa-arrow-right\"><\/i><\/span><\/a>\n                            <\/div>\n            <div class=\"right_content\">\n                <div class=\"right_content_img\">\n                    <img decoding=\"async\" src=\"https:\/\/metalica.lu\/wp-content\/uploads\/2023\/10\/fenetres-pvc-1_20231009.jpg\">\n                <\/div>\n            <\/div>\n        <\/div>\n    <\/div>\n<\/section>\n\n<style>\n    #block_29d40e8b76707a6f2066a8b2d5140719{\n        background-color: #FFF;\n    }\n\n            #block_29d40e8b76707a6f2066a8b2d5140719.imageRight_contentLeft.imageRight_contentLeft_img1::before{\n            background-image: url(\"https:\/\/metalica.lu\/wp-content\/uploads\/2023\/10\/fenetres-pvc-1_20231009.jpg\");\n        }\n    <\/style>\n\n\n<section class=\"imageRight_contentLeft imageRight_contentLeft_img1\" id=\"block_caa4ee9dfe63d0047c6abfa3470cd3c9\" >\n    <div class=\"container\">\n        <div class=\"imageRight_contentLeft_wrapper\">\n            <div class=\"left_content\">\n                <h2 class=\"mb-20\">Holzf\u00ebnstere fir en natierleche Look<\/span><\/h2>\n                <p class=\"small mb-24\">Holz ass dat Material schlechthin, dat zanter Generatioune schonns fir d&#8217;Fabrikatioun vu F\u00ebnsteren an Diere benotzt g\u00ebtt. Holz weess duerch e ger\u00e9ngen Impakt fir d&#8217;\u00cbmwelt an exzellent Isolatiounsw\u00e4erter z&#8221;iwwerzeegen &#8211; doduerch ass et den ideale Choix, fir bei Renovatiounsaarbechten oder engem Neibau vu Passivhaiser an den Asaz ze kommen. Ob eng modern oder \u00e9ischter traditionell Architektur: F\u00ebnsterrummen aus Holz oder Holz-Aluminium sinn z\u00e4itlos. Doriwwer eraus ass et och bei den Holzf\u00ebnstere m\u00e9iglech, d&#8217;Konfiguratioun ganz no \u00c4re Besoinen ofzeschl\u00e9issen: Mat m\u00e9i w\u00e9i 55 verschiddene Finitiounsoptioune bidde mir och hei fir Iech F\u00ebnsteren op d&#8217;Mooss.<\/p>\n                                    <a href=\"https:\/\/metalica.lu\/lb\/fensteren\/holzfensteren\/\"  class=\"gray_btn_fill  width-md-100\">Entdeckt all Zorten vun Holzf\u00ebnsteren, disponibel bei Metalica! <span class=\"primary_color pl-10\"><i class=\"fa-solid fa-arrow-right\"><\/i><\/span><\/a>\n                            <\/div>\n            <div class=\"right_content\">\n                <div class=\"right_content_img\">\n                    <img decoding=\"async\" src=\"https:\/\/metalica.lu\/wp-content\/uploads\/2023\/10\/fenetres-bois-1_20231009.jpg\">\n                <\/div>\n            <\/div>\n        <\/div>\n    <\/div>\n<\/section>\n\n<style>\n    #block_caa4ee9dfe63d0047c6abfa3470cd3c9{\n        background-color: #f9fafb;\n    }\n\n            #block_caa4ee9dfe63d0047c6abfa3470cd3c9.imageRight_contentLeft.imageRight_contentLeft_img1::before{\n            background-image: url(\"https:\/\/metalica.lu\/wp-content\/uploads\/2023\/10\/fenetres-bois-1_20231009.jpg\");\n        }\n    <\/style>\n\n<section class=\"cta_main\" id=\"block_259d9ed7f09ade2e17e1232ea6955ee3\">\n    <div class=\"container\">\n        <h2 class=\"text-center mb-24 pb-4\">Gitt \u00c4rem Doheem eng S\u00e9il mat eise F\u00ebnsteren op d&#8217;Mooss, install\u00e9ierbar a ganz L\u00ebtzebuerg!<\/h2>\n        <div class=\"text-center\">\n                    <a href=\"https:\/\/metalica.lu\/lb\/kontakt\/\"  class=\"gray_btn_fill width-md-100\">Ech froen e gratis Devis <span class=\"primary_color\"><i class=\"fa-solid fa-arrow-right pl-10\"><\/i><\/span><\/a>\n                <\/div>\n    <\/div>\n<\/section>\n\n<style>\n    #block_259d9ed7f09ade2e17e1232ea6955ee3 {\n                background: #FBBA00; \n        }\n<\/style>\n\n  \n    <section class=\"discover_product\" id=\"block_60c7cd1bf085fabe27335bdb7ed67c4d\">\n        <div class=\"container\">\n            <div class=\"discover_product_wrapper\">\n                <div class=\"discover_product_inner\">\n                    <h2 class=\"mb-20\">Entdeckt eis aner Produkter<\/h2>\n                                            <ul class=\"discover_product_lists\">\n                                                            <li>\n                                    <a href=\"\/lb\/hausdieren-luxembourg\" style=\"text-decoration:none;\">\n                                        <img decoding=\"async\" src=\"https:\/\/metalica.lu\/wp-content\/uploads\/2023\/06\/reshot-icon-door.png\" alt=\"Hausdieren\">\n                                        <h4>Hausdieren<\/h4>\n                                    <\/a>\n                                <\/li>\n                                                            <li>\n                                    <a href=\"\/lb\/fensteren\/\" style=\"text-decoration:none;\">\n                                        <img decoding=\"async\" src=\"https:\/\/metalica.lu\/wp-content\/uploads\/2023\/06\/reshot-icon-window.png\" alt=\"F\u00ebnsteren\">\n                                        <h4>F\u00ebnsteren<\/h4>\n                                    <\/a>\n                                <\/li>\n                                                            <li>\n                                    <a href=\"\/lb\/pergolaen-a-verandaen\/\" style=\"text-decoration:none;\">\n                                        <img decoding=\"async\" src=\"https:\/\/metalica.lu\/wp-content\/uploads\/2023\/06\/ic_round-balcony.png\" alt=\"Pergolaen a Verandaen\">\n                                        <h4>Pergolaen a Verandaen<\/h4>\n                                    <\/a>\n                                <\/li>\n                                                            <li>\n                                    <a href=\"\/lb\/sonneschutz\/\" style=\"text-decoration:none;\">\n                                        <img decoding=\"async\" src=\"https:\/\/metalica.lu\/wp-content\/uploads\/2023\/06\/mdi_sun-angle-outline.png\" alt=\"Sonneschutz\">\n                                        <h4>Sonneschutz<\/h4>\n                                    <\/a>\n                                <\/li>\n                                                            <li>\n                                    <a href=\"\/lb\/fassadesystemer\/\" style=\"text-decoration:none;\">\n                                        <img decoding=\"async\" src=\"https:\/\/metalica.lu\/wp-content\/uploads\/2023\/06\/tabler_wall.png\" alt=\"Fassadesystemer\">\n                                        <h4>Fassadesystemer<\/h4>\n                                    <\/a>\n                                <\/li>\n                                                    <\/ul>\n                                    <\/div>\n            <\/div>\n        <\/div>\n    <\/section>\n    \n    <style>\n        #block_60c7cd1bf085fabe27335bdb7ed67c4d {\n                    background: url(\"https:\/\/metalica.lu\/wp-content\/uploads\/2023\/06\/discover-product-bg.png\"); \n\t\t\tbackground-repeat: no-repeat;\n\t\t\tbackground-size: cover;\n\t\t\tbackground-position: center;\n\t\t\tposition: relative;\n                        }\n    <\/style>\n","protected":false},"excerpt":{"rendered":"","protected":false},"author":14,"featured_media":0,"parent":0,"menu_order":0,"comment_status":"closed","ping_status":"closed","template":"","meta":{"_acf_changed":false,"footnotes":""},"class_list":["post-8587","page","type-page","status-publish","hentry"],"acf":[],"yoast_head":"<!-- This site is optimized with the Yoast SEO Premium plugin v27.2 (Yoast SEO v27.5) - https:\/\/yoast.com\/product\/yoast-seo-premium-wordpress\/ -->\n<title>F\u00ebnsteren - Metalica<\/title>\n<meta name=\"description\" content=\"Wielt F\u00ebnsteren op d&#039;Mooss! || Fabrikatioun an Installatioun vu F\u00ebnsteren a ganz L\u00ebtzebuerg || Frot en Devis, et ass 100 % gratis!\" \/>\n<meta name=\"robots\" content=\"index, follow, max-snippet:-1, max-image-preview:large, max-video-preview:-1\" \/>\n<link rel=\"canonical\" href=\"https:\/\/metalica.lu\/lb\/fensteren\/\" \/>\n<meta property=\"og:locale\" content=\"en_US\" \/>\n<meta property=\"og:type\" content=\"article\" \/>\n<meta property=\"og:title\" content=\"F\u00ebnsteren\" \/>\n<meta property=\"og:description\" content=\"Wielt F\u00ebnsteren op d&#039;Mooss! || Fabrikatioun an Installatioun vu F\u00ebnsteren a ganz L\u00ebtzebuerg || Frot en Devis, et ass 100 % gratis!\" \/>\n<meta property=\"og:url\" content=\"https:\/\/metalica.lu\/lb\/fensteren\/\" \/>\n<meta property=\"og:site_name\" content=\"Metalica\" \/>\n<meta property=\"article:publisher\" content=\"https:\/\/www.facebook.com\/metalicahome\/\" \/>\n<meta property=\"article:modified_time\" content=\"2026-03-12T11:01:05+00:00\" \/>\n<meta name=\"twitter:card\" content=\"summary_large_image\" \/>\n<meta name=\"twitter:label1\" content=\"Est. reading time\" \/>\n\t<meta name=\"twitter:data1\" content=\"3 minutes\" \/>\n<script type=\"application\/ld+json\" class=\"yoast-schema-graph\">{\"@context\":\"https:\\\/\\\/schema.org\",\"@graph\":[{\"@type\":\"WebPage\",\"@id\":\"https:\\\/\\\/metalica.lu\\\/lb\\\/fensteren\\\/\",\"url\":\"https:\\\/\\\/metalica.lu\\\/lb\\\/fensteren\\\/\",\"name\":\"F\u00ebnsteren - Metalica\",\"isPartOf\":{\"@id\":\"https:\\\/\\\/metalica.lu\\\/lb\\\/#website\"},\"datePublished\":\"2023-07-18T04:34:51+00:00\",\"dateModified\":\"2026-03-12T11:01:05+00:00\",\"description\":\"Wielt F\u00ebnsteren op d'Mooss! || Fabrikatioun an Installatioun vu F\u00ebnsteren a ganz L\u00ebtzebuerg || Frot en Devis, et ass 100 % gratis!\",\"breadcrumb\":{\"@id\":\"https:\\\/\\\/metalica.lu\\\/lb\\\/fensteren\\\/#breadcrumb\"},\"inLanguage\":\"lb-LU\",\"potentialAction\":[{\"@type\":\"ReadAction\",\"target\":[\"https:\\\/\\\/metalica.lu\\\/lb\\\/fensteren\\\/\"]}]},{\"@type\":\"BreadcrumbList\",\"@id\":\"https:\\\/\\\/metalica.lu\\\/lb\\\/fensteren\\\/#breadcrumb\",\"itemListElement\":[{\"@type\":\"ListItem\",\"position\":1,\"name\":\"Accueil\",\"item\":\"https:\\\/\\\/metalica.lu\\\/lb\\\/\"},{\"@type\":\"ListItem\",\"position\":2,\"name\":\"F\u00ebnsteren\"}]},{\"@type\":\"WebSite\",\"@id\":\"https:\\\/\\\/metalica.lu\\\/lb\\\/#website\",\"url\":\"https:\\\/\\\/metalica.lu\\\/lb\\\/\",\"name\":\"Metalica\",\"description\":\"\",\"publisher\":{\"@id\":\"https:\\\/\\\/metalica.lu\\\/lb\\\/#organization\"},\"potentialAction\":[{\"@type\":\"SearchAction\",\"target\":{\"@type\":\"EntryPoint\",\"urlTemplate\":\"https:\\\/\\\/metalica.lu\\\/lb\\\/?s={search_term_string}\"},\"query-input\":{\"@type\":\"PropertyValueSpecification\",\"valueRequired\":true,\"valueName\":\"search_term_string\"}}],\"inLanguage\":\"lb-LU\"},{\"@type\":\"Organization\",\"@id\":\"https:\\\/\\\/metalica.lu\\\/lb\\\/#organization\",\"name\":\"Metalica\",\"url\":\"https:\\\/\\\/metalica.lu\\\/lb\\\/\",\"logo\":{\"@type\":\"ImageObject\",\"inLanguage\":\"lb-LU\",\"@id\":\"https:\\\/\\\/metalica.lu\\\/lb\\\/#\\\/schema\\\/logo\\\/image\\\/\",\"url\":\"https:\\\/\\\/metalica.lu\\\/wp-content\\\/uploads\\\/2024\\\/05\\\/site-logo.png\",\"contentUrl\":\"https:\\\/\\\/metalica.lu\\\/wp-content\\\/uploads\\\/2024\\\/05\\\/site-logo.png\",\"width\":238,\"height\":62,\"caption\":\"Metalica\"},\"image\":{\"@id\":\"https:\\\/\\\/metalica.lu\\\/lb\\\/#\\\/schema\\\/logo\\\/image\\\/\"},\"sameAs\":[\"https:\\\/\\\/www.facebook.com\\\/metalicahome\\\/\"]}]}<\/script>\n<!-- \/ Yoast SEO Premium plugin. -->","yoast_head_json":{"title":"F\u00ebnsteren - Metalica","description":"Wielt F\u00ebnsteren op d'Mooss! || Fabrikatioun an Installatioun vu F\u00ebnsteren a ganz L\u00ebtzebuerg || Frot en Devis, et ass 100 % gratis!","robots":{"index":"index","follow":"follow","max-snippet":"max-snippet:-1","max-image-preview":"max-image-preview:large","max-video-preview":"max-video-preview:-1"},"canonical":"https:\/\/metalica.lu\/lb\/fensteren\/","og_locale":"en_US","og_type":"article","og_title":"F\u00ebnsteren","og_description":"Wielt F\u00ebnsteren op d'Mooss! || Fabrikatioun an Installatioun vu F\u00ebnsteren a ganz L\u00ebtzebuerg || Frot en Devis, et ass 100 % gratis!","og_url":"https:\/\/metalica.lu\/lb\/fensteren\/","og_site_name":"Metalica","article_publisher":"https:\/\/www.facebook.com\/metalicahome\/","article_modified_time":"2026-03-12T11:01:05+00:00","twitter_card":"summary_large_image","twitter_misc":{"Est. reading time":"3 minutes"},"schema":{"@context":"https:\/\/schema.org","@graph":[{"@type":"WebPage","@id":"https:\/\/metalica.lu\/lb\/fensteren\/","url":"https:\/\/metalica.lu\/lb\/fensteren\/","name":"F\u00ebnsteren - Metalica","isPartOf":{"@id":"https:\/\/metalica.lu\/lb\/#website"},"datePublished":"2023-07-18T04:34:51+00:00","dateModified":"2026-03-12T11:01:05+00:00","description":"Wielt F\u00ebnsteren op d'Mooss! || Fabrikatioun an Installatioun vu F\u00ebnsteren a ganz L\u00ebtzebuerg || Frot en Devis, et ass 100 % gratis!","breadcrumb":{"@id":"https:\/\/metalica.lu\/lb\/fensteren\/#breadcrumb"},"inLanguage":"lb-LU","potentialAction":[{"@type":"ReadAction","target":["https:\/\/metalica.lu\/lb\/fensteren\/"]}]},{"@type":"BreadcrumbList","@id":"https:\/\/metalica.lu\/lb\/fensteren\/#breadcrumb","itemListElement":[{"@type":"ListItem","position":1,"name":"Accueil","item":"https:\/\/metalica.lu\/lb\/"},{"@type":"ListItem","position":2,"name":"F\u00ebnsteren"}]},{"@type":"WebSite","@id":"https:\/\/metalica.lu\/lb\/#website","url":"https:\/\/metalica.lu\/lb\/","name":"Metalica","description":"","publisher":{"@id":"https:\/\/metalica.lu\/lb\/#organization"},"potentialAction":[{"@type":"SearchAction","target":{"@type":"EntryPoint","urlTemplate":"https:\/\/metalica.lu\/lb\/?s={search_term_string}"},"query-input":{"@type":"PropertyValueSpecification","valueRequired":true,"valueName":"search_term_string"}}],"inLanguage":"lb-LU"},{"@type":"Organization","@id":"https:\/\/metalica.lu\/lb\/#organization","name":"Metalica","url":"https:\/\/metalica.lu\/lb\/","logo":{"@type":"ImageObject","inLanguage":"lb-LU","@id":"https:\/\/metalica.lu\/lb\/#\/schema\/logo\/image\/","url":"https:\/\/metalica.lu\/wp-content\/uploads\/2024\/05\/site-logo.png","contentUrl":"https:\/\/metalica.lu\/wp-content\/uploads\/2024\/05\/site-logo.png","width":238,"height":62,"caption":"Metalica"},"image":{"@id":"https:\/\/metalica.lu\/lb\/#\/schema\/logo\/image\/"},"sameAs":["https:\/\/www.facebook.com\/metalicahome\/"]}]}},"_links":{"self":[{"href":"https:\/\/metalica.lu\/lb\/wp-json\/wp\/v2\/pages\/8587","targetHints":{"allow":["GET"]}}],"collection":[{"href":"https:\/\/metalica.lu\/lb\/wp-json\/wp\/v2\/pages"}],"about":[{"href":"https:\/\/metalica.lu\/lb\/wp-json\/wp\/v2\/types\/page"}],"author":[{"embeddable":true,"href":"https:\/\/metalica.lu\/lb\/wp-json\/wp\/v2\/users\/14"}],"replies":[{"embeddable":true,"href":"https:\/\/metalica.lu\/lb\/wp-json\/wp\/v2\/comments?post=8587"}],"version-history":[{"count":3,"href":"https:\/\/metalica.lu\/lb\/wp-json\/wp\/v2\/pages\/8587\/revisions"}],"predecessor-version":[{"id":8752,"href":"https:\/\/metalica.lu\/lb\/wp-json\/wp\/v2\/pages\/8587\/revisions\/8752"}],"wp:attachment":[{"href":"https:\/\/metalica.lu\/lb\/wp-json\/wp\/v2\/media?parent=8587"}],"curies":[{"name":"wp","href":"https:\/\/api.w.org\/{rel}","templated":true}]}}