{"id":8572,"date":"2023-07-18T08:43:09","date_gmt":"2023-07-18T06:43:09","guid":{"rendered":"https:\/\/metalica.lu\/hausdieren-luxembourg\/holzdieren\/"},"modified":"2026-03-12T11:58:11","modified_gmt":"2026-03-12T10:58:11","slug":"holzdieren","status":"publish","type":"page","link":"https:\/\/metalica.lu\/lb\/hausdieren-luxembourg\/holzdieren\/","title":{"rendered":"Holzdieren"},"content":{"rendered":"<section class=\"hero_banner product_main\" id=\"block_54a2c1614cfc3001f179956d3552eaed\">\n        <div class=\"container\">\n            <div class=\"hero_banner_content\">\n                <h1 class=\"white_color mb-24\">Faites le choix de la durabilit\u00e9 et du confort gr\u00e2ce aux <span class=\"primary_color\">portes d\u2019entr\u00e9e en bois<\/span><\/h1>\n                <p class=\"font-18 white_color mb-24\">Les portes d\u2019entr\u00e9e en bois sont tr\u00e8s appr\u00e9ci\u00e9es pour leur aspect naturel et chaleureux, qui nous provoque instantan\u00e9ment un sentiment agr\u00e9able de \u00ab\u00a0chez-soi\u00a0\u00bb. METALICA est le distributeur exclusif des portes de la marque Josko sur tout le territoire du Luxembourg\u00a0: d\u00e9couvrez toute notre gamme\u00a0!<\/p>\n<!--                 <a href=\"https:\/\/metalica.lu\/lb\/kontakt\/\" class=\"primary_btn_fill\">Je demande un devis <span><i class=\"fa-solid fa-arrow-right\"><\/i><\/span><\/a> -->\n\t\t\t\t            <a href=\"https:\/\/metalica.lu\/lb\/kontakt\/\" class=\"primary_btn_fill\">Je demande un devis <span><i class=\"fa-solid fa-arrow-right\"><\/i><\/span><\/a>            <\/div>\n        <\/div>\n<\/section>\n<style>\n #block_54a2c1614cfc3001f179956d3552eaed.product_main{\n    background-image:linear-gradient(0deg, rgba(0, 0, 0, 0.4), rgba(0, 0, 0, 0.4)),url(\"https:\/\/metalica.lu\/wp-content\/uploads\/2023\/10\/porte-bois-4_20231009.jpg\");\n    height: 100%;\n    padding: 145px 0;\n}\n@media (max-width:767px) {\n    #block_54a2c1614cfc3001f179956d3552eaed.product_main{\n        padding: 70px 0;\n    }\n}\n<\/style>\n\n  \n     <section class=\"fullbody_content\" id=\"block_f0f5f198d99ef785e4cd35154da847e3\">\n        <div class=\"container\">\n            <div class=\"content_wrapper\">\n                <div class=\"content_wrapper_inner\" style=\"color: ; text-align: left\">\n                <h2 class=\"mb-20\"><span class=\"primary_color\">Portes en bois<\/span> sur mesure\u00a0: le choix du naturel <\/h2>\n                <p>Le bois n\u2019est pas seulement agr\u00e9able \u00e0 la vue : cette mati\u00e8re offre bien d\u2019autres avantages qui lui conf\u00e8rent un titre d\u2019excellence pour toutes les menuiseries, int\u00e9rieures comme ext\u00e9rieures.<\/p>\n<p>Enti\u00e8rement naturel et renouvelable, intemporel, facile \u00e0 adapter en taille et en forme, avec d\u2019excellentes performances d\u2019isolation et de r\u00e9sistance au feu, le bois est tr\u00e8s appr\u00e9ci\u00e9, au sein des maisons comme des b\u00e2timents tertiaires.<\/p>\n<p>C\u2019est pourquoi, chez METALICA, nous avons fait le choix du bois pour nos portes d\u2019entr\u00e9e. \u00c0 la fois simples et modernes, nos portes d\u2019acc\u00e8s s\u2019accordent avec \u00e9l\u00e9gance \u00e0 l\u2019architecture de votre construction. Trouvez LA porte qui deviendra la signature de votre b\u00e2timent !<\/p>\n                                    <a href=\"https:\/\/metalica.lu\/lb\/kontakt\/\"  class=\"gray_btn_fill width-md-100\">Demande de devis  <span><i class=\"fa-solid fa-arrow-right primary_color\"><\/i><\/span><\/a>\n                                <\/div>\n            <\/div> \n        <\/div>\n    <\/section> \n    <style>\n    \n    #block_f0f5f198d99ef785e4cd35154da847e3 .gray_btn_fill{  \n        color: #ffffff;\n        background-color: #171C28;        \n    }\n\n    <\/style>\n    \n\n    <section class=\"specification_main\" id=\"block_fa3c0fc0f16fd3ac6f3f0c9a913e00ff\">\n        <div class=\"container\">\n            <div class=\"specification_inner\">\n                                    <div class=\"specification_single\">\n                        <p class=\"mb-24\"><img decoding=\"async\" src=\"https:\/\/metalica.lu\/wp-content\/uploads\/2023\/06\/lock-closed.png\" alt=\"\"><\/p>\n                        <h4 class=\"mb-8 pb-4\">Une personnalisation selon vos go\u00fbts<\/h4>\n                        <p class=\"small\">Gr\u00e2ce \u00e0 notre gamme de 55 finitions diff\u00e9rentes <\/p>\n                    <\/div>\n                                    <div class=\"specification_single\">\n                        <p class=\"mb-24\"><img decoding=\"async\" src=\"https:\/\/metalica.lu\/wp-content\/uploads\/2023\/06\/clock.png\" alt=\"\"><\/p>\n                        <h4 class=\"mb-8 pb-4\">Pour se sentir en s\u00e9curit\u00e9 dans toutes les situations<\/h4>\n                        <p class=\"small\">Gr\u00e2ce \u00e0 une classe de r\u00e9sistance RC2, nos portes en bois limitent les risques d\u2019effraction <\/p>\n                    <\/div>\n                                    <div class=\"specification_single\">\n                        <p class=\"mb-24\"><img decoding=\"async\" src=\"https:\/\/metalica.lu\/wp-content\/uploads\/2023\/06\/Adjustments.png\" alt=\"\"><\/p>\n                        <h4 class=\"mb-8 pb-4\">Le confort avant tout<\/h4>\n                        <p class=\"small\">Luttez contre les changements de temp\u00e9rature et les nuisances sonores <\/p>\n                    <\/div>\n                                    <div class=\"specification_single\">\n                        <p class=\"mb-24\"><img decoding=\"async\" src=\"https:\/\/metalica.lu\/wp-content\/uploads\/2023\/06\/Users.png\" alt=\"\"><\/p>\n                        <h4 class=\"mb-8 pb-4\">Une porte qui dure<\/h4>\n                        <p class=\"small\">Gr\u00e2ce \u00e0 ses traitements fongicides, insecticides et hydrofuges <\/p>\n                    <\/div>\n                  \n            <\/div>\n        <\/div>\n    <\/section>\n<style>\n    #block_fa3c0fc0f16fd3ac6f3f0c9a913e00ff {\n                background: #ffffff; \n        }\n<\/style>\n\n\n<section class=\"list_with_discription list_with_discription_first\" id=\"block_ce984edf5d8fa36d12338fbdd9478701\">\n    <div class=\"container\">\n        <div class=\"list_with_discription_inner\">\n            <div class=\"list_with_discription_content\">\n                <h2 class=\"mb-20\">Porte d\u2019entr\u00e9e en bois <span class=\"primary_color\">Josko Nevos Natur<\/span><\/h2>\n                <p class=\"small mb-24 pb-4\"><span data-sheets-value=\"{&quot;1&quot;:2,&quot;2&quot;:&quot;La nature elle-m\u00eame s\u2019invite au sein de votre maison\\nGr\u00e2ce \u00e0 ses profil\u00e9s en bois, votre porte d\u2019entr\u00e9e accueille chaleureusement les habitants tout comme les invit\u00e9s. Une structure solide, un aspect agr\u00e9able et naturel\u00a0: que faut-il de plus pour se sentir bien chez soi\u00a0?\\nCh\u00eane, \u00e9pic\u00e9a, m\u00e9l\u00e8ze\u00a0: plusieurs essences de bois sont disponibles, pour une plus large personnalisation de votre porte. C\u2019est la petite touche qui vous permet de cr\u00e9er une entr\u00e9e digne de votre image\u00a0!\\nSi l\u2019esth\u00e9tisme, la s\u00e9curit\u00e9 et le confort sont primordiaux, les portes d\u2019entr\u00e9e Josko Nevos Natur ne n\u00e9gligent pas pour autant la facilit\u00e9 d\u2019entretien. Toutes les pi\u00e8ces fonctionnelles sont ainsi tr\u00e8s faciles \u00e0 nettoyer.&quot;}\" data-sheets-userformat=\"{&quot;2&quot;:12797,&quot;3&quot;:{&quot;1&quot;:0,&quot;3&quot;:1},&quot;5&quot;:{&quot;1&quot;:[{&quot;1&quot;:2,&quot;2&quot;:0,&quot;5&quot;:{&quot;1&quot;:2,&quot;2&quot;:0}},{&quot;1&quot;:0,&quot;2&quot;:0,&quot;3&quot;:3},{&quot;1&quot;:1,&quot;2&quot;:0,&quot;4&quot;:1}]},&quot;6&quot;:{&quot;1&quot;:[{&quot;1&quot;:2,&quot;2&quot;:0,&quot;5&quot;:{&quot;1&quot;:2,&quot;2&quot;:0}},{&quot;1&quot;:0,&quot;2&quot;:0,&quot;3&quot;:3},{&quot;1&quot;:1,&quot;2&quot;:0,&quot;4&quot;:1}]},&quot;7&quot;:{&quot;1&quot;:[{&quot;1&quot;:2,&quot;2&quot;:0,&quot;5&quot;:{&quot;1&quot;:2,&quot;2&quot;:0}},{&quot;1&quot;:0,&quot;2&quot;:0,&quot;3&quot;:3},{&quot;1&quot;:1,&quot;2&quot;:0,&quot;4&quot;:1}]},&quot;8&quot;:{&quot;1&quot;:[{&quot;1&quot;:2,&quot;2&quot;:0,&quot;5&quot;:{&quot;1&quot;:2,&quot;2&quot;:0}},{&quot;1&quot;:0,&quot;2&quot;:0,&quot;3&quot;:3},{&quot;1&quot;:1,&quot;2&quot;:0,&quot;4&quot;:1}]},&quot;9&quot;:0,&quot;10&quot;:0,&quot;11&quot;:4,&quot;15&quot;:&quot;Calibri&quot;,&quot;16&quot;:12}\">La nature elle-m\u00eame s\u2019invite au sein de votre maison<br \/>\nGr\u00e2ce \u00e0 ses profil\u00e9s en bois, votre porte d\u2019entr\u00e9e accueille chaleureusement les habitants tout comme les invit\u00e9s. Une structure solide, un aspect agr\u00e9able et naturel : que faut-il de plus pour se sentir bien chez soi ?<\/span><\/p>\n<p class=\"small mb-24 pb-4\"><span data-sheets-value=\"{&quot;1&quot;:2,&quot;2&quot;:&quot;La nature elle-m\u00eame s\u2019invite au sein de votre maison\\nGr\u00e2ce \u00e0 ses profil\u00e9s en bois, votre porte d\u2019entr\u00e9e accueille chaleureusement les habitants tout comme les invit\u00e9s. Une structure solide, un aspect agr\u00e9able et naturel\u00a0: que faut-il de plus pour se sentir bien chez soi\u00a0?\\nCh\u00eane, \u00e9pic\u00e9a, m\u00e9l\u00e8ze\u00a0: plusieurs essences de bois sont disponibles, pour une plus large personnalisation de votre porte. C\u2019est la petite touche qui vous permet de cr\u00e9er une entr\u00e9e digne de votre image\u00a0!\\nSi l\u2019esth\u00e9tisme, la s\u00e9curit\u00e9 et le confort sont primordiaux, les portes d\u2019entr\u00e9e Josko Nevos Natur ne n\u00e9gligent pas pour autant la facilit\u00e9 d\u2019entretien. Toutes les pi\u00e8ces fonctionnelles sont ainsi tr\u00e8s faciles \u00e0 nettoyer.&quot;}\" data-sheets-userformat=\"{&quot;2&quot;:12797,&quot;3&quot;:{&quot;1&quot;:0,&quot;3&quot;:1},&quot;5&quot;:{&quot;1&quot;:[{&quot;1&quot;:2,&quot;2&quot;:0,&quot;5&quot;:{&quot;1&quot;:2,&quot;2&quot;:0}},{&quot;1&quot;:0,&quot;2&quot;:0,&quot;3&quot;:3},{&quot;1&quot;:1,&quot;2&quot;:0,&quot;4&quot;:1}]},&quot;6&quot;:{&quot;1&quot;:[{&quot;1&quot;:2,&quot;2&quot;:0,&quot;5&quot;:{&quot;1&quot;:2,&quot;2&quot;:0}},{&quot;1&quot;:0,&quot;2&quot;:0,&quot;3&quot;:3},{&quot;1&quot;:1,&quot;2&quot;:0,&quot;4&quot;:1}]},&quot;7&quot;:{&quot;1&quot;:[{&quot;1&quot;:2,&quot;2&quot;:0,&quot;5&quot;:{&quot;1&quot;:2,&quot;2&quot;:0}},{&quot;1&quot;:0,&quot;2&quot;:0,&quot;3&quot;:3},{&quot;1&quot;:1,&quot;2&quot;:0,&quot;4&quot;:1}]},&quot;8&quot;:{&quot;1&quot;:[{&quot;1&quot;:2,&quot;2&quot;:0,&quot;5&quot;:{&quot;1&quot;:2,&quot;2&quot;:0}},{&quot;1&quot;:0,&quot;2&quot;:0,&quot;3&quot;:3},{&quot;1&quot;:1,&quot;2&quot;:0,&quot;4&quot;:1}]},&quot;9&quot;:0,&quot;10&quot;:0,&quot;11&quot;:4,&quot;15&quot;:&quot;Calibri&quot;,&quot;16&quot;:12}\">Ch\u00eane, \u00e9pic\u00e9a, m\u00e9l\u00e8ze : plusieurs essences de bois sont disponibles, pour une plus large personnalisation de votre porte. C\u2019est la petite touche qui vous permet de cr\u00e9er une entr\u00e9e digne de votre image !<\/span><\/p>\n<p class=\"small mb-24 pb-4\"><span data-sheets-value=\"{&quot;1&quot;:2,&quot;2&quot;:&quot;La nature elle-m\u00eame s\u2019invite au sein de votre maison\\nGr\u00e2ce \u00e0 ses profil\u00e9s en bois, votre porte d\u2019entr\u00e9e accueille chaleureusement les habitants tout comme les invit\u00e9s. Une structure solide, un aspect agr\u00e9able et naturel\u00a0: que faut-il de plus pour se sentir bien chez soi\u00a0?\\nCh\u00eane, \u00e9pic\u00e9a, m\u00e9l\u00e8ze\u00a0: plusieurs essences de bois sont disponibles, pour une plus large personnalisation de votre porte. C\u2019est la petite touche qui vous permet de cr\u00e9er une entr\u00e9e digne de votre image\u00a0!\\nSi l\u2019esth\u00e9tisme, la s\u00e9curit\u00e9 et le confort sont primordiaux, les portes d\u2019entr\u00e9e Josko Nevos Natur ne n\u00e9gligent pas pour autant la facilit\u00e9 d\u2019entretien. Toutes les pi\u00e8ces fonctionnelles sont ainsi tr\u00e8s faciles \u00e0 nettoyer.&quot;}\" data-sheets-userformat=\"{&quot;2&quot;:12797,&quot;3&quot;:{&quot;1&quot;:0,&quot;3&quot;:1},&quot;5&quot;:{&quot;1&quot;:[{&quot;1&quot;:2,&quot;2&quot;:0,&quot;5&quot;:{&quot;1&quot;:2,&quot;2&quot;:0}},{&quot;1&quot;:0,&quot;2&quot;:0,&quot;3&quot;:3},{&quot;1&quot;:1,&quot;2&quot;:0,&quot;4&quot;:1}]},&quot;6&quot;:{&quot;1&quot;:[{&quot;1&quot;:2,&quot;2&quot;:0,&quot;5&quot;:{&quot;1&quot;:2,&quot;2&quot;:0}},{&quot;1&quot;:0,&quot;2&quot;:0,&quot;3&quot;:3},{&quot;1&quot;:1,&quot;2&quot;:0,&quot;4&quot;:1}]},&quot;7&quot;:{&quot;1&quot;:[{&quot;1&quot;:2,&quot;2&quot;:0,&quot;5&quot;:{&quot;1&quot;:2,&quot;2&quot;:0}},{&quot;1&quot;:0,&quot;2&quot;:0,&quot;3&quot;:3},{&quot;1&quot;:1,&quot;2&quot;:0,&quot;4&quot;:1}]},&quot;8&quot;:{&quot;1&quot;:[{&quot;1&quot;:2,&quot;2&quot;:0,&quot;5&quot;:{&quot;1&quot;:2,&quot;2&quot;:0}},{&quot;1&quot;:0,&quot;2&quot;:0,&quot;3&quot;:3},{&quot;1&quot;:1,&quot;2&quot;:0,&quot;4&quot;:1}]},&quot;9&quot;:0,&quot;10&quot;:0,&quot;11&quot;:4,&quot;15&quot;:&quot;Calibri&quot;,&quot;16&quot;:12}\">Si l\u2019esth\u00e9tisme, la s\u00e9curit\u00e9 et le confort sont primordiaux, les portes d\u2019entr\u00e9e Josko Nevos Natur ne n\u00e9gligent pas pour autant la facilit\u00e9 d\u2019entretien. Toutes les pi\u00e8ces fonctionnelles sont ainsi tr\u00e8s faciles \u00e0 nettoyer.<\/span><\/p>\n                                    <ul class=\"discription_list_content\">\n                                                <li class=\"discription_list_content_single mb-20\">\n                            <h4 class=\"mb-8\">Diff\u00e9rents mod\u00e8les disponibles<\/h4>\n                            <p class=\"small\">Portes simples mais \u00e9l\u00e9gantes, avec ou sans bandeau m\u00e9tallique, avec ou sans sections de verre\u00a0: personnalisez votre menuiserie ext\u00e9rieure pour qu\u2019elle devienne v\u00e9ritablement la signature de votre logement.<\/p>\n                        <\/li>\n                                                <li class=\"discription_list_content_single mb-20\">\n                            <h4 class=\"mb-8\">\u00c9l\u00e9ments lat\u00e9raux personnalisables<\/h4>\n                            <p class=\"small\">Si vous pouvez choisir votre mod\u00e8le de porte, les \u00e9l\u00e9ments lat\u00e9raux, eux aussi, sont personnalisables\u00a0! Panneau lat\u00e9ral sans cadre (pour une installation rapide sur chantier), \u00e9l\u00e9ment lat\u00e9ral Blue (pour un espace moderne et harmonieux) ou cadres conventionnels\u00a0: c\u2019est vous qui choisissez\u00a0!<\/p>\n                        <\/li>\n                                                <li class=\"discription_list_content_single mb-20\">\n                            <h4 class=\"mb-8\">Une surface \u00e0 l\u2019aspect naturel et unique<\/h4>\n                            <p class=\"small\">Gr\u00e2ce \u00e0 une technique de rabotage \u00e0 la main.<\/p>\n                        <\/li>\n                                            <\/ul>\n                            <\/div>\n            <div class=\"list_with_discription_tab_main\">\n                <div class=\"list_with_discription_tab_image\">\n                    <img decoding=\"async\" src=\"https:\/\/metalica.lu\/wp-content\/uploads\/2023\/12\/porte-en-bois-illustration-produit-haustuer_nevos_echtholz_wildeichemassiv-metalica_20231213.jpg\" alt=\"\">\n                <\/div>\n            <\/div>\n        <\/div>\n    <\/div>\n<\/section>\n<style>\n    #block_ce984edf5d8fa36d12338fbdd9478701 {\n        background: #f9fafb; \n    }\n\n    #block_ce984edf5d8fa36d12338fbdd9478701.list_with_discription.list_with_discription_first::before{\n        background-image : url(\"https:\/\/metalica.lu\/wp-content\/uploads\/2023\/12\/porte-en-bois-illustration-produit-haustuer_nevos_echtholz_wildeichemassiv-metalica_20231213.jpg\");\n    }\n<\/style>\n\n\n<section class=\"list_with_discription list_with_discription_first\" id=\"block_24c14ec91f0412c9d4a19b441b2f72d1\">\n    <div class=\"container\">\n        <div class=\"list_with_discription_inner\">\n            <div class=\"list_with_discription_content\">\n                <h2 class=\"mb-20\">Porte d\u2019entr\u00e9e en bois massif <span class=\"primary_color\"> Josko Vitas<\/span><\/h2>\n                <p>Pourquoi modifier ce que la nature cr\u00e9e d\u2019elle-m\u00eame ? Le bois massif est le choix id\u00e9al pour une r\u00e9sistance \u00e0 toutes les situations : tentatives d\u2019effraction, intemp\u00e9ries\u2026<\/p>\n<p>C\u2019est pourquoi nous proposons \u00e0 l\u2019installation les portes d\u2019entr\u00e9e Josko Vitas : robustes \u00e0 l\u2019ext\u00e9rieur, chaleureuses \u00e0 l\u2019int\u00e9rieur, ces portes d\u2019acc\u00e8s tirent parti de toutes les qualit\u00e9s du bois. D\u2019ailleurs, c\u2019est aussi gr\u00e2ce \u00e0 l\u2019utilisation de bois massif que ces portes garantissent une excellente isolation thermique et une intemporalit\u00e9 de l\u2019architecture de votre maison. De cette mani\u00e8re, vous \u00eates s\u00fbr de pouvoir garder votre porte longtemps!<\/p>\n                                    <ul class=\"discription_list_content\">\n                                                <li class=\"discription_list_content_single mb-20\">\n                            <h4 class=\"mb-8\">Verrouillage de classe RC2<\/h4>\n                            <p class=\"small\">Les portes Josko Vitas sont \u00e9quip\u00e9es de syst\u00e8mes de verrouillage et de vitres de s\u00e9curit\u00e9 dont la classe de r\u00e9sistance est RC2, pour une s\u00e9curit\u00e9 \u00e0 toute \u00e9preuve.<\/p>\n                        <\/li>\n                                                <li class=\"discription_list_content_single mb-20\">\n                            <h4 class=\"mb-8\">D\u00e9coupes en verre<\/h4>\n                            <p class=\"small\">L\u2019ajout d\u2019un \u00e9l\u00e9ment en verre apporte tout de suite plus d\u2019\u00e9l\u00e9gance \u00e0 une porte d\u2019entr\u00e9e. Diff\u00e9rentes d\u00e9coupes en verre (satin\u00e9 ou transparent) sont disponibles sur la Josko Vitas, pour lui conf\u00e9rer ce petit \u00ab\u00a0plus\u00a0\u00bb qui la d\u00e9marquera des autres portes d\u2019entr\u00e9e.<\/p>\n                        <\/li>\n                                                <li class=\"discription_list_content_single mb-20\">\n                            <h4 class=\"mb-8\">Un design naturel et durable<\/h4>\n                            <p class=\"small\">Le bois massif est un mat\u00e9riau qui dure dans le temps\u00a0: c\u2019est le gage d\u2019une menuiserie intemporelle et robuste, qui saura r\u00e9sister longtemps \u00e0 tous les al\u00e9as que subit une porte d\u2019entr\u00e9e.<\/p>\n                        <\/li>\n                                            <\/ul>\n                            <\/div>\n            <div class=\"list_with_discription_tab_main\">\n                <div class=\"list_with_discription_tab_image\">\n                    <img decoding=\"async\" src=\"https:\/\/metalica.lu\/wp-content\/uploads\/2023\/12\/porte-en-bois-illustration-produit-haustuer_vitas_posada-metalica_20231213.jpg\" alt=\"\">\n                <\/div>\n            <\/div>\n        <\/div>\n    <\/div>\n<\/section>\n<style>\n    #block_24c14ec91f0412c9d4a19b441b2f72d1 {\n        background: #f9fafb; \n    }\n\n    #block_24c14ec91f0412c9d4a19b441b2f72d1.list_with_discription.list_with_discription_first::before{\n        background-image : url(\"https:\/\/metalica.lu\/wp-content\/uploads\/2023\/12\/porte-en-bois-illustration-produit-haustuer_vitas_posada-metalica_20231213.jpg\");\n    }\n<\/style>\n\n    <section class=\"gallery_slider\" id=\"block_8136190b81dfd5ac09baea8fc2547b53\" >\n        <div class=\"container\">\n            <h2>Sources d&#8217;inspiration pour votre <span class=\"primary_color\">porte d&#8217;entr\u00e9e en bois<\/span><\/h2>\n        <\/div>\n        <div class=\"gallery_slider_wrapper\">\n            <div class=\"swiper-container gallery-swiper-container gallery-block_8136190b81dfd5ac09baea8fc2547b53\">\n                <div class=\"swiper-wrapper\">\n                                            <div class=\"swiper-slide\">\n                            <div class=\"card-image\">\n                                <a href=\"https:\/\/metalica.lu\/wp-content\/uploads\/2023\/12\/inspiration-porte-bois-1-haustuere_nevos-natur-silvergrey-metalica_20231213.jpg\" class=\"glightbox\"  data-glightbox=\"type: image\">\n                                    <img decoding=\"async\" src=\"https:\/\/metalica.lu\/wp-content\/uploads\/2023\/12\/inspiration-porte-bois-1-haustuere_nevos-natur-silvergrey-metalica_20231213.jpg\" alt=\"Image Slider\">\n                                <\/a>\n                                                            <\/div>\n                        <\/div>\n                                            <div class=\"swiper-slide\">\n                            <div class=\"card-image\">\n                                <a href=\"https:\/\/metalica.lu\/wp-content\/uploads\/2023\/12\/inspiration-porte-bois-2-haustuere_nevos-natur-metalica_20231213.jpg\" class=\"glightbox\"  data-glightbox=\"type: image\">\n                                    <img decoding=\"async\" src=\"https:\/\/metalica.lu\/wp-content\/uploads\/2023\/12\/inspiration-porte-bois-2-haustuere_nevos-natur-metalica_20231213.jpg\" alt=\"Image Slider\">\n                                <\/a>\n                                                            <\/div>\n                        <\/div>\n                                            <div class=\"swiper-slide\">\n                            <div class=\"card-image\">\n                                <a href=\"https:\/\/metalica.lu\/wp-content\/uploads\/2023\/12\/inspiration-porte-bois-3-haustuer_vitas_calvi-metalica_20231213.jpg\" class=\"glightbox\"  data-glightbox=\"type: image\">\n                                    <img decoding=\"async\" src=\"https:\/\/metalica.lu\/wp-content\/uploads\/2023\/12\/inspiration-porte-bois-3-haustuer_vitas_calvi-metalica_20231213.jpg\" alt=\"Image Slider\">\n                                <\/a>\n                                                            <\/div>\n                        <\/div>\n                                            <div class=\"swiper-slide\">\n                            <div class=\"card-image\">\n                                <a href=\"https:\/\/metalica.lu\/wp-content\/uploads\/2023\/12\/inspiration-porte-bois-4-metalica_20231213.jpg\" class=\"glightbox\"  data-glightbox=\"type: image\">\n                                    <img decoding=\"async\" src=\"https:\/\/metalica.lu\/wp-content\/uploads\/2023\/12\/inspiration-porte-bois-4-metalica_20231213.jpg\" alt=\"Image Slider\">\n                                <\/a>\n                                                            <\/div>\n                        <\/div>\n                                    <\/div>\n                <!-- Add Scrollbar -->\n                <div class=\"swiper-button-next\">\n                    <i class=\"fa-solid fa-chevron-right\"><\/i>\n                <\/div>\n                <div class=\"swiper-button-prev\">\n                    <i class=\"fa-solid fa-chevron-left\"><\/i>\n                <\/div>\n            <\/div>\n        <\/div>\n    <\/section>\n\n<script>\n    $(document).ready(function(){\n        \/\/ Gallery Swiper Configuration\n        var swiper = new Swiper(\".gallery-block_8136190b81dfd5ac09baea8fc2547b53\", {\n            slidesPerView: 2,\n            spaceBetween: 30,\n            centeredSlides: true,\n            freeMode: true,\n            grabCursor: true,\n            loop: true,\n            autoplay: {\n                delay: 4000,\n                disableOnInteraction: false\n            },\n            navigation: {\n                nextEl: \".swiper-button-next\",\n                prevEl: \".swiper-button-prev\"\n            },\n            breakpoints: {\n                992: {\n                    slidesPerView: 1.1,\n                    centeredSlides: true,\n                },\n                767: {\n                    slidesPerView: 1,\n                    centeredSlides: false,\n                },\n            }\n        });\n        \/\/ ====== LIGHT BOX ========\n        const lightbox = GLightbox({\n            touchNavigation: true,\n            loop: true,\n            width: \"90vw\",\n            height: \"90vh\"\n        });\n    });\n<\/script>\n\n<section class=\"certification_main\" id=\"block_07d9b89e868f4f6f373d2df8cdc709a2\" >\n    <div class=\"container\">\n        <div class=\"certification_main_inner\">\n            <h2 class=\"mb-20\">Nos partenaires<\/h2>\n            <p class=\"small\"><span data-sheets-value=\"{&quot;1&quot;:2,&quot;2&quot;:&quot;Lignes \u00e9pur\u00e9es et gracieuses, r\u00e9sistance et confort\u2026 les portes d\u2019entr\u00e9e se doivent de r\u00e9pondre \u00e0 des exigences de plus en plus \u00e9lev\u00e9es.\\nC\u2019est pour cette raison que METALICA a choisi de ne travailler qu\u2019avec des fabricants s\u00e9rieux et p\u00e9rennes.&quot;}\" data-sheets-userformat=\"{&quot;2&quot;:12797,&quot;3&quot;:{&quot;1&quot;:0,&quot;3&quot;:1},&quot;5&quot;:{&quot;1&quot;:[{&quot;1&quot;:2,&quot;2&quot;:0,&quot;5&quot;:{&quot;1&quot;:2,&quot;2&quot;:0}},{&quot;1&quot;:0,&quot;2&quot;:0,&quot;3&quot;:3},{&quot;1&quot;:1,&quot;2&quot;:0,&quot;4&quot;:1}]},&quot;6&quot;:{&quot;1&quot;:[{&quot;1&quot;:2,&quot;2&quot;:0,&quot;5&quot;:{&quot;1&quot;:2,&quot;2&quot;:0}},{&quot;1&quot;:0,&quot;2&quot;:0,&quot;3&quot;:3},{&quot;1&quot;:1,&quot;2&quot;:0,&quot;4&quot;:1}]},&quot;7&quot;:{&quot;1&quot;:[{&quot;1&quot;:2,&quot;2&quot;:0,&quot;5&quot;:{&quot;1&quot;:2,&quot;2&quot;:0}},{&quot;1&quot;:0,&quot;2&quot;:0,&quot;3&quot;:3},{&quot;1&quot;:1,&quot;2&quot;:0,&quot;4&quot;:1}]},&quot;8&quot;:{&quot;1&quot;:[{&quot;1&quot;:2,&quot;2&quot;:0,&quot;5&quot;:{&quot;1&quot;:2,&quot;2&quot;:0}},{&quot;1&quot;:0,&quot;2&quot;:0,&quot;3&quot;:3},{&quot;1&quot;:1,&quot;2&quot;:0,&quot;4&quot;:1}]},&quot;9&quot;:0,&quot;10&quot;:0,&quot;11&quot;:4,&quot;15&quot;:&quot;Calibri&quot;,&quot;16&quot;:12}\">Lignes \u00e9pur\u00e9es et gracieuses, r\u00e9sistance et confort\u2026 les portes d\u2019entr\u00e9e se doivent de r\u00e9pondre \u00e0 des exigences de plus en plus \u00e9lev\u00e9es.<br \/>\nC\u2019est pour cette raison que METALICA a choisi de ne travailler qu\u2019avec des fabricants s\u00e9rieux et p\u00e9rennes.<\/span><\/p>\n                                                <div class=\"certification_main_content\">\n                        <div class=\"certification_img\">\n                            <a href=\"https:\/\/www.josko.com\/de\/\" target=\"_blank\" >\n                                                                    <img decoding=\"async\" src=\"https:\/\/metalica.lu\/wp-content\/uploads\/2023\/07\/Josko_Logo.png\">\n                                                            <\/a>\n                        <\/div>\n                        <div class=\"certification_discription\">\n                            <p>La marque Josko, existante depuis 1960, est depuis longtemps synonyme de p\u00e9rennit\u00e9. Leurs menuiseries, et plus particuli\u00e8rement leurs portes, sont con\u00e7ues dans des mat\u00e9riaux nobles et naturels d\u2019une long\u00e9vit\u00e9 exceptionnelle.<\/p>\n<p>C\u2019est pour ces raisons que METALICA a choisi de devenir le partenaire luxembourgeois exclusif de Josko. Ainsi, nous distribuons les ch\u00e2ssis en bois et portes du producteur autrichien Josko sur l\u2019ensemble du territoire du Grand-Duch\u00e9 du Luxembourg.<\/p>\n                                                    <\/div>\n                        \n                    <\/div>\n                                    <\/div>\n    <\/div>\n\n    \n<\/section>\n\n<style>\n    #block_07d9b89e868f4f6f373d2df8cdc709a2{\n        background-color: #f9fafb;\n        padding-top : px;\n        padding-bottom : px;\n        padding-left : px;\n        padding-right : px;\n    }\n<\/style>\n\n<script>\n    $(document).ready(function(){\n        var modal2 = document.querySelector(\".certification_main .video_modal\");\n        var closeButton2 = document.querySelector(\".certification_main .close-button\");\n\n        function toggleModal2() {\n            modal2.classList.toggle(\"show-modal\");\n            $(\"body\").toggleClass(\"overflow-hidden\");\n        }\n\n        function windowOnClick(event) {\n            if (event.target === modal2) {\n                toggleModal2();\n            }\n        }\n        $('.trigger2').click(function(event) {\n            event.preventDefault();\n            toggleModal2();\n        });\n        \/\/ ====== STOP VIDEO WHEN MODAL IS CLOSE ========= \n        $(closeButton2).click(function() {\n            toggleModal2();\n            $('video').trigger('pause');\n            $('iframe').each(function(index) {\n                $(this).attr('src', $(this).attr('src'));\n                return false;\n            });\n        });\n\n    });\n<\/script>\n\n<section class=\"faqs_main\" id=\"block_3254b8fcb836d5e4ddbd4ff02f6de63f\" >\n    <div class=\"container\">\n        <div class=\"faqs_wrapper\">\n            <!-- <h2 class=\"text-center\">Foire \u00e0 <span class=\"primary_color\">questions<\/span><\/h2> -->\n            <h2 class=\"text-center\">Foire aux <span class=\"primary_color\">questions<\/span><\/span><\/h2>\n                            <div class=\"faqs_accordion\">\n                    <ul class=\"faqs-accordion-list\">\n                                                    <li>\n                                <h3 class=\"faqs-accordion-heading\">1. Quels sont les avantages des portes d&#8217;entr\u00e9e en bois par rapport \u00e0 d&#8217;autres mat\u00e9riaux ?                                    <span class=\"faq_down_arrow\"><i class=\"fa-solid fa-angle-down\"><\/i><\/span>\n                                <\/h3>\n                                <div class=\"faqs_answer\">\n                                    <p><span data-sheets-value=\"{&quot;1&quot;:2,&quot;2&quot;:&quot;Les portes d'entr\u00e9e en bois offrent plusieurs avantages distincts. Tout d'abord, elles sont appr\u00e9ci\u00e9es pour leur beaut\u00e9 naturelle et leur aspect chaleureux. Le bois est un mat\u00e9riau intemporel qui s'adapte \u00e0 diff\u00e9rents styles architecturaux et apporte une touche d'\u00e9l\u00e9gance \u00e0 l'ext\u00e9rieur d'une maison. De plus, le bois est un excellent isolant naturel, offrant une bonne isolation thermique et acoustique. Il est \u00e9galement durable et peut \u00eatre r\u00e9par\u00e9 ou r\u00e9nov\u00e9 plus facilement que certains autres mat\u00e9riaux.&quot;}\" data-sheets-userformat=\"{&quot;2&quot;:14845,&quot;3&quot;:{&quot;1&quot;:0,&quot;3&quot;:1},&quot;5&quot;:{&quot;1&quot;:[{&quot;1&quot;:2,&quot;2&quot;:0,&quot;5&quot;:{&quot;1&quot;:2,&quot;2&quot;:0}},{&quot;1&quot;:0,&quot;2&quot;:0,&quot;3&quot;:3},{&quot;1&quot;:1,&quot;2&quot;:0,&quot;4&quot;:1}]},&quot;6&quot;:{&quot;1&quot;:[{&quot;1&quot;:2,&quot;2&quot;:0,&quot;5&quot;:{&quot;1&quot;:2,&quot;2&quot;:0}},{&quot;1&quot;:0,&quot;2&quot;:0,&quot;3&quot;:3},{&quot;1&quot;:1,&quot;2&quot;:0,&quot;4&quot;:1}]},&quot;7&quot;:{&quot;1&quot;:[{&quot;1&quot;:2,&quot;2&quot;:0,&quot;5&quot;:{&quot;1&quot;:2,&quot;2&quot;:0}},{&quot;1&quot;:0,&quot;2&quot;:0,&quot;3&quot;:3},{&quot;1&quot;:1,&quot;2&quot;:0,&quot;4&quot;:1}]},&quot;8&quot;:{&quot;1&quot;:[{&quot;1&quot;:2,&quot;2&quot;:0,&quot;5&quot;:{&quot;1&quot;:2,&quot;2&quot;:0}},{&quot;1&quot;:0,&quot;2&quot;:0,&quot;3&quot;:3},{&quot;1&quot;:1,&quot;2&quot;:0,&quot;4&quot;:1}]},&quot;9&quot;:0,&quot;10&quot;:0,&quot;11&quot;:4,&quot;14&quot;:{&quot;1&quot;:2,&quot;2&quot;:0},&quot;15&quot;:&quot;Calibri&quot;,&quot;16&quot;:12}\">Les portes d&#8217;entr\u00e9e en bois offrent plusieurs avantages distincts. Tout d&#8217;abord, elles sont appr\u00e9ci\u00e9es pour leur beaut\u00e9 naturelle et leur aspect chaleureux. Le bois est un mat\u00e9riau intemporel qui s&#8217;adapte \u00e0 diff\u00e9rents styles architecturaux et apporte une touche d&#8217;\u00e9l\u00e9gance \u00e0 l&#8217;ext\u00e9rieur d&#8217;une maison. De plus, le bois est un excellent isolant naturel, offrant une bonne isolation thermique et acoustique. Il est \u00e9galement durable et peut \u00eatre r\u00e9par\u00e9 ou r\u00e9nov\u00e9 plus facilement que certains autres mat\u00e9riaux.<\/span><\/p>\n                                <\/div>\n                            <\/li>\n                                                    <li>\n                                <h3 class=\"faqs-accordion-heading\">2. Les portes d&#8217;entr\u00e9e en bois sont-elles durables ?                                    <span class=\"faq_down_arrow\"><i class=\"fa-solid fa-angle-down\"><\/i><\/span>\n                                <\/h3>\n                                <div class=\"faqs_answer\">\n                                    <p><span data-sheets-value=\"{&quot;1&quot;:2,&quot;2&quot;:&quot;La durabilit\u00e9 des portes d'entr\u00e9e en bois d\u00e9pend du type de bois utilis\u00e9 et des soins qui leur sont prodigu\u00e9s. Certains types de bois, tels que le ch\u00eane, le teck et le c\u00e8dre, sont naturellement r\u00e9sistants \u00e0 la pourriture, aux insectes et aux intemp\u00e9ries, ce qui les rend plus durables. Cependant, tous les types de bois peuvent \u00eatre sensibles \u00e0 l'humidit\u00e9 et aux conditions climatiques extr\u00eames s'ils ne sont pas entretenus correctement. Avec un entretien ad\u00e9quat, y compris la protection contre l'eau, les rayons UV et les dommages m\u00e9caniques, les portes d'entr\u00e9e en bois peuvent durer de nombreuses ann\u00e9es.\\n\\nIl convient de noter que les portes d'entr\u00e9e en bois n\u00e9cessitent g\u00e9n\u00e9ralement un entretien plus r\u00e9gulier que celles en aluminium ou en PVC, mais beaucoup de gens consid\u00e8rent l'aspect et la sensation naturels du bois comme une valeur ajout\u00e9e qui en vaut la peine.&quot;}\" data-sheets-userformat=\"{&quot;2&quot;:14845,&quot;3&quot;:{&quot;1&quot;:0,&quot;3&quot;:1},&quot;5&quot;:{&quot;1&quot;:[{&quot;1&quot;:2,&quot;2&quot;:0,&quot;5&quot;:{&quot;1&quot;:2,&quot;2&quot;:0}},{&quot;1&quot;:0,&quot;2&quot;:0,&quot;3&quot;:3},{&quot;1&quot;:1,&quot;2&quot;:0,&quot;4&quot;:1}]},&quot;6&quot;:{&quot;1&quot;:[{&quot;1&quot;:2,&quot;2&quot;:0,&quot;5&quot;:{&quot;1&quot;:2,&quot;2&quot;:0}},{&quot;1&quot;:0,&quot;2&quot;:0,&quot;3&quot;:3},{&quot;1&quot;:1,&quot;2&quot;:0,&quot;4&quot;:1}]},&quot;7&quot;:{&quot;1&quot;:[{&quot;1&quot;:2,&quot;2&quot;:0,&quot;5&quot;:{&quot;1&quot;:2,&quot;2&quot;:0}},{&quot;1&quot;:0,&quot;2&quot;:0,&quot;3&quot;:3},{&quot;1&quot;:1,&quot;2&quot;:0,&quot;4&quot;:1}]},&quot;8&quot;:{&quot;1&quot;:[{&quot;1&quot;:2,&quot;2&quot;:0,&quot;5&quot;:{&quot;1&quot;:2,&quot;2&quot;:0}},{&quot;1&quot;:0,&quot;2&quot;:0,&quot;3&quot;:3},{&quot;1&quot;:1,&quot;2&quot;:0,&quot;4&quot;:1}]},&quot;9&quot;:0,&quot;10&quot;:0,&quot;11&quot;:4,&quot;14&quot;:{&quot;1&quot;:2,&quot;2&quot;:0},&quot;15&quot;:&quot;Calibri&quot;,&quot;16&quot;:12}\">La durabilit\u00e9 des portes d&#8217;entr\u00e9e en bois d\u00e9pend du type de bois utilis\u00e9 et des soins qui leur sont prodigu\u00e9s. Certains types de bois, tels que le ch\u00eane, le teck et le c\u00e8dre, sont naturellement r\u00e9sistants \u00e0 la pourriture, aux insectes et aux intemp\u00e9ries, ce qui les rend plus durables. Cependant, tous les types de bois peuvent \u00eatre sensibles \u00e0 l&#8217;humidit\u00e9 et aux conditions climatiques extr\u00eames s&#8217;ils ne sont pas entretenus correctement. Avec un entretien ad\u00e9quat, y compris la protection contre l&#8217;eau, les rayons UV et les dommages m\u00e9caniques, les portes d&#8217;entr\u00e9e en bois peuvent durer de nombreuses ann\u00e9es.<\/p>\n<p>Il convient de noter que les portes d&#8217;entr\u00e9e en bois n\u00e9cessitent g\u00e9n\u00e9ralement un entretien plus r\u00e9gulier que celles en aluminium ou en PVC, mais beaucoup de gens consid\u00e8rent l&#8217;aspect et la sensation naturels du bois comme une valeur ajout\u00e9e qui en vaut la peine.<\/span><\/p>\n                                <\/div>\n                            <\/li>\n                                                    <li>\n                                <h3 class=\"faqs-accordion-heading\">3. Comment entretenir les portes d&#8217;entr\u00e9e en bois ?                                    <span class=\"faq_down_arrow\"><i class=\"fa-solid fa-angle-down\"><\/i><\/span>\n                                <\/h3>\n                                <div class=\"faqs_answer\">\n                                    <p><span data-sheets-value=\"{&quot;1&quot;:2,&quot;2&quot;:&quot;L'entretien des portes d'entr\u00e9e en bois est essentiel pour assurer leur durabilit\u00e9 et pr\u00e9server leur beaut\u00e9. Le bois est sensible aux conditions climatiques, \u00e0 l'humidit\u00e9 et aux rayons UV, il est donc important de prendre quelques mesures d'entretien r\u00e9guli\u00e8res. Cela comprend le nettoyage r\u00e9gulier de la porte avec de l'eau savonneuse douce et un chiffon doux, suivi d'une application de vernis ou de peinture protectrice pour pr\u00e9venir la d\u00e9coloration et la d\u00e9t\u00e9rioration du bois. Il est recommand\u00e9 de r\u00e9p\u00e9ter cette op\u00e9ration r\u00e9guli\u00e8rement au fil des ann\u00e9es pour maintenir la protection.&quot;}\" data-sheets-userformat=\"{&quot;2&quot;:14845,&quot;3&quot;:{&quot;1&quot;:0,&quot;3&quot;:1},&quot;5&quot;:{&quot;1&quot;:[{&quot;1&quot;:2,&quot;2&quot;:0,&quot;5&quot;:{&quot;1&quot;:2,&quot;2&quot;:0}},{&quot;1&quot;:0,&quot;2&quot;:0,&quot;3&quot;:3},{&quot;1&quot;:1,&quot;2&quot;:0,&quot;4&quot;:1}]},&quot;6&quot;:{&quot;1&quot;:[{&quot;1&quot;:2,&quot;2&quot;:0,&quot;5&quot;:{&quot;1&quot;:2,&quot;2&quot;:0}},{&quot;1&quot;:0,&quot;2&quot;:0,&quot;3&quot;:3},{&quot;1&quot;:1,&quot;2&quot;:0,&quot;4&quot;:1}]},&quot;7&quot;:{&quot;1&quot;:[{&quot;1&quot;:2,&quot;2&quot;:0,&quot;5&quot;:{&quot;1&quot;:2,&quot;2&quot;:0}},{&quot;1&quot;:0,&quot;2&quot;:0,&quot;3&quot;:3},{&quot;1&quot;:1,&quot;2&quot;:0,&quot;4&quot;:1}]},&quot;8&quot;:{&quot;1&quot;:[{&quot;1&quot;:2,&quot;2&quot;:0,&quot;5&quot;:{&quot;1&quot;:2,&quot;2&quot;:0}},{&quot;1&quot;:0,&quot;2&quot;:0,&quot;3&quot;:3},{&quot;1&quot;:1,&quot;2&quot;:0,&quot;4&quot;:1}]},&quot;9&quot;:0,&quot;10&quot;:0,&quot;11&quot;:4,&quot;14&quot;:{&quot;1&quot;:2,&quot;2&quot;:0},&quot;15&quot;:&quot;Calibri&quot;,&quot;16&quot;:12}\">L&#8217;entretien des portes d&#8217;entr\u00e9e en bois est essentiel pour assurer leur durabilit\u00e9 et pr\u00e9server leur beaut\u00e9. Le bois est sensible aux conditions climatiques, \u00e0 l&#8217;humidit\u00e9 et aux rayons UV, il est donc important de prendre quelques mesures d&#8217;entretien r\u00e9guli\u00e8res. Cela comprend le nettoyage r\u00e9gulier de la porte avec de l&#8217;eau savonneuse douce et un chiffon doux, suivi d&#8217;une application de vernis ou de peinture protectrice pour pr\u00e9venir la d\u00e9coloration et la d\u00e9t\u00e9rioration du bois. Il est recommand\u00e9 de r\u00e9p\u00e9ter cette op\u00e9ration r\u00e9guli\u00e8rement au fil des ann\u00e9es pour maintenir la protection.<\/span><\/p>\n                                <\/div>\n                            <\/li>\n                                                <!-- <li>\n                            <h3 class=\"faqs-accordion-heading\">1. Comment fonctionne une pergola bioclimatique ?\n                                <span class=\"faq_down_arrow\"><i class=\"fa-solid fa-angle-down\"><\/i><\/span>\n                            <\/h3>\n                            <div class=\"faqs_answer\">\n                                <p>While we would love to be able to give a definitive, fixed price for a website, it really depends on the specific needs for each individual business. If one business needs a website comprised of five pages, while another has a substantially larger site of over 100 pages - obviously those projects are going to command different price points.<\/p>\n\n                                <p>With that being said - here are some general guidelines on what to expect from a pricing standpoint.<\/p>\n\n                                <p>If you can get by with a small website (between 3 - 10 pages) using a pre-designed template, you can expect to pay approximately $2,500.00. A mid-sized website that has anywhere from 11 - 25 pages, but still uses a pre-made template, will be between $3,000.00 - $5,000.00. If you have a lot of pages, are looking for something completely custom, or are looking for something that has special functionality such as eCommerce, custom calculators, or integrations with other services, you may be looking at anywhere from $10,000 - $20,000.<\/p>\n                            <\/div>\n                        <\/li>\n                        <li>\n                            <h3 class=\"faqs-accordion-heading\">2. Quels sont les avantages d'une pergola bioclimatique ?\n                                <span class=\"faq_down_arrow\"><i class=\"fa-solid fa-angle-down\"><\/i><\/span>\n                            <\/h3>\n                            <div class=\"faqs_answer\">\n                                <p>This will vary depending on the type of project. For logo & branding projects, fees will be one-time costs. For website projects, we will typically charge a monthly fee, depending on the level of service you choose. To view a full list of our monthly packages, click here.<\/p>\n                            <\/div>\n                        <\/li>\n                        <li>\n                            <h3 class=\"faqs-accordion-heading\">3. Les pergolas bioclimatiques sont-elles durables ?\n                                <span class=\"faq_down_arrow\"><i class=\"fa-solid fa-angle-down\"><\/i><\/span>\n                            <\/h3>\n                            <div class=\"faqs_answer\">\n                                <p>Logo projects typically cost between $3,000 - $5000.<\/p>\n                                <p>\"Why so much?\" many people ask. To answer simply - because they require a lot of work. At least, to do them properly. And of all of the investments that you will make for your business, your logo & branding is one area where you don't want to skimp.<\/p>\n\n                                <p>In business, image is everything. And while your overall brand is based on far more than just your logo, a bad logo can create a strong first impression (for better or for worse).<\/p>\n\n                            <\/div>\n                        <\/li>\n                        <li>\n                            <h3 class=\"faqs-accordion-heading\">4. Les pergolas bioclimatiques sont-elles co\u00fbteuses \u00e0 installer ?\n                                <span class=\"faq_down_arrow\"><i class=\"fa-solid fa-angle-down\"><\/i><\/span>\n                            <\/h3>\n                            <div class=\"faqs_answer\">\n                                <p>Experience, quality, and results.<\/p>\n                                <p><strong>Experience.<\/strong> We have been designing websites professional since the early days of the web - before CSS was mainstream, and people still used tables for their website layouts. In the 20+ years that we have been doing this, we have work with and learned from many of the top voices in several industries. To put it simply - there are very few people in the world, let alone the area that can top our years of experience.<\/p>\n                                <p><strong>Results<\/strong> More than anything else, our focus is, and will always be getting results for clients. We don't care how pretty something is - if it is not resulting in the growth or obtaining of goals for our clients, then it is not time or money well spent. Our mission is to turn visitors into paying customers - and every decision that we make is rooted in that mission.<\/p>\n                            <\/div>\n                        <\/li>\n                        <li>\n                            <h3 class=\"faqs-accordion-heading\">5. Les pergolas bioclimatiques sont-elles faciles \u00e0 entretenir ?\n                                <span class=\"faq_down_arrow\"><i class=\"fa-solid fa-angle-down\"><\/i><\/span>\n                            <\/h3>\n                            <div class=\"faqs_answer\">\n                                <p>We started this business from scratch, and know full-well how tight money can be when you are first starting out. We empathize with the struggles of new business owners, and therefore work diligently so that the new businesses that we work with succeed.<\/p>\n\n                                <p>The primary criteria we look for when working with new businesses is the seriousness of the business owner. While it is natural for a new business owner to be cautious with the money they spend - we do look for a commitment to growth. If you do not have a specific plan for how you intend to grow your business, then the reality is - you will probably never be in a good position to afford our services.<\/p>\n                            <\/div>\n                        <\/li> -->\n                    <\/ul>\n                <\/div>\n                    <\/div>\n    <\/div>\n<\/section>\n\n<style>\n    #block_3254b8fcb836d5e4ddbd4ff02f6de63f{\n        background-color: #FFFFFF;\n    }\n<\/style>\n\n<script>\n    \/\/ ======= FAQ ACCORDION ========\n    $(document).ready(function(){\n        $('.faqs-accordion-list > li > .faqs_answer').hide();                \n        $('.faqs-accordion-list > li').click(function() {\n            if ($(this).hasClass(\"active\")) {\n            $(this).removeClass(\"active\").find(\".faqs_answer\").slideUp();\n            } else {\n            $(\".faqs-accordion-list > li.active .faqs_answer\").slideUp();\n            $(\".faqs-accordion-list > li.active\").removeClass(\"active\");\n            $(this).addClass(\"active\").find(\".faqs_answer\").slideDown();\n            }\n            return false;\n        });            \n    });\n<\/script>\n\n<section class=\"cta_main\" id=\"block_8f1523913458563bd88a4aa788fb05eb\">\n    <div class=\"container\">\n        <h2 class=\"text-center mb-24 pb-4\">Vous souhaitez allier la chaleur et le naturel \u00e0 la s\u00e9curit\u00e9\u00a0? Le bois est fait pour vous\u00a0!<\/h2>\n        <div class=\"text-center\">\n                    <a href=\"https:\/\/metalica.lu\/lb\/kontakt\/\"  class=\"gray_btn_fill width-md-100\">Je demande un devis <span class=\"primary_color\"><i class=\"fa-solid fa-arrow-right pl-10\"><\/i><\/span><\/a>\n                <\/div>\n    <\/div>\n<\/section>\n\n<style>\n    #block_8f1523913458563bd88a4aa788fb05eb {\n                background: #fbba00; \n        }\n<\/style>\n\n\n<section class=\"imageRight_contentLeft imageRight_contentLeft_img1\" id=\"block_9f7a75dcbb5f6b03fe81490cd1b18dac\" >\n    <div class=\"container\">\n        <div class=\"imageRight_contentLeft_wrapper\">\n            <div class=\"left_content\">\n                <h2 class=\"mb-20\">Portes en <span class=\"primary_color\">aluminium<\/span><\/span><\/h2>\n                <p class=\"small mb-24\"><span data-sheets-value=\"{&quot;1&quot;:2,&quot;2&quot;:&quot;La s\u00e9curit\u00e9 avant tout&quot;}\" data-sheets-userformat=\"{&quot;2&quot;:14845,&quot;3&quot;:{&quot;1&quot;:0,&quot;3&quot;:1},&quot;5&quot;:{&quot;1&quot;:[{&quot;1&quot;:2,&quot;2&quot;:0,&quot;5&quot;:{&quot;1&quot;:2,&quot;2&quot;:0}},{&quot;1&quot;:0,&quot;2&quot;:0,&quot;3&quot;:3},{&quot;1&quot;:1,&quot;2&quot;:0,&quot;4&quot;:1}]},&quot;6&quot;:{&quot;1&quot;:[{&quot;1&quot;:2,&quot;2&quot;:0,&quot;5&quot;:{&quot;1&quot;:2,&quot;2&quot;:0}},{&quot;1&quot;:0,&quot;2&quot;:0,&quot;3&quot;:3},{&quot;1&quot;:1,&quot;2&quot;:0,&quot;4&quot;:1}]},&quot;7&quot;:{&quot;1&quot;:[{&quot;1&quot;:2,&quot;2&quot;:0,&quot;5&quot;:{&quot;1&quot;:2,&quot;2&quot;:0}},{&quot;1&quot;:0,&quot;2&quot;:0,&quot;3&quot;:3},{&quot;1&quot;:1,&quot;2&quot;:0,&quot;4&quot;:1}]},&quot;8&quot;:{&quot;1&quot;:[{&quot;1&quot;:2,&quot;2&quot;:0,&quot;5&quot;:{&quot;1&quot;:2,&quot;2&quot;:0}},{&quot;1&quot;:0,&quot;2&quot;:0,&quot;3&quot;:3},{&quot;1&quot;:1,&quot;2&quot;:0,&quot;4&quot;:1}]},&quot;9&quot;:0,&quot;10&quot;:0,&quot;11&quot;:4,&quot;14&quot;:{&quot;1&quot;:2,&quot;2&quot;:0},&quot;15&quot;:&quot;Calibri&quot;,&quot;16&quot;:12}\">La s\u00e9curit\u00e9 avant tout<\/span><\/p>\n                                    <a href=\"https:\/\/metalica.lu\/lb\/hausdieren-luxembourg\/aluminiumsdieren\/\"  class=\"gray_btn_fill  width-md-100\">D\u00e9couvrir <span class=\"primary_color pl-10\"><i class=\"fa-solid fa-arrow-right\"><\/i><\/span><\/a>\n                            <\/div>\n            <div class=\"right_content\">\n                <div class=\"right_content_img\">\n                    <img decoding=\"async\" src=\"https:\/\/metalica.lu\/wp-content\/uploads\/2023\/10\/porte-alu-3_20231009.jpg\">\n                <\/div>\n            <\/div>\n        <\/div>\n    <\/div>\n<\/section>\n\n<style>\n    #block_9f7a75dcbb5f6b03fe81490cd1b18dac{\n        background-color: #ffffff;\n    }\n\n            #block_9f7a75dcbb5f6b03fe81490cd1b18dac.imageRight_contentLeft.imageRight_contentLeft_img1::before{\n            background-image: url(\"https:\/\/metalica.lu\/wp-content\/uploads\/2023\/10\/porte-alu-3_20231009.jpg\");\n        }\n    <\/style>\n\n  \n    <section class=\"discover_product\" id=\"block_3def7cd7bc1e4534e9f32377d456c681\">\n        <div class=\"container\">\n            <div class=\"discover_product_wrapper\">\n                <div class=\"discover_product_inner\">\n                    <h2 class=\"mb-20\">D\u00e9couvrez d\u2019autres <span class=\"primary_color\">produits<\/span><\/h2>\n                                            <ul class=\"discover_product_lists\">\n                                                            <li>\n                                    <a href=\"\/lb\/hausdieren-luxembourg\" style=\"text-decoration:none;\">\n                                        <img decoding=\"async\" src=\"https:\/\/metalica.lu\/wp-content\/uploads\/2023\/06\/reshot-icon-door.png\" alt=\"Portes d'entr\u00e9e\">\n                                        <h4>Portes d&#8217;entr\u00e9e<\/h4>\n                                    <\/a>\n                                <\/li>\n                                                            <li>\n                                    <a href=\"\/lb\/fensteren\/\" style=\"text-decoration:none;\">\n                                        <img decoding=\"async\" src=\"https:\/\/metalica.lu\/wp-content\/uploads\/2023\/06\/reshot-icon-window.png\" alt=\"Fen\u00eatres\">\n                                        <h4>Fen\u00eatres<\/h4>\n                                    <\/a>\n                                <\/li>\n                                                            <li>\n                                    <a href=\"\/lb\/pergolaen-a-verandaen\/\" style=\"text-decoration:none;\">\n                                        <img decoding=\"async\" src=\"https:\/\/metalica.lu\/wp-content\/uploads\/2023\/06\/ic_round-balcony.png\" alt=\"Pergolas et v\u00e9randas\">\n                                        <h4>Pergolas et v\u00e9randas<\/h4>\n                                    <\/a>\n                                <\/li>\n                                                            <li>\n                                    <a href=\"\/lb\/sonneschutz\/\" style=\"text-decoration:none;\">\n                                        <img decoding=\"async\" src=\"https:\/\/metalica.lu\/wp-content\/uploads\/2023\/06\/mdi_sun-angle-outline.png\" alt=\"Protections solaires\">\n                                        <h4>Protections solaires<\/h4>\n                                    <\/a>\n                                <\/li>\n                                                            <li>\n                                    <a href=\"\/lb\/fassadesystemer\/\" style=\"text-decoration:none;\">\n                                        <img decoding=\"async\" src=\"https:\/\/metalica.lu\/wp-content\/uploads\/2023\/06\/tabler_wall.png\" alt=\"Fa\u00e7ades architecturales\">\n                                        <h4>Fa\u00e7ades architecturales<\/h4>\n                                    <\/a>\n                                <\/li>\n                                                    <\/ul>\n                                    <\/div>\n            <\/div>\n        <\/div>\n    <\/section>\n    \n    <style>\n        #block_3def7cd7bc1e4534e9f32377d456c681 {\n                    background: url(\"https:\/\/metalica.lu\/wp-content\/uploads\/2023\/06\/discover-product-bg.png\"); \n\t\t\tbackground-repeat: no-repeat;\n\t\t\tbackground-size: cover;\n\t\t\tbackground-position: center;\n\t\t\tposition: relative;\n                        }\n    <\/style>\n","protected":false},"excerpt":{"rendered":"","protected":false},"author":14,"featured_media":0,"parent":8558,"menu_order":0,"comment_status":"closed","ping_status":"closed","template":"","meta":{"_acf_changed":false,"footnotes":""},"class_list":["post-8572","page","type-page","status-publish","hentry"],"acf":[],"yoast_head":"<!-- This site is optimized with the Yoast SEO Premium plugin v27.2 (Yoast SEO v27.5) - https:\/\/yoast.com\/product\/yoast-seo-premium-wordpress\/ -->\n<title>Holzdieren - Metalica<\/title>\n<meta name=\"description\" content=\"Portes d\u2019entr\u00e9e en bois sur mesure | Distribution assur\u00e9es sur tout le territoire du Luxembourg | Devis 100 % gratuit | Contactez-nous !\" \/>\n<meta name=\"robots\" content=\"index, follow, max-snippet:-1, max-image-preview:large, max-video-preview:-1\" \/>\n<link rel=\"canonical\" href=\"https:\/\/metalica.lu\/lb\/hausdieren-luxembourg\/holzdieren\/\" \/>\n<meta property=\"og:locale\" content=\"en_US\" \/>\n<meta property=\"og:type\" content=\"article\" \/>\n<meta property=\"og:title\" content=\"Holzdieren\" \/>\n<meta property=\"og:description\" content=\"Portes d\u2019entr\u00e9e en bois sur mesure | Distribution assur\u00e9es sur tout le territoire du Luxembourg | Devis 100 % gratuit | Contactez-nous !\" \/>\n<meta property=\"og:url\" content=\"https:\/\/metalica.lu\/lb\/hausdieren-luxembourg\/holzdieren\/\" \/>\n<meta property=\"og:site_name\" content=\"Metalica\" \/>\n<meta property=\"article:publisher\" content=\"https:\/\/www.facebook.com\/metalicahome\/\" \/>\n<meta property=\"article:modified_time\" content=\"2026-03-12T10:58:11+00:00\" \/>\n<meta name=\"twitter:card\" content=\"summary_large_image\" \/>\n<meta name=\"twitter:label1\" content=\"Est. reading time\" \/>\n\t<meta name=\"twitter:data1\" content=\"6 minutes\" \/>\n<script type=\"application\/ld+json\" class=\"yoast-schema-graph\">{\"@context\":\"https:\\\/\\\/schema.org\",\"@graph\":[{\"@type\":\"WebPage\",\"@id\":\"https:\\\/\\\/metalica.lu\\\/lb\\\/hausdieren-luxembourg\\\/holzdieren\\\/\",\"url\":\"https:\\\/\\\/metalica.lu\\\/lb\\\/hausdieren-luxembourg\\\/holzdieren\\\/\",\"name\":\"Holzdieren - Metalica\",\"isPartOf\":{\"@id\":\"https:\\\/\\\/metalica.lu\\\/lb\\\/#website\"},\"datePublished\":\"2023-07-18T06:43:09+00:00\",\"dateModified\":\"2026-03-12T10:58:11+00:00\",\"description\":\"Portes d\u2019entr\u00e9e en bois sur mesure | Distribution assur\u00e9es sur tout le territoire du Luxembourg | Devis 100 % gratuit | Contactez-nous !\",\"breadcrumb\":{\"@id\":\"https:\\\/\\\/metalica.lu\\\/lb\\\/hausdieren-luxembourg\\\/holzdieren\\\/#breadcrumb\"},\"inLanguage\":\"lb-LU\",\"potentialAction\":[{\"@type\":\"ReadAction\",\"target\":[\"https:\\\/\\\/metalica.lu\\\/lb\\\/hausdieren-luxembourg\\\/holzdieren\\\/\"]}]},{\"@type\":\"BreadcrumbList\",\"@id\":\"https:\\\/\\\/metalica.lu\\\/lb\\\/hausdieren-luxembourg\\\/holzdieren\\\/#breadcrumb\",\"itemListElement\":[{\"@type\":\"ListItem\",\"position\":1,\"name\":\"Accueil\",\"item\":\"https:\\\/\\\/metalica.lu\\\/lb\\\/\"},{\"@type\":\"ListItem\",\"position\":2,\"name\":\"Hausdieren\",\"item\":\"https:\\\/\\\/metalica.lu\\\/lb\\\/hausdieren-luxembourg\\\/\"},{\"@type\":\"ListItem\",\"position\":3,\"name\":\"Holzdieren\"}]},{\"@type\":\"WebSite\",\"@id\":\"https:\\\/\\\/metalica.lu\\\/lb\\\/#website\",\"url\":\"https:\\\/\\\/metalica.lu\\\/lb\\\/\",\"name\":\"Metalica\",\"description\":\"\",\"publisher\":{\"@id\":\"https:\\\/\\\/metalica.lu\\\/lb\\\/#organization\"},\"potentialAction\":[{\"@type\":\"SearchAction\",\"target\":{\"@type\":\"EntryPoint\",\"urlTemplate\":\"https:\\\/\\\/metalica.lu\\\/lb\\\/?s={search_term_string}\"},\"query-input\":{\"@type\":\"PropertyValueSpecification\",\"valueRequired\":true,\"valueName\":\"search_term_string\"}}],\"inLanguage\":\"lb-LU\"},{\"@type\":\"Organization\",\"@id\":\"https:\\\/\\\/metalica.lu\\\/lb\\\/#organization\",\"name\":\"Metalica\",\"url\":\"https:\\\/\\\/metalica.lu\\\/lb\\\/\",\"logo\":{\"@type\":\"ImageObject\",\"inLanguage\":\"lb-LU\",\"@id\":\"https:\\\/\\\/metalica.lu\\\/lb\\\/#\\\/schema\\\/logo\\\/image\\\/\",\"url\":\"https:\\\/\\\/metalica.lu\\\/wp-content\\\/uploads\\\/2024\\\/05\\\/site-logo.png\",\"contentUrl\":\"https:\\\/\\\/metalica.lu\\\/wp-content\\\/uploads\\\/2024\\\/05\\\/site-logo.png\",\"width\":238,\"height\":62,\"caption\":\"Metalica\"},\"image\":{\"@id\":\"https:\\\/\\\/metalica.lu\\\/lb\\\/#\\\/schema\\\/logo\\\/image\\\/\"},\"sameAs\":[\"https:\\\/\\\/www.facebook.com\\\/metalicahome\\\/\"]}]}<\/script>\n<!-- \/ Yoast SEO Premium plugin. -->","yoast_head_json":{"title":"Holzdieren - Metalica","description":"Portes d\u2019entr\u00e9e en bois sur mesure | Distribution assur\u00e9es sur tout le territoire du Luxembourg | Devis 100 % gratuit | Contactez-nous !","robots":{"index":"index","follow":"follow","max-snippet":"max-snippet:-1","max-image-preview":"max-image-preview:large","max-video-preview":"max-video-preview:-1"},"canonical":"https:\/\/metalica.lu\/lb\/hausdieren-luxembourg\/holzdieren\/","og_locale":"en_US","og_type":"article","og_title":"Holzdieren","og_description":"Portes d\u2019entr\u00e9e en bois sur mesure | Distribution assur\u00e9es sur tout le territoire du Luxembourg | Devis 100 % gratuit | Contactez-nous !","og_url":"https:\/\/metalica.lu\/lb\/hausdieren-luxembourg\/holzdieren\/","og_site_name":"Metalica","article_publisher":"https:\/\/www.facebook.com\/metalicahome\/","article_modified_time":"2026-03-12T10:58:11+00:00","twitter_card":"summary_large_image","twitter_misc":{"Est. reading time":"6 minutes"},"schema":{"@context":"https:\/\/schema.org","@graph":[{"@type":"WebPage","@id":"https:\/\/metalica.lu\/lb\/hausdieren-luxembourg\/holzdieren\/","url":"https:\/\/metalica.lu\/lb\/hausdieren-luxembourg\/holzdieren\/","name":"Holzdieren - Metalica","isPartOf":{"@id":"https:\/\/metalica.lu\/lb\/#website"},"datePublished":"2023-07-18T06:43:09+00:00","dateModified":"2026-03-12T10:58:11+00:00","description":"Portes d\u2019entr\u00e9e en bois sur mesure | Distribution assur\u00e9es sur tout le territoire du Luxembourg | Devis 100 % gratuit | Contactez-nous !","breadcrumb":{"@id":"https:\/\/metalica.lu\/lb\/hausdieren-luxembourg\/holzdieren\/#breadcrumb"},"inLanguage":"lb-LU","potentialAction":[{"@type":"ReadAction","target":["https:\/\/metalica.lu\/lb\/hausdieren-luxembourg\/holzdieren\/"]}]},{"@type":"BreadcrumbList","@id":"https:\/\/metalica.lu\/lb\/hausdieren-luxembourg\/holzdieren\/#breadcrumb","itemListElement":[{"@type":"ListItem","position":1,"name":"Accueil","item":"https:\/\/metalica.lu\/lb\/"},{"@type":"ListItem","position":2,"name":"Hausdieren","item":"https:\/\/metalica.lu\/lb\/hausdieren-luxembourg\/"},{"@type":"ListItem","position":3,"name":"Holzdieren"}]},{"@type":"WebSite","@id":"https:\/\/metalica.lu\/lb\/#website","url":"https:\/\/metalica.lu\/lb\/","name":"Metalica","description":"","publisher":{"@id":"https:\/\/metalica.lu\/lb\/#organization"},"potentialAction":[{"@type":"SearchAction","target":{"@type":"EntryPoint","urlTemplate":"https:\/\/metalica.lu\/lb\/?s={search_term_string}"},"query-input":{"@type":"PropertyValueSpecification","valueRequired":true,"valueName":"search_term_string"}}],"inLanguage":"lb-LU"},{"@type":"Organization","@id":"https:\/\/metalica.lu\/lb\/#organization","name":"Metalica","url":"https:\/\/metalica.lu\/lb\/","logo":{"@type":"ImageObject","inLanguage":"lb-LU","@id":"https:\/\/metalica.lu\/lb\/#\/schema\/logo\/image\/","url":"https:\/\/metalica.lu\/wp-content\/uploads\/2024\/05\/site-logo.png","contentUrl":"https:\/\/metalica.lu\/wp-content\/uploads\/2024\/05\/site-logo.png","width":238,"height":62,"caption":"Metalica"},"image":{"@id":"https:\/\/metalica.lu\/lb\/#\/schema\/logo\/image\/"},"sameAs":["https:\/\/www.facebook.com\/metalicahome\/"]}]}},"_links":{"self":[{"href":"https:\/\/metalica.lu\/lb\/wp-json\/wp\/v2\/pages\/8572","targetHints":{"allow":["GET"]}}],"collection":[{"href":"https:\/\/metalica.lu\/lb\/wp-json\/wp\/v2\/pages"}],"about":[{"href":"https:\/\/metalica.lu\/lb\/wp-json\/wp\/v2\/types\/page"}],"author":[{"embeddable":true,"href":"https:\/\/metalica.lu\/lb\/wp-json\/wp\/v2\/users\/14"}],"replies":[{"embeddable":true,"href":"https:\/\/metalica.lu\/lb\/wp-json\/wp\/v2\/comments?post=8572"}],"version-history":[{"count":2,"href":"https:\/\/metalica.lu\/lb\/wp-json\/wp\/v2\/pages\/8572\/revisions"}],"predecessor-version":[{"id":8750,"href":"https:\/\/metalica.lu\/lb\/wp-json\/wp\/v2\/pages\/8572\/revisions\/8750"}],"up":[{"embeddable":true,"href":"https:\/\/metalica.lu\/lb\/wp-json\/wp\/v2\/pages\/8558"}],"wp:attachment":[{"href":"https:\/\/metalica.lu\/lb\/wp-json\/wp\/v2\/media?parent=8572"}],"curies":[{"name":"wp","href":"https:\/\/api.w.org\/{rel}","templated":true}]}}