{"id":6883,"date":"2023-08-31T15:41:56","date_gmt":"2023-08-31T13:41:56","guid":{"rendered":"https:\/\/metalica.lu\/facades-architecturales\/"},"modified":"2025-02-11T10:57:18","modified_gmt":"2025-02-11T09:57:18","slug":"fassadensysteme","status":"publish","type":"page","link":"https:\/\/metalica.lu\/de\/fassadensysteme\/","title":{"rendered":"Fassadensysteme"},"content":{"rendered":"<section class=\"hero_banner product_main\" id=\"block_b226b38f0a6e10a7de5d797b03bd989f\">\n        <div class=\"container\">\n            <div class=\"hero_banner_content\">\n                <h1 class=\"white_color mb-24\">Metalica baut Fassadensysteme, die zu <span class=\"primary_color\">100% anpassbar und nachhaltig sind<\/span><\/h1>\n                <p class=\"font-18 white_color mb-24\">Die Fassade ist ein entscheidender Bestandteil Ihres Bauwerks: Sie bestimmt das Aussehen Ihres Geb\u00e4udes. METALICA hilft Ihnen, Ihre Tr\u00e4ume in die Wirklichkeit umzusetzen : Entdecken Sie alle unsere L\u00f6sungen f\u00fcr Fassadensysteme f\u00fcr Luxemburg !<\/p>\n<!--                 <a href=\"https:\/\/metalica.lu\/de\/kontakt\/?select=Angebot\" class=\"primary_btn_fill\">Individuelles Planungsangebot anfordern <span><i class=\"fa-solid fa-arrow-right\"><\/i><\/span><\/a> -->\n\t\t\t\t            <a href=\"https:\/\/metalica.lu\/de\/kontakt\/?select=Angebot\" class=\"primary_btn_fill\">Individuelles Planungsangebot anfordern <span><i class=\"fa-solid fa-arrow-right\"><\/i><\/span><\/a>            <\/div>\n        <\/div>\n<\/section>\n<style>\n #block_b226b38f0a6e10a7de5d797b03bd989f.product_main{\n    background-image:linear-gradient(0deg, rgba(0, 0, 0, 0.4), rgba(0, 0, 0, 0.4)),url(\"https:\/\/metalica.lu\/wp-content\/uploads\/2023\/08\/bg_image_metalica_07.jpg\");\n    height: 100%;\n    padding: 145px 0;\n}\n@media (max-width:767px) {\n    #block_b226b38f0a6e10a7de5d797b03bd989f.product_main{\n        padding: 70px 0;\n    }\n}\n<\/style>\n\n  \n     <section class=\"fullbody_content\" id=\"block_c06c910188e168bc7ad9dd943c29d0ab\">\n        <div class=\"container\">\n            <div class=\"content_wrapper\">\n                <div class=\"content_wrapper_inner\" style=\"color: ; text-align: left\">\n                <h2 class=\"mb-20\">Entscheiden Sie sich f\u00fcr ein <span class=\"primary_color\">einzigartiges Fassadensystem !<\/span><\/h2>\n                <p>Die Fassade ist ein entscheidender Bestandteil jedes Bauwerks.<\/p>\n<p>Erstens, weil sie das erste sichtbare Element eines Geb\u00e4udes ist. Sie spielt damit eine gro\u00dfe Rolle f\u00fcr die \u00c4sthetik: Sie ist es, die dem Bauwerk ein bestimmtes Aussehen verleiht (M\u00f6glichkeit einer doppelwandige Glasfassade mit Aluminiumverkleidung in vielen Farben und Formen). Sie wird dann sozusagen zur \u201eSignatur\u201c des Architekten, der mit den Formen und dem Design spielen kann, um dem Geb\u00e4ude eine Identit\u00e4t zu verleihen.<\/p>\n<p>Zweitens, weil sie eine wesentliche Rolle bei der W\u00e4rme- und Schalld\u00e4mmung spielt. Die Wahl der geeigneten Fassadenmaterialien ist kritisch, um die Energieleistung und die Luftdichtheit zu maximieren. Langlebigkeit, Witterungsbest\u00e4ndigkeit und Sto\u00dffestigkeit: Die verwendeten Materialien m\u00fcssen vielen Herausforderungen gerecht werden.<\/p>\n<p>Und schlie\u00dflich spielt die Fassade oder Geb\u00e4udeh\u00fclle auch eine Rolle f\u00fcr die Helligkeit innerhalb eines Geb\u00e4udes, ganz gleich, ob es sich um ein Wohn- oder Gesch\u00e4ftsgeb\u00e4ude handelt. Ihre Ausrichtung und Gestaltung bestimmen die Optimierung dieses Punktes in hohem Ma\u00dfe.<\/p>\n<p>Noch bevor Sie also mit einem Architekturprojekt beginnen, sollten Sie diejenige Fassade ausw\u00e4hlen, die der neuen Geb\u00e4udestruktur den h\u00f6chsten Komfort bietet!<\/p>\n<p>METALICA entwirft, fertigt und montiert seit 1956 Fassaden aus Aluminium und Stahl.<br \/>\nTats\u00e4chlich haben beide Materialien zahlreiche Vorteile. Sie sind widerstandsf\u00e4hig, handlich und leicht und erm\u00f6glichen eine v\u00f6llig individuelle Gestaltung Ihrer Geb\u00e4udefassade.<\/p>\n<p>Eine Metallstruktur ist in Ihrem Fall nicht m\u00f6glich? Wir bieten auch die Montage von Glasfassadensystemen an, z.B. vom Typ Strukturverglasung bzw. Spiderglass\u00ae.\u201c<\/p>\n                                    <a href=\"https:\/\/metalica.lu\/de\/kontakt\/?select=Angebot\"  class=\"gray_btn_fill width-md-100\">Angebot anfragen <span><i class=\"fa-solid fa-arrow-right primary_color\"><\/i><\/span><\/a>\n                                <\/div>\n            <\/div> \n        <\/div>\n    <\/section> \n    <style>\n    \n    #block_c06c910188e168bc7ad9dd943c29d0ab .gray_btn_fill{  \n        color: #ffffff;\n        background-color: #171C28;        \n    }\n\n    <\/style>\n    \n\n<section class=\"certification_main\" id=\"block_f34e51c23460514c273cb54cabd42ec6\" >\n    <div class=\"container\">\n        <div class=\"certification_main_inner\">\n            <h2 class=\"mb-20\">Unsere Partner<\/h2>\n                                                            <div class=\"certification_main_content\">\n                        <div class=\"certification_img\">\n                            <a href=\"https:\/\/www.schueco.com\/de-lu\/privatkunden\" target=\"_blank\" >\n                                                                    <img decoding=\"async\" src=\"https:\/\/metalica.lu\/wp-content\/uploads\/2023\/07\/schueco-partner-logo-Small.png\">\n                                                            <\/a>\n                        <\/div>\n                        <div class=\"certification_discription\">\n                            <p>Wir sind Ihr Spezialist in Luxemburg f\u00fcr die Montage von Metall- und Glasfassaden, und das aus gutem Grund: Wir wissen, dass die sorgf\u00e4ltige Auswahl unserer Profilherstellern \u00fcber die beste technische L\u00f6sung f\u00fcr Ihr Projekt entscheidet.<\/p>\n<p>Deshalb arbeiten wir mit Sch\u00fcco und Reynaers Aluminium zusammen: Beide Unternehmen sind Experten f\u00fcr Vorhangfassaden aus Aluminium. Dank dieser beiden Partnerschaften fertigt METALICA innovative L\u00f6sungen in ganz Luxemburg.<\/p>\n                                                    <\/div>\n                        \n                    <\/div>\n                                    <div class=\"certification_main_content\">\n                        <div class=\"certification_img\">\n                            <a href=\"https:\/\/www.reynaers.lu\/\" target=\"_blank\" >\n                                                                    <img decoding=\"async\" src=\"https:\/\/metalica.lu\/wp-content\/uploads\/2023\/08\/reynaers-logo.png\">\n                                                            <\/a>\n                        <\/div>\n                        <div class=\"certification_discription\">\n                                                                                <\/div>\n                        \n                    <\/div>\n                                    <\/div>\n    <\/div>\n\n    \n<\/section>\n\n<style>\n    #block_f34e51c23460514c273cb54cabd42ec6{\n        background-color: #ffffff;\n        padding-top : px;\n        padding-bottom : px;\n        padding-left : px;\n        padding-right : px;\n    }\n<\/style>\n\n<script>\n    $(document).ready(function(){\n        var modal2 = document.querySelector(\".certification_main .video_modal\");\n        var closeButton2 = document.querySelector(\".certification_main .close-button\");\n\n        function toggleModal2() {\n            modal2.classList.toggle(\"show-modal\");\n            $(\"body\").toggleClass(\"overflow-hidden\");\n        }\n\n        function windowOnClick(event) {\n            if (event.target === modal2) {\n                toggleModal2();\n            }\n        }\n        $('.trigger2').click(function(event) {\n            event.preventDefault();\n            toggleModal2();\n        });\n        \/\/ ====== STOP VIDEO WHEN MODAL IS CLOSE ========= \n        $(closeButton2).click(function() {\n            toggleModal2();\n            $('video').trigger('pause');\n            $('iframe').each(function(index) {\n                $(this).attr('src', $(this).attr('src'));\n                return false;\n            });\n        });\n\n    });\n<\/script>\n\n<section class=\"cta_main\" id=\"block_4dde5dde068e9e8d619348537b3697cd\">\n    <div class=\"container\">\n        <h2 class=\"text-center mb-24 pb-4\">Verbinden Sie Design und Leistung dank eines innovativen Fassadensystems !<\/h2>\n        <div class=\"text-center\">\n                    <a href=\"https:\/\/metalica.lu\/de\/kontakt\/?select=Angebot\"  class=\"gray_btn_fill width-md-100\">Individuelles Planungsangebot anfordern <span class=\"primary_color\"><i class=\"fa-solid fa-arrow-right pl-10\"><\/i><\/span><\/a>\n                <\/div>\n    <\/div>\n<\/section>\n\n<style>\n    #block_4dde5dde068e9e8d619348537b3697cd {\n                background: #fbba00; \n        }\n<\/style>\n\n  \n    <section class=\"discover_product\" id=\"block_59bd35d50380dc52997bda685af793bd\">\n        <div class=\"container\">\n            <div class=\"discover_product_wrapper\">\n                <div class=\"discover_product_inner\">\n                    <h2 class=\"mb-20\">Weitere <span class=\"primary_color\">Produkte<\/span> entdecken<\/h2>\n                                            <ul class=\"discover_product_lists\">\n                                                            <li>\n                                    <a href=\"\/de\/haustueren\/\" style=\"text-decoration:none;\">\n                                        <img decoding=\"async\" src=\"https:\/\/metalica.lu\/wp-content\/uploads\/2023\/06\/reshot-icon-door.png\" alt=\"Haust\u00fcren\">\n                                        <h4>Haust\u00fcren<\/h4>\n                                    <\/a>\n                                <\/li>\n                                                            <li>\n                                    <a href=\"\/de\/fenster\/\" style=\"text-decoration:none;\">\n                                        <img decoding=\"async\" src=\"https:\/\/metalica.lu\/wp-content\/uploads\/2023\/06\/reshot-icon-window.png\" alt=\"Fenster\">\n                                        <h4>Fenster<\/h4>\n                                    <\/a>\n                                <\/li>\n                                                            <li>\n                                    <a href=\"\/de\/pergolen-und-veranden\/\" style=\"text-decoration:none;\">\n                                        <img decoding=\"async\" src=\"https:\/\/metalica.lu\/wp-content\/uploads\/2023\/06\/ic_round-balcony.png\" alt=\"Pergolen und Veranden\">\n                                        <h4>Pergolen und Veranden<\/h4>\n                                    <\/a>\n                                <\/li>\n                                                            <li>\n                                    <a href=\"\/de\/sonnenschutz\/\" style=\"text-decoration:none;\">\n                                        <img decoding=\"async\" src=\"https:\/\/metalica.lu\/wp-content\/uploads\/2023\/06\/mdi_sun-angle-outline.png\" alt=\"Sonnenschutz\">\n                                        <h4>Sonnenschutz<\/h4>\n                                    <\/a>\n                                <\/li>\n                                                            <li>\n                                    <a href=\"\/de\/fassadensysteme\/\" style=\"text-decoration:none;\">\n                                        <img decoding=\"async\" src=\"https:\/\/metalica.lu\/wp-content\/uploads\/2023\/06\/tabler_wall.png\" alt=\"Fassadensysteme\">\n                                        <h4>Fassadensysteme<\/h4>\n                                    <\/a>\n                                <\/li>\n                                                    <\/ul>\n                                    <\/div>\n            <\/div>\n        <\/div>\n    <\/section>\n    \n    <style>\n        #block_59bd35d50380dc52997bda685af793bd {\n                    background: url(\"https:\/\/metalica.lu\/wp-content\/uploads\/2023\/06\/discover-product-bg.png\"); \n\t\t\tbackground-repeat: no-repeat;\n\t\t\tbackground-size: cover;\n\t\t\tbackground-position: center;\n\t\t\tposition: relative;\n                        }\n    <\/style>\n","protected":false},"excerpt":{"rendered":"","protected":false},"author":14,"featured_media":0,"parent":0,"menu_order":0,"comment_status":"closed","ping_status":"closed","template":"","meta":{"_acf_changed":false,"footnotes":""},"class_list":["post-6883","page","type-page","status-publish","hentry"],"acf":[],"yoast_head":"<!-- This site is optimized with the Yoast SEO Premium plugin v27.2 (Yoast SEO v27.5) - https:\/\/yoast.com\/product\/yoast-seo-premium-wordpress\/ -->\n<title>Fassadensysteme - Metalica<\/title>\n<meta name=\"description\" content=\"Fassadensysteme aus Metall oder Glas | 100 % anpassbare L\u00f6sungen | Fassadenmontage in ganz Luxemburg | Kontaktieren Sie uns!\" \/>\n<meta name=\"robots\" content=\"index, follow, max-snippet:-1, max-image-preview:large, max-video-preview:-1\" \/>\n<link rel=\"canonical\" href=\"https:\/\/metalica.lu\/de\/fassadensysteme\/\" \/>\n<meta property=\"og:locale\" content=\"de_DE\" \/>\n<meta property=\"og:type\" content=\"article\" \/>\n<meta property=\"og:title\" content=\"Fassadensysteme\" \/>\n<meta property=\"og:description\" content=\"Fassadensysteme aus Metall oder Glas | 100 % anpassbare L\u00f6sungen | Fassadenmontage in ganz Luxemburg | Kontaktieren Sie uns!\" \/>\n<meta property=\"og:url\" content=\"https:\/\/metalica.lu\/de\/fassadensysteme\/\" \/>\n<meta property=\"og:site_name\" content=\"Metalica\" \/>\n<meta property=\"article:publisher\" content=\"https:\/\/www.facebook.com\/metalicahome\/\" \/>\n<meta property=\"article:modified_time\" content=\"2025-02-11T09:57:18+00:00\" \/>\n<meta name=\"twitter:card\" content=\"summary_large_image\" \/>\n<meta name=\"twitter:label1\" content=\"Gesch\u00e4tzte Lesezeit\" \/>\n\t<meta name=\"twitter:data1\" content=\"2\u00a0Minuten\" \/>\n<script type=\"application\/ld+json\" class=\"yoast-schema-graph\">{\"@context\":\"https:\\\/\\\/schema.org\",\"@graph\":[{\"@type\":\"WebPage\",\"@id\":\"https:\\\/\\\/metalica.lu\\\/de\\\/fassadensysteme\\\/\",\"url\":\"https:\\\/\\\/metalica.lu\\\/de\\\/fassadensysteme\\\/\",\"name\":\"Fassadensysteme - Metalica\",\"isPartOf\":{\"@id\":\"https:\\\/\\\/metalica.lu\\\/de\\\/#website\"},\"datePublished\":\"2023-08-31T13:41:56+00:00\",\"dateModified\":\"2025-02-11T09:57:18+00:00\",\"description\":\"Fassadensysteme aus Metall oder Glas | 100 % anpassbare L\u00f6sungen | Fassadenmontage in ganz Luxemburg | Kontaktieren Sie uns!\",\"breadcrumb\":{\"@id\":\"https:\\\/\\\/metalica.lu\\\/de\\\/fassadensysteme\\\/#breadcrumb\"},\"inLanguage\":\"de\",\"potentialAction\":[{\"@type\":\"ReadAction\",\"target\":[\"https:\\\/\\\/metalica.lu\\\/de\\\/fassadensysteme\\\/\"]}]},{\"@type\":\"BreadcrumbList\",\"@id\":\"https:\\\/\\\/metalica.lu\\\/de\\\/fassadensysteme\\\/#breadcrumb\",\"itemListElement\":[{\"@type\":\"ListItem\",\"position\":1,\"name\":\"Accueil\",\"item\":\"https:\\\/\\\/metalica.lu\\\/de\\\/\"},{\"@type\":\"ListItem\",\"position\":2,\"name\":\"Fassadensysteme\"}]},{\"@type\":\"WebSite\",\"@id\":\"https:\\\/\\\/metalica.lu\\\/de\\\/#website\",\"url\":\"https:\\\/\\\/metalica.lu\\\/de\\\/\",\"name\":\"Metalica\",\"description\":\"\",\"publisher\":{\"@id\":\"https:\\\/\\\/metalica.lu\\\/de\\\/#organization\"},\"potentialAction\":[{\"@type\":\"SearchAction\",\"target\":{\"@type\":\"EntryPoint\",\"urlTemplate\":\"https:\\\/\\\/metalica.lu\\\/de\\\/?s={search_term_string}\"},\"query-input\":{\"@type\":\"PropertyValueSpecification\",\"valueRequired\":true,\"valueName\":\"search_term_string\"}}],\"inLanguage\":\"de\"},{\"@type\":\"Organization\",\"@id\":\"https:\\\/\\\/metalica.lu\\\/de\\\/#organization\",\"name\":\"Metalica\",\"url\":\"https:\\\/\\\/metalica.lu\\\/de\\\/\",\"logo\":{\"@type\":\"ImageObject\",\"inLanguage\":\"de\",\"@id\":\"https:\\\/\\\/metalica.lu\\\/de\\\/#\\\/schema\\\/logo\\\/image\\\/\",\"url\":\"https:\\\/\\\/metalica.lu\\\/wp-content\\\/uploads\\\/2024\\\/05\\\/site-logo.png\",\"contentUrl\":\"https:\\\/\\\/metalica.lu\\\/wp-content\\\/uploads\\\/2024\\\/05\\\/site-logo.png\",\"width\":238,\"height\":62,\"caption\":\"Metalica\"},\"image\":{\"@id\":\"https:\\\/\\\/metalica.lu\\\/de\\\/#\\\/schema\\\/logo\\\/image\\\/\"},\"sameAs\":[\"https:\\\/\\\/www.facebook.com\\\/metalicahome\\\/\"]}]}<\/script>\n<!-- \/ Yoast SEO Premium plugin. -->","yoast_head_json":{"title":"Fassadensysteme - Metalica","description":"Fassadensysteme aus Metall oder Glas | 100 % anpassbare L\u00f6sungen | Fassadenmontage in ganz Luxemburg | Kontaktieren Sie uns!","robots":{"index":"index","follow":"follow","max-snippet":"max-snippet:-1","max-image-preview":"max-image-preview:large","max-video-preview":"max-video-preview:-1"},"canonical":"https:\/\/metalica.lu\/de\/fassadensysteme\/","og_locale":"de_DE","og_type":"article","og_title":"Fassadensysteme","og_description":"Fassadensysteme aus Metall oder Glas | 100 % anpassbare L\u00f6sungen | Fassadenmontage in ganz Luxemburg | Kontaktieren Sie uns!","og_url":"https:\/\/metalica.lu\/de\/fassadensysteme\/","og_site_name":"Metalica","article_publisher":"https:\/\/www.facebook.com\/metalicahome\/","article_modified_time":"2025-02-11T09:57:18+00:00","twitter_card":"summary_large_image","twitter_misc":{"Gesch\u00e4tzte Lesezeit":"2\u00a0Minuten"},"schema":{"@context":"https:\/\/schema.org","@graph":[{"@type":"WebPage","@id":"https:\/\/metalica.lu\/de\/fassadensysteme\/","url":"https:\/\/metalica.lu\/de\/fassadensysteme\/","name":"Fassadensysteme - Metalica","isPartOf":{"@id":"https:\/\/metalica.lu\/de\/#website"},"datePublished":"2023-08-31T13:41:56+00:00","dateModified":"2025-02-11T09:57:18+00:00","description":"Fassadensysteme aus Metall oder Glas | 100 % anpassbare L\u00f6sungen | Fassadenmontage in ganz Luxemburg | Kontaktieren Sie uns!","breadcrumb":{"@id":"https:\/\/metalica.lu\/de\/fassadensysteme\/#breadcrumb"},"inLanguage":"de","potentialAction":[{"@type":"ReadAction","target":["https:\/\/metalica.lu\/de\/fassadensysteme\/"]}]},{"@type":"BreadcrumbList","@id":"https:\/\/metalica.lu\/de\/fassadensysteme\/#breadcrumb","itemListElement":[{"@type":"ListItem","position":1,"name":"Accueil","item":"https:\/\/metalica.lu\/de\/"},{"@type":"ListItem","position":2,"name":"Fassadensysteme"}]},{"@type":"WebSite","@id":"https:\/\/metalica.lu\/de\/#website","url":"https:\/\/metalica.lu\/de\/","name":"Metalica","description":"","publisher":{"@id":"https:\/\/metalica.lu\/de\/#organization"},"potentialAction":[{"@type":"SearchAction","target":{"@type":"EntryPoint","urlTemplate":"https:\/\/metalica.lu\/de\/?s={search_term_string}"},"query-input":{"@type":"PropertyValueSpecification","valueRequired":true,"valueName":"search_term_string"}}],"inLanguage":"de"},{"@type":"Organization","@id":"https:\/\/metalica.lu\/de\/#organization","name":"Metalica","url":"https:\/\/metalica.lu\/de\/","logo":{"@type":"ImageObject","inLanguage":"de","@id":"https:\/\/metalica.lu\/de\/#\/schema\/logo\/image\/","url":"https:\/\/metalica.lu\/wp-content\/uploads\/2024\/05\/site-logo.png","contentUrl":"https:\/\/metalica.lu\/wp-content\/uploads\/2024\/05\/site-logo.png","width":238,"height":62,"caption":"Metalica"},"image":{"@id":"https:\/\/metalica.lu\/de\/#\/schema\/logo\/image\/"},"sameAs":["https:\/\/www.facebook.com\/metalicahome\/"]}]}},"_links":{"self":[{"href":"https:\/\/metalica.lu\/de\/wp-json\/wp\/v2\/pages\/6883","targetHints":{"allow":["GET"]}}],"collection":[{"href":"https:\/\/metalica.lu\/de\/wp-json\/wp\/v2\/pages"}],"about":[{"href":"https:\/\/metalica.lu\/de\/wp-json\/wp\/v2\/types\/page"}],"author":[{"embeddable":true,"href":"https:\/\/metalica.lu\/de\/wp-json\/wp\/v2\/users\/14"}],"replies":[{"embeddable":true,"href":"https:\/\/metalica.lu\/de\/wp-json\/wp\/v2\/comments?post=6883"}],"version-history":[{"count":0,"href":"https:\/\/metalica.lu\/de\/wp-json\/wp\/v2\/pages\/6883\/revisions"}],"wp:attachment":[{"href":"https:\/\/metalica.lu\/de\/wp-json\/wp\/v2\/media?parent=6883"}],"curies":[{"name":"wp","href":"https:\/\/api.w.org\/{rel}","templated":true}]}}